{"id":987,"date":"2021-10-25T13:36:42","date_gmt":"2021-10-25T11:36:42","guid":{"rendered":"https:\/\/www.collectifetcie.fr\/?page_id=987"},"modified":"2025-12-01T10:54:38","modified_gmt":"2025-12-01T09:54:38","slug":"lucie-nicolas-collectiff71","status":"publish","type":"page","link":"https:\/\/www.collectifetcie.fr\/index.php\/les-artistes\/lucie-nicolas-collectiff71\/","title":{"rendered":"Lucie Nicolas > collectif F71"},"content":{"rendered":"\n<p><br>Le collectif F71 r\u00e9unit depuis 2004 <strong>St\u00e9phanie Farison, Emmanuelle Lafon, Sara Louis, Lucie Nicolas et Lucie Valon,<\/strong> accompagn\u00e9es par <strong>Gwendoline Langlois, administratrice de production.<\/strong><br>Ce qui caract\u00e9rise leur travail, c\u2019est l\u2019interrogation du r\u00e9el, de l\u2019Histoire, l\u2019usage de mat\u00e9riaux dramaturgiques diversifi\u00e9s pour construire une \u00e9criture sc\u00e9nique (archives, textes litt\u00e9raires, articles, dessins, paroles, mat\u00e9riaux du r\u00e9el, non-th\u00e9\u00e2traux).&nbsp;<br>Le collectif F71 s\u2019est d\u2019abord appuy\u00e9 sur l\u2019\u0153uvre du philosophe Michel Foucault pour construire une premi\u00e8re s\u00e9rie de spectacles. Depuis, le collectif travaille \u00e0 faire du th\u00e9\u00e2tre \u00e0 partir de cette \u00abexasp\u00e9ration de notre sensibilit\u00e9 de tous les jours\u00bb. L\u2019exp\u00e9rience collective de leurs pr\u00e9c\u00e9dents spectacles et de leur mode de cr\u00e9ation constitue aujourd\u2019hui le socle de leur identit\u00e9 esth\u00e9tique et dramaturgique. Une autre sp\u00e9cificit\u00e9 de leurs cr\u00e9ations c\u2019est quelles croisent et invitent d\u2019autres disciplines \u00e0 se m\u00ealer au th\u00e9\u00e2tre de mani\u00e8re hybride. Art plastique, marionnette ou manipulation au sens large, projections, musique et travail sonores contribuent largement \u00e0 leurs dramaturgies. Leurs outils sont volontairement simples et artisanaux, \u00e0 l\u2019oppos\u00e9 d\u2019une technologie \u00e9crasante. R\u00e9troprojecteurs \u00e0 transparents, pinceaux et encre de chine, p\u00e9dale de boucle, objets lumineux sont \u00e0 disposition des interpr\u00e8tes qui s\u2019en emparent pour construire narration et situations \u00e0 vue, devant les spectateurs.&nbsp;<br>Depuis 2010, le collectif F71 s\u2019est restructur\u00e9 dans son organisation. Sous la coordination artistique de Lucie Nicolas, chaque projet ne mobilise plus n\u00e9cessairement l\u2019ensemble du collectif mais une \u00e9quipe \u00e0 g\u00e9om\u00e9trie variable. Chacune peut porter un projet, issu du terreau collectif. Les membres du collectif portent des regards crois\u00e9s sur les diff\u00e9rentes cr\u00e9ations et y apportent leur collaboration artistique \u00e0 diff\u00e9rents moments du travail. De nouveaux collaborateurs les rejoignent. Les spectacles s\u2019adressent parfois \u00e0 tous, parfois au jeune public.<br>Parmi les derniers spectacles : <strong><em>Conf\u00e9rence contrari\u00e9e<\/em><\/strong> &#8211; <em><strong>What are you rebelling against Johnny<\/strong><\/em> &#8211; <strong><em>Sandwich, concert plastique<\/em><\/strong> &#8211; <strong><em>Noire, roman graphique th\u00e9\u00e2tral<\/em><\/strong> &#8211; <strong><em>SongBook, concert dessin\u00e9<\/em><\/strong> &#8211; <strong><em>Hep,hep,Hep!<\/em><\/strong> &#8211; <strong><em>Le Dernier Voyage (Aquarius)<\/em><\/strong> &#8211; <strong><em>Parler la poudre &#8211; Move on over or we&rsquo;ll move on over you<\/em><\/strong>.<br>La prochaine cr\u00e9ation de Lucie Nicolas,<strong><em> Les Habitant.es<\/em><\/strong>, est pr\u00e9vue pour la saison 26\/27. Spectacle pluridisciplinaire, il se d\u00e9clinera en deux format (salle &amp; nomade), tout public \u00e0 partir de 13 ans et sera cr\u00e9\u00e9 dans sa forme l\u00e9g\u00e8re en octobre 2025 \u00e0 La Poudrerie, Th\u00e9\u00e2tre des habitants, Sc\u00e8ne Conventionn\u00e9e Art &amp; Territoire, Sevran (93). La cr\u00e9ation forme plateau est pr\u00e9vue pour f\u00e9vrier 2026<br><br><strong>Le collectifF71 est conventionn\u00e9&nbsp;par la DRAC IDF depuis 2021 et subventionn\u00e9&nbsp;par la R\u00e9gion Ile-de-France au titre de la Permanence Artistique et Culturelle depuis 2013&nbsp;et par le Conseil D\u00e9partemental du Val-de-Marne au titre de l&rsquo;Aide au d\u00e9veloppement artistique de 2019 \u00e0 2022 et au titre de l&rsquo;Aide \u00e0 l&rsquo;activit\u00e9 des \u00e9quipes artistiques depuis 2023.<\/strong><br><\/p>\n\n\n\n<div style=\"height:29px\" aria-hidden=\"true\" class=\"wp-block-spacer\"><\/div>\n\n\n\n<div class=\"wp-block-media-text alignwide is-stacked-on-mobile is-vertically-aligned-top\" style=\"grid-template-columns:28% auto\"><figure class=\"wp-block-media-text__media\"><img loading=\"lazy\" decoding=\"async\" width=\"1024\" height=\"683\" src=\"https:\/\/www.collectifetcie.fr\/wp-content\/uploads\/2025\/12\/Les-Habitant.e.s-c-Bohumil-KOSTOHRYZ-0174-1024x683.jpg\" alt=\"\" class=\"wp-image-6109 size-full\" srcset=\"https:\/\/www.collectifetcie.fr\/wp-content\/uploads\/2025\/12\/Les-Habitant.e.s-c-Bohumil-KOSTOHRYZ-0174-1024x683.jpg 1024w, https:\/\/www.collectifetcie.fr\/wp-content\/uploads\/2025\/12\/Les-Habitant.e.s-c-Bohumil-KOSTOHRYZ-0174-300x200.jpg 300w, https:\/\/www.collectifetcie.fr\/wp-content\/uploads\/2025\/12\/Les-Habitant.e.s-c-Bohumil-KOSTOHRYZ-0174-768x512.jpg 768w, https:\/\/www.collectifetcie.fr\/wp-content\/uploads\/2025\/12\/Les-Habitant.e.s-c-Bohumil-KOSTOHRYZ-0174-1536x1025.jpg 1536w, https:\/\/www.collectifetcie.fr\/wp-content\/uploads\/2025\/12\/Les-Habitant.e.s-c-Bohumil-KOSTOHRYZ-0174-2048x1366.jpg 2048w\" sizes=\"auto, (max-width: 1024px) 100vw, 1024px\" \/><\/figure><div class=\"wp-block-media-text__content\">\n<p class=\"has-white-color has-text-color has-background\" style=\"background-color:#007c89;font-size:25px\"><strong>LES HABITANT.ES<\/strong><\/p>\n\n\n\n<p style=\"font-size:16px\"><meta charset=\"utf-8\"><\/meta><strong>SPECTACLE PLURIDISCIPLINAIRE EN SALLE &amp; NOMADE <\/strong><br><strong>>  d\u00e8s 12 ans<\/strong><\/p>\n\n\n\n<p class=\"has-background\" style=\"background-color:#bfd451;font-size:16px\"><meta charset=\"utf-8\"><\/meta><strong>> CREATION 2025\/26 et 26\/27<br><\/strong>Cr\u00e9ation forme nomade octobre 2025 <br>Cr\u00e9ation forme plateau saison 2026\/27<br><strong><a href=\"https:\/\/www.collectifetcie.fr\/index.php\/les-artistes\/lucie-nicolas-collectiff71\/les-habitant-es\/\">en savoir +<\/a><\/strong><\/p>\n<\/div><\/div>\n\n\n\n<div style=\"height:24px\" aria-hidden=\"true\" class=\"wp-block-spacer\"><\/div>\n\n\n\n<div class=\"wp-block-media-text alignwide is-stacked-on-mobile is-vertically-aligned-top\" style=\"grid-template-columns:28% auto\"><figure class=\"wp-block-media-text__media\"><img loading=\"lazy\" decoding=\"async\" width=\"1024\" height=\"681\" src=\"https:\/\/www.collectifetcie.fr\/wp-content\/uploads\/2022\/01\/LeDernierVoyage_collectifF71_TWEETVORTEX1-light-2.-jpg-1024x681.jpg\" alt=\"\" class=\"wp-image-1425 size-full\" srcset=\"https:\/\/www.collectifetcie.fr\/wp-content\/uploads\/2022\/01\/LeDernierVoyage_collectifF71_TWEETVORTEX1-light-2.-jpg-1024x681.jpg 1024w, https:\/\/www.collectifetcie.fr\/wp-content\/uploads\/2022\/01\/LeDernierVoyage_collectifF71_TWEETVORTEX1-light-2.-jpg-300x200.jpg 300w, https:\/\/www.collectifetcie.fr\/wp-content\/uploads\/2022\/01\/LeDernierVoyage_collectifF71_TWEETVORTEX1-light-2.-jpg-768x511.jpg 768w, https:\/\/www.collectifetcie.fr\/wp-content\/uploads\/2022\/01\/LeDernierVoyage_collectifF71_TWEETVORTEX1-light-2.-jpg-1536x1022.jpg 1536w, https:\/\/www.collectifetcie.fr\/wp-content\/uploads\/2022\/01\/LeDernierVoyage_collectifF71_TWEETVORTEX1-light-2.-jpg-2048x1363.jpg 2048w\" sizes=\"auto, (max-width: 1024px) 100vw, 1024px\" \/><\/figure><div class=\"wp-block-media-text__content\">\n<p class=\"has-white-color has-text-color has-background\" style=\"background-color:#007c89;font-size:25px\"><meta charset=\"utf-8\"><strong>LE DERNIER VOYAGE (AQUARIUS)<\/strong><\/p>\n\n\n\n<p style=\"font-size:16px\"><meta charset=\"utf-8\"><strong>THEATRE <\/strong> <strong>&gt;  d\u00e8s 14 ans<\/strong><\/p>\n\n\n\n<p class=\"has-background\" style=\"background-color:#bfd451;font-size:16px\"><meta charset=\"utf-8\"><strong>&gt; EN DIFFUSION SAISON 2025\/26<\/strong><br>cr\u00e9ation et diffusion saison 2021\/22 <br>et en diffusion saisons 2022\/23, 2023\/24 et 2024\/25<br><a href=\"https:\/\/www.collectifetcie.fr\/index.php\/les-artistes\/lola-molina-lelio-plotton-cie-lela\/le-dernier-voyage-aquarius\/\"><strong>en savoir +<\/strong><\/a><\/p>\n<\/div><\/div>\n\n\n\n<div style=\"height:24px\" aria-hidden=\"true\" class=\"wp-block-spacer\"><\/div>\n\n\n\n<div class=\"wp-block-media-text alignwide is-stacked-on-mobile is-vertically-aligned-top\" style=\"grid-template-columns:28% auto\"><figure class=\"wp-block-media-text__media\"><img loading=\"lazy\" decoding=\"async\" width=\"400\" height=\"266\" src=\"https:\/\/www.collectifetcie.fr\/wp-content\/uploads\/2024\/02\/Photo-HHH-400x266-1.jpg\" alt=\"\" class=\"wp-image-3705 size-full\" srcset=\"https:\/\/www.collectifetcie.fr\/wp-content\/uploads\/2024\/02\/Photo-HHH-400x266-1.jpg 400w, https:\/\/www.collectifetcie.fr\/wp-content\/uploads\/2024\/02\/Photo-HHH-400x266-1-300x200.jpg 300w\" sizes=\"auto, (max-width: 400px) 100vw, 400px\" \/><\/figure><div class=\"wp-block-media-text__content\">\n<p class=\"has-white-color has-text-color has-background\" style=\"background-color:#007c89;font-size:25px\"><meta charset=\"utf-8\"><strong>HEP! HEP! HEP<\/strong>!<\/p>\n\n\n\n<p style=\"font-size:16px\"><meta charset=\"utf-8\"><strong>KARAOKE DESSINE <\/strong> <strong>&gt;  d\u00e8s 14 ans<\/strong><\/p>\n\n\n\n<p class=\"has-black-color has-text-color has-background\" style=\"background-color:#bfd541;font-size:16px\"><meta charset=\"utf-8\"><\/meta><strong>> EN DIFFUSION SAISON 2025\/26<\/strong><br><strong>> DISPONIBLE SAISON 2026\/27<\/strong><br>cr\u00e9ation et diffusion saison 2023\/24, 2024\/25<br><strong><a href=\"https:\/\/www.collectifetcie.fr\/index.php\/les-artistes\/stephanie-farison-lucie-nicolas-collectiff71\/hep-hep-hep-karaoke-dessine\/\">en savoir +<\/a><\/strong><\/p>\n<\/div><\/div>\n\n\n\n<div style=\"height:22px\" aria-hidden=\"true\" class=\"wp-block-spacer\"><\/div>\n\n\n\n<div class=\"wp-block-media-text alignwide is-stacked-on-mobile is-vertically-aligned-top\" style=\"grid-template-columns:28% auto\"><figure class=\"wp-block-media-text__media\"><img loading=\"lazy\" decoding=\"async\" width=\"200\" height=\"111\" src=\"https:\/\/www.collectifetcie.fr\/wp-content\/uploads\/2023\/05\/SongBook_STRANGEFRUIT_collectifF71200X111@LucieNicolas.jpg\" alt=\"\" class=\"wp-image-2840 size-full\"\/><\/figure><div class=\"wp-block-media-text__content\">\n<p class=\"has-white-color has-text-color has-background\" style=\"background-color:#007c89;font-size:25px\"><span style=\"background-color: rgba(255, 255, 255, 0.2);\"><b>S<\/b><\/span><strong>ONGBOOK<\/strong><\/p>\n\n\n\n<p style=\"font-size:16px\"><meta charset=\"utf-8\"><strong>CONCERT DESSINE <\/strong> <strong>&gt;  d\u00e8s 11 ans<\/strong><\/p>\n\n\n\n<p class=\"has-background\" style=\"background-color:#bfd541;font-size:16px\"><strong>&gt; EN DIFFUSION SAISON 2025\/26<\/strong><br><strong>&gt; DISPONIBLE SAISON 2025\/26<\/strong><br>cr\u00e9ation saison 2018\/19 et en diffusion saisons 19\/20, 20\/21, 21\/22, 22\/23, 23\/24 et 24\/25<br><strong><strong><a href=\"https:\/\/www.collectifetcie.fr\/index.php\/les-artistes\/lucie-nicolas-collectiff71\/songbook-concert-dessine\/\">en savoir +<\/a><\/strong><\/strong><\/p>\n<\/div><\/div>\n\n\n\n<div style=\"height:29px\" aria-hidden=\"true\" class=\"wp-block-spacer\"><\/div>\n\n\n\n<div class=\"wp-block-media-text alignwide is-stacked-on-mobile is-vertically-aligned-top\" style=\"grid-template-columns:27% auto\"><figure class=\"wp-block-media-text__media\"><img loading=\"lazy\" decoding=\"async\" width=\"300\" height=\"200\" src=\"https:\/\/www.collectifetcie.fr\/wp-content\/uploads\/2024\/12\/BRAQUEURS-TABLEDETIR-300x200-light.jpg\" alt=\"\" class=\"wp-image-4501 size-full\"\/><\/figure><div class=\"wp-block-media-text__content\">\n<p class=\"has-white-color has-text-color has-background\" style=\"background-color:#007c89;font-size:25px\"><meta charset=\"utf-8\"><strong>PARLER LA POUDRE<\/strong><\/p>\n\n\n\n<p style=\"font-size:16px\"><meta charset=\"utf-8\"><strong>CREATION NOMADE <\/strong> <strong>&gt;  d\u00e8s 14 ans<\/strong><\/p>\n\n\n\n<p class=\"has-background\" style=\"background-color:#bfd541;font-size:16px\"><meta charset=\"utf-8\"><\/meta><strong>> CREATION ET DIFFUSION SAISON 2022\/23<br><a href=\"https:\/\/www.collectifetcie.fr\/index.php\/les-artistes\/stephanie-farison-lucie-nicolas-collectiff71\/parler-la-poudre\/\">en savoir +<\/a><\/strong><\/p>\n\n\n\n<div style=\"height:29px\" aria-hidden=\"true\" class=\"wp-block-spacer\"><\/div>\n<\/div><\/div>\n\n\n\n<div style=\"height:26px\" aria-hidden=\"true\" class=\"wp-block-spacer\"><\/div>\n\n\n\n<div class=\"wp-block-media-text alignwide is-stacked-on-mobile is-vertically-aligned-top\" style=\"grid-template-columns:28% auto\"><figure class=\"wp-block-media-text__media\"><img loading=\"lazy\" decoding=\"async\" width=\"1024\" height=\"486\" src=\"https:\/\/www.collectifetcie.fr\/wp-content\/uploads\/2022\/06\/Move-on-photo-re\u0301pet-light-DSCF0661-1024x486.jpg\" alt=\"\" class=\"wp-image-1909 size-full\" srcset=\"https:\/\/www.collectifetcie.fr\/wp-content\/uploads\/2022\/06\/Move-on-photo-re\u0301pet-light-DSCF0661-1024x486.jpg 1024w, https:\/\/www.collectifetcie.fr\/wp-content\/uploads\/2022\/06\/Move-on-photo-re\u0301pet-light-DSCF0661-300x143.jpg 300w, https:\/\/www.collectifetcie.fr\/wp-content\/uploads\/2022\/06\/Move-on-photo-re\u0301pet-light-DSCF0661-768x365.jpg 768w, https:\/\/www.collectifetcie.fr\/wp-content\/uploads\/2022\/06\/Move-on-photo-re\u0301pet-light-DSCF0661-1536x730.jpg 1536w, https:\/\/www.collectifetcie.fr\/wp-content\/uploads\/2022\/06\/Move-on-photo-re\u0301pet-light-DSCF0661-2048x973.jpg 2048w\" sizes=\"auto, (max-width: 1024px) 100vw, 1024px\" \/><\/figure><div class=\"wp-block-media-text__content\">\n<p class=\"has-white-color has-text-color has-background\" style=\"background-color:#007c89;font-size:25px\"><strong>MOVE ON OVER <\/strong><br><strong>OR WE&rsquo;LL MOVE ON OVER YOU<\/strong><\/p>\n\n\n\n<p style=\"font-size:16px\"><meta charset=\"utf-8\"><strong>THEATRE D&rsquo;OBJET &amp; FICTION DOCUMENTAIRE&nbsp;     &gt;  d\u00e8s 14 ans<\/strong><\/p>\n\n\n\n<p class=\"has-text-align-left has-background\" style=\"background-color:#bfd541;font-size:16px\"><strong>&gt; DISPONIBLE SAISON 2024\/25<\/strong><br>&gt; Cr\u00e9ation saison 2022\/23 et diffusion saison 2023\/24<strong><br><\/strong><a href=\"https:\/\/www.collectifetcie.fr\/index.php\/les-artistes\/stephanie-farison-lucie-nicolas-collectif-f71\/move-on-over-or-well-move-on-over-you\/\"><strong>en savoir +<\/strong><\/a><\/p>\n<\/div><\/div>\n\n\n\n<div style=\"height:24px\" aria-hidden=\"true\" class=\"wp-block-spacer\"><\/div>\n\n\n\n<p class=\"has-text-align-right has-text-color\" style=\"color:#a60b15;font-size:18px\"><strong>Site collectif F71 &gt;<br><\/strong>https:\/\/www.collectiff71.com\/<\/p>\n","protected":false},"excerpt":{"rendered":"<p>Le collectif F71 r\u00e9unit depuis 2004 St\u00e9phanie Farison, Emmanuelle Lafon, Sara Louis, Lucie Nicolas et Lucie Valon, accompagn\u00e9es par Gwendoline Langlois, administratrice de production.Ce qui caract\u00e9rise leur travail, c\u2019est l\u2019interrogation du r\u00e9el, de l\u2019Histoire, l\u2019usage de mat\u00e9riaux dramaturgiques diversifi\u00e9s pour construire une \u00e9criture sc\u00e9nique (archives, textes litt\u00e9raires, articles, dessins, paroles, mat\u00e9riaux du r\u00e9el, non-th\u00e9\u00e2traux).&nbsp;Le collectif [&hellip;]<\/p>\n","protected":false},"author":1,"featured_media":0,"parent":26,"menu_order":7,"comment_status":"closed","ping_status":"closed","template":"template-full.php","meta":{"footnotes":""},"class_list":["post-987","page","type-page","status-publish","hentry"],"yoast_head":"<!-- This site is optimized with the Yoast SEO plugin v27.5 - https:\/\/yoast.com\/product\/yoast-seo-wordpress\/ -->\n<title>Lucie Nicolas &gt; collectif F71 - collectif et compagnie<\/title>\n<meta name=\"description\" content=\"Ce qui caract\u00e9rise le collectif F71 c\u2019est l\u2019interrogation du r\u00e9el et de l\u2019Histoire pour construire une \u00e9criture sc\u00e9nique.\u00a0\" \/>\n<meta name=\"robots\" content=\"index, follow, max-snippet:-1, max-image-preview:large, max-video-preview:-1\" \/>\n<link rel=\"canonical\" href=\"https:\/\/www.collectifetcie.fr\/index.php\/les-artistes\/lucie-nicolas-collectiff71\/\" \/>\n<meta property=\"og:locale\" content=\"fr_FR\" \/>\n<meta property=\"og:type\" content=\"article\" \/>\n<meta property=\"og:title\" content=\"Lucie Nicolas &gt; collectif F71 - collectif et compagnie\" \/>\n<meta property=\"og:description\" content=\"Ce qui caract\u00e9rise le collectif F71 c\u2019est l\u2019interrogation du r\u00e9el et de l\u2019Histoire pour construire une \u00e9criture sc\u00e9nique.\u00a0\" \/>\n<meta property=\"og:url\" content=\"https:\/\/www.collectifetcie.fr\/index.php\/les-artistes\/lucie-nicolas-collectiff71\/\" \/>\n<meta property=\"og:site_name\" content=\"collectif et compagnie\" \/>\n<meta property=\"article:modified_time\" content=\"2025-12-01T09:54:38+00:00\" \/>\n<meta property=\"og:image\" content=\"https:\/\/www.collectifetcie.fr\/wp-content\/uploads\/2025\/12\/Les-Habitant.e.s-c-Bohumil-KOSTOHRYZ-0174-scaled.jpg\" \/>\n\t<meta property=\"og:image:width\" content=\"2560\" \/>\n\t<meta property=\"og:image:height\" content=\"1708\" \/>\n\t<meta property=\"og:image:type\" content=\"image\/jpeg\" \/>\n<meta name=\"twitter:card\" content=\"summary_large_image\" \/>\n<meta name=\"twitter:label1\" content=\"Dur\u00e9e de lecture estim\u00e9e\" \/>\n\t<meta name=\"twitter:data1\" content=\"3 minutes\" \/>\n<script type=\"application\/ld+json\" class=\"yoast-schema-graph\">{\"@context\":\"https:\\\/\\\/schema.org\",\"@graph\":[{\"@type\":\"WebPage\",\"@id\":\"https:\\\/\\\/www.collectifetcie.fr\\\/index.php\\\/les-artistes\\\/lucie-nicolas-collectiff71\\\/\",\"url\":\"https:\\\/\\\/www.collectifetcie.fr\\\/index.php\\\/les-artistes\\\/lucie-nicolas-collectiff71\\\/\",\"name\":\"Lucie Nicolas > collectif F71 - collectif et compagnie\",\"isPartOf\":{\"@id\":\"https:\\\/\\\/www.collectifetcie.fr\\\/#website\"},\"primaryImageOfPage\":{\"@id\":\"https:\\\/\\\/www.collectifetcie.fr\\\/index.php\\\/les-artistes\\\/lucie-nicolas-collectiff71\\\/#primaryimage\"},\"image\":{\"@id\":\"https:\\\/\\\/www.collectifetcie.fr\\\/index.php\\\/les-artistes\\\/lucie-nicolas-collectiff71\\\/#primaryimage\"},\"thumbnailUrl\":\"https:\\\/\\\/www.collectifetcie.fr\\\/wp-content\\\/uploads\\\/2025\\\/12\\\/Les-Habitant.e.s-c-Bohumil-KOSTOHRYZ-0174-1024x683.jpg\",\"datePublished\":\"2021-10-25T11:36:42+00:00\",\"dateModified\":\"2025-12-01T09:54:38+00:00\",\"description\":\"Ce qui caract\u00e9rise le collectif F71 c\u2019est l\u2019interrogation du r\u00e9el et de l\u2019Histoire pour construire une \u00e9criture sc\u00e9nique.\u00a0\",\"breadcrumb\":{\"@id\":\"https:\\\/\\\/www.collectifetcie.fr\\\/index.php\\\/les-artistes\\\/lucie-nicolas-collectiff71\\\/#breadcrumb\"},\"inLanguage\":\"fr-FR\",\"potentialAction\":[{\"@type\":\"ReadAction\",\"target\":[\"https:\\\/\\\/www.collectifetcie.fr\\\/index.php\\\/les-artistes\\\/lucie-nicolas-collectiff71\\\/\"]}]},{\"@type\":\"ImageObject\",\"inLanguage\":\"fr-FR\",\"@id\":\"https:\\\/\\\/www.collectifetcie.fr\\\/index.php\\\/les-artistes\\\/lucie-nicolas-collectiff71\\\/#primaryimage\",\"url\":\"https:\\\/\\\/www.collectifetcie.fr\\\/wp-content\\\/uploads\\\/2025\\\/12\\\/Les-Habitant.e.s-c-Bohumil-KOSTOHRYZ-0174-scaled.jpg\",\"contentUrl\":\"https:\\\/\\\/www.collectifetcie.fr\\\/wp-content\\\/uploads\\\/2025\\\/12\\\/Les-Habitant.e.s-c-Bohumil-KOSTOHRYZ-0174-scaled.jpg\",\"width\":2560,\"height\":1708},{\"@type\":\"BreadcrumbList\",\"@id\":\"https:\\\/\\\/www.collectifetcie.fr\\\/index.php\\\/les-artistes\\\/lucie-nicolas-collectiff71\\\/#breadcrumb\",\"itemListElement\":[{\"@type\":\"ListItem\",\"position\":1,\"name\":\"Accueil\",\"item\":\"https:\\\/\\\/www.collectifetcie.fr\\\/\"},{\"@type\":\"ListItem\",\"position\":2,\"name\":\"Artistes et compagnies\",\"item\":\"https:\\\/\\\/www.collectifetcie.fr\\\/index.php\\\/les-artistes\\\/\"},{\"@type\":\"ListItem\",\"position\":3,\"name\":\"Lucie Nicolas > collectif F71\"}]},{\"@type\":\"WebSite\",\"@id\":\"https:\\\/\\\/www.collectifetcie.fr\\\/#website\",\"url\":\"https:\\\/\\\/www.collectifetcie.fr\\\/\",\"name\":\"collectif et compagnie\",\"description\":\"\",\"publisher\":{\"@id\":\"https:\\\/\\\/www.collectifetcie.fr\\\/#organization\"},\"potentialAction\":[{\"@type\":\"SearchAction\",\"target\":{\"@type\":\"EntryPoint\",\"urlTemplate\":\"https:\\\/\\\/www.collectifetcie.fr\\\/?s={search_term_string}\"},\"query-input\":{\"@type\":\"PropertyValueSpecification\",\"valueRequired\":true,\"valueName\":\"search_term_string\"}}],\"inLanguage\":\"fr-FR\"},{\"@type\":\"Organization\",\"@id\":\"https:\\\/\\\/www.collectifetcie.fr\\\/#organization\",\"name\":\"collectif et compagnie\",\"url\":\"https:\\\/\\\/www.collectifetcie.fr\\\/\",\"logo\":{\"@type\":\"ImageObject\",\"inLanguage\":\"fr-FR\",\"@id\":\"https:\\\/\\\/www.collectifetcie.fr\\\/#\\\/schema\\\/logo\\\/image\\\/\",\"url\":\"https:\\\/\\\/www.collectifetcie.fr\\\/wp-content\\\/uploads\\\/2025\\\/09\\\/cropped-Bandeau-Site-04-09-25-OK.jpg\",\"contentUrl\":\"https:\\\/\\\/www.collectifetcie.fr\\\/wp-content\\\/uploads\\\/2025\\\/09\\\/cropped-Bandeau-Site-04-09-25-OK.jpg\",\"width\":1616,\"height\":234,\"caption\":\"collectif et compagnie\"},\"image\":{\"@id\":\"https:\\\/\\\/www.collectifetcie.fr\\\/#\\\/schema\\\/logo\\\/image\\\/\"}}]}<\/script>\n<!-- \/ Yoast SEO plugin. -->","yoast_head_json":{"title":"Lucie Nicolas > collectif F71 - collectif et compagnie","description":"Ce qui caract\u00e9rise le collectif F71 c\u2019est l\u2019interrogation du r\u00e9el et de l\u2019Histoire pour construire une \u00e9criture sc\u00e9nique.\u00a0","robots":{"index":"index","follow":"follow","max-snippet":"max-snippet:-1","max-image-preview":"max-image-preview:large","max-video-preview":"max-video-preview:-1"},"canonical":"https:\/\/www.collectifetcie.fr\/index.php\/les-artistes\/lucie-nicolas-collectiff71\/","og_locale":"fr_FR","og_type":"article","og_title":"Lucie Nicolas > collectif F71 - collectif et compagnie","og_description":"Ce qui caract\u00e9rise le collectif F71 c\u2019est l\u2019interrogation du r\u00e9el et de l\u2019Histoire pour construire une \u00e9criture sc\u00e9nique.\u00a0","og_url":"https:\/\/www.collectifetcie.fr\/index.php\/les-artistes\/lucie-nicolas-collectiff71\/","og_site_name":"collectif et compagnie","article_modified_time":"2025-12-01T09:54:38+00:00","og_image":[{"width":2560,"height":1708,"url":"https:\/\/www.collectifetcie.fr\/wp-content\/uploads\/2025\/12\/Les-Habitant.e.s-c-Bohumil-KOSTOHRYZ-0174-scaled.jpg","type":"image\/jpeg"}],"twitter_card":"summary_large_image","twitter_misc":{"Dur\u00e9e de lecture estim\u00e9e":"3 minutes"},"schema":{"@context":"https:\/\/schema.org","@graph":[{"@type":"WebPage","@id":"https:\/\/www.collectifetcie.fr\/index.php\/les-artistes\/lucie-nicolas-collectiff71\/","url":"https:\/\/www.collectifetcie.fr\/index.php\/les-artistes\/lucie-nicolas-collectiff71\/","name":"Lucie Nicolas > collectif F71 - collectif et compagnie","isPartOf":{"@id":"https:\/\/www.collectifetcie.fr\/#website"},"primaryImageOfPage":{"@id":"https:\/\/www.collectifetcie.fr\/index.php\/les-artistes\/lucie-nicolas-collectiff71\/#primaryimage"},"image":{"@id":"https:\/\/www.collectifetcie.fr\/index.php\/les-artistes\/lucie-nicolas-collectiff71\/#primaryimage"},"thumbnailUrl":"https:\/\/www.collectifetcie.fr\/wp-content\/uploads\/2025\/12\/Les-Habitant.e.s-c-Bohumil-KOSTOHRYZ-0174-1024x683.jpg","datePublished":"2021-10-25T11:36:42+00:00","dateModified":"2025-12-01T09:54:38+00:00","description":"Ce qui caract\u00e9rise le collectif F71 c\u2019est l\u2019interrogation du r\u00e9el et de l\u2019Histoire pour construire une \u00e9criture sc\u00e9nique.\u00a0","breadcrumb":{"@id":"https:\/\/www.collectifetcie.fr\/index.php\/les-artistes\/lucie-nicolas-collectiff71\/#breadcrumb"},"inLanguage":"fr-FR","potentialAction":[{"@type":"ReadAction","target":["https:\/\/www.collectifetcie.fr\/index.php\/les-artistes\/lucie-nicolas-collectiff71\/"]}]},{"@type":"ImageObject","inLanguage":"fr-FR","@id":"https:\/\/www.collectifetcie.fr\/index.php\/les-artistes\/lucie-nicolas-collectiff71\/#primaryimage","url":"https:\/\/www.collectifetcie.fr\/wp-content\/uploads\/2025\/12\/Les-Habitant.e.s-c-Bohumil-KOSTOHRYZ-0174-scaled.jpg","contentUrl":"https:\/\/www.collectifetcie.fr\/wp-content\/uploads\/2025\/12\/Les-Habitant.e.s-c-Bohumil-KOSTOHRYZ-0174-scaled.jpg","width":2560,"height":1708},{"@type":"BreadcrumbList","@id":"https:\/\/www.collectifetcie.fr\/index.php\/les-artistes\/lucie-nicolas-collectiff71\/#breadcrumb","itemListElement":[{"@type":"ListItem","position":1,"name":"Accueil","item":"https:\/\/www.collectifetcie.fr\/"},{"@type":"ListItem","position":2,"name":"Artistes et compagnies","item":"https:\/\/www.collectifetcie.fr\/index.php\/les-artistes\/"},{"@type":"ListItem","position":3,"name":"Lucie Nicolas > collectif F71"}]},{"@type":"WebSite","@id":"https:\/\/www.collectifetcie.fr\/#website","url":"https:\/\/www.collectifetcie.fr\/","name":"collectif et compagnie","description":"","publisher":{"@id":"https:\/\/www.collectifetcie.fr\/#organization"},"potentialAction":[{"@type":"SearchAction","target":{"@type":"EntryPoint","urlTemplate":"https:\/\/www.collectifetcie.fr\/?s={search_term_string}"},"query-input":{"@type":"PropertyValueSpecification","valueRequired":true,"valueName":"search_term_string"}}],"inLanguage":"fr-FR"},{"@type":"Organization","@id":"https:\/\/www.collectifetcie.fr\/#organization","name":"collectif et compagnie","url":"https:\/\/www.collectifetcie.fr\/","logo":{"@type":"ImageObject","inLanguage":"fr-FR","@id":"https:\/\/www.collectifetcie.fr\/#\/schema\/logo\/image\/","url":"https:\/\/www.collectifetcie.fr\/wp-content\/uploads\/2025\/09\/cropped-Bandeau-Site-04-09-25-OK.jpg","contentUrl":"https:\/\/www.collectifetcie.fr\/wp-content\/uploads\/2025\/09\/cropped-Bandeau-Site-04-09-25-OK.jpg","width":1616,"height":234,"caption":"collectif et compagnie"},"image":{"@id":"https:\/\/www.collectifetcie.fr\/#\/schema\/logo\/image\/"}}]}},"_links":{"self":[{"href":"https:\/\/www.collectifetcie.fr\/index.php\/wp-json\/wp\/v2\/pages\/987","targetHints":{"allow":["GET"]}}],"collection":[{"href":"https:\/\/www.collectifetcie.fr\/index.php\/wp-json\/wp\/v2\/pages"}],"about":[{"href":"https:\/\/www.collectifetcie.fr\/index.php\/wp-json\/wp\/v2\/types\/page"}],"author":[{"embeddable":true,"href":"https:\/\/www.collectifetcie.fr\/index.php\/wp-json\/wp\/v2\/users\/1"}],"replies":[{"embeddable":true,"href":"https:\/\/www.collectifetcie.fr\/index.php\/wp-json\/wp\/v2\/comments?post=987"}],"version-history":[{"count":115,"href":"https:\/\/www.collectifetcie.fr\/index.php\/wp-json\/wp\/v2\/pages\/987\/revisions"}],"predecessor-version":[{"id":6111,"href":"https:\/\/www.collectifetcie.fr\/index.php\/wp-json\/wp\/v2\/pages\/987\/revisions\/6111"}],"up":[{"embeddable":true,"href":"https:\/\/www.collectifetcie.fr\/index.php\/wp-json\/wp\/v2\/pages\/26"}],"wp:attachment":[{"href":"https:\/\/www.collectifetcie.fr\/index.php\/wp-json\/wp\/v2\/media?parent=987"}],"curies":[{"name":"wp","href":"https:\/\/api.w.org\/{rel}","templated":true}]}}