{"id":880,"date":"2021-10-22T09:06:06","date_gmt":"2021-10-22T07:06:06","guid":{"rendered":"https:\/\/www.collectifetcie.fr\/?page_id=880"},"modified":"2025-09-08T00:32:13","modified_gmt":"2025-09-07T22:32:13","slug":"laurent-sauvage-cie-a-lapproche-des-etoiles","status":"publish","type":"page","link":"https:\/\/www.collectifetcie.fr\/index.php\/les-artistes\/laurent-sauvage-cie-a-lapproche-des-etoiles\/","title":{"rendered":"Laurent Sauvage > Cie A l&rsquo;approche des \u00e9toiles"},"content":{"rendered":"\n<p><strong>Com\u00e9dien et metteur en sc\u00e8ne<\/strong>, Laurent Sauvage a principalement jou\u00e9 sous la direction de Jean-Pierre Vincent, Jo\u00ebl Jouanneau, Fr\u00e9d\u00e9ric Fisbach, Anita Picchiarini, Jean-Christophe Sa\u00efs, Serge Tranvouez, V\u00e9ronique Nordey, Guillaume Doucet, Guillaume Gatteau, Julien Fisera, Christophe Fiat, Olivier Martinaud, Falk Richter, Marine de Missolz, Anne Th\u00e9ron, L\u00e9lio Plotton, Julien Gosselin. Il joue dans la majorit\u00e9 des cr\u00e9ations de Stanislas Nordey; \u00e0 ses c\u00f4t\u00e9s il a \u00e9t\u00e9 Artiste associ\u00e9 au Th\u00e9\u00e2tre Nanterre-Amandiers et au Th\u00e9\u00e2tre G\u00e9rard Philipe de Saint-Denis. Depuis 2014 il est Artiste associ\u00e9 au Th\u00e9\u00e2tre National de Strasbourg.<br>Au cin\u00e9ma et \u00e0 la t\u00e9l\u00e9vision il tourne sous la direction de Bertrand Bonello, Pascale Breton, Stella Theodorakis, Muriel Aubin\u2026<br>Pour la saison 2020-21, il a jou\u00e9 dans <strong><em>Berlin mon gar\u00e7on<\/em><\/strong> de Marie NDiaye mise en sc\u00e8ne par Stanislas Nordey au Th\u00e9\u00e2tre National de Strasbourg et \u00e0 l\u2019Od\u00e9on-Th\u00e9\u00e2tre de l\u2019Europe, <strong><em>Ivres<\/em> <\/strong>de Ivan Viripaev mise en sc\u00e8ne Ambre Kahan, <strong><em>Seasonal affective desorder <\/em><\/strong>de Lola Molina mise en sc\u00e8ne L\u00e9lio Plotton et <strong><em>Howl <\/em><\/strong>d\u2019Allen Ginsberg mise en sc\u00e8ne par Maya B\u00f6sch.<br>Metteur en sc\u00e8ne et auteur d\u2019<strong><em>Anticonstitutionnellement <\/em><\/strong>au Th\u00e9\u00e2tre G\u00e9rard Philipe de Saint-Denis en 2000, et de<strong><em> La Cage<\/em><\/strong> dans le cadre du Festival <em>Voyage \u00e0 Nantes<\/em> en 2017, \u00e0 la Sc\u00e8ne Th\u00e9l\u00e8me et \u00e0 la MC93 de Bobigny, il met en sc\u00e8ne<em> <strong>Orgie<\/strong><\/em> de Pier Paolo Pasolini dans le cadre du Festival <em>Mettre en Sc\u00e8ne<\/em> \u00e0 Rennes en 2003 ; <strong><em>Je suis un homme de mots<\/em><\/strong>, textes de Jim Morrison au Th\u00e9\u00e2tre Moli\u00e8re, Maison de la Po\u00e9sie \u00e0 Paris en 2005, et cr\u00e9e <strong><em>Aden Arabie<\/em><\/strong> de Paul Nizan en 2018 au Festival \u00ab\u00a0Phoque\u00a0\u00bb \u00e0 Nantes puis \u00e0 Mont\u00e9vid\u00e9o &#8211; Marseille.<\/p>\n\n\n\n<div style=\"height:24px\" aria-hidden=\"true\" class=\"wp-block-spacer\"><\/div>\n\n\n\n<div class=\"wp-block-media-text alignwide is-stacked-on-mobile is-vertically-aligned-top\" style=\"grid-template-columns:37% auto\"><figure class=\"wp-block-media-text__media\"><img loading=\"lazy\" decoding=\"async\" width=\"1024\" height=\"577\" src=\"https:\/\/www.collectifetcie.fr\/wp-content\/uploads\/2021\/10\/20-ans-3-1024x577.jpg\" alt=\"\" class=\"wp-image-885 size-full\" srcset=\"https:\/\/www.collectifetcie.fr\/wp-content\/uploads\/2021\/10\/20-ans-3-1024x577.jpg 1024w, https:\/\/www.collectifetcie.fr\/wp-content\/uploads\/2021\/10\/20-ans-3-300x169.jpg 300w, https:\/\/www.collectifetcie.fr\/wp-content\/uploads\/2021\/10\/20-ans-3-768x433.jpg 768w, https:\/\/www.collectifetcie.fr\/wp-content\/uploads\/2021\/10\/20-ans-3.jpg 1136w\" sizes=\"auto, (max-width: 1024px) 100vw, 1024px\" \/><\/figure><div class=\"wp-block-media-text__content\">\n<p class=\"has-white-color has-text-color has-background\" style=\"background-color:#007c89;font-size:25px\"><strong>J&rsquo;AVAIS VINGT ANS&#8230;<\/strong><\/p>\n\n\n\n<p class=\"has-white-background-color has-background\" style=\"font-size:16px\"><strong>THEATRE &amp; ROCK<\/strong><\/p>\n\n\n\n<p class=\"has-background\" style=\"background-color:#bfd541;font-size:16px\"><strong>> DISPONIBLE SAISON 2025\/26<br><\/strong>> cr\u00e9ation saison 2021\/22 et en diffusion saison 2022\/23<br><strong><a href=\"https:\/\/www.collectifetcie.fr\/index.php\/les-artistes\/jean-boillot-cie-la-spirale\/javais-vingt-ans\/\">en savoir +<\/a><\/strong><\/p>\n<\/div><\/div>\n\n\n\n<p class=\"has-text-color has-normal-font-size\" style=\"color:#a60b15\"><span style=\"color:#a60b15\" class=\"has-inline-color\"><\/span><\/p>\n\n\n\n<div style=\"height:24px\" aria-hidden=\"true\" class=\"wp-block-spacer\"><\/div>\n\n\n\n<div class=\"wp-block-columns is-layout-flex wp-container-core-columns-is-layout-9d6595d7 wp-block-columns-is-layout-flex\"><\/div>\n\n\n\n<p><\/p>\n","protected":false},"excerpt":{"rendered":"<p>Com\u00e9dien et metteur en sc\u00e8ne, Laurent Sauvage a principalement jou\u00e9 sous la direction de Jean-Pierre Vincent, Jo\u00ebl Jouanneau, Fr\u00e9d\u00e9ric Fisbach, Anita Picchiarini, Jean-Christophe Sa\u00efs, Serge Tranvouez, V\u00e9ronique Nordey, Guillaume Doucet, Guillaume Gatteau, Julien Fisera, Christophe Fiat, Olivier Martinaud, Falk Richter, Marine de Missolz, Anne Th\u00e9ron, L\u00e9lio Plotton, Julien Gosselin. Il joue dans la majorit\u00e9 des [&hellip;]<\/p>\n","protected":false},"author":1,"featured_media":0,"parent":26,"menu_order":1,"comment_status":"closed","ping_status":"closed","template":"template-full.php","meta":{"footnotes":""},"class_list":["post-880","page","type-page","status-publish","hentry"],"yoast_head":"<!-- This site is optimized with the Yoast SEO plugin v27.4 - https:\/\/yoast.com\/product\/yoast-seo-wordpress\/ -->\n<title>Laurent Sauvage &gt; Cie A l&#039;approche des \u00e9toiles - collectif et compagnie<\/title>\n<meta name=\"description\" content=\"Biographie et parcours de Laurent Sauvage, com\u00e9dien dans les mises en sc\u00e8ne de Stanislas Nordey...et metteur en sc\u00e8ne de ses cr\u00e9ations\" \/>\n<meta name=\"robots\" content=\"index, follow, max-snippet:-1, max-image-preview:large, max-video-preview:-1\" \/>\n<link rel=\"canonical\" href=\"https:\/\/www.collectifetcie.fr\/index.php\/les-artistes\/laurent-sauvage-cie-a-lapproche-des-etoiles\/\" \/>\n<meta property=\"og:locale\" content=\"fr_FR\" \/>\n<meta property=\"og:type\" content=\"article\" \/>\n<meta property=\"og:title\" content=\"Laurent Sauvage &gt; Cie A l&#039;approche des \u00e9toiles - collectif et compagnie\" \/>\n<meta property=\"og:description\" content=\"Biographie et parcours de Laurent Sauvage, com\u00e9dien dans les mises en sc\u00e8ne de Stanislas Nordey...et metteur en sc\u00e8ne de ses cr\u00e9ations\" \/>\n<meta property=\"og:url\" content=\"https:\/\/www.collectifetcie.fr\/index.php\/les-artistes\/laurent-sauvage-cie-a-lapproche-des-etoiles\/\" \/>\n<meta property=\"og:site_name\" content=\"collectif et compagnie\" \/>\n<meta property=\"article:modified_time\" content=\"2025-09-07T22:32:13+00:00\" \/>\n<meta property=\"og:image\" content=\"https:\/\/www.collectifetcie.fr\/wp-content\/uploads\/2021\/10\/20-ans-3.jpg\" \/>\n\t<meta property=\"og:image:width\" content=\"1136\" \/>\n\t<meta property=\"og:image:height\" content=\"640\" \/>\n\t<meta property=\"og:image:type\" content=\"image\/jpeg\" \/>\n<meta name=\"twitter:card\" content=\"summary_large_image\" \/>\n<meta name=\"twitter:label1\" content=\"Dur\u00e9e de lecture estim\u00e9e\" \/>\n\t<meta name=\"twitter:data1\" content=\"2 minutes\" \/>\n<script type=\"application\/ld+json\" class=\"yoast-schema-graph\">{\"@context\":\"https:\\\/\\\/schema.org\",\"@graph\":[{\"@type\":\"WebPage\",\"@id\":\"https:\\\/\\\/www.collectifetcie.fr\\\/index.php\\\/les-artistes\\\/laurent-sauvage-cie-a-lapproche-des-etoiles\\\/\",\"url\":\"https:\\\/\\\/www.collectifetcie.fr\\\/index.php\\\/les-artistes\\\/laurent-sauvage-cie-a-lapproche-des-etoiles\\\/\",\"name\":\"Laurent Sauvage > Cie A l'approche des \u00e9toiles - collectif et compagnie\",\"isPartOf\":{\"@id\":\"https:\\\/\\\/www.collectifetcie.fr\\\/#website\"},\"primaryImageOfPage\":{\"@id\":\"https:\\\/\\\/www.collectifetcie.fr\\\/index.php\\\/les-artistes\\\/laurent-sauvage-cie-a-lapproche-des-etoiles\\\/#primaryimage\"},\"image\":{\"@id\":\"https:\\\/\\\/www.collectifetcie.fr\\\/index.php\\\/les-artistes\\\/laurent-sauvage-cie-a-lapproche-des-etoiles\\\/#primaryimage\"},\"thumbnailUrl\":\"https:\\\/\\\/www.collectifetcie.fr\\\/wp-content\\\/uploads\\\/2021\\\/10\\\/20-ans-3-1024x577.jpg\",\"datePublished\":\"2021-10-22T07:06:06+00:00\",\"dateModified\":\"2025-09-07T22:32:13+00:00\",\"description\":\"Biographie et parcours de Laurent Sauvage, com\u00e9dien dans les mises en sc\u00e8ne de Stanislas Nordey...et metteur en sc\u00e8ne de ses cr\u00e9ations\",\"breadcrumb\":{\"@id\":\"https:\\\/\\\/www.collectifetcie.fr\\\/index.php\\\/les-artistes\\\/laurent-sauvage-cie-a-lapproche-des-etoiles\\\/#breadcrumb\"},\"inLanguage\":\"fr-FR\",\"potentialAction\":[{\"@type\":\"ReadAction\",\"target\":[\"https:\\\/\\\/www.collectifetcie.fr\\\/index.php\\\/les-artistes\\\/laurent-sauvage-cie-a-lapproche-des-etoiles\\\/\"]}]},{\"@type\":\"ImageObject\",\"inLanguage\":\"fr-FR\",\"@id\":\"https:\\\/\\\/www.collectifetcie.fr\\\/index.php\\\/les-artistes\\\/laurent-sauvage-cie-a-lapproche-des-etoiles\\\/#primaryimage\",\"url\":\"https:\\\/\\\/www.collectifetcie.fr\\\/wp-content\\\/uploads\\\/2021\\\/10\\\/20-ans-3.jpg\",\"contentUrl\":\"https:\\\/\\\/www.collectifetcie.fr\\\/wp-content\\\/uploads\\\/2021\\\/10\\\/20-ans-3.jpg\",\"width\":1136,\"height\":640},{\"@type\":\"BreadcrumbList\",\"@id\":\"https:\\\/\\\/www.collectifetcie.fr\\\/index.php\\\/les-artistes\\\/laurent-sauvage-cie-a-lapproche-des-etoiles\\\/#breadcrumb\",\"itemListElement\":[{\"@type\":\"ListItem\",\"position\":1,\"name\":\"Accueil\",\"item\":\"https:\\\/\\\/www.collectifetcie.fr\\\/\"},{\"@type\":\"ListItem\",\"position\":2,\"name\":\"Artistes et compagnies\",\"item\":\"https:\\\/\\\/www.collectifetcie.fr\\\/index.php\\\/les-artistes\\\/\"},{\"@type\":\"ListItem\",\"position\":3,\"name\":\"Laurent Sauvage > Cie A l&rsquo;approche des \u00e9toiles\"}]},{\"@type\":\"WebSite\",\"@id\":\"https:\\\/\\\/www.collectifetcie.fr\\\/#website\",\"url\":\"https:\\\/\\\/www.collectifetcie.fr\\\/\",\"name\":\"collectif et compagnie\",\"description\":\"\",\"publisher\":{\"@id\":\"https:\\\/\\\/www.collectifetcie.fr\\\/#organization\"},\"potentialAction\":[{\"@type\":\"SearchAction\",\"target\":{\"@type\":\"EntryPoint\",\"urlTemplate\":\"https:\\\/\\\/www.collectifetcie.fr\\\/?s={search_term_string}\"},\"query-input\":{\"@type\":\"PropertyValueSpecification\",\"valueRequired\":true,\"valueName\":\"search_term_string\"}}],\"inLanguage\":\"fr-FR\"},{\"@type\":\"Organization\",\"@id\":\"https:\\\/\\\/www.collectifetcie.fr\\\/#organization\",\"name\":\"collectif et compagnie\",\"url\":\"https:\\\/\\\/www.collectifetcie.fr\\\/\",\"logo\":{\"@type\":\"ImageObject\",\"inLanguage\":\"fr-FR\",\"@id\":\"https:\\\/\\\/www.collectifetcie.fr\\\/#\\\/schema\\\/logo\\\/image\\\/\",\"url\":\"https:\\\/\\\/www.collectifetcie.fr\\\/wp-content\\\/uploads\\\/2025\\\/09\\\/cropped-Bandeau-Site-04-09-25-OK.jpg\",\"contentUrl\":\"https:\\\/\\\/www.collectifetcie.fr\\\/wp-content\\\/uploads\\\/2025\\\/09\\\/cropped-Bandeau-Site-04-09-25-OK.jpg\",\"width\":1616,\"height\":234,\"caption\":\"collectif et compagnie\"},\"image\":{\"@id\":\"https:\\\/\\\/www.collectifetcie.fr\\\/#\\\/schema\\\/logo\\\/image\\\/\"}}]}<\/script>\n<!-- \/ Yoast SEO plugin. -->","yoast_head_json":{"title":"Laurent Sauvage > Cie A l'approche des \u00e9toiles - collectif et compagnie","description":"Biographie et parcours de Laurent Sauvage, com\u00e9dien dans les mises en sc\u00e8ne de Stanislas Nordey...et metteur en sc\u00e8ne de ses cr\u00e9ations","robots":{"index":"index","follow":"follow","max-snippet":"max-snippet:-1","max-image-preview":"max-image-preview:large","max-video-preview":"max-video-preview:-1"},"canonical":"https:\/\/www.collectifetcie.fr\/index.php\/les-artistes\/laurent-sauvage-cie-a-lapproche-des-etoiles\/","og_locale":"fr_FR","og_type":"article","og_title":"Laurent Sauvage > Cie A l'approche des \u00e9toiles - collectif et compagnie","og_description":"Biographie et parcours de Laurent Sauvage, com\u00e9dien dans les mises en sc\u00e8ne de Stanislas Nordey...et metteur en sc\u00e8ne de ses cr\u00e9ations","og_url":"https:\/\/www.collectifetcie.fr\/index.php\/les-artistes\/laurent-sauvage-cie-a-lapproche-des-etoiles\/","og_site_name":"collectif et compagnie","article_modified_time":"2025-09-07T22:32:13+00:00","og_image":[{"width":1136,"height":640,"url":"https:\/\/www.collectifetcie.fr\/wp-content\/uploads\/2021\/10\/20-ans-3.jpg","type":"image\/jpeg"}],"twitter_card":"summary_large_image","twitter_misc":{"Dur\u00e9e de lecture estim\u00e9e":"2 minutes"},"schema":{"@context":"https:\/\/schema.org","@graph":[{"@type":"WebPage","@id":"https:\/\/www.collectifetcie.fr\/index.php\/les-artistes\/laurent-sauvage-cie-a-lapproche-des-etoiles\/","url":"https:\/\/www.collectifetcie.fr\/index.php\/les-artistes\/laurent-sauvage-cie-a-lapproche-des-etoiles\/","name":"Laurent Sauvage > Cie A l'approche des \u00e9toiles - collectif et compagnie","isPartOf":{"@id":"https:\/\/www.collectifetcie.fr\/#website"},"primaryImageOfPage":{"@id":"https:\/\/www.collectifetcie.fr\/index.php\/les-artistes\/laurent-sauvage-cie-a-lapproche-des-etoiles\/#primaryimage"},"image":{"@id":"https:\/\/www.collectifetcie.fr\/index.php\/les-artistes\/laurent-sauvage-cie-a-lapproche-des-etoiles\/#primaryimage"},"thumbnailUrl":"https:\/\/www.collectifetcie.fr\/wp-content\/uploads\/2021\/10\/20-ans-3-1024x577.jpg","datePublished":"2021-10-22T07:06:06+00:00","dateModified":"2025-09-07T22:32:13+00:00","description":"Biographie et parcours de Laurent Sauvage, com\u00e9dien dans les mises en sc\u00e8ne de Stanislas Nordey...et metteur en sc\u00e8ne de ses cr\u00e9ations","breadcrumb":{"@id":"https:\/\/www.collectifetcie.fr\/index.php\/les-artistes\/laurent-sauvage-cie-a-lapproche-des-etoiles\/#breadcrumb"},"inLanguage":"fr-FR","potentialAction":[{"@type":"ReadAction","target":["https:\/\/www.collectifetcie.fr\/index.php\/les-artistes\/laurent-sauvage-cie-a-lapproche-des-etoiles\/"]}]},{"@type":"ImageObject","inLanguage":"fr-FR","@id":"https:\/\/www.collectifetcie.fr\/index.php\/les-artistes\/laurent-sauvage-cie-a-lapproche-des-etoiles\/#primaryimage","url":"https:\/\/www.collectifetcie.fr\/wp-content\/uploads\/2021\/10\/20-ans-3.jpg","contentUrl":"https:\/\/www.collectifetcie.fr\/wp-content\/uploads\/2021\/10\/20-ans-3.jpg","width":1136,"height":640},{"@type":"BreadcrumbList","@id":"https:\/\/www.collectifetcie.fr\/index.php\/les-artistes\/laurent-sauvage-cie-a-lapproche-des-etoiles\/#breadcrumb","itemListElement":[{"@type":"ListItem","position":1,"name":"Accueil","item":"https:\/\/www.collectifetcie.fr\/"},{"@type":"ListItem","position":2,"name":"Artistes et compagnies","item":"https:\/\/www.collectifetcie.fr\/index.php\/les-artistes\/"},{"@type":"ListItem","position":3,"name":"Laurent Sauvage > Cie A l&rsquo;approche des \u00e9toiles"}]},{"@type":"WebSite","@id":"https:\/\/www.collectifetcie.fr\/#website","url":"https:\/\/www.collectifetcie.fr\/","name":"collectif et compagnie","description":"","publisher":{"@id":"https:\/\/www.collectifetcie.fr\/#organization"},"potentialAction":[{"@type":"SearchAction","target":{"@type":"EntryPoint","urlTemplate":"https:\/\/www.collectifetcie.fr\/?s={search_term_string}"},"query-input":{"@type":"PropertyValueSpecification","valueRequired":true,"valueName":"search_term_string"}}],"inLanguage":"fr-FR"},{"@type":"Organization","@id":"https:\/\/www.collectifetcie.fr\/#organization","name":"collectif et compagnie","url":"https:\/\/www.collectifetcie.fr\/","logo":{"@type":"ImageObject","inLanguage":"fr-FR","@id":"https:\/\/www.collectifetcie.fr\/#\/schema\/logo\/image\/","url":"https:\/\/www.collectifetcie.fr\/wp-content\/uploads\/2025\/09\/cropped-Bandeau-Site-04-09-25-OK.jpg","contentUrl":"https:\/\/www.collectifetcie.fr\/wp-content\/uploads\/2025\/09\/cropped-Bandeau-Site-04-09-25-OK.jpg","width":1616,"height":234,"caption":"collectif et compagnie"},"image":{"@id":"https:\/\/www.collectifetcie.fr\/#\/schema\/logo\/image\/"}}]}},"_links":{"self":[{"href":"https:\/\/www.collectifetcie.fr\/index.php\/wp-json\/wp\/v2\/pages\/880","targetHints":{"allow":["GET"]}}],"collection":[{"href":"https:\/\/www.collectifetcie.fr\/index.php\/wp-json\/wp\/v2\/pages"}],"about":[{"href":"https:\/\/www.collectifetcie.fr\/index.php\/wp-json\/wp\/v2\/types\/page"}],"author":[{"embeddable":true,"href":"https:\/\/www.collectifetcie.fr\/index.php\/wp-json\/wp\/v2\/users\/1"}],"replies":[{"embeddable":true,"href":"https:\/\/www.collectifetcie.fr\/index.php\/wp-json\/wp\/v2\/comments?post=880"}],"version-history":[{"count":16,"href":"https:\/\/www.collectifetcie.fr\/index.php\/wp-json\/wp\/v2\/pages\/880\/revisions"}],"predecessor-version":[{"id":5776,"href":"https:\/\/www.collectifetcie.fr\/index.php\/wp-json\/wp\/v2\/pages\/880\/revisions\/5776"}],"up":[{"embeddable":true,"href":"https:\/\/www.collectifetcie.fr\/index.php\/wp-json\/wp\/v2\/pages\/26"}],"wp:attachment":[{"href":"https:\/\/www.collectifetcie.fr\/index.php\/wp-json\/wp\/v2\/media?parent=880"}],"curies":[{"name":"wp","href":"https:\/\/api.w.org\/{rel}","templated":true}]}}