{"id":792,"date":"2021-10-21T17:57:12","date_gmt":"2021-10-21T15:57:12","guid":{"rendered":"https:\/\/www.collectifetcie.fr\/?page_id=792"},"modified":"2026-08-27T10:37:57","modified_gmt":"2026-08-27T08:37:57","slug":"une-histoire-subjective-du-proche-orient","status":"publish","type":"page","link":"https:\/\/www.collectifetcie.fr\/index.php\/les-artistes\/lauren-houda-hussein-ido-shaked-theatre-majaz-2\/une-histoire-subjective-du-proche-orient\/","title":{"rendered":"UNE HISTOIRE SUBJECTIVE DU PROCHE-ORIENT MAIS NEANMOINS VALIDE&#8230; JE PENSE"},"content":{"rendered":"\n<p class=\"has-text-align-center has-text-color has-link-color wp-elements-1 wp-block-paragraph\" style=\"color:#007c89;font-size:20px\"><strong>THEATRE <\/strong><br>> d\u00e8s 14 ans<\/p>\n\n\n\n<div class=\"wp-block-columns is-layout-flex wp-container-core-columns-is-layout-8f761849 wp-block-columns-is-layout-flex\">\n<div class=\"wp-block-column is-layout-flow wp-block-column-is-layout-flow\" style=\"flex-basis:100%\">\n<div class=\"wp-block-columns is-layout-flex wp-container-core-columns-is-layout-8f761849 wp-block-columns-is-layout-flex\">\n<div class=\"wp-block-column is-layout-flow wp-block-column-is-layout-flow\">\n<figure class=\"wp-block-embed is-type-video is-provider-vimeo wp-block-embed-vimeo wp-embed-aspect-16-9 wp-has-aspect-ratio\"><div class=\"wp-block-embed__wrapper\">\n<iframe loading=\"lazy\" title=\"Histoire 2711\" src=\"https:\/\/player.vimeo.com\/video\/888689465?dnt=1&amp;app_id=122963\" width=\"640\" height=\"360\" frameborder=\"0\" allow=\"autoplay; fullscreen; picture-in-picture; clipboard-write; encrypted-media; web-share\" referrerpolicy=\"strict-origin-when-cross-origin\"><\/iframe>\n<\/div><\/figure>\n<\/div>\n\n\n\n<div class=\"wp-block-column is-layout-flow wp-block-column-is-layout-flow\">\n<figure class=\"wp-block-image size-large\"><img loading=\"lazy\" decoding=\"async\" width=\"1024\" height=\"732\" src=\"https:\/\/www.collectifetcie.fr\/wp-content\/uploads\/2023\/10\/20231005_ProcheOrient-78-light-1024x732.jpg\" alt=\"\" class=\"wp-image-3288\" srcset=\"https:\/\/www.collectifetcie.fr\/wp-content\/uploads\/2023\/10\/20231005_ProcheOrient-78-light-1024x732.jpg 1024w, https:\/\/www.collectifetcie.fr\/wp-content\/uploads\/2023\/10\/20231005_ProcheOrient-78-light-300x214.jpg 300w, https:\/\/www.collectifetcie.fr\/wp-content\/uploads\/2023\/10\/20231005_ProcheOrient-78-light-768x549.jpg 768w, https:\/\/www.collectifetcie.fr\/wp-content\/uploads\/2023\/10\/20231005_ProcheOrient-78-light-1536x1097.jpg 1536w, https:\/\/www.collectifetcie.fr\/wp-content\/uploads\/2023\/10\/20231005_ProcheOrient-78-light.jpg 2000w\" sizes=\"auto, (max-width: 1024px) 100vw, 1024px\" \/><\/figure>\n<\/div>\n\n\n\n<div class=\"wp-block-column is-layout-flow wp-block-column-is-layout-flow\">\n<figure class=\"wp-block-image size-large\"><img loading=\"lazy\" decoding=\"async\" width=\"1024\" height=\"732\" src=\"https:\/\/www.collectifetcie.fr\/wp-content\/uploads\/2023\/10\/HISTOIRE-SUBJECTIVE-Th-Majaz\u00a9Alain-Richard-4-light-1024x732.jpg\" alt=\"\" class=\"wp-image-3285\" srcset=\"https:\/\/www.collectifetcie.fr\/wp-content\/uploads\/2023\/10\/HISTOIRE-SUBJECTIVE-Th-Majaz\u00a9Alain-Richard-4-light-1024x732.jpg 1024w, https:\/\/www.collectifetcie.fr\/wp-content\/uploads\/2023\/10\/HISTOIRE-SUBJECTIVE-Th-Majaz\u00a9Alain-Richard-4-light-300x214.jpg 300w, https:\/\/www.collectifetcie.fr\/wp-content\/uploads\/2023\/10\/HISTOIRE-SUBJECTIVE-Th-Majaz\u00a9Alain-Richard-4-light-768x549.jpg 768w, https:\/\/www.collectifetcie.fr\/wp-content\/uploads\/2023\/10\/HISTOIRE-SUBJECTIVE-Th-Majaz\u00a9Alain-Richard-4-light-1536x1097.jpg 1536w, https:\/\/www.collectifetcie.fr\/wp-content\/uploads\/2023\/10\/HISTOIRE-SUBJECTIVE-Th-Majaz\u00a9Alain-Richard-4-light.jpg 2000w\" sizes=\"auto, (max-width: 1024px) 100vw, 1024px\" \/><figcaption class=\"wp-element-caption\">Photos Alain Richard<\/figcaption><\/figure>\n<\/div>\n<\/div>\n<\/div>\n<\/div>\n\n\n\n<p class=\"has-text-align-center has-white-color has-text-color has-background has-medium-font-size wp-block-paragraph\" style=\"background-color:#007c89\"><strong><strong><strong>g\u00e9n\u00e9rique \/ r\u00e9sum\u00e9 \/ presse \/ dossiers \/ calendrier <\/strong><\/strong><\/strong><\/p>\n\n\n\n<div class=\"wp-block-columns is-layout-flex wp-container-core-columns-is-layout-8f761849 wp-block-columns-is-layout-flex\">\n<div class=\"wp-block-column is-layout-flow wp-block-column-is-layout-flow\">\n<p class=\"has-text-align-left has-background wp-block-paragraph\" id=\"g\u00e9n\u00e9rique\" style=\"background-color:#bfd541;font-size:15px\">texte\u00a0et interpr\u00e9tation <br><strong>Lauren Houda Hussein\u00a0<\/strong><br>mise en sc\u00e8ne<br><strong>Ido Shaked\u00a0<\/strong><br>cr\u00e9ation musicale et musique (live)<br><strong>Hussam Aliwat<\/strong><br>cr\u00e9ation lumi\u00e8res<br><strong>L\u00e9o Garnier<br><\/strong>Cr\u00e9ation sonore<br><strong>Thibaut Champagne\u00a0<\/strong><br>r\u00e9gie g\u00e9n\u00e9rale (en alternance)<br><strong>Tom Lefort<\/strong><br><strong>Cl\u00e9ment Dupuy<\/strong><br><br><strong>Dur\u00e9e 2h05 <\/strong><br>+ 2 entractes de 10mn\u00a0<strong>\u00a0 <\/strong><\/p>\n\n\n\n<div style=\"height:15px\" aria-hidden=\"true\" class=\"wp-block-spacer\"><\/div>\n\n\n\n<div class=\"wp-block-buttons is-layout-flex wp-block-buttons-is-layout-flex\">\n<div class=\"wp-block-button\"><a class=\"wp-block-button__link has-black-color has-text-color has-background has-link-color wp-element-button\" href=\"https:\/\/www.collectifetcie.fr\/wp-content\/uploads\/2025\/06\/Dossier-Une-Histoire-subjective-24-06-25.pdf\" style=\"background-color:#bfd541\"><strong>DOSSIER DE DIFFUSION<\/strong><\/a><\/div>\n<\/div>\n<\/div>\n\n\n\n<div class=\"wp-block-column is-layout-flow wp-block-column-is-layout-flow\">\n<p class=\"wp-block-paragraph\" style=\"font-size:15px\">Tout commence \u00e0 Beyrouth, en juillet 2006. L est en voyage au pays de son p\u00e8re pour son 20\u00e8me anniversaire. Alors qu\u2019elle doit assister \u00e0 un concert de Fairuz, celui-ci est subitement annul\u00e9 ; la guerre avec Isra\u00ebl commence. Ainsi d\u00e9bute l\u2019histoire de cette jeune femme, partag\u00e9e entre le Liban, la Palestine et la France quelques ann\u00e9es apr\u00e8s. Elle raconte: sa rencontre avec un Isra\u00e9lien, leur amour impossible, son exp\u00e9dition \u00e0 J\u00e9rusalem, puis Paris o\u00f9 alors en train d\u2019\u00e9crire la suite de cette histoire, elle se retrouve envahie par le personnage du p\u00e8re qui l\u2019emp\u00eache de continuer. Pour pouvoir aller au bout de ce r\u00e9cit, elle va devoir le confronter \u00e0 sa violence, \u00e0 la guerre qu\u2019il a inflig\u00e9e \u00e0 sa propre famille, dans l&rsquo;intimit\u00e9 de la maison. Dans un dernier voyage, elle creuse aux racines de l\u2019amour et de la violence des hommes, et s\u2019arme du pouvoir des mots pour y mettre un point final.&nbsp;<\/p>\n\n\n\n<p class=\"has-text-color has-link-color wp-elements-2 wp-block-paragraph\" style=\"color:#007c89;font-size:15px\"><strong><br>LE MONDE<\/strong> &#8211; Jo\u00eblle Gayot <br><em>\u00ab\u00a0<\/em>Une histoire subjective du Proche-Orient\u2026 est \u00e0 prendre au pied de la lettre\u00a0: <strong>un t\u00e9moignage,<\/strong> sans doute,<strong> mais surtout et avant tout un geste po\u00e9tique.\u00a0\u00bb\u00a0<br><\/strong><br><strong>L&rsquo;HUMANITE <\/strong>&#8211; Rosa Moussaoui<br>\u00ab\u00a0Th\u00e9\u00e2tre : Ce que la guerre fait \u00e0 l\u2019amour.<br>Tout en clair-obscur, la mise en sc\u00e8ne sobre d\u2019Ido Shaked donne relief \u00e0 cette introspection, \u00e0 cette <strong>g\u00e9ographie sensible du Proche-Orient.<\/strong>\u00ab\u00a0<\/p>\n\n\n\n<p class=\"wp-block-paragraph\"><br><\/p>\n<\/div>\n\n\n\n<div class=\"wp-block-column is-layout-flow wp-block-column-is-layout-flow\">\n<p class=\"has-black-color has-text-color has-background has-small-font-size wp-block-paragraph\" style=\"background-color:#bfd541\">production Th\u00e9\u00e2tre Maj\u00e2z<br>Coproduction Th\u00e9\u00e2tre Jean Vilar de Vitry-sur-Seine, Centre culturel Jean-Houdremont La Courneuve.\u00a0\u00a0<br>La compagnie Th\u00e9\u00e2tre Maj\u00e2z est soutenue par le D\u00e9partement de la Seine-Saint-Denis, dans le cadre de sa r\u00e9sidence artistique au Centre culturel Jean Houdremont \u00e0 La Courneuve.\u00a0Le D\u00e9partement de la Seine-Saint-Denis a soutenu la cr\u00e9ation de cette \u0153uvre.\u00a0<br>Avec le soutien du d\u00e9partement du Val-de-Marne dans le cadre de l\u2019aide \u00e0 la r\u00e9sidence de cr\u00e9ation et de la MNA Taylor &#8211; Prix Constant Coquelin.<br><br>Avec le soutien en r\u00e9sidences de cr\u00e9ation : Th\u00e9\u00e2tre des Quartiers d&rsquo;Ivry &#8211; CDN du Val-de-Marne, Th\u00e9\u00e2tre Jean Vilar de Vitry-sur-Seine, Th\u00e9\u00e2tre Ch\u00e2tillon Clamart.<br><br>Le Th\u00e9\u00e2tre Maj\u00e2z est conventionn\u00e9 par la DRAC Ile-de-France<\/p>\n\n\n\n<p class=\"has-text-color has-link-color wp-elements-3 wp-block-paragraph\" style=\"color:#007c89;font-size:15px\"><strong>Le Blog culture du SNES <\/strong>&#8211; Marianne Grissolange Leguen  <br>\u00ab\u00a0Lauren Houda Hussein (&#8230;) nous tient en haleine pendant 2 heures 20, Cette jeune femme gracile r\u00e9ussit \u00e0 faire vivre sous nos yeux une galerie de personnages hauts en couleur qui peignent <strong>une image intime et convaincante du Proche Orient.<\/strong>\u00ab\u00a0<\/p>\n\n\n\n<div class=\"wp-block-buttons is-layout-flex wp-block-buttons-is-layout-flex\">\n<div class=\"wp-block-button\"><a class=\"wp-block-button__link has-background wp-element-button\" href=\"https:\/\/www.collectifetcie.fr\/wp-content\/uploads\/2024\/02\/Revue-de-presse-UNE-HISTOIRE.pdf\" style=\"background-color:#007c89\"><strong>REVUE DE PRESSE<\/strong><\/a><\/div>\n<\/div>\n<\/div>\n<\/div>\n\n\n\n<p class=\"has-white-color has-text-color has-background has-medium-font-size wp-block-paragraph\" style=\"background-color:#007c89\"><strong>DIFFUSION SAISON 2026\/27<\/strong><\/p>\n\n\n\n<p class=\"wp-block-paragraph\" style=\"font-size:14px\"><strong><a href=\"https:\/\/www.londe.fr\/\">L&rsquo;Onde<\/a> <\/strong>Th\u00e9\u00e2tre &#8211; V\u00e9lizy Villacoublay (78)<br><strong>jeudi 01 octobre <\/strong>2026 &#8211; 20h30<br><strong>vendredi 02 octobre <\/strong>2026 &#8211; 20h30<\/p>\n\n\n\n<p class=\"wp-block-paragraph\"><strong>Production et diffusion\u00a0<\/strong>><strong> collectif &amp; compagnie <\/strong><br><strong>production <\/strong>Estelle Delorme\u00a0 +33 (0)6 77 13 30 88 \/ <a href=\"mailto:estelle.delorme@collectifetcie.fr\">estelle.delorme@collectifetcie.fr\u00a0<\/a><strong><br>diffusion<\/strong> G\u00e9raldine Morier-Genoud<strong>\u00a0<\/strong> +33 (0)6 20 41 41 25 \/ <a href=\"mailto:geraldine.moriergenoud@collectifetcie.fr\">geraldine.moriergenoud@collectifetcie.fr<\/a><br><br><strong>Administration<\/strong> ><strong> Gingko Biloba <\/strong><br>B\u00e9r\u00e9nice Marchesseau +33 (0)1 43 56 52 22 \/ <a href=\"mailto:gingkobiloba75@gmail.com\">gingkobiloba75@gmail.com<\/a><br><\/p>\n\n\n\n<p class=\"has-black-color has-text-color has-background wp-block-paragraph\" style=\"background-color:#bfd541;font-size:15px\"><strong>DIFFUSION SAISON 2025-2<\/strong>6<\/p>\n\n\n\n<ul class=\"wp-block-list\">\n<li class=\"has-small-font-size\"><strong>Th\u00e9\u00e2tre Paris Villette <\/strong>dans le cadre du Festival SPOT (75)<\/li>\n\n\n\n<li class=\"has-small-font-size\"><strong>Th\u00e9\u00e2tre de la Concorde<\/strong> &#8211; Paris (75)<\/li>\n\n\n\n<li class=\"has-small-font-size\"><strong>Th\u00e9\u00e2tre de S\u00e9nart <\/strong>&#8211; Lieusaint (77)<\/li>\n<\/ul>\n\n\n\n<p class=\"has-black-color has-text-color has-background wp-block-paragraph\" style=\"background-color:#bfd541;font-size:15px\"><strong>DIFFUSION SAISON 2024\/25<\/strong><\/p>\n\n\n\n<ul class=\"wp-block-list\">\n<li class=\"has-small-font-size\"><strong>festival Contre Courant<\/strong> 2024 &#8211; Avignon<\/li>\n\n\n\n<li class=\"has-small-font-size\">programmation en hors-les-murs de <em>Beyrouth ou bon r\u00e9veil \u00e0 vous<\/em> par le <strong>Th\u00e9\u00e2tre du Cormier <\/strong>&#8211; Cormeilles en Parisis (95)<\/li>\n\n\n\n<li class=\"has-small-font-size\"><strong>Th\u00e9\u00e2tre du Cormier <\/strong>&#8211; Cormeilles en Parisis (95)<\/li>\n\n\n\n<li class=\"has-small-font-size\"><strong>l\u2019Azimut <\/strong>\u2013 Th\u00e9\u00e2tre Firmin G\u00e9mier Anthony (92)<\/li>\n\n\n\n<li class=\"has-small-font-size\"><strong>Th\u00e9\u00e2tre Joliette <\/strong>&#8211; Marseille (13)<\/li>\n\n\n\n<li class=\"has-small-font-size\"><strong>Le Vivat <\/strong>&#8211; Armenti\u00e8res (59)<\/li>\n\n\n\n<li class=\"has-small-font-size\"><strong>Le Bateau Feu <\/strong>Sc\u00e8ne Nationale de Dunkerque (59)<\/li>\n\n\n\n<li class=\"has-small-font-size\"><strong>Th\u00e9\u00e2tre Dijon Bourgogne <\/strong>CDN (21)<\/li>\n\n\n\n<li class=\"has-small-font-size\"><strong>Maison Folie de Wazemme <\/strong>&#8211; Lille (59)<\/li>\n\n\n\n<li class=\"has-small-font-size\"><strong>Festival th\u00e9\u00e2tral de Coyes la For\u00eat<\/strong> (60)<\/li>\n<\/ul>\n\n\n\n<p class=\"has-black-color has-text-color has-background wp-block-paragraph\" style=\"background-color:#bfd541;font-size:15px\"><strong>CREATION ET DIFFUSION SAISON 2023\/24<\/strong> de la trilogie<\/p>\n\n\n\n<p class=\"has-small-font-size wp-block-paragraph\">Le spectacle<em>\u00a0Une histoire subjective du Proche-Orient mais n\u00e9anmoins valide&#8230; je pense<\/em>\u00a0s\u2019articule sur trois chapitres port\u00e9s par une com\u00e9dienne :\u00a0<br><em>Beyrouth ou bon r\u00e9veil \u00e0\u00a0vous\u202f!,\u00a0\u00a0J\u00e9rusalem, premiers pas sur la lune\u00a0<\/em>et<em>\u00a0Paris, \u0153il pour \u0153il dent pour dent.<\/em>\u00a0<br>Chaque chapitre est d\u00e9di\u00e9 \u00e0 une\u00a0ville,\u00a0Beyrouth, J\u00e9rusalem puis Paris en m\u00ealant r\u00e9cit et musique.<\/p>\n\n\n\n<ul class=\"wp-block-list\">\n<li class=\"has-small-font-size\"><strong>Th\u00e9\u00e2tre de Ch\u00e2tillon<\/strong> > CREATION de l&rsquo;int\u00e9grale <em>Une histoire subjective du Proche-Orient mais n\u00e9anmoins valide\u2026 je pense<\/em><\/li>\n\n\n\n<li class=\"has-small-font-size\"><strong>Le Safran <\/strong>&#8211; Amiens > <em>Beyrouth ou bon r\u00e9veil \u00e0 vous + J\u00e9rusalem, premiers pas sur la lune<\/em><\/li>\n\n\n\n<li class=\"has-small-font-size\"><strong>La Crois\u00e9e<\/strong> Hauts-de-France > Rencontres professionnelles \u00e0 la Fa\u00efencerie de Creil et \u00e0 la Manekine de Pont Ste Maxence<br>pr\u00e9sentation d&rsquo;<em>Une histoire subjective du Proche-Orient mais n\u00e9anmoins valide\u2026 je pense<\/em> > Projet soutenu par le Groupe des 20 Th\u00e9\u00e2tres en \u00eele-de-France dans le cadre des vitrines inter-r\u00e9seaux<\/li>\n\n\n\n<li class=\"has-small-font-size\"><strong>Th\u00e9\u00e2tre Jean Vilar<\/strong> &#8211; Vitry-sur-Seine <\/li>\n\n\n\n<li class=\"has-small-font-size\"><strong>Centre culturel Jean-Houdremont<\/strong> &#8211; la Courneuve <\/li>\n\n\n\n<li class=\"has-small-font-size\"><strong>Th\u00e9\u00e2tre Jean Lur\u00e7at,<\/strong> SN d\u2019Aubusson <\/li>\n<\/ul>\n\n\n\n<p class=\"has-black-color has-text-color has-background wp-block-paragraph\" style=\"background-color:#bfd541;font-size:15px\"><strong>DIFFUSION 2022\/23 et 2021\/22 <\/strong>des deux premiers chapitres de la trilogie<\/p>\n\n\n\n<ul class=\"wp-block-list\">\n<li class=\"has-small-font-size\"><strong>Festival \u00d4rizons &#8211; P\u00e9rigueux<\/strong> (24) <em>J\u00e9rusalem, premier pas sur la lune <\/em>(chapitre 2)<\/li>\n\n\n\n<li class=\"has-small-font-size\"><strong>Sc\u00e8ne nationale d&rsquo;Aubusson, Th\u00e9\u00e2tre Jean Lur\u00e7at<\/strong> <em>Beyrouth ou bon r\u00e9veil \u00e0 vous! (<\/em>chapitre 1)<\/li>\n\n\n\n<li class=\"has-small-font-size\"><strong>Festival \u00d4rizons &#8211; P\u00e9rigueux<\/strong> <em>Beyrouth ou bon r\u00e9veil \u00e0 vous! (<\/em> chapitre 1)<\/li>\n\n\n\n<li class=\"has-small-font-size\"><strong>Th\u00e9\u00e2tre Jean Vilar<\/strong> programmation hors-les-murs  <em>J\u00e9rusalem, premier pas sur la lune <\/em>(chapitre 2)<\/li>\n\n\n\n<li class=\"has-small-font-size\"><strong>Th\u00e9\u00e2tre Jean Vilar<\/strong> programmation au th\u00e9\u00e2tre des 2 chapitres <em>Beyrouth ou bon r\u00e9veil \u00e0 vous! <\/em>+ <em>J\u00e9rusalem, premier pas sur la lune <\/em>(chapitre 2)<\/li>\n<\/ul>\n","protected":false},"excerpt":{"rendered":"<p>THEATRE > d\u00e8s 14 ans g\u00e9n\u00e9rique \/ r\u00e9sum\u00e9 \/ presse \/ dossiers \/ calendrier texte\u00a0et interpr\u00e9tation Lauren Houda Hussein\u00a0mise en sc\u00e8neIdo Shaked\u00a0cr\u00e9ation musicale et musique (live)Hussam Aliwatcr\u00e9ation lumi\u00e8resL\u00e9o GarnierCr\u00e9ation sonoreThibaut Champagne\u00a0r\u00e9gie g\u00e9n\u00e9rale (en alternance)Tom LefortCl\u00e9ment Dupuy Dur\u00e9e 2h05 + 2 entractes de 10mn\u00a0\u00a0 Tout commence \u00e0 Beyrouth, en juillet 2006. L est en voyage au [&hellip;]<\/p>\n","protected":false},"author":1,"featured_media":0,"parent":759,"menu_order":1,"comment_status":"closed","ping_status":"closed","template":"template-full.php","meta":{"footnotes":""},"class_list":["post-792","page","type-page","status-publish","hentry"],"yoast_head":"<!-- This site is optimized with the Yoast SEO plugin v28.4 - https:\/\/yoast.com\/product\/yoast-seo-wordpress\/ -->\n<title>UNE HISTOIRE SUBJECTIVE DU PROCHE-ORIENT MAIS NEANMOINS VALIDE... JE PENSE - collectif et compagnie<\/title>\n<meta name=\"description\" content=\"Une histoire d\u2019identit\u00e9s morcel\u00e9es et d\u2019espoirs permanents \u00e0 travers la cartographie sensible d\u2019un aller-retour entre l\u2019Occident et l\u2019Orient.\" \/>\n<meta name=\"robots\" content=\"index, follow, max-snippet:-1, max-image-preview:large, max-video-preview:-1\" \/>\n<link rel=\"canonical\" href=\"https:\/\/www.collectifetcie.fr\/index.php\/les-artistes\/lauren-houda-hussein-ido-shaked-theatre-majaz-2\/une-histoire-subjective-du-proche-orient\/\" \/>\n<meta property=\"og:locale\" content=\"fr_FR\" \/>\n<meta property=\"og:type\" content=\"article\" \/>\n<meta property=\"og:title\" content=\"UNE HISTOIRE SUBJECTIVE DU PROCHE-ORIENT MAIS NEANMOINS VALIDE... JE PENSE - collectif et compagnie\" \/>\n<meta property=\"og:description\" content=\"Une histoire d\u2019identit\u00e9s morcel\u00e9es et d\u2019espoirs permanents \u00e0 travers la cartographie sensible d\u2019un aller-retour entre l\u2019Occident et l\u2019Orient.\" \/>\n<meta property=\"og:url\" content=\"https:\/\/www.collectifetcie.fr\/index.php\/les-artistes\/lauren-houda-hussein-ido-shaked-theatre-majaz-2\/une-histoire-subjective-du-proche-orient\/\" \/>\n<meta property=\"og:site_name\" content=\"collectif et compagnie\" \/>\n<meta property=\"article:modified_time\" content=\"2026-08-27T08:37:57+00:00\" \/>\n<meta property=\"og:image\" content=\"https:\/\/www.collectifetcie.fr\/wp-content\/uploads\/2023\/10\/20231005_ProcheOrient-78-light.jpg\" \/>\n\t<meta property=\"og:image:width\" content=\"2000\" \/>\n\t<meta property=\"og:image:height\" content=\"1429\" \/>\n\t<meta property=\"og:image:type\" content=\"image\/jpeg\" \/>\n<meta name=\"twitter:card\" content=\"summary_large_image\" \/>\n<meta name=\"twitter:label1\" content=\"Dur\u00e9e de lecture estim\u00e9e\" \/>\n\t<meta name=\"twitter:data1\" content=\"4 minutes\" \/>\n<script type=\"application\/ld+json\" class=\"yoast-schema-graph\">{\"@context\":\"https:\\\/\\\/schema.org\",\"@graph\":[{\"@type\":\"WebPage\",\"@id\":\"https:\\\/\\\/www.collectifetcie.fr\\\/index.php\\\/les-artistes\\\/lauren-houda-hussein-ido-shaked-theatre-majaz-2\\\/une-histoire-subjective-du-proche-orient\\\/\",\"url\":\"https:\\\/\\\/www.collectifetcie.fr\\\/index.php\\\/les-artistes\\\/lauren-houda-hussein-ido-shaked-theatre-majaz-2\\\/une-histoire-subjective-du-proche-orient\\\/\",\"name\":\"UNE HISTOIRE SUBJECTIVE DU PROCHE-ORIENT MAIS NEANMOINS VALIDE... JE PENSE - collectif et compagnie\",\"isPartOf\":{\"@id\":\"https:\\\/\\\/www.collectifetcie.fr\\\/#website\"},\"primaryImageOfPage\":{\"@id\":\"https:\\\/\\\/www.collectifetcie.fr\\\/index.php\\\/les-artistes\\\/lauren-houda-hussein-ido-shaked-theatre-majaz-2\\\/une-histoire-subjective-du-proche-orient\\\/#primaryimage\"},\"image\":{\"@id\":\"https:\\\/\\\/www.collectifetcie.fr\\\/index.php\\\/les-artistes\\\/lauren-houda-hussein-ido-shaked-theatre-majaz-2\\\/une-histoire-subjective-du-proche-orient\\\/#primaryimage\"},\"thumbnailUrl\":\"https:\\\/\\\/www.collectifetcie.fr\\\/wp-content\\\/uploads\\\/2023\\\/10\\\/20231005_ProcheOrient-78-light-1024x732.jpg\",\"datePublished\":\"2021-10-21T15:57:12+00:00\",\"dateModified\":\"2026-08-27T08:37:57+00:00\",\"description\":\"Une histoire d\u2019identit\u00e9s morcel\u00e9es et d\u2019espoirs permanents \u00e0 travers la cartographie sensible d\u2019un aller-retour entre l\u2019Occident et l\u2019Orient.\",\"breadcrumb\":{\"@id\":\"https:\\\/\\\/www.collectifetcie.fr\\\/index.php\\\/les-artistes\\\/lauren-houda-hussein-ido-shaked-theatre-majaz-2\\\/une-histoire-subjective-du-proche-orient\\\/#breadcrumb\"},\"inLanguage\":\"fr-FR\",\"potentialAction\":[{\"@type\":\"ReadAction\",\"target\":[\"https:\\\/\\\/www.collectifetcie.fr\\\/index.php\\\/les-artistes\\\/lauren-houda-hussein-ido-shaked-theatre-majaz-2\\\/une-histoire-subjective-du-proche-orient\\\/\"]}]},{\"@type\":\"ImageObject\",\"inLanguage\":\"fr-FR\",\"@id\":\"https:\\\/\\\/www.collectifetcie.fr\\\/index.php\\\/les-artistes\\\/lauren-houda-hussein-ido-shaked-theatre-majaz-2\\\/une-histoire-subjective-du-proche-orient\\\/#primaryimage\",\"url\":\"https:\\\/\\\/www.collectifetcie.fr\\\/wp-content\\\/uploads\\\/2023\\\/10\\\/20231005_ProcheOrient-78-light.jpg\",\"contentUrl\":\"https:\\\/\\\/www.collectifetcie.fr\\\/wp-content\\\/uploads\\\/2023\\\/10\\\/20231005_ProcheOrient-78-light.jpg\",\"width\":2000,\"height\":1429},{\"@type\":\"BreadcrumbList\",\"@id\":\"https:\\\/\\\/www.collectifetcie.fr\\\/index.php\\\/les-artistes\\\/lauren-houda-hussein-ido-shaked-theatre-majaz-2\\\/une-histoire-subjective-du-proche-orient\\\/#breadcrumb\",\"itemListElement\":[{\"@type\":\"ListItem\",\"position\":1,\"name\":\"Accueil\",\"item\":\"https:\\\/\\\/www.collectifetcie.fr\\\/\"},{\"@type\":\"ListItem\",\"position\":2,\"name\":\"Artistes et compagnies\",\"item\":\"https:\\\/\\\/www.collectifetcie.fr\\\/index.php\\\/les-artistes\\\/\"},{\"@type\":\"ListItem\",\"position\":3,\"name\":\"Lauren Houda Hussein &#8211; Ido Shaked > Th\u00e9\u00e2tre Maj\u00e2z\",\"item\":\"https:\\\/\\\/www.collectifetcie.fr\\\/index.php\\\/les-artistes\\\/lauren-houda-hussein-ido-shaked-theatre-majaz-2\\\/\"},{\"@type\":\"ListItem\",\"position\":4,\"name\":\"UNE HISTOIRE SUBJECTIVE DU PROCHE-ORIENT MAIS NEANMOINS VALIDE&#8230; JE PENSE\"}]},{\"@type\":\"WebSite\",\"@id\":\"https:\\\/\\\/www.collectifetcie.fr\\\/#website\",\"url\":\"https:\\\/\\\/www.collectifetcie.fr\\\/\",\"name\":\"collectif et compagnie\",\"description\":\"\",\"publisher\":{\"@id\":\"https:\\\/\\\/www.collectifetcie.fr\\\/#organization\"},\"potentialAction\":[{\"@type\":\"SearchAction\",\"target\":{\"@type\":\"EntryPoint\",\"urlTemplate\":\"https:\\\/\\\/www.collectifetcie.fr\\\/?s={search_term_string}\"},\"query-input\":{\"@type\":\"PropertyValueSpecification\",\"valueRequired\":true,\"valueName\":\"search_term_string\"}}],\"inLanguage\":\"fr-FR\"},{\"@type\":\"Organization\",\"@id\":\"https:\\\/\\\/www.collectifetcie.fr\\\/#organization\",\"name\":\"collectif et compagnie\",\"url\":\"https:\\\/\\\/www.collectifetcie.fr\\\/\",\"logo\":{\"@type\":\"ImageObject\",\"inLanguage\":\"fr-FR\",\"@id\":\"https:\\\/\\\/www.collectifetcie.fr\\\/#\\\/schema\\\/logo\\\/image\\\/\",\"url\":\"https:\\\/\\\/www.collectifetcie.fr\\\/wp-content\\\/uploads\\\/2025\\\/09\\\/cropped-Bandeau-Site-04-09-25-OK.jpg\",\"contentUrl\":\"https:\\\/\\\/www.collectifetcie.fr\\\/wp-content\\\/uploads\\\/2025\\\/09\\\/cropped-Bandeau-Site-04-09-25-OK.jpg\",\"width\":1616,\"height\":234,\"caption\":\"collectif et compagnie\"},\"image\":{\"@id\":\"https:\\\/\\\/www.collectifetcie.fr\\\/#\\\/schema\\\/logo\\\/image\\\/\"}}]}<\/script>\n<!-- \/ Yoast SEO plugin. -->","yoast_head_json":{"title":"UNE HISTOIRE SUBJECTIVE DU PROCHE-ORIENT MAIS NEANMOINS VALIDE... JE PENSE - collectif et compagnie","description":"Une histoire d\u2019identit\u00e9s morcel\u00e9es et d\u2019espoirs permanents \u00e0 travers la cartographie sensible d\u2019un aller-retour entre l\u2019Occident et l\u2019Orient.","robots":{"index":"index","follow":"follow","max-snippet":"max-snippet:-1","max-image-preview":"max-image-preview:large","max-video-preview":"max-video-preview:-1"},"canonical":"https:\/\/www.collectifetcie.fr\/index.php\/les-artistes\/lauren-houda-hussein-ido-shaked-theatre-majaz-2\/une-histoire-subjective-du-proche-orient\/","og_locale":"fr_FR","og_type":"article","og_title":"UNE HISTOIRE SUBJECTIVE DU PROCHE-ORIENT MAIS NEANMOINS VALIDE... JE PENSE - collectif et compagnie","og_description":"Une histoire d\u2019identit\u00e9s morcel\u00e9es et d\u2019espoirs permanents \u00e0 travers la cartographie sensible d\u2019un aller-retour entre l\u2019Occident et l\u2019Orient.","og_url":"https:\/\/www.collectifetcie.fr\/index.php\/les-artistes\/lauren-houda-hussein-ido-shaked-theatre-majaz-2\/une-histoire-subjective-du-proche-orient\/","og_site_name":"collectif et compagnie","article_modified_time":"2026-08-27T08:37:57+00:00","og_image":[{"width":2000,"height":1429,"url":"https:\/\/www.collectifetcie.fr\/wp-content\/uploads\/2023\/10\/20231005_ProcheOrient-78-light.jpg","type":"image\/jpeg"}],"twitter_card":"summary_large_image","twitter_misc":{"Dur\u00e9e de lecture estim\u00e9e":"4 minutes"},"schema":{"@context":"https:\/\/schema.org","@graph":[{"@type":"WebPage","@id":"https:\/\/www.collectifetcie.fr\/index.php\/les-artistes\/lauren-houda-hussein-ido-shaked-theatre-majaz-2\/une-histoire-subjective-du-proche-orient\/","url":"https:\/\/www.collectifetcie.fr\/index.php\/les-artistes\/lauren-houda-hussein-ido-shaked-theatre-majaz-2\/une-histoire-subjective-du-proche-orient\/","name":"UNE HISTOIRE SUBJECTIVE DU PROCHE-ORIENT MAIS NEANMOINS VALIDE... JE PENSE - collectif et compagnie","isPartOf":{"@id":"https:\/\/www.collectifetcie.fr\/#website"},"primaryImageOfPage":{"@id":"https:\/\/www.collectifetcie.fr\/index.php\/les-artistes\/lauren-houda-hussein-ido-shaked-theatre-majaz-2\/une-histoire-subjective-du-proche-orient\/#primaryimage"},"image":{"@id":"https:\/\/www.collectifetcie.fr\/index.php\/les-artistes\/lauren-houda-hussein-ido-shaked-theatre-majaz-2\/une-histoire-subjective-du-proche-orient\/#primaryimage"},"thumbnailUrl":"https:\/\/www.collectifetcie.fr\/wp-content\/uploads\/2023\/10\/20231005_ProcheOrient-78-light-1024x732.jpg","datePublished":"2021-10-21T15:57:12+00:00","dateModified":"2026-08-27T08:37:57+00:00","description":"Une histoire d\u2019identit\u00e9s morcel\u00e9es et d\u2019espoirs permanents \u00e0 travers la cartographie sensible d\u2019un aller-retour entre l\u2019Occident et l\u2019Orient.","breadcrumb":{"@id":"https:\/\/www.collectifetcie.fr\/index.php\/les-artistes\/lauren-houda-hussein-ido-shaked-theatre-majaz-2\/une-histoire-subjective-du-proche-orient\/#breadcrumb"},"inLanguage":"fr-FR","potentialAction":[{"@type":"ReadAction","target":["https:\/\/www.collectifetcie.fr\/index.php\/les-artistes\/lauren-houda-hussein-ido-shaked-theatre-majaz-2\/une-histoire-subjective-du-proche-orient\/"]}]},{"@type":"ImageObject","inLanguage":"fr-FR","@id":"https:\/\/www.collectifetcie.fr\/index.php\/les-artistes\/lauren-houda-hussein-ido-shaked-theatre-majaz-2\/une-histoire-subjective-du-proche-orient\/#primaryimage","url":"https:\/\/www.collectifetcie.fr\/wp-content\/uploads\/2023\/10\/20231005_ProcheOrient-78-light.jpg","contentUrl":"https:\/\/www.collectifetcie.fr\/wp-content\/uploads\/2023\/10\/20231005_ProcheOrient-78-light.jpg","width":2000,"height":1429},{"@type":"BreadcrumbList","@id":"https:\/\/www.collectifetcie.fr\/index.php\/les-artistes\/lauren-houda-hussein-ido-shaked-theatre-majaz-2\/une-histoire-subjective-du-proche-orient\/#breadcrumb","itemListElement":[{"@type":"ListItem","position":1,"name":"Accueil","item":"https:\/\/www.collectifetcie.fr\/"},{"@type":"ListItem","position":2,"name":"Artistes et compagnies","item":"https:\/\/www.collectifetcie.fr\/index.php\/les-artistes\/"},{"@type":"ListItem","position":3,"name":"Lauren Houda Hussein &#8211; Ido Shaked > Th\u00e9\u00e2tre Maj\u00e2z","item":"https:\/\/www.collectifetcie.fr\/index.php\/les-artistes\/lauren-houda-hussein-ido-shaked-theatre-majaz-2\/"},{"@type":"ListItem","position":4,"name":"UNE HISTOIRE SUBJECTIVE DU PROCHE-ORIENT MAIS NEANMOINS VALIDE&#8230; JE PENSE"}]},{"@type":"WebSite","@id":"https:\/\/www.collectifetcie.fr\/#website","url":"https:\/\/www.collectifetcie.fr\/","name":"collectif et compagnie","description":"","publisher":{"@id":"https:\/\/www.collectifetcie.fr\/#organization"},"potentialAction":[{"@type":"SearchAction","target":{"@type":"EntryPoint","urlTemplate":"https:\/\/www.collectifetcie.fr\/?s={search_term_string}"},"query-input":{"@type":"PropertyValueSpecification","valueRequired":true,"valueName":"search_term_string"}}],"inLanguage":"fr-FR"},{"@type":"Organization","@id":"https:\/\/www.collectifetcie.fr\/#organization","name":"collectif et compagnie","url":"https:\/\/www.collectifetcie.fr\/","logo":{"@type":"ImageObject","inLanguage":"fr-FR","@id":"https:\/\/www.collectifetcie.fr\/#\/schema\/logo\/image\/","url":"https:\/\/www.collectifetcie.fr\/wp-content\/uploads\/2025\/09\/cropped-Bandeau-Site-04-09-25-OK.jpg","contentUrl":"https:\/\/www.collectifetcie.fr\/wp-content\/uploads\/2025\/09\/cropped-Bandeau-Site-04-09-25-OK.jpg","width":1616,"height":234,"caption":"collectif et compagnie"},"image":{"@id":"https:\/\/www.collectifetcie.fr\/#\/schema\/logo\/image\/"}}]}},"_links":{"self":[{"href":"https:\/\/www.collectifetcie.fr\/index.php\/wp-json\/wp\/v2\/pages\/792","targetHints":{"allow":["GET"]}}],"collection":[{"href":"https:\/\/www.collectifetcie.fr\/index.php\/wp-json\/wp\/v2\/pages"}],"about":[{"href":"https:\/\/www.collectifetcie.fr\/index.php\/wp-json\/wp\/v2\/types\/page"}],"author":[{"embeddable":true,"href":"https:\/\/www.collectifetcie.fr\/index.php\/wp-json\/wp\/v2\/users\/1"}],"replies":[{"embeddable":true,"href":"https:\/\/www.collectifetcie.fr\/index.php\/wp-json\/wp\/v2\/comments?post=792"}],"version-history":[{"count":214,"href":"https:\/\/www.collectifetcie.fr\/index.php\/wp-json\/wp\/v2\/pages\/792\/revisions"}],"predecessor-version":[{"id":7300,"href":"https:\/\/www.collectifetcie.fr\/index.php\/wp-json\/wp\/v2\/pages\/792\/revisions\/7300"}],"up":[{"embeddable":true,"href":"https:\/\/www.collectifetcie.fr\/index.php\/wp-json\/wp\/v2\/pages\/759"}],"wp:attachment":[{"href":"https:\/\/www.collectifetcie.fr\/index.php\/wp-json\/wp\/v2\/media?parent=792"}],"curies":[{"name":"wp","href":"https:\/\/api.w.org\/{rel}","templated":true}]}}