{"id":759,"date":"2021-10-21T10:03:04","date_gmt":"2021-10-21T08:03:04","guid":{"rendered":"https:\/\/www.collectifetcie.fr\/?page_id=759"},"modified":"2026-04-02T16:44:33","modified_gmt":"2026-04-02T14:44:33","slug":"lauren-houda-hussein-ido-shaked-theatre-majaz-2","status":"publish","type":"page","link":"https:\/\/www.collectifetcie.fr\/index.php\/les-artistes\/lauren-houda-hussein-ido-shaked-theatre-majaz-2\/","title":{"rendered":"Lauren Houda Hussein &#8211; Ido Shaked > Th\u00e9\u00e2tre Maj\u00e2z"},"content":{"rendered":"\n<p><strong>Le Th\u00e9\u00e2tre Maj\u00e2z est fond\u00e9 en 2009 \u00e0 Paris par l\u2019autrice franco-libanaise Lauren Houda Hussein et le metteur en sc\u00e8ne isra\u00e9lien Ido Shaked <\/strong>apr\u00e8s leur rencontre \u00e0 l\u2019Ecole Internationale de Th\u00e9\u00e2tre Jacques Lecoq. Le premier spectacle de la compagnie, <em><strong>Croisades <\/strong><\/em>de Michel Azama, rassemble des com\u00e9diens fran\u00e7ais et du Proche-Orient. Il est jou\u00e9 en h\u00e9breu, arabe et fran\u00e7ais dans diff\u00e9rentes villes d\u2019Isra\u00ebl et de Palestine avant de venir jouer \u00e0 Paris, au Th\u00e9\u00e2tre du Soleil en 2011.<br>Commence alors, avec le Th\u00e9\u00e2tre du Soleil, une collaboration sur plusieurs ann\u00e9es. <strong><em>Les Optimistes,<\/em><\/strong> premier texte de la compagnie, y est cr\u00e9\u00e9 en 2012 apr\u00e8s une longue p\u00e9riode de r\u00e9sidence \u00e0 Jaffa en Isra\u00ebl\/Palestine. Le spectacle tourne de 2012 \u00e0 2016, en production d\u00e9l\u00e9gu\u00e9e avec le Th\u00e9\u00e2tre G\u00e9rard Philipe CDN de Saint-Denis.<br>Apr\u00e8s ces deux premi\u00e8res cr\u00e9ations tourn\u00e9es vers le Proche-Orient et jou\u00e9es en plusieurs langues, la compagnie poursuit sa recherche th\u00e9\u00e2trale, politique et engag\u00e9e en confrontant la petite histoire \u00e0 la grande. Au travers de grands sujets de soci\u00e9t\u00e9 ou d\u2019\u00e9v\u00e9nements historiques, il s\u2019agit pour l\u2019\u00e9quipe de questionner les enjeux de fronti\u00e8res r\u00e9elles ou imaginaires en mettant au coeur des r\u00e9cits les batailles et les doutes de leurs personnages. <br>La compagnie cherche \u00e0 construire des ponts, \u00e0 traverser les fronti\u00e8res, \u00e0 interroger la m\u00e9moire collective qui influence sa vision du pr\u00e9sent, et \u00e0 proposer, \u00e0 travers l\u2019analyse du pass\u00e9, un autre avenir possible. Le processus de travail se construit dans un va et vient permanent entre l\u2019\u00e9criture, la recherche documentaire et le travail au plateau.<br>En 2016, la compagnie cr\u00e9\u00e9e <strong><em>Eichmann \u00e0 J\u00e9rusalem ou les hommes normaux ne savent pas que tout est possible <\/em><\/strong>en coproduction avec le Th\u00e9\u00e2tre G\u00e9rard Philipe CDN de Saint- Denis, et en collaboration avec les Archives Nationales.<br>En 2019, <strong><em>L\u2019Incivile<\/em><\/strong> est cr\u00e9\u00e9 \u00e0 Toulon en coproduction avec la Sc\u00e8ne Nationale de Ch\u00e2teauvallon et le Th\u00e9\u00e2tre Joliette \u00e0 Marseille. Le spectacle tourne en Ile-de-France et en r\u00e9gions jusqu\u2019en 2024.<br>En 2021, Ido Shaked et Lauren Houda Hussein deviennent artistes associ\u00e9s au Th\u00e9\u00e2tre Jean Vilar de Vitry-sur-Seine et \u00e0 la Sc\u00e8ne Nationale d\u2019Aubusson pour 3 saisons. La collaboration avec le Th\u00e9\u00e2tre Jean Vilar s\u2019ouvre avec la cr\u00e9ation d\u2019une forme itin\u00e9rante sur 3 \u00e9pisodes \u00e9crits et interpr\u00e9t\u00e9es par Lauren Houda Hussein accompagn\u00e9e par un oudiste. Le premier \u00e9pisode,<strong><em> <\/em><\/strong><em>Beyrouth ou bon r\u00e9veil \u00e0 vous ! <\/em>est cr\u00e9\u00e9 pendant la crise du covid en 2021 au Th\u00e9\u00e2tre des Quartiers d\u2019Ivry puis joue en itin\u00e9rance \u00e0 Vitry-sur-Seine et en r\u00e9gions en 2022. Cr\u00e9ation du deuxi\u00e8me \u00e9pisode <em>J\u00e9rusalem, premiers pas sur la lune<\/em> jou\u00e9 en itin\u00e9rance \u00e0 Vitry- sur- Seine en 2022.  En 2023, le dernier volet de la trilogie, <em>Paris, \u0153il pour \u0153il, dent pour dent<\/em>, est \u00e9crit. Il est alors int\u00e9gr\u00e9 \u00e0 la cr\u00e9ation pour la salle de l\u2019int\u00e9grale <strong><em>Une histoire subjective du Proche- Orient mais n\u00e9anmoins valide&#8230; je pense <\/em><\/strong>le 06 octobre 2023 au Th\u00e9\u00e2tre de Ch\u00e2tillon. Le spectacle tourne depuis, notamment au Th\u00e9\u00e2tre de la Concorde \u00e0 Paris, au Th\u00e9\u00e2tre de la Joliette \u00e0 Marseille, au Vivat \u00e0 Armenti\u00e8res, au Bateau Feu \u00e0 Dunkerque, \u00e0 L\u2019Azimut, au Th\u00e9\u00e2tre Dijon Bourgogne CDN\u2026 Il poursuit sa route pour la saison 26\/27.<br>En novembre 2022, la cie cr\u00e9\u00e9 <strong><em>Le Sommeil d\u2019Adam <\/em><\/strong>en coproduction avec le Th\u00e9\u00e2tre Jean Vilar de Vitry-sur-Seine, Sc\u00e8ne Nationale d\u2019Aubusson -Th\u00e9\u00e2tre Jean Lur\u00e7at, Ch\u00e2teauvallon-Libert\u00e9 &#8211; Sc\u00e8ne Nationale, Th\u00e9\u00e2tre de la Joliette, Th\u00e9\u00e2tre Paris-Villette, Th\u00e9\u00e2tre Jean Arp &#8211; Clamart et le Th\u00e9\u00e2tre Dijon Bourgogne &#8211; CDN.<br>En mars 2024, Ido Shaked et Hannan Ishay cr\u00e9ent au Wortwiege festival de Vienne, <em><strong>Mode d\u2019emploi pour metteur en sc\u00e8ne en temps de guerre<\/strong><\/em>. Depuis, le spectacle tourne en France au Th\u00e9\u00e2tre Paris Villette et au Th\u00e9\u00e2tre de la Concorde ainsi qu\u2019en Europe (Suisse, Allemagne, Autriche), et sera \u00e0 l\u2019automne 2026 au Th\u00e9\u00e2tre du Rond-Point.<\/p>\n\n\n\n<p>Depuis 2023, <strong>le Th\u00e9\u00e2tre Maj\u00e2z est conventionn\u00e9 par la Drac Ile-de-France.<\/strong><br><br><\/p>\n\n\n\n<div style=\"height:24px\" aria-hidden=\"true\" class=\"wp-block-spacer\"><\/div>\n\n\n\n<div class=\"wp-block-media-text alignwide is-stacked-on-mobile is-vertically-aligned-top\" style=\"grid-template-columns:32% auto\"><figure class=\"wp-block-media-text__media\"><img loading=\"lazy\" decoding=\"async\" width=\"1024\" height=\"683\" src=\"https:\/\/www.collectifetcie.fr\/wp-content\/uploads\/2022\/11\/Lauren-et-Ido-\u00a9-Aurelien-Kirchner-light\u2014-Chateauvallon-Liberte-scene-nationale-1024x683.jpg\" alt=\"\" class=\"wp-image-2512 size-full\" srcset=\"https:\/\/www.collectifetcie.fr\/wp-content\/uploads\/2022\/11\/Lauren-et-Ido-\u00a9-Aurelien-Kirchner-light\u2014-Chateauvallon-Liberte-scene-nationale-1024x683.jpg 1024w, https:\/\/www.collectifetcie.fr\/wp-content\/uploads\/2022\/11\/Lauren-et-Ido-\u00a9-Aurelien-Kirchner-light\u2014-Chateauvallon-Liberte-scene-nationale-300x200.jpg 300w, https:\/\/www.collectifetcie.fr\/wp-content\/uploads\/2022\/11\/Lauren-et-Ido-\u00a9-Aurelien-Kirchner-light\u2014-Chateauvallon-Liberte-scene-nationale-768x512.jpg 768w, https:\/\/www.collectifetcie.fr\/wp-content\/uploads\/2022\/11\/Lauren-et-Ido-\u00a9-Aurelien-Kirchner-light\u2014-Chateauvallon-Liberte-scene-nationale-1536x1024.jpg 1536w, https:\/\/www.collectifetcie.fr\/wp-content\/uploads\/2022\/11\/Lauren-et-Ido-\u00a9-Aurelien-Kirchner-light\u2014-Chateauvallon-Liberte-scene-nationale-2048x1365.jpg 2048w\" sizes=\"auto, (max-width: 1024px) 100vw, 1024px\" \/><\/figure><div class=\"wp-block-media-text__content\">\n<p class=\"has-white-color has-text-color has-background\" style=\"background-color:#007c89;font-size:25px\"><strong><strong>LA TRIBU<\/strong><\/strong><br>(Titre provisoire)<\/p>\n\n\n\n<p style=\"font-size:16px\"><strong>THEATRE <\/strong><\/p>\n\n\n\n<p class=\"has-black-color has-text-color has-background\" style=\"background-color:#bfd541;font-size:16px\"><strong><strong>&gt; CREATION <\/strong>2027\/28 <\/strong>(automne 2027)<strong><br><\/strong>en recherche de partenaires<strong><br><a href=\"https:\/\/www.collectifetcie.fr\/index.php\/les-artistes\/lauren-houda-hussein-ido-shaked-theatre-majaz-2\/la-tribu-titre-provisoire\/\">en savoir +<\/a><\/strong><\/p>\n<\/div><\/div>\n\n\n\n<div style=\"height:22px\" aria-hidden=\"true\" class=\"wp-block-spacer\"><\/div>\n\n\n\n<div class=\"wp-block-media-text alignwide is-stacked-on-mobile is-vertically-aligned-top\" style=\"grid-template-columns:32% auto\"><figure class=\"wp-block-media-text__media\"><img loading=\"lazy\" decoding=\"async\" width=\"1024\" height=\"683\" src=\"https:\/\/www.collectifetcie.fr\/wp-content\/uploads\/2024\/04\/CJulia-Kampichler-Handbook_0271-1024x683.jpg\" alt=\"\" class=\"wp-image-3799 size-full\" srcset=\"https:\/\/www.collectifetcie.fr\/wp-content\/uploads\/2024\/04\/CJulia-Kampichler-Handbook_0271-1024x683.jpg 1024w, https:\/\/www.collectifetcie.fr\/wp-content\/uploads\/2024\/04\/CJulia-Kampichler-Handbook_0271-300x200.jpg 300w, https:\/\/www.collectifetcie.fr\/wp-content\/uploads\/2024\/04\/CJulia-Kampichler-Handbook_0271-768x512.jpg 768w, https:\/\/www.collectifetcie.fr\/wp-content\/uploads\/2024\/04\/CJulia-Kampichler-Handbook_0271-1536x1024.jpg 1536w, https:\/\/www.collectifetcie.fr\/wp-content\/uploads\/2024\/04\/CJulia-Kampichler-Handbook_0271-2048x1365.jpg 2048w\" sizes=\"auto, (max-width: 1024px) 100vw, 1024px\" \/><\/figure><div class=\"wp-block-media-text__content\">\n<p class=\"has-white-color has-text-color has-background\" style=\"background-color:#007c89;font-size:25px\"><strong><strong>MODE D&rsquo;EMPLOI POUR METTEUR EN SCENE EN TEMPS DE GUERRE<\/strong><\/strong><\/p>\n\n\n\n<p style=\"font-size:16px\"><strong>THEATRE &gt; d\u00e8s 14 ans<\/strong> spectacle en anglais surtitr\u00e9 en fran\u00e7ais<\/p>\n\n\n\n<p class=\"has-black-color has-text-color has-background\" style=\"background-color:#bfd541;font-size:16px\"><strong><strong>&gt; EN DIFFUSION SAISON 2025\/26<\/strong><\/strong><br><strong>&gt; DISPONIBLE SAISON 2026\/27<br><\/strong>Cr\u00e9ation saison 2023\/24 et diffusion saison 2024\/25<strong><br><a href=\"https:\/\/www.collectifetcie.fr\/index.php\/les-artistes\/lauren-houda-hussein-ido-shaked-theatre-majaz-2\/mode-d-emploi-pour-metteur-en-scene-en-temps-de-guerre\/\">en savoir +<\/a><\/strong><\/p>\n<\/div><\/div>\n\n\n\n<div style=\"height:22px\" aria-hidden=\"true\" class=\"wp-block-spacer\"><\/div>\n\n\n\n<div class=\"wp-block-media-text alignwide is-stacked-on-mobile is-vertically-aligned-top\" style=\"grid-template-columns:31% auto\"><figure class=\"wp-block-media-text__media\"><img loading=\"lazy\" decoding=\"async\" width=\"1024\" height=\"732\" src=\"https:\/\/www.collectifetcie.fr\/wp-content\/uploads\/2023\/10\/HISTOIRE-SUBJECTIVE-Th-Majaz\u00a9Alain-Richard-4-light-1024x732.jpg\" alt=\"\" class=\"wp-image-3285 size-full\" srcset=\"https:\/\/www.collectifetcie.fr\/wp-content\/uploads\/2023\/10\/HISTOIRE-SUBJECTIVE-Th-Majaz\u00a9Alain-Richard-4-light-1024x732.jpg 1024w, https:\/\/www.collectifetcie.fr\/wp-content\/uploads\/2023\/10\/HISTOIRE-SUBJECTIVE-Th-Majaz\u00a9Alain-Richard-4-light-300x214.jpg 300w, https:\/\/www.collectifetcie.fr\/wp-content\/uploads\/2023\/10\/HISTOIRE-SUBJECTIVE-Th-Majaz\u00a9Alain-Richard-4-light-768x549.jpg 768w, https:\/\/www.collectifetcie.fr\/wp-content\/uploads\/2023\/10\/HISTOIRE-SUBJECTIVE-Th-Majaz\u00a9Alain-Richard-4-light-1536x1097.jpg 1536w, https:\/\/www.collectifetcie.fr\/wp-content\/uploads\/2023\/10\/HISTOIRE-SUBJECTIVE-Th-Majaz\u00a9Alain-Richard-4-light.jpg 2000w\" sizes=\"auto, (max-width: 1024px) 100vw, 1024px\" \/><\/figure><div class=\"wp-block-media-text__content\">\n<p class=\"has-white-color has-text-color has-background\" style=\"background-color:#007c89;font-size:25px\"><strong>UNE HISTOIRE SUBJECTIVE <\/strong><br><strong>DU PROCHE ORIENT, <\/strong><br><strong>MAIS N<strong><strong>\u00c9<\/strong><\/strong>ANMOINS VALIDE<strong>&#8230;<\/strong><\/strong> <strong>JE PENSE<\/strong><\/p>\n\n\n\n<p style=\"font-size:16px\"><meta charset=\"utf-8\"><strong>THEATRE &amp; MUSIQUE &gt; d\u00e8s 14 ans<\/strong><\/p>\n\n\n\n<p class=\"has-black-color has-text-color has-background\" style=\"background-color:#bfd541;font-size:16px\"><strong>> EN DIFFUSION SAISON 2025\/26<\/strong><br><strong>> DISPONIBLE SAISON 2026\/27<br><\/strong>Cr\u00e9ation et diffusion saison 2023\/24 et 2024\/25<strong><br><a href=\"https:\/\/www.collectifetcie.fr\/index.php\/les-artistes\/jean-boillot-cie-la-spirale\/une-histoire-subjective-du-proche-orient\/\">en savoir +<\/a><\/strong><meta charset=\"utf-8\"><\/meta><\/p>\n<\/div><\/div>\n\n\n\n<div style=\"height:22px\" aria-hidden=\"true\" class=\"wp-block-spacer\"><\/div>\n\n\n\n<div class=\"wp-block-media-text alignwide is-stacked-on-mobile is-vertically-aligned-top\" style=\"grid-template-columns:25% auto\"><figure class=\"wp-block-media-text__media\"><img loading=\"lazy\" decoding=\"async\" width=\"698\" height=\"870\" src=\"https:\/\/www.collectifetcie.fr\/wp-content\/uploads\/2025\/03\/Capture-decran-2025-03-06-a-15.48.14-1.png\" alt=\"\" class=\"wp-image-4892 size-full\" srcset=\"https:\/\/www.collectifetcie.fr\/wp-content\/uploads\/2025\/03\/Capture-decran-2025-03-06-a-15.48.14-1.png 698w, https:\/\/www.collectifetcie.fr\/wp-content\/uploads\/2025\/03\/Capture-decran-2025-03-06-a-15.48.14-1-241x300.png 241w\" sizes=\"auto, (max-width: 698px) 100vw, 698px\" \/><\/figure><div class=\"wp-block-media-text__content\">\n<p class=\"has-white-color has-text-color has-background\" style=\"background-color:#007c89;font-size:25px\"><strong>LA NUIT ETOIL<strong><strong>\u00c9<\/strong><\/strong>E<\/strong><\/p>\n\n\n\n<p style=\"font-size:16px\"><strong>THEATRE &gt; d\u00e8s 7 ans<\/strong> <\/p>\n\n\n\n<p class=\"has-black-color has-text-color has-background\" style=\"background-color:#bfd541;font-size:16px\"><strong>> CREATION SAISON 2026\/27<\/strong><br><strong>> DISPONIBLE SAISON 26\/27 <br><\/strong>r\u00e9sidences de cr\u00e9ation 2024\/25 et 25\/26<strong><br><a href=\"https:\/\/www.collectifetcie.fr\/wp-content\/uploads\/2026\/04\/Dossier-NE0426.pdf\">T\u00e9l\u00e9charger le dossier<br><\/a><\/strong><\/p>\n<\/div><\/div>\n\n\n\n<div style=\"height:22px\" aria-hidden=\"true\" class=\"wp-block-spacer\"><\/div>\n\n\n\n<div class=\"wp-block-media-text alignwide is-stacked-on-mobile is-vertically-aligned-top\" style=\"grid-template-columns:32% auto\"><figure class=\"wp-block-media-text__media\"><img loading=\"lazy\" decoding=\"async\" width=\"1024\" height=\"683\" src=\"https:\/\/www.collectifetcie.fr\/wp-content\/uploads\/2021\/02\/LIncivile-36-light-1024x683.jpg\" alt=\"\" class=\"wp-image-266 size-full\" srcset=\"https:\/\/www.collectifetcie.fr\/wp-content\/uploads\/2021\/02\/LIncivile-36-light-1024x683.jpg 1024w, https:\/\/www.collectifetcie.fr\/wp-content\/uploads\/2021\/02\/LIncivile-36-light-300x200.jpg 300w, https:\/\/www.collectifetcie.fr\/wp-content\/uploads\/2021\/02\/LIncivile-36-light-768x512.jpg 768w, https:\/\/www.collectifetcie.fr\/wp-content\/uploads\/2021\/02\/LIncivile-36-light-1536x1024.jpg 1536w, https:\/\/www.collectifetcie.fr\/wp-content\/uploads\/2021\/02\/LIncivile-36-light-2048x1365.jpg 2048w\" sizes=\"auto, (max-width: 1024px) 100vw, 1024px\" \/><\/figure><div class=\"wp-block-media-text__content\">\n<p class=\"has-white-color has-text-color has-background\" style=\"background-color:#007c89;font-size:25px\"><strong>L&rsquo;INCIVILE<\/strong><\/p>\n\n\n\n<p style=\"font-size:16px\"><meta charset=\"utf-8\"><strong>THEATRE     &gt;  d\u00e8s 14 ans<\/strong><\/p>\n\n\n\n<p class=\"has-black-color has-text-color has-background\" style=\"background-color:#bfd541;font-size:16px\"><strong><br>&gt; DISPONIBLE SAISON 2026\/27<\/strong><br>cr\u00e9ation et diffusion saison 2018\/19<br>et diffusion saisons 2019\/20, 20\/21, 21\/22, 22\/23, 23\/24<br><strong><a href=\"https:\/\/www.collectifetcie.fr\/index.php\/les-artistes\/lauren-houda-hussein-ido-shaked-theatre-majaz-2\/lincivile\/\">en savoir +<\/a><\/strong><\/p>\n<\/div><\/div>\n\n\n\n<div style=\"height:22px\" aria-hidden=\"true\" class=\"wp-block-spacer\"><\/div>\n\n\n\n<div style=\"height:24px\" aria-hidden=\"true\" class=\"wp-block-spacer\"><\/div>\n\n\n\n<div class=\"wp-block-media-text alignwide is-stacked-on-mobile is-vertically-aligned-top\" style=\"grid-template-columns:35% auto\"><figure class=\"wp-block-media-text__media\"><img loading=\"lazy\" decoding=\"async\" width=\"1024\" height=\"683\" src=\"https:\/\/www.collectifetcie.fr\/wp-content\/uploads\/2022\/11\/Le-Sommeil-dAdam-\u00a9-Aurelien-Kirchner-\u2014-Chateauvallon-Liberte-scene-nationale-27-1024x683.jpg\" alt=\"\" class=\"wp-image-2490 size-full\" srcset=\"https:\/\/www.collectifetcie.fr\/wp-content\/uploads\/2022\/11\/Le-Sommeil-dAdam-\u00a9-Aurelien-Kirchner-\u2014-Chateauvallon-Liberte-scene-nationale-27-1024x683.jpg 1024w, https:\/\/www.collectifetcie.fr\/wp-content\/uploads\/2022\/11\/Le-Sommeil-dAdam-\u00a9-Aurelien-Kirchner-\u2014-Chateauvallon-Liberte-scene-nationale-27-300x200.jpg 300w, https:\/\/www.collectifetcie.fr\/wp-content\/uploads\/2022\/11\/Le-Sommeil-dAdam-\u00a9-Aurelien-Kirchner-\u2014-Chateauvallon-Liberte-scene-nationale-27-768x512.jpg 768w, https:\/\/www.collectifetcie.fr\/wp-content\/uploads\/2022\/11\/Le-Sommeil-dAdam-\u00a9-Aurelien-Kirchner-\u2014-Chateauvallon-Liberte-scene-nationale-27-1536x1024.jpg 1536w, https:\/\/www.collectifetcie.fr\/wp-content\/uploads\/2022\/11\/Le-Sommeil-dAdam-\u00a9-Aurelien-Kirchner-\u2014-Chateauvallon-Liberte-scene-nationale-27-2048x1366.jpg 2048w\" sizes=\"auto, (max-width: 1024px) 100vw, 1024px\" \/><\/figure><div class=\"wp-block-media-text__content\">\n<p class=\"has-white-color has-text-color has-background\" style=\"background-color:#007c89;font-size:25px\"><strong>LE SOMMEIL D&rsquo;ADAM<\/strong><\/p>\n\n\n\n<p style=\"font-size:16px\"><strong>THEATRE &gt; d\u00e8s 13 ans<\/strong><\/p>\n\n\n\n<p class=\"has-background\" style=\"background-color:#bfd541;font-size:16px\"><br><strong>&gt; DIFFUSION SAISON 2023\/24<br><\/strong>cr\u00e9ation et diffusion saison 2022\/23<strong><br><a href=\"https:\/\/www.collectifetcie.fr\/index.php\/les-artistes\/lauren-houda-hussein-ido-shaked-theatre-majaz-2\/le-sommeil-dadam-2\/\">en savoir +<\/a><br><\/strong><\/p>\n<\/div><\/div>\n\n\n\n<div style=\"height:24px\" aria-hidden=\"true\" class=\"wp-block-spacer\"><\/div>\n\n\n\n<p class=\"has-text-color\" style=\"color:#a60b15\"><strong><span style=\"color:#a60b15\" class=\"has-inline-color\"><\/span><\/strong><\/p>\n\n\n\n<div style=\"height:24px\" aria-hidden=\"true\" class=\"wp-block-spacer\"><\/div>\n\n\n\n<p class=\"has-text-align-right has-text-color\" style=\"color:#a60b15;font-size:18px\"><strong>Site Th\u00e9\u00e2tre Maj\u00e2z &gt;<br><\/strong>https:\/\/www.theatre-majaz.com\/<\/p>\n","protected":false},"excerpt":{"rendered":"<p>Le Th\u00e9\u00e2tre Maj\u00e2z est fond\u00e9 en 2009 \u00e0 Paris par l\u2019autrice franco-libanaise Lauren Houda Hussein et le metteur en sc\u00e8ne isra\u00e9lien Ido Shaked apr\u00e8s leur rencontre \u00e0 l\u2019Ecole Internationale de Th\u00e9\u00e2tre Jacques Lecoq. Le premier spectacle de la compagnie, Croisades de Michel Azama, rassemble des com\u00e9diens fran\u00e7ais et du Proche-Orient. Il est jou\u00e9 en h\u00e9breu, [&hellip;]<\/p>\n","protected":false},"author":1,"featured_media":0,"parent":26,"menu_order":3,"comment_status":"closed","ping_status":"closed","template":"template-full.php","meta":{"footnotes":""},"class_list":["post-759","page","type-page","status-publish","hentry"],"yoast_head":"<!-- This site is optimized with the Yoast SEO plugin v27.5 - https:\/\/yoast.com\/product\/yoast-seo-wordpress\/ -->\n<title>Lauren Houda Hussein - Ido Shaked &gt; Th\u00e9\u00e2tre Maj\u00e2z - collectif et compagnie<\/title>\n<meta name=\"description\" content=\"Biographie et spectacles cr\u00e9\u00e9s par Lauren Houda Hussein et Ido Shaked au sein de leur compagnie, le Th\u00e9\u00e2tre Maj\u00e2z\" \/>\n<meta name=\"robots\" content=\"index, follow, max-snippet:-1, max-image-preview:large, max-video-preview:-1\" \/>\n<link rel=\"canonical\" href=\"https:\/\/www.collectifetcie.fr\/index.php\/les-artistes\/lauren-houda-hussein-ido-shaked-theatre-majaz-2\/\" \/>\n<meta property=\"og:locale\" content=\"fr_FR\" \/>\n<meta property=\"og:type\" content=\"article\" \/>\n<meta property=\"og:title\" content=\"Lauren Houda Hussein - Ido Shaked &gt; Th\u00e9\u00e2tre Maj\u00e2z - collectif et compagnie\" \/>\n<meta property=\"og:description\" content=\"Biographie et spectacles cr\u00e9\u00e9s par Lauren Houda Hussein et Ido Shaked au sein de leur compagnie, le Th\u00e9\u00e2tre Maj\u00e2z\" \/>\n<meta property=\"og:url\" content=\"https:\/\/www.collectifetcie.fr\/index.php\/les-artistes\/lauren-houda-hussein-ido-shaked-theatre-majaz-2\/\" \/>\n<meta property=\"og:site_name\" content=\"collectif et compagnie\" \/>\n<meta property=\"article:modified_time\" content=\"2026-04-02T14:44:33+00:00\" \/>\n<meta property=\"og:image\" content=\"https:\/\/www.collectifetcie.fr\/wp-content\/uploads\/2024\/04\/CJulia-Kampichler-Handbook_0271-1024x683.jpg\" \/>\n<meta name=\"twitter:card\" content=\"summary_large_image\" \/>\n<meta name=\"twitter:label1\" content=\"Dur\u00e9e de lecture estim\u00e9e\" \/>\n\t<meta name=\"twitter:data1\" content=\"3 minutes\" \/>\n<script type=\"application\/ld+json\" class=\"yoast-schema-graph\">{\"@context\":\"https:\\\/\\\/schema.org\",\"@graph\":[{\"@type\":\"WebPage\",\"@id\":\"https:\\\/\\\/www.collectifetcie.fr\\\/index.php\\\/les-artistes\\\/lauren-houda-hussein-ido-shaked-theatre-majaz-2\\\/\",\"url\":\"https:\\\/\\\/www.collectifetcie.fr\\\/index.php\\\/les-artistes\\\/lauren-houda-hussein-ido-shaked-theatre-majaz-2\\\/\",\"name\":\"Lauren Houda Hussein - Ido Shaked > Th\u00e9\u00e2tre Maj\u00e2z - collectif et compagnie\",\"isPartOf\":{\"@id\":\"https:\\\/\\\/www.collectifetcie.fr\\\/#website\"},\"primaryImageOfPage\":{\"@id\":\"https:\\\/\\\/www.collectifetcie.fr\\\/index.php\\\/les-artistes\\\/lauren-houda-hussein-ido-shaked-theatre-majaz-2\\\/#primaryimage\"},\"image\":{\"@id\":\"https:\\\/\\\/www.collectifetcie.fr\\\/index.php\\\/les-artistes\\\/lauren-houda-hussein-ido-shaked-theatre-majaz-2\\\/#primaryimage\"},\"thumbnailUrl\":\"https:\\\/\\\/www.collectifetcie.fr\\\/wp-content\\\/uploads\\\/2024\\\/04\\\/CJulia-Kampichler-Handbook_0271-1024x683.jpg\",\"datePublished\":\"2021-10-21T08:03:04+00:00\",\"dateModified\":\"2026-04-02T14:44:33+00:00\",\"description\":\"Biographie et spectacles cr\u00e9\u00e9s par Lauren Houda Hussein et Ido Shaked au sein de leur compagnie, le Th\u00e9\u00e2tre Maj\u00e2z\",\"breadcrumb\":{\"@id\":\"https:\\\/\\\/www.collectifetcie.fr\\\/index.php\\\/les-artistes\\\/lauren-houda-hussein-ido-shaked-theatre-majaz-2\\\/#breadcrumb\"},\"inLanguage\":\"fr-FR\",\"potentialAction\":[{\"@type\":\"ReadAction\",\"target\":[\"https:\\\/\\\/www.collectifetcie.fr\\\/index.php\\\/les-artistes\\\/lauren-houda-hussein-ido-shaked-theatre-majaz-2\\\/\"]}]},{\"@type\":\"ImageObject\",\"inLanguage\":\"fr-FR\",\"@id\":\"https:\\\/\\\/www.collectifetcie.fr\\\/index.php\\\/les-artistes\\\/lauren-houda-hussein-ido-shaked-theatre-majaz-2\\\/#primaryimage\",\"url\":\"https:\\\/\\\/www.collectifetcie.fr\\\/wp-content\\\/uploads\\\/2024\\\/04\\\/CJulia-Kampichler-Handbook_0271-scaled.jpg\",\"contentUrl\":\"https:\\\/\\\/www.collectifetcie.fr\\\/wp-content\\\/uploads\\\/2024\\\/04\\\/CJulia-Kampichler-Handbook_0271-scaled.jpg\",\"width\":2560,\"height\":1707},{\"@type\":\"BreadcrumbList\",\"@id\":\"https:\\\/\\\/www.collectifetcie.fr\\\/index.php\\\/les-artistes\\\/lauren-houda-hussein-ido-shaked-theatre-majaz-2\\\/#breadcrumb\",\"itemListElement\":[{\"@type\":\"ListItem\",\"position\":1,\"name\":\"Accueil\",\"item\":\"https:\\\/\\\/www.collectifetcie.fr\\\/\"},{\"@type\":\"ListItem\",\"position\":2,\"name\":\"Artistes et compagnies\",\"item\":\"https:\\\/\\\/www.collectifetcie.fr\\\/index.php\\\/les-artistes\\\/\"},{\"@type\":\"ListItem\",\"position\":3,\"name\":\"Lauren Houda Hussein &#8211; Ido Shaked > Th\u00e9\u00e2tre Maj\u00e2z\"}]},{\"@type\":\"WebSite\",\"@id\":\"https:\\\/\\\/www.collectifetcie.fr\\\/#website\",\"url\":\"https:\\\/\\\/www.collectifetcie.fr\\\/\",\"name\":\"collectif et compagnie\",\"description\":\"\",\"publisher\":{\"@id\":\"https:\\\/\\\/www.collectifetcie.fr\\\/#organization\"},\"potentialAction\":[{\"@type\":\"SearchAction\",\"target\":{\"@type\":\"EntryPoint\",\"urlTemplate\":\"https:\\\/\\\/www.collectifetcie.fr\\\/?s={search_term_string}\"},\"query-input\":{\"@type\":\"PropertyValueSpecification\",\"valueRequired\":true,\"valueName\":\"search_term_string\"}}],\"inLanguage\":\"fr-FR\"},{\"@type\":\"Organization\",\"@id\":\"https:\\\/\\\/www.collectifetcie.fr\\\/#organization\",\"name\":\"collectif et compagnie\",\"url\":\"https:\\\/\\\/www.collectifetcie.fr\\\/\",\"logo\":{\"@type\":\"ImageObject\",\"inLanguage\":\"fr-FR\",\"@id\":\"https:\\\/\\\/www.collectifetcie.fr\\\/#\\\/schema\\\/logo\\\/image\\\/\",\"url\":\"https:\\\/\\\/www.collectifetcie.fr\\\/wp-content\\\/uploads\\\/2025\\\/09\\\/cropped-Bandeau-Site-04-09-25-OK.jpg\",\"contentUrl\":\"https:\\\/\\\/www.collectifetcie.fr\\\/wp-content\\\/uploads\\\/2025\\\/09\\\/cropped-Bandeau-Site-04-09-25-OK.jpg\",\"width\":1616,\"height\":234,\"caption\":\"collectif et compagnie\"},\"image\":{\"@id\":\"https:\\\/\\\/www.collectifetcie.fr\\\/#\\\/schema\\\/logo\\\/image\\\/\"}}]}<\/script>\n<!-- \/ Yoast SEO plugin. -->","yoast_head_json":{"title":"Lauren Houda Hussein - Ido Shaked > Th\u00e9\u00e2tre Maj\u00e2z - collectif et compagnie","description":"Biographie et spectacles cr\u00e9\u00e9s par Lauren Houda Hussein et Ido Shaked au sein de leur compagnie, le Th\u00e9\u00e2tre Maj\u00e2z","robots":{"index":"index","follow":"follow","max-snippet":"max-snippet:-1","max-image-preview":"max-image-preview:large","max-video-preview":"max-video-preview:-1"},"canonical":"https:\/\/www.collectifetcie.fr\/index.php\/les-artistes\/lauren-houda-hussein-ido-shaked-theatre-majaz-2\/","og_locale":"fr_FR","og_type":"article","og_title":"Lauren Houda Hussein - Ido Shaked > Th\u00e9\u00e2tre Maj\u00e2z - collectif et compagnie","og_description":"Biographie et spectacles cr\u00e9\u00e9s par Lauren Houda Hussein et Ido Shaked au sein de leur compagnie, le Th\u00e9\u00e2tre Maj\u00e2z","og_url":"https:\/\/www.collectifetcie.fr\/index.php\/les-artistes\/lauren-houda-hussein-ido-shaked-theatre-majaz-2\/","og_site_name":"collectif et compagnie","article_modified_time":"2026-04-02T14:44:33+00:00","og_image":[{"url":"https:\/\/www.collectifetcie.fr\/wp-content\/uploads\/2024\/04\/CJulia-Kampichler-Handbook_0271-1024x683.jpg","type":"","width":"","height":""}],"twitter_card":"summary_large_image","twitter_misc":{"Dur\u00e9e de lecture estim\u00e9e":"3 minutes"},"schema":{"@context":"https:\/\/schema.org","@graph":[{"@type":"WebPage","@id":"https:\/\/www.collectifetcie.fr\/index.php\/les-artistes\/lauren-houda-hussein-ido-shaked-theatre-majaz-2\/","url":"https:\/\/www.collectifetcie.fr\/index.php\/les-artistes\/lauren-houda-hussein-ido-shaked-theatre-majaz-2\/","name":"Lauren Houda Hussein - Ido Shaked > Th\u00e9\u00e2tre Maj\u00e2z - collectif et compagnie","isPartOf":{"@id":"https:\/\/www.collectifetcie.fr\/#website"},"primaryImageOfPage":{"@id":"https:\/\/www.collectifetcie.fr\/index.php\/les-artistes\/lauren-houda-hussein-ido-shaked-theatre-majaz-2\/#primaryimage"},"image":{"@id":"https:\/\/www.collectifetcie.fr\/index.php\/les-artistes\/lauren-houda-hussein-ido-shaked-theatre-majaz-2\/#primaryimage"},"thumbnailUrl":"https:\/\/www.collectifetcie.fr\/wp-content\/uploads\/2024\/04\/CJulia-Kampichler-Handbook_0271-1024x683.jpg","datePublished":"2021-10-21T08:03:04+00:00","dateModified":"2026-04-02T14:44:33+00:00","description":"Biographie et spectacles cr\u00e9\u00e9s par Lauren Houda Hussein et Ido Shaked au sein de leur compagnie, le Th\u00e9\u00e2tre Maj\u00e2z","breadcrumb":{"@id":"https:\/\/www.collectifetcie.fr\/index.php\/les-artistes\/lauren-houda-hussein-ido-shaked-theatre-majaz-2\/#breadcrumb"},"inLanguage":"fr-FR","potentialAction":[{"@type":"ReadAction","target":["https:\/\/www.collectifetcie.fr\/index.php\/les-artistes\/lauren-houda-hussein-ido-shaked-theatre-majaz-2\/"]}]},{"@type":"ImageObject","inLanguage":"fr-FR","@id":"https:\/\/www.collectifetcie.fr\/index.php\/les-artistes\/lauren-houda-hussein-ido-shaked-theatre-majaz-2\/#primaryimage","url":"https:\/\/www.collectifetcie.fr\/wp-content\/uploads\/2024\/04\/CJulia-Kampichler-Handbook_0271-scaled.jpg","contentUrl":"https:\/\/www.collectifetcie.fr\/wp-content\/uploads\/2024\/04\/CJulia-Kampichler-Handbook_0271-scaled.jpg","width":2560,"height":1707},{"@type":"BreadcrumbList","@id":"https:\/\/www.collectifetcie.fr\/index.php\/les-artistes\/lauren-houda-hussein-ido-shaked-theatre-majaz-2\/#breadcrumb","itemListElement":[{"@type":"ListItem","position":1,"name":"Accueil","item":"https:\/\/www.collectifetcie.fr\/"},{"@type":"ListItem","position":2,"name":"Artistes et compagnies","item":"https:\/\/www.collectifetcie.fr\/index.php\/les-artistes\/"},{"@type":"ListItem","position":3,"name":"Lauren Houda Hussein &#8211; Ido Shaked > Th\u00e9\u00e2tre Maj\u00e2z"}]},{"@type":"WebSite","@id":"https:\/\/www.collectifetcie.fr\/#website","url":"https:\/\/www.collectifetcie.fr\/","name":"collectif et compagnie","description":"","publisher":{"@id":"https:\/\/www.collectifetcie.fr\/#organization"},"potentialAction":[{"@type":"SearchAction","target":{"@type":"EntryPoint","urlTemplate":"https:\/\/www.collectifetcie.fr\/?s={search_term_string}"},"query-input":{"@type":"PropertyValueSpecification","valueRequired":true,"valueName":"search_term_string"}}],"inLanguage":"fr-FR"},{"@type":"Organization","@id":"https:\/\/www.collectifetcie.fr\/#organization","name":"collectif et compagnie","url":"https:\/\/www.collectifetcie.fr\/","logo":{"@type":"ImageObject","inLanguage":"fr-FR","@id":"https:\/\/www.collectifetcie.fr\/#\/schema\/logo\/image\/","url":"https:\/\/www.collectifetcie.fr\/wp-content\/uploads\/2025\/09\/cropped-Bandeau-Site-04-09-25-OK.jpg","contentUrl":"https:\/\/www.collectifetcie.fr\/wp-content\/uploads\/2025\/09\/cropped-Bandeau-Site-04-09-25-OK.jpg","width":1616,"height":234,"caption":"collectif et compagnie"},"image":{"@id":"https:\/\/www.collectifetcie.fr\/#\/schema\/logo\/image\/"}}]}},"_links":{"self":[{"href":"https:\/\/www.collectifetcie.fr\/index.php\/wp-json\/wp\/v2\/pages\/759","targetHints":{"allow":["GET"]}}],"collection":[{"href":"https:\/\/www.collectifetcie.fr\/index.php\/wp-json\/wp\/v2\/pages"}],"about":[{"href":"https:\/\/www.collectifetcie.fr\/index.php\/wp-json\/wp\/v2\/types\/page"}],"author":[{"embeddable":true,"href":"https:\/\/www.collectifetcie.fr\/index.php\/wp-json\/wp\/v2\/users\/1"}],"replies":[{"embeddable":true,"href":"https:\/\/www.collectifetcie.fr\/index.php\/wp-json\/wp\/v2\/comments?post=759"}],"version-history":[{"count":153,"href":"https:\/\/www.collectifetcie.fr\/index.php\/wp-json\/wp\/v2\/pages\/759\/revisions"}],"predecessor-version":[{"id":6492,"href":"https:\/\/www.collectifetcie.fr\/index.php\/wp-json\/wp\/v2\/pages\/759\/revisions\/6492"}],"up":[{"embeddable":true,"href":"https:\/\/www.collectifetcie.fr\/index.php\/wp-json\/wp\/v2\/pages\/26"}],"wp:attachment":[{"href":"https:\/\/www.collectifetcie.fr\/index.php\/wp-json\/wp\/v2\/media?parent=759"}],"curies":[{"name":"wp","href":"https:\/\/api.w.org\/{rel}","templated":true}]}}