{"id":738,"date":"2021-10-20T20:57:37","date_gmt":"2021-10-20T18:57:37","guid":{"rendered":"https:\/\/www.collectifetcie.fr\/?page_id=738"},"modified":"2022-09-26T16:11:43","modified_gmt":"2022-09-26T14:11:43","slug":"mais-regarde-toi","status":"publish","type":"page","link":"https:\/\/www.collectifetcie.fr\/index.php\/les-artistes\/annabelle-brunet-michael-dusautoy-damien-saugeon-collectif-quatre-ailes\/mais-regarde-toi\/","title":{"rendered":"MAIS REGARDE-TOI!"},"content":{"rendered":"\n<div class=\"wp-block-columns is-layout-flex wp-container-core-columns-is-layout-9d6595d7 wp-block-columns-is-layout-flex\">\n<div class=\"wp-block-column is-layout-flow wp-block-column-is-layout-flow\" style=\"flex-basis:33.34%\">\n<div class=\"wp-block-columns is-layout-flex wp-container-core-columns-is-layout-9d6595d7 wp-block-columns-is-layout-flex\">\n<div class=\"wp-block-column is-layout-flow wp-block-column-is-layout-flow\" style=\"flex-basis:100%\">\n<figure class=\"wp-block-embed is-type-video is-provider-youtube wp-block-embed-youtube wp-embed-aspect-16-9 wp-has-aspect-ratio\"><div class=\"wp-block-embed__wrapper\">\n<iframe loading=\"lazy\" title=\"Mais regarde toi ! (Bande annonce)\" width=\"640\" height=\"360\" src=\"https:\/\/www.youtube.com\/embed\/416El7EDT8Y?feature=oembed\" frameborder=\"0\" allow=\"accelerometer; autoplay; clipboard-write; encrypted-media; gyroscope; picture-in-picture; web-share\" referrerpolicy=\"strict-origin-when-cross-origin\" allowfullscreen><\/iframe>\n<\/div><\/figure>\n<\/div>\n<\/div>\n<\/div>\n\n\n\n<div class=\"wp-block-column is-layout-flow wp-block-column-is-layout-flow\" style=\"flex-basis:33.34%\"><div class=\"wp-block-image\">\n<figure class=\"aligncenter size-large is-resized\"><img loading=\"lazy\" decoding=\"async\" src=\"https:\/\/www.collectifetcie.fr\/wp-content\/uploads\/2022\/03\/GUI02042guillemot-1024x682.jpeg\" alt=\"\" class=\"wp-image-1605\" width=\"273\" height=\"182\" srcset=\"https:\/\/www.collectifetcie.fr\/wp-content\/uploads\/2022\/03\/GUI02042guillemot-1024x682.jpeg 1024w, https:\/\/www.collectifetcie.fr\/wp-content\/uploads\/2022\/03\/GUI02042guillemot-300x200.jpeg 300w, https:\/\/www.collectifetcie.fr\/wp-content\/uploads\/2022\/03\/GUI02042guillemot-768x512.jpeg 768w, https:\/\/www.collectifetcie.fr\/wp-content\/uploads\/2022\/03\/GUI02042guillemot-1536x1024.jpeg 1536w, https:\/\/www.collectifetcie.fr\/wp-content\/uploads\/2022\/03\/GUI02042guillemot-2048x1365.jpeg 2048w\" sizes=\"auto, (max-width: 273px) 100vw, 273px\" \/><\/figure>\n<\/div><\/div>\n\n\n\n<div class=\"wp-block-column is-layout-flow wp-block-column-is-layout-flow\" style=\"flex-basis:33.33%\"><div class=\"wp-block-image\">\n<figure class=\"aligncenter size-large is-resized\"><img loading=\"lazy\" decoding=\"async\" src=\"https:\/\/www.collectifetcie.fr\/wp-content\/uploads\/2022\/03\/GUI02378guillemot-1024x682.jpeg\" alt=\"\" class=\"wp-image-1606\" width=\"267\" height=\"178\" srcset=\"https:\/\/www.collectifetcie.fr\/wp-content\/uploads\/2022\/03\/GUI02378guillemot-1024x682.jpeg 1024w, https:\/\/www.collectifetcie.fr\/wp-content\/uploads\/2022\/03\/GUI02378guillemot-300x200.jpeg 300w, https:\/\/www.collectifetcie.fr\/wp-content\/uploads\/2022\/03\/GUI02378guillemot-768x512.jpeg 768w, https:\/\/www.collectifetcie.fr\/wp-content\/uploads\/2022\/03\/GUI02378guillemot-1536x1024.jpeg 1536w, https:\/\/www.collectifetcie.fr\/wp-content\/uploads\/2022\/03\/GUI02378guillemot-2048x1365.jpeg 2048w\" sizes=\"auto, (max-width: 267px) 100vw, 267px\" \/><\/figure>\n<\/div><\/div>\n<\/div>\n\n\n\n<p class=\"has-text-align-center has-white-color has-text-color has-background has-normal-font-size\" style=\"background-color:#a60b15\"><strong><a href=\"#g\u00e9n\u00e9rique\">G\u00e9n\u00e9rique<\/a> \/ <a href=\"#r\u00e9sum\u00e9\">R\u00e9sum\u00e9<\/a> \/ Dossier \/ Calendrier <\/strong><\/p>\n\n\n\n<div class=\"wp-block-columns is-layout-flex wp-container-core-columns-is-layout-9d6595d7 wp-block-columns-is-layout-flex\">\n<div class=\"wp-block-column is-layout-flow wp-block-column-is-layout-flow\">\n<p class=\"has-cyan-bluish-gray-background-color has-background has-normal-font-size\" id=\"g\u00e9n\u00e9rique\">mise en sc\u00e8ne, vid\u00e9o et&nbsp;sc\u00e9nographie <br><strong>Micha\u00ebl Dusautoy&nbsp;<\/strong><br>vid\u00e9o et sc\u00e9nographie <strong>Annabelle Brunet&nbsp;<\/strong><br>collaboration&nbsp;\u00e0 la dramaturgie<br><strong>Julie Andr\u00e9<\/strong>&nbsp;<br>texte<br><strong>Fr\u00e9d\u00e9ric Chevaux&nbsp;<br><\/strong>lumi\u00e8re <strong>V\u00e9ronique Chanard<\/strong><br>musique <strong>Nicolas S\u00e9guy&nbsp;<\/strong><br>design sonore <strong>Michel Head&nbsp;<\/strong>et <strong>Damien Rottier<\/strong><br>costumes <strong>Coline Dalle, Fabienne Touzi Dit Terzi <\/strong>assist\u00e9es<strong> <\/strong>d\u2019<strong>Agn\u00e8s D\u2019At&nbsp;<\/strong><br>maquillages<strong> Nathy Polak <\/strong>et<strong> Yann Boussand Larcher&nbsp;<\/strong><br>r\u00e9gie plateau et construction<strong> Pascal Joris<\/strong><br><br>avec <br><strong>Julie Andr\u00e9<\/strong><br><strong> Lara Suyeux<\/strong> <br>(en alternance)<br><strong>Maud Matrenchar<\/strong><br><strong>Damien Saugeon<\/strong><\/p>\n<\/div>\n\n\n\n<div class=\"wp-block-column is-layout-flow wp-block-column-is-layout-flow\">\n<p><strong><em>Mais regarde toi ! <\/em>raconte l&rsquo;histoire de&nbsp;Anna,&nbsp;12 ans, qui \u00e9prouve le besoin de dispara\u00eetre pour se lib\u00e9rer de la charge des tensions li\u00e9es au fait de grandir. C&rsquo;est \u00ab\u00a0une tentative de vivre\u00a0\u00bb, o\u00f9 s&rsquo;\u00e9vanouir permet de reprendre son souffle le temps de m\u00fbrir un peu. Sous la forme d&rsquo;un&nbsp;jeu&nbsp;cruel,&nbsp;qu&rsquo;elle doit gagner, elle part en qu\u00eate d&rsquo;elle-m\u00eame, dans les ab\u00eemes de son imaginaire, d&rsquo;o\u00f9 \u00e9mergent des espaces oniriques et absurdes, issus des codes de&nbsp;la Pop culture contemporaine<\/strong>.<br><strong>Spectacle&nbsp;m\u00ealant th\u00e9\u00e2tre, imagerie vid\u00e9o ludique et m\u00e9dias sociaux.<\/strong><\/p>\n\n\n\n<p>&nbsp;<em>\u00ab\u00a0Directement inspir\u00e9 de t\u00e9moignages d\u2019adolescents Mais regarde toi ! tout en respectant leur parole, leur univers culturel et leurs influences (musique, jeux, r\u00e9seaux sociaux) offre un miroir r\u00e9solument optimiste au public.&nbsp;\u00a0\u00bb <strong>Fran\u00e7oise Sabatier Morel<\/strong><\/em> &#8211; <strong>T\u00e9l\u00e9rama TT<\/strong>&nbsp;<\/p>\n\n\n\n<p>\u00ab\u00a0<em>Cette combinaison entre des th\u00e8mes contemporains qui parlent au jeune public d\u2019aujourd\u2019hui (harc\u00e8lement scolaire ; omnipr\u00e9sence des r\u00e9seaux sociaux, des youtubeurs et autres stars d\u2019Instagram ; question du genre, etc.) et des modes d\u2019expression actuels comme la vid\u00e9o (voire les jeux vid\u00e9o) permet \u00e0 tout le monde de pouvoir suivre et comprendre l\u2019histoire d\u2019Anna, m\u00eame sans rien conna\u00eetre de son double litt\u00e9raire, Alice.\u00a0\u00bb&nbsp;<strong>Cristina Marino<\/strong>&nbsp;(<strong>Le Monde<\/strong>)<\/em> &#8211; <strong>La grande oreille<\/strong>&nbsp;<\/p>\n<\/div>\n\n\n\n<div class=\"wp-block-column is-layout-flow wp-block-column-is-layout-flow\">\n<p class=\"has-white-color has-cyan-bluish-gray-background-color has-text-color has-background\" style=\"font-size:14px\"><meta charset=\"utf-8\"><strong>production Collectif Quatre Ailes, Th\u00e9\u00e2tre Antoine Vitez &#8211; Sc\u00e8ne d\u2019Ivry et Anis Gras &#8211; le Lieu de l\u2019Autre. Avec l\u2019aide au projet de la DRAC Ile-de-France et l\u2019aide du Conseil<br>D\u00e9partemental du Val-de-Marne.<br><\/strong><br><br><strong><br>Le spectacle est programm\u00e9 dans le cadre des Th\u00e9\u00e2trales Charles Dullin 2020.<\/strong><br><br><br><\/p>\n\n\n\n<p class=\"has-text-color\" style=\"color:#a60b15\"><strong>DUREE 1H15<\/strong><\/p>\n\n\n\n<p class=\"has-white-color has-cyan-bluish-gray-background-color has-text-color has-background\" style=\"font-size:14px\"><br><strong>contact production et diffusion<br>Estelle Delorme <br>33 (o)6 77 13 30 88&nbsp;<br><a href=\"mailto:estelle.delorme@collectifetcie.fr\"><mark style=\"background-color:rgba(0, 0, 0, 0)\" class=\"has-inline-color has-white-color\">estelle.del<\/mark><\/a><a href=\"mailto:estelle.delorme@collectifetcie.fr\" target=\"_blank\" rel=\"noreferrer noopener\"><mark style=\"background-color:rgba(0, 0, 0, 0)\" class=\"has-inline-color has-white-color\">orme@collectifetcie.fr&nbsp;<\/mark><\/a><\/strong><br><br><strong>CAPTATION SUR DEMANDE<\/strong><\/p>\n\n\n\n<p><\/p>\n\n\n\n<p class=\"has-small-font-size\"><\/p>\n<\/div>\n<\/div>\n\n\n\n<div class=\"wp-block-buttons is-horizontal is-content-justification-space-between is-layout-flex wp-container-core-buttons-is-layout-9262d1ff wp-block-buttons-is-layout-flex\">\n<div class=\"wp-block-button is-style-fill\"><a class=\"wp-block-button__link has-cyan-bluish-gray-color has-text-color\" href=\"https:\/\/www.collectifetcie.fr\/wp-content\/uploads\/2022\/09\/FR_MaisRegardeToi_Dossier_spectacle.pdf\">dossier<\/a><\/div>\n<\/div>\n\n\n\n<div style=\"height:11px\" aria-hidden=\"true\" class=\"wp-block-spacer\"><\/div>\n\n\n\n<p class=\"has-white-color has-text-color has-background has-medium-font-size\" style=\"background-color:#a60b15\"><strong><meta charset=\"utf-8\"><strong>CALENDRIER  SAISON 2022\/2<\/strong>3<\/strong><\/p>\n\n\n\n<p style=\"font-size:14px\"><strong>Maison de la culture de Nevers (58)<\/strong>\u00a0<br><strong>vendredi 07 octobre 2022<\/strong> &#8211; 10h et 14H30<\/p>\n\n\n\n<p style=\"font-size:14px\"><br><strong>Espace Jean Vilar &#8211; Arcueil (94)<\/strong><br><strong>mardi 29 novembre 2022<\/strong> &#8211; 19h30<br><strong>mercredi 30 novembre 2022<\/strong>&#8211; 9h00 et 11h15<\/p>\n\n\n\n<p class=\"has-white-color has-cyan-bluish-gray-background-color has-text-color has-background has-medium-font-size\"><strong> TOURNEE 2021\/228 <\/strong><\/p>\n\n\n\n<p class=\"has-small-font-size\"><strong><a href=\"http:\/\/theatredivryantoinevitez.ivry94.fr\/12575\/venir-au-theatre.htm\">Th\u00e9\u00e2tre Antoine Vitez &#8211; Sc\u00e8ne d&rsquo;Ivry (94)<\/a><br>lundi 8 novembre 2021&nbsp;&#8211; 10h00 et 14h30<br>mardi 9 novembre 2021&nbsp;&#8211; 10h00 et 14h30&nbsp;<br>mercredi 10 novembre 2021&nbsp;&#8211; 10h00<br>vendredi 12 novembre 2021&nbsp;&#8211; 14h30&nbsp;et <meta charset=\"utf-8\">20h00<br>samedi 13 novembre 2021&nbsp;&#8211; 17h00<\/strong><\/p>\n\n\n\n<p class=\"has-small-font-size\"><strong><a href=\"http:\/\/lelieudelautre.com\/infos-pratiques\/acces-horaires\/\">Anis Gras &#8211; le Lieu de l&rsquo;Autre &#8211; Arcueil (94)<\/a><\/strong><br><strong>mercredi 24 novembre 2021&nbsp;\u00e0&nbsp;14h30&nbsp;<br>jeudi 25 novembre 2021&nbsp;\u00e0&nbsp;14h30 et 19h30<br>vendredi 26 novembre 2021&nbsp;\u00e0&nbsp;14h30<meta charset=\"utf-8\">et 19h30&nbsp;<br>samedi 27 novembre 2021&nbsp;\u00e0&nbsp;17h00<\/strong><\/p>\n\n\n\n<div class=\"wp-block-buttons is-layout-flex wp-block-buttons-is-layout-flex\"><\/div>\n\n\n\n<div class=\"wp-block-columns is-layout-flex wp-container-core-columns-is-layout-9d6595d7 wp-block-columns-is-layout-flex\">\n<div class=\"wp-block-column is-layout-flow wp-block-column-is-layout-flow\"><\/div>\n\n\n\n<div class=\"wp-block-column is-layout-flow wp-block-column-is-layout-flow\"><\/div>\n<\/div>\n\n\n\n<p><\/p>\n","protected":false},"excerpt":{"rendered":"<p>G\u00e9n\u00e9rique \/ R\u00e9sum\u00e9 \/ Dossier \/ Calendrier mise en sc\u00e8ne, vid\u00e9o et&nbsp;sc\u00e9nographie Micha\u00ebl Dusautoy&nbsp;vid\u00e9o et sc\u00e9nographie Annabelle Brunet&nbsp;collaboration&nbsp;\u00e0 la dramaturgieJulie Andr\u00e9&nbsp;texteFr\u00e9d\u00e9ric Chevaux&nbsp;lumi\u00e8re V\u00e9ronique Chanardmusique Nicolas S\u00e9guy&nbsp;design sonore Michel Head&nbsp;et Damien Rottiercostumes Coline Dalle, Fabienne Touzi Dit Terzi assist\u00e9es d\u2019Agn\u00e8s D\u2019At&nbsp;maquillages Nathy Polak et Yann Boussand Larcher&nbsp;r\u00e9gie plateau et construction Pascal Joris avec Julie Andr\u00e9 Lara [&hellip;]<\/p>\n","protected":false},"author":1,"featured_media":0,"parent":696,"menu_order":1,"comment_status":"closed","ping_status":"closed","template":"template-full.php","meta":{"footnotes":""},"class_list":["post-738","page","type-page","status-publish","hentry"],"yoast_head":"<!-- This site is optimized with the Yoast SEO plugin v27.5 - https:\/\/yoast.com\/product\/yoast-seo-wordpress\/ -->\n<title>MAIS REGARDE-TOI! - collectif et compagnie<\/title>\n<meta name=\"description\" content=\"librement inspir\u00e9 d\u2019une histoire vraie, questionne les esp\u00e9rances et la cruaut\u00e9 de l\u2019entr\u00e9e dans l\u2019adolescence.\" \/>\n<meta name=\"robots\" content=\"index, follow, max-snippet:-1, max-image-preview:large, max-video-preview:-1\" \/>\n<link rel=\"canonical\" href=\"https:\/\/www.collectifetcie.fr\/index.php\/les-artistes\/annabelle-brunet-michael-dusautoy-damien-saugeon-collectif-quatre-ailes\/mais-regarde-toi\/\" \/>\n<meta property=\"og:locale\" content=\"fr_FR\" \/>\n<meta property=\"og:type\" content=\"article\" \/>\n<meta property=\"og:title\" content=\"MAIS REGARDE-TOI! - collectif et compagnie\" \/>\n<meta property=\"og:description\" content=\"librement inspir\u00e9 d\u2019une histoire vraie, questionne les esp\u00e9rances et la cruaut\u00e9 de l\u2019entr\u00e9e dans l\u2019adolescence.\" \/>\n<meta property=\"og:url\" content=\"https:\/\/www.collectifetcie.fr\/index.php\/les-artistes\/annabelle-brunet-michael-dusautoy-damien-saugeon-collectif-quatre-ailes\/mais-regarde-toi\/\" \/>\n<meta property=\"og:site_name\" content=\"collectif et compagnie\" \/>\n<meta property=\"article:modified_time\" content=\"2022-09-26T14:11:43+00:00\" \/>\n<meta property=\"og:image\" content=\"https:\/\/www.collectifetcie.fr\/wp-content\/uploads\/2022\/03\/GUI02042guillemot-1024x682.jpeg\" \/>\n<meta name=\"twitter:card\" content=\"summary_large_image\" \/>\n<meta name=\"twitter:label1\" content=\"Dur\u00e9e de lecture estim\u00e9e\" \/>\n\t<meta name=\"twitter:data1\" content=\"3 minutes\" \/>\n<script type=\"application\/ld+json\" class=\"yoast-schema-graph\">{\"@context\":\"https:\\\/\\\/schema.org\",\"@graph\":[{\"@type\":\"WebPage\",\"@id\":\"https:\\\/\\\/www.collectifetcie.fr\\\/index.php\\\/les-artistes\\\/annabelle-brunet-michael-dusautoy-damien-saugeon-collectif-quatre-ailes\\\/mais-regarde-toi\\\/\",\"url\":\"https:\\\/\\\/www.collectifetcie.fr\\\/index.php\\\/les-artistes\\\/annabelle-brunet-michael-dusautoy-damien-saugeon-collectif-quatre-ailes\\\/mais-regarde-toi\\\/\",\"name\":\"MAIS REGARDE-TOI! - collectif et compagnie\",\"isPartOf\":{\"@id\":\"https:\\\/\\\/www.collectifetcie.fr\\\/#website\"},\"primaryImageOfPage\":{\"@id\":\"https:\\\/\\\/www.collectifetcie.fr\\\/index.php\\\/les-artistes\\\/annabelle-brunet-michael-dusautoy-damien-saugeon-collectif-quatre-ailes\\\/mais-regarde-toi\\\/#primaryimage\"},\"image\":{\"@id\":\"https:\\\/\\\/www.collectifetcie.fr\\\/index.php\\\/les-artistes\\\/annabelle-brunet-michael-dusautoy-damien-saugeon-collectif-quatre-ailes\\\/mais-regarde-toi\\\/#primaryimage\"},\"thumbnailUrl\":\"https:\\\/\\\/www.collectifetcie.fr\\\/wp-content\\\/uploads\\\/2022\\\/03\\\/GUI02042guillemot-1024x682.jpeg\",\"datePublished\":\"2021-10-20T18:57:37+00:00\",\"dateModified\":\"2022-09-26T14:11:43+00:00\",\"description\":\"librement inspir\u00e9 d\u2019une histoire vraie, questionne les esp\u00e9rances et la cruaut\u00e9 de l\u2019entr\u00e9e dans l\u2019adolescence.\",\"breadcrumb\":{\"@id\":\"https:\\\/\\\/www.collectifetcie.fr\\\/index.php\\\/les-artistes\\\/annabelle-brunet-michael-dusautoy-damien-saugeon-collectif-quatre-ailes\\\/mais-regarde-toi\\\/#breadcrumb\"},\"inLanguage\":\"fr-FR\",\"potentialAction\":[{\"@type\":\"ReadAction\",\"target\":[\"https:\\\/\\\/www.collectifetcie.fr\\\/index.php\\\/les-artistes\\\/annabelle-brunet-michael-dusautoy-damien-saugeon-collectif-quatre-ailes\\\/mais-regarde-toi\\\/\"]}]},{\"@type\":\"ImageObject\",\"inLanguage\":\"fr-FR\",\"@id\":\"https:\\\/\\\/www.collectifetcie.fr\\\/index.php\\\/les-artistes\\\/annabelle-brunet-michael-dusautoy-damien-saugeon-collectif-quatre-ailes\\\/mais-regarde-toi\\\/#primaryimage\",\"url\":\"https:\\\/\\\/www.collectifetcie.fr\\\/wp-content\\\/uploads\\\/2022\\\/03\\\/GUI02042guillemot-scaled.jpeg\",\"contentUrl\":\"https:\\\/\\\/www.collectifetcie.fr\\\/wp-content\\\/uploads\\\/2022\\\/03\\\/GUI02042guillemot-scaled.jpeg\",\"width\":2560,\"height\":1706},{\"@type\":\"BreadcrumbList\",\"@id\":\"https:\\\/\\\/www.collectifetcie.fr\\\/index.php\\\/les-artistes\\\/annabelle-brunet-michael-dusautoy-damien-saugeon-collectif-quatre-ailes\\\/mais-regarde-toi\\\/#breadcrumb\",\"itemListElement\":[{\"@type\":\"ListItem\",\"position\":1,\"name\":\"Accueil\",\"item\":\"https:\\\/\\\/www.collectifetcie.fr\\\/\"},{\"@type\":\"ListItem\",\"position\":2,\"name\":\"Artistes et compagnies\",\"item\":\"https:\\\/\\\/www.collectifetcie.fr\\\/index.php\\\/les-artistes\\\/\"},{\"@type\":\"ListItem\",\"position\":3,\"name\":\"Annabelle Brunet &#8211; Micha\u00ebl Dusautoy &#8211; Damien Saugeon > Collectif Quatre Ailes\",\"item\":\"https:\\\/\\\/www.collectifetcie.fr\\\/index.php\\\/les-artistes\\\/annabelle-brunet-michael-dusautoy-damien-saugeon-collectif-quatre-ailes\\\/\"},{\"@type\":\"ListItem\",\"position\":4,\"name\":\"MAIS REGARDE-TOI!\"}]},{\"@type\":\"WebSite\",\"@id\":\"https:\\\/\\\/www.collectifetcie.fr\\\/#website\",\"url\":\"https:\\\/\\\/www.collectifetcie.fr\\\/\",\"name\":\"collectif et compagnie\",\"description\":\"\",\"publisher\":{\"@id\":\"https:\\\/\\\/www.collectifetcie.fr\\\/#organization\"},\"potentialAction\":[{\"@type\":\"SearchAction\",\"target\":{\"@type\":\"EntryPoint\",\"urlTemplate\":\"https:\\\/\\\/www.collectifetcie.fr\\\/?s={search_term_string}\"},\"query-input\":{\"@type\":\"PropertyValueSpecification\",\"valueRequired\":true,\"valueName\":\"search_term_string\"}}],\"inLanguage\":\"fr-FR\"},{\"@type\":\"Organization\",\"@id\":\"https:\\\/\\\/www.collectifetcie.fr\\\/#organization\",\"name\":\"collectif et compagnie\",\"url\":\"https:\\\/\\\/www.collectifetcie.fr\\\/\",\"logo\":{\"@type\":\"ImageObject\",\"inLanguage\":\"fr-FR\",\"@id\":\"https:\\\/\\\/www.collectifetcie.fr\\\/#\\\/schema\\\/logo\\\/image\\\/\",\"url\":\"https:\\\/\\\/www.collectifetcie.fr\\\/wp-content\\\/uploads\\\/2025\\\/09\\\/cropped-Bandeau-Site-04-09-25-OK.jpg\",\"contentUrl\":\"https:\\\/\\\/www.collectifetcie.fr\\\/wp-content\\\/uploads\\\/2025\\\/09\\\/cropped-Bandeau-Site-04-09-25-OK.jpg\",\"width\":1616,\"height\":234,\"caption\":\"collectif et compagnie\"},\"image\":{\"@id\":\"https:\\\/\\\/www.collectifetcie.fr\\\/#\\\/schema\\\/logo\\\/image\\\/\"}}]}<\/script>\n<!-- \/ Yoast SEO plugin. -->","yoast_head_json":{"title":"MAIS REGARDE-TOI! - collectif et compagnie","description":"librement inspir\u00e9 d\u2019une histoire vraie, questionne les esp\u00e9rances et la cruaut\u00e9 de l\u2019entr\u00e9e dans l\u2019adolescence.","robots":{"index":"index","follow":"follow","max-snippet":"max-snippet:-1","max-image-preview":"max-image-preview:large","max-video-preview":"max-video-preview:-1"},"canonical":"https:\/\/www.collectifetcie.fr\/index.php\/les-artistes\/annabelle-brunet-michael-dusautoy-damien-saugeon-collectif-quatre-ailes\/mais-regarde-toi\/","og_locale":"fr_FR","og_type":"article","og_title":"MAIS REGARDE-TOI! - collectif et compagnie","og_description":"librement inspir\u00e9 d\u2019une histoire vraie, questionne les esp\u00e9rances et la cruaut\u00e9 de l\u2019entr\u00e9e dans l\u2019adolescence.","og_url":"https:\/\/www.collectifetcie.fr\/index.php\/les-artistes\/annabelle-brunet-michael-dusautoy-damien-saugeon-collectif-quatre-ailes\/mais-regarde-toi\/","og_site_name":"collectif et compagnie","article_modified_time":"2022-09-26T14:11:43+00:00","og_image":[{"url":"https:\/\/www.collectifetcie.fr\/wp-content\/uploads\/2022\/03\/GUI02042guillemot-1024x682.jpeg","type":"","width":"","height":""}],"twitter_card":"summary_large_image","twitter_misc":{"Dur\u00e9e de lecture estim\u00e9e":"3 minutes"},"schema":{"@context":"https:\/\/schema.org","@graph":[{"@type":"WebPage","@id":"https:\/\/www.collectifetcie.fr\/index.php\/les-artistes\/annabelle-brunet-michael-dusautoy-damien-saugeon-collectif-quatre-ailes\/mais-regarde-toi\/","url":"https:\/\/www.collectifetcie.fr\/index.php\/les-artistes\/annabelle-brunet-michael-dusautoy-damien-saugeon-collectif-quatre-ailes\/mais-regarde-toi\/","name":"MAIS REGARDE-TOI! - collectif et compagnie","isPartOf":{"@id":"https:\/\/www.collectifetcie.fr\/#website"},"primaryImageOfPage":{"@id":"https:\/\/www.collectifetcie.fr\/index.php\/les-artistes\/annabelle-brunet-michael-dusautoy-damien-saugeon-collectif-quatre-ailes\/mais-regarde-toi\/#primaryimage"},"image":{"@id":"https:\/\/www.collectifetcie.fr\/index.php\/les-artistes\/annabelle-brunet-michael-dusautoy-damien-saugeon-collectif-quatre-ailes\/mais-regarde-toi\/#primaryimage"},"thumbnailUrl":"https:\/\/www.collectifetcie.fr\/wp-content\/uploads\/2022\/03\/GUI02042guillemot-1024x682.jpeg","datePublished":"2021-10-20T18:57:37+00:00","dateModified":"2022-09-26T14:11:43+00:00","description":"librement inspir\u00e9 d\u2019une histoire vraie, questionne les esp\u00e9rances et la cruaut\u00e9 de l\u2019entr\u00e9e dans l\u2019adolescence.","breadcrumb":{"@id":"https:\/\/www.collectifetcie.fr\/index.php\/les-artistes\/annabelle-brunet-michael-dusautoy-damien-saugeon-collectif-quatre-ailes\/mais-regarde-toi\/#breadcrumb"},"inLanguage":"fr-FR","potentialAction":[{"@type":"ReadAction","target":["https:\/\/www.collectifetcie.fr\/index.php\/les-artistes\/annabelle-brunet-michael-dusautoy-damien-saugeon-collectif-quatre-ailes\/mais-regarde-toi\/"]}]},{"@type":"ImageObject","inLanguage":"fr-FR","@id":"https:\/\/www.collectifetcie.fr\/index.php\/les-artistes\/annabelle-brunet-michael-dusautoy-damien-saugeon-collectif-quatre-ailes\/mais-regarde-toi\/#primaryimage","url":"https:\/\/www.collectifetcie.fr\/wp-content\/uploads\/2022\/03\/GUI02042guillemot-scaled.jpeg","contentUrl":"https:\/\/www.collectifetcie.fr\/wp-content\/uploads\/2022\/03\/GUI02042guillemot-scaled.jpeg","width":2560,"height":1706},{"@type":"BreadcrumbList","@id":"https:\/\/www.collectifetcie.fr\/index.php\/les-artistes\/annabelle-brunet-michael-dusautoy-damien-saugeon-collectif-quatre-ailes\/mais-regarde-toi\/#breadcrumb","itemListElement":[{"@type":"ListItem","position":1,"name":"Accueil","item":"https:\/\/www.collectifetcie.fr\/"},{"@type":"ListItem","position":2,"name":"Artistes et compagnies","item":"https:\/\/www.collectifetcie.fr\/index.php\/les-artistes\/"},{"@type":"ListItem","position":3,"name":"Annabelle Brunet &#8211; Micha\u00ebl Dusautoy &#8211; Damien Saugeon > Collectif Quatre Ailes","item":"https:\/\/www.collectifetcie.fr\/index.php\/les-artistes\/annabelle-brunet-michael-dusautoy-damien-saugeon-collectif-quatre-ailes\/"},{"@type":"ListItem","position":4,"name":"MAIS REGARDE-TOI!"}]},{"@type":"WebSite","@id":"https:\/\/www.collectifetcie.fr\/#website","url":"https:\/\/www.collectifetcie.fr\/","name":"collectif et compagnie","description":"","publisher":{"@id":"https:\/\/www.collectifetcie.fr\/#organization"},"potentialAction":[{"@type":"SearchAction","target":{"@type":"EntryPoint","urlTemplate":"https:\/\/www.collectifetcie.fr\/?s={search_term_string}"},"query-input":{"@type":"PropertyValueSpecification","valueRequired":true,"valueName":"search_term_string"}}],"inLanguage":"fr-FR"},{"@type":"Organization","@id":"https:\/\/www.collectifetcie.fr\/#organization","name":"collectif et compagnie","url":"https:\/\/www.collectifetcie.fr\/","logo":{"@type":"ImageObject","inLanguage":"fr-FR","@id":"https:\/\/www.collectifetcie.fr\/#\/schema\/logo\/image\/","url":"https:\/\/www.collectifetcie.fr\/wp-content\/uploads\/2025\/09\/cropped-Bandeau-Site-04-09-25-OK.jpg","contentUrl":"https:\/\/www.collectifetcie.fr\/wp-content\/uploads\/2025\/09\/cropped-Bandeau-Site-04-09-25-OK.jpg","width":1616,"height":234,"caption":"collectif et compagnie"},"image":{"@id":"https:\/\/www.collectifetcie.fr\/#\/schema\/logo\/image\/"}}]}},"_links":{"self":[{"href":"https:\/\/www.collectifetcie.fr\/index.php\/wp-json\/wp\/v2\/pages\/738","targetHints":{"allow":["GET"]}}],"collection":[{"href":"https:\/\/www.collectifetcie.fr\/index.php\/wp-json\/wp\/v2\/pages"}],"about":[{"href":"https:\/\/www.collectifetcie.fr\/index.php\/wp-json\/wp\/v2\/types\/page"}],"author":[{"embeddable":true,"href":"https:\/\/www.collectifetcie.fr\/index.php\/wp-json\/wp\/v2\/users\/1"}],"replies":[{"embeddable":true,"href":"https:\/\/www.collectifetcie.fr\/index.php\/wp-json\/wp\/v2\/comments?post=738"}],"version-history":[{"count":39,"href":"https:\/\/www.collectifetcie.fr\/index.php\/wp-json\/wp\/v2\/pages\/738\/revisions"}],"predecessor-version":[{"id":2311,"href":"https:\/\/www.collectifetcie.fr\/index.php\/wp-json\/wp\/v2\/pages\/738\/revisions\/2311"}],"up":[{"embeddable":true,"href":"https:\/\/www.collectifetcie.fr\/index.php\/wp-json\/wp\/v2\/pages\/696"}],"wp:attachment":[{"href":"https:\/\/www.collectifetcie.fr\/index.php\/wp-json\/wp\/v2\/media?parent=738"}],"curies":[{"name":"wp","href":"https:\/\/api.w.org\/{rel}","templated":true}]}}