{"id":717,"date":"2021-10-20T20:00:51","date_gmt":"2021-10-20T18:00:51","guid":{"rendered":"https:\/\/www.collectifetcie.fr\/?page_id=717"},"modified":"2023-08-21T16:49:40","modified_gmt":"2023-08-21T14:49:40","slug":"certains-regardent-les-etoiles","status":"publish","type":"page","link":"https:\/\/www.collectifetcie.fr\/index.php\/les-artistes\/annabelle-brunet-michael-dusautoy-damien-saugeon-collectif-quatre-ailes\/certains-regardent-les-etoiles\/","title":{"rendered":"CERTAINS REGARDENT LES ETOILES"},"content":{"rendered":"\n<div class=\"wp-block-columns is-layout-flex wp-container-core-columns-is-layout-9d6595d7 wp-block-columns-is-layout-flex\">\n<div class=\"wp-block-column is-layout-flow wp-block-column-is-layout-flow\" style=\"flex-basis:33.34%\">\n<div class=\"wp-block-columns is-layout-flex wp-container-core-columns-is-layout-9d6595d7 wp-block-columns-is-layout-flex\">\n<div class=\"wp-block-column is-layout-flow wp-block-column-is-layout-flow\" style=\"flex-basis:100%\">\n<div class=\"wp-block-group\"><div class=\"wp-block-group__inner-container is-layout-flow wp-block-group-is-layout-flow\">\n<figure class=\"wp-block-embed is-type-video is-provider-youtube wp-block-embed-youtube wp-embed-aspect-16-9 wp-has-aspect-ratio\"><div class=\"wp-block-embed__wrapper\">\n<iframe loading=\"lazy\" title=\"Certains regardent les \u00e9toiles (Bande annonce)\" width=\"640\" height=\"360\" src=\"https:\/\/www.youtube.com\/embed\/6FPOJoUKpKU?start=3&#038;feature=oembed\" frameborder=\"0\" allow=\"accelerometer; autoplay; clipboard-write; encrypted-media; gyroscope; picture-in-picture; web-share\" referrerpolicy=\"strict-origin-when-cross-origin\" allowfullscreen><\/iframe>\n<\/div><\/figure>\n<\/div><\/div>\n<\/div>\n<\/div>\n<\/div>\n\n\n\n<div class=\"wp-block-column is-layout-flow wp-block-column-is-layout-flow\" style=\"flex-basis:33.34%\"><div class=\"wp-block-image\">\n<figure class=\"aligncenter size-full\"><img loading=\"lazy\" decoding=\"async\" width=\"528\" height=\"305\" src=\"https:\/\/www.collectifetcie.fr\/wp-content\/uploads\/2021\/10\/CRE-1-recadre\u0301.jpg\" alt=\"\" class=\"wp-image-732\" srcset=\"https:\/\/www.collectifetcie.fr\/wp-content\/uploads\/2021\/10\/CRE-1-recadre\u0301.jpg 528w, https:\/\/www.collectifetcie.fr\/wp-content\/uploads\/2021\/10\/CRE-1-recadre\u0301-300x173.jpg 300w\" sizes=\"auto, (max-width: 528px) 100vw, 528px\" \/><\/figure>\n<\/div><\/div>\n\n\n\n<div class=\"wp-block-column is-layout-flow wp-block-column-is-layout-flow\" style=\"flex-basis:33.33%\">\n<figure class=\"wp-block-image size-large\"><img loading=\"lazy\" decoding=\"async\" width=\"1024\" height=\"606\" src=\"https:\/\/www.collectifetcie.fr\/wp-content\/uploads\/2021\/10\/MG_8467-light-2-1-1024x606.jpg\" alt=\"\" class=\"wp-image-1190\" srcset=\"https:\/\/www.collectifetcie.fr\/wp-content\/uploads\/2021\/10\/MG_8467-light-2-1-1024x606.jpg 1024w, https:\/\/www.collectifetcie.fr\/wp-content\/uploads\/2021\/10\/MG_8467-light-2-1-300x178.jpg 300w, https:\/\/www.collectifetcie.fr\/wp-content\/uploads\/2021\/10\/MG_8467-light-2-1-768x455.jpg 768w, https:\/\/www.collectifetcie.fr\/wp-content\/uploads\/2021\/10\/MG_8467-light-2-1.jpg 1149w\" sizes=\"auto, (max-width: 1024px) 100vw, 1024px\" \/><\/figure>\n<\/div>\n<\/div>\n\n\n\n<p class=\"has-text-align-center has-white-color has-text-color has-background has-normal-font-size\" style=\"background-color:#a60b15\"><strong>G\u00e9n\u00e9rique \/ R\u00e9sum\u00e9 \/ <a href=\"#DOS\">Dossier<\/a> \/ <a href=\"#CAL\">Calendrier<\/a> <\/strong><\/p>\n\n\n\n<div class=\"wp-block-columns is-layout-flex wp-container-core-columns-is-layout-9d6595d7 wp-block-columns-is-layout-flex\">\n<div class=\"wp-block-column is-layout-flow wp-block-column-is-layout-flow\">\n<p class=\"has-cyan-bluish-gray-background-color has-background has-normal-font-size\" id=\"g\u00e9n\u00e9rique\">mise en sc\u00e8ne&nbsp;et&nbsp;sc\u00e9nographie<br><strong>Micha\u00ebl Dusautoy&nbsp;<\/strong><br>vid\u00e9o et sc\u00e9nographie<br><strong>Annabelle Brunet&nbsp;<\/strong><br>collaboration&nbsp;artistique et dramaturgie<br><strong>Julie Andr\u00e9<\/strong><br>collaboration \u00e0 l\u2019\u00e9criture<br><strong>Fr\u00e9d\u00e9ric Chevaux&nbsp;<\/strong><br>Musique <strong>Nicolas S\u00e9guy&nbsp;<\/strong><br>Design sonore <strong>Michel Head&nbsp;<\/strong><br>Costumes <strong>Sylvestre Ramos&nbsp;<\/strong><br>Maquillages <strong>Fiona Rossini&nbsp;<\/strong><br>Lumi\u00e8res et r\u00e9gie g\u00e9n\u00e9rale (en alternance) <strong>Philippe Zielinski Emmanuel Laborde Wilfrid Connell&nbsp;<\/strong><br>Lumi\u00e8res film muet <strong>Caroline Vandamme&nbsp;<\/strong><br>(assist\u00e9e par Ana\u00eblle Le Magorou)<br><br>avec <strong>Damien Saugeon<\/strong><\/p>\n<\/div>\n\n\n\n<div class=\"wp-block-column is-layout-flow wp-block-column-is-layout-flow\">\n<p class=\"has-normal-font-size\" id=\"r\u00e9sum\u00e9\"><em><strong>Au milieu des ann\u00e9es 30, Gabrielle, 12 ans, sourde et muette de naissance, fugue \u00e0 Paris pour retrouver sa m\u00e8re, une c\u00e9l\u00e8bre actrice du cin\u00e9ma muet. Dans les ann\u00e9es 80, Victor, 12 ans, s\u2019aventure sur les traces de son p\u00e8re qu\u2019il ne conna\u00eet pas apr\u00e8s avoir d\u00e9couvert une carte de visite du Mus\u00e9um d\u2019histoire naturelle de Paris oubli\u00e9e dans un vieux livre. S\u00e9par\u00e9es par 50 ans, leurs qu\u00eates se croisent par hasard. Cette rencontre permet \u00e0 chacun de se r\u00e9concilier avec son pass\u00e9 et plus largement avec le monde qui l\u2019entoure afin d\u2019y trouver sa place. Ces deux r\u00e9cits initiatiques, racont\u00e9s l\u2019un en mots et l\u2019autre en images, sont port\u00e9s par un com\u00e9dien seul en sc\u00e8ne.<\/strong><\/em><br><br><strong>T\u00e9l\u00e9rama TTT&nbsp;<\/strong>:<em>&nbsp;Un spectacle o\u00f9 chaque pi\u00e8ce du puzzle trouve sa place, o\u00f9 derri\u00e8re une belle le\u00e7on scientifique se cache un conte d\u2019initiation, o\u00f9 l\u2019on trouve avec l\u2019\u00e9toile polaire le fil de sa vie.<\/em>&nbsp;Fran\u00e7oise Sabatier Morel<\/p>\n<\/div>\n\n\n\n<div class=\"wp-block-column is-layout-flow wp-block-column-is-layout-flow\">\n<p class=\"has-white-color has-cyan-bluish-gray-background-color has-text-color has-background has-small-font-size\"><meta charset=\"utf-8\"><strong>production <strong>Collectif Quatre Ailes, Th\u00e9\u00e2tre d\u2019Ivry Antoine Vitez, Th\u00e9\u00e2tre des Quartiers d\u2019Ivry.&nbsp;Le Collectif Quatre Ailes est en r\u00e9sidence au Th\u00e9\u00e2tre Antoine Vitez (sc\u00e8ne d\u2019Ivry). Il est subventionn\u00e9 par le Conseil D\u00e9partemental du Val-de-Marne.<\/strong><\/strong><br><br><br><br><\/p>\n\n\n\n<p class=\"has-text-color\" style=\"color:#a60b15\"><strong>DUREE 1H<\/strong><\/p>\n\n\n\n<p class=\"has-white-color has-cyan-bluish-gray-background-color has-text-color has-background has-small-font-size\"><strong>contact production et diffusion<br>Estelle Delorme <br>33 (o)6 77 13 30 88&nbsp;<br><a href=\"mailto:estelle.delorme@collectifetcie.fr\"><mark style=\"background-color:rgba(0, 0, 0, 0)\" class=\"has-inline-color has-white-color\">estelle.del<\/mark><\/a><a href=\"mailto:estelle.delorme@collectifetcie.fr\" target=\"_blank\" rel=\"noreferrer noopener\"><mark style=\"background-color:rgba(0, 0, 0, 0)\" class=\"has-inline-color has-white-color\">orme@collectifetcie.fr&nbsp;<\/mark><\/a><\/strong><br><br><\/p>\n<\/div>\n<\/div>\n\n\n\n<div style=\"height:33px\" aria-hidden=\"true\" id=\"DOS\" class=\"wp-block-spacer\"><\/div>\n\n\n\n<div class=\"wp-block-buttons is-horizontal is-content-justification-space-between is-layout-flex wp-container-core-buttons-is-layout-9262d1ff wp-block-buttons-is-layout-flex\">\n<div class=\"wp-block-button is-style-fill\"><a class=\"wp-block-button__link has-cyan-bluish-gray-color has-text-color wp-element-button\" href=\"https:\/\/www.collectifetcie.fr\/wp-content\/uploads\/2021\/10\/FR_Certains-regardent-les-e\u0301toiles_Dossier-spectacle.pdf\">dossier de diffusion<\/a><\/div>\n\n\n\n<div class=\"wp-block-button is-style-fill\"><a class=\"wp-block-button__link has-background wp-element-button\" href=\"https:\/\/www.collectifetcie.fr\/wp-content\/uploads\/2021\/10\/Revue_presse_CertainsRegardentLesEtoiles.pdf\" style=\"background-color:#a60b15\">revue de presse<\/a><\/div>\n<\/div>\n\n\n\n<div style=\"height:11px\" aria-hidden=\"true\" class=\"wp-block-spacer\"><\/div>\n\n\n\n<p class=\"has-white-color has-text-color has-background has-medium-font-size\" id=\"CAL\" style=\"background-color:#a60b15\"><strong>DIFFUSION 2023\/2<\/strong>4<\/p>\n\n\n\n<p style=\"font-size:14px\"><strong><a href=\"https:\/\/www.arcueil.fr\/demarches-et-services\/culture\/espace-jean-vilar\/\">Espace Jean Vilar<\/a><\/strong> &#8211; Arcueil (94)<br><strong>jeudi 21 d\u00e9cembre <\/strong>2023 &#8211; 10h et 14h<br><strong>vendredi 22 d\u00e9cembre <\/strong>2023 &#8211; 10h et 14h<\/p>\n\n\n\n<div style=\"height:21px\" aria-hidden=\"true\" class=\"wp-block-spacer\"><\/div>\n\n\n\n<p class=\"has-white-color has-cyan-bluish-gray-background-color has-text-color has-background has-medium-font-size\" id=\"CAL\"><strong>DIFFUSION 2022\/2<\/strong>3<\/p>\n\n\n\n<p style=\"font-size:14px\"><br><strong>Les Sablons &#8211; Neuilly (92) <\/strong><br><strong>jeudi 9 mars<\/strong> 2023 &#8211; 14H30<br><strong>vendredi 10 mars<\/strong> 2023 &#8211; 09H30 et 14h30<br><strong>samedi 11 mars 2023<\/strong> 2023 &#8211; 16h00<\/p>\n\n\n\n<p class=\"has-white-color has-cyan-bluish-gray-background-color has-text-color has-background has-medium-font-size\"><strong>DIFFUSION 2021\/22<\/strong><\/p>\n\n\n\n<p style=\"font-size:14px\"><strong>Salle des f\u00eates Marcel Joyeux (58) Luzy<\/strong><br><strong>1 octobre 2021&nbsp;&#8211; 14h30<\/strong><br><strong>1 octobre 2021&nbsp;&#8211;&nbsp;20h00<\/strong><br><\/p>\n\n\n\n<p style=\"font-size:14px\"><strong>Salle Malesherbes, Avenue Albine, 78600 Maisons-Laffitte<\/strong><br><strong>21 octobre 2021&nbsp;\u00e0&nbsp;10h00<\/strong>&nbsp;<br><strong>21 octobre 2021&nbsp;\u00e0&nbsp;14h00<\/strong>&nbsp;<br><strong>22 octobre 2021&nbsp;\u00e0&nbsp;10h00<\/strong><br><strong>22 octobre 2021&nbsp;\u00e0&nbsp;14h00<\/strong><br><\/p>\n\n\n\n<p style=\"font-size:14px\"><a href=\"https:\/\/www.scenesetcines.fr\/les-theatres\/theatre-de-lolivier\/?debut=20211116\"><strong>Th\u00e9\u00e2tre de l\u2019Olivier &#8211; Sc\u00e8nes et Cin\u00e9s Istres (13)<\/strong><br><\/a><strong>16 novembre 2021&nbsp; &#8211;&nbsp;14h30<\/strong><br><strong>16 novembre 2021&nbsp;&#8211; 18h30<\/strong><br><br><meta charset=\"utf-8\"><strong><a href=\"https:\/\/www.eaubonne.fr\/Bougez-a-Eaubonne\/L-Orange-Bleue-Espace-Culturel-et-Cinema\">L\u2019Orange Bleue &#8211; Eaubonne (95)<\/a><\/strong><br><strong>14 d\u00e9cembre 2021&nbsp;&#8211; 14h30<\/strong><br><strong>14 d\u00e9cembre 2021&nbsp;&#8211; 20h30<\/strong><br><br><a href=\"https:\/\/kiwiramonville-arto.fr\/evenement\/certains-regardent-les-etoiles\/\"><strong>Le Kiwi, lieu pour l&rsquo;imagination et le partage &#8211; Ramonville-Saint-Agne (31)<\/strong><br><\/a><strong>14 janvier 2022&nbsp;&#8211; 14h30<\/strong>&nbsp;<br><strong>15 janvier 2022 &#8211; &nbsp;17h00<\/strong>&nbsp;<br><\/p>\n\n\n\n<p style=\"font-size:14px\"><meta charset=\"utf-8\"><strong><a href=\"http:\/\/lelieudelautre.com\/\">Anis Gras &#8211; le Lieu de l&rsquo;Autre &#8211; <meta charset=\"utf-8\">Arcueil (94)<\/a><\/strong><br><strong>25 janvier 2022&nbsp;&#8211; 14H30&nbsp;<br>26 janvier 2022&nbsp;<meta charset=\"utf-8\">&#8211; 14H30&nbsp;<br>27 janvier 2022&nbsp;&#8211; 14H30&nbsp;<br>28 janvier 2022&nbsp;&#8211; 14H30&nbsp;<br>29 janvier 2022&nbsp;&#8211; 17h00<br>30 janvier 2022&nbsp;&#8211; 15h15 et 17h15<\/strong><br><br><meta charset=\"utf-8\"><strong><a href=\"http:\/\/www.theatrejacquescarat.fr\/certains-regardent-les-etoiles\/\">Th\u00e9\u00e2tre Jacques Carat &#8211; Cachan (94)<\/a><\/strong><br><strong>3 avril 2022&nbsp;&#8211; 16h00<\/strong><br><strong>4 avril 2022&nbsp;&#8211; 9h30<\/strong><br><strong>4 avril 2022&nbsp;&#8211; 14h00<\/strong><br><strong><br><a href=\"http:\/\/www.mairie-pleubian.fr\/centre-culturel-le-sillon.html\">Centre Culturel Le Sillon &#8211; Pleubian (22)<\/a><\/strong><a href=\"http:\/\/www.mairie-pleubian.fr\/centre-culturel-le-sillon.html\"><br><\/a><strong>13 mai 2022&nbsp;\u00e0&nbsp;10h00<\/strong><br><strong>13 mai 2022&nbsp;\u00e0&nbsp;14h30<\/strong>&nbsp;<br><strong>14 mai 2022&nbsp;\u00e0&nbsp;17h00<\/strong>&nbsp;<\/p>\n\n\n\n<div class=\"wp-block-buttons is-layout-flex wp-block-buttons-is-layout-flex\"><\/div>\n\n\n\n<div class=\"wp-block-columns is-layout-flex wp-container-core-columns-is-layout-9d6595d7 wp-block-columns-is-layout-flex\">\n<div class=\"wp-block-column is-layout-flow wp-block-column-is-layout-flow\"><\/div>\n\n\n\n<div class=\"wp-block-column is-layout-flow wp-block-column-is-layout-flow\"><\/div>\n<\/div>\n\n\n\n<p><\/p>\n","protected":false},"excerpt":{"rendered":"<p>G\u00e9n\u00e9rique \/ R\u00e9sum\u00e9 \/ Dossier \/ Calendrier mise en sc\u00e8ne&nbsp;et&nbsp;sc\u00e9nographieMicha\u00ebl Dusautoy&nbsp;vid\u00e9o et sc\u00e9nographieAnnabelle Brunet&nbsp;collaboration&nbsp;artistique et dramaturgieJulie Andr\u00e9collaboration \u00e0 l\u2019\u00e9critureFr\u00e9d\u00e9ric Chevaux&nbsp;Musique Nicolas S\u00e9guy&nbsp;Design sonore Michel Head&nbsp;Costumes Sylvestre Ramos&nbsp;Maquillages Fiona Rossini&nbsp;Lumi\u00e8res et r\u00e9gie g\u00e9n\u00e9rale (en alternance) Philippe Zielinski Emmanuel Laborde Wilfrid Connell&nbsp;Lumi\u00e8res film muet Caroline Vandamme&nbsp;(assist\u00e9e par Ana\u00eblle Le Magorou) avec Damien Saugeon Au milieu des ann\u00e9es [&hellip;]<\/p>\n","protected":false},"author":1,"featured_media":0,"parent":696,"menu_order":2,"comment_status":"closed","ping_status":"closed","template":"template-full.php","meta":{"footnotes":""},"class_list":["post-717","page","type-page","status-publish","hentry"],"yoast_head":"<!-- This site is optimized with the Yoast SEO plugin v27.5 - https:\/\/yoast.com\/product\/yoast-seo-wordpress\/ -->\n<title>CERTAINS REGARDENT LES ETOILES - collectif et compagnie<\/title>\n<meta name=\"robots\" content=\"index, follow, max-snippet:-1, max-image-preview:large, max-video-preview:-1\" \/>\n<link rel=\"canonical\" href=\"https:\/\/www.collectifetcie.fr\/index.php\/les-artistes\/annabelle-brunet-michael-dusautoy-damien-saugeon-collectif-quatre-ailes\/certains-regardent-les-etoiles\/\" \/>\n<meta property=\"og:locale\" content=\"fr_FR\" \/>\n<meta property=\"og:type\" content=\"article\" \/>\n<meta property=\"og:title\" content=\"CERTAINS REGARDENT LES ETOILES - collectif et compagnie\" \/>\n<meta property=\"og:description\" content=\"G\u00e9n\u00e9rique \/ R\u00e9sum\u00e9 \/ Dossier \/ Calendrier mise en sc\u00e8ne&nbsp;et&nbsp;sc\u00e9nographieMicha\u00ebl Dusautoy&nbsp;vid\u00e9o et sc\u00e9nographieAnnabelle Brunet&nbsp;collaboration&nbsp;artistique et dramaturgieJulie Andr\u00e9collaboration \u00e0 l\u2019\u00e9critureFr\u00e9d\u00e9ric Chevaux&nbsp;Musique Nicolas S\u00e9guy&nbsp;Design sonore Michel Head&nbsp;Costumes Sylvestre Ramos&nbsp;Maquillages Fiona Rossini&nbsp;Lumi\u00e8res et r\u00e9gie g\u00e9n\u00e9rale (en alternance) Philippe Zielinski Emmanuel Laborde Wilfrid Connell&nbsp;Lumi\u00e8res film muet Caroline Vandamme&nbsp;(assist\u00e9e par Ana\u00eblle Le Magorou) avec Damien Saugeon Au milieu des ann\u00e9es [&hellip;]\" \/>\n<meta property=\"og:url\" content=\"https:\/\/www.collectifetcie.fr\/index.php\/les-artistes\/annabelle-brunet-michael-dusautoy-damien-saugeon-collectif-quatre-ailes\/certains-regardent-les-etoiles\/\" \/>\n<meta property=\"og:site_name\" content=\"collectif et compagnie\" \/>\n<meta property=\"article:modified_time\" content=\"2023-08-21T14:49:40+00:00\" \/>\n<meta property=\"og:image\" content=\"https:\/\/www.collectifetcie.fr\/wp-content\/uploads\/2021\/10\/MG_8467-light-2-1-1024x606.jpg\" \/>\n<meta name=\"twitter:card\" content=\"summary_large_image\" \/>\n<meta name=\"twitter:label1\" content=\"Dur\u00e9e de lecture estim\u00e9e\" \/>\n\t<meta name=\"twitter:data1\" content=\"3 minutes\" \/>\n<script type=\"application\/ld+json\" class=\"yoast-schema-graph\">{\"@context\":\"https:\\\/\\\/schema.org\",\"@graph\":[{\"@type\":\"WebPage\",\"@id\":\"https:\\\/\\\/www.collectifetcie.fr\\\/index.php\\\/les-artistes\\\/annabelle-brunet-michael-dusautoy-damien-saugeon-collectif-quatre-ailes\\\/certains-regardent-les-etoiles\\\/\",\"url\":\"https:\\\/\\\/www.collectifetcie.fr\\\/index.php\\\/les-artistes\\\/annabelle-brunet-michael-dusautoy-damien-saugeon-collectif-quatre-ailes\\\/certains-regardent-les-etoiles\\\/\",\"name\":\"CERTAINS REGARDENT LES ETOILES - collectif et compagnie\",\"isPartOf\":{\"@id\":\"https:\\\/\\\/www.collectifetcie.fr\\\/#website\"},\"primaryImageOfPage\":{\"@id\":\"https:\\\/\\\/www.collectifetcie.fr\\\/index.php\\\/les-artistes\\\/annabelle-brunet-michael-dusautoy-damien-saugeon-collectif-quatre-ailes\\\/certains-regardent-les-etoiles\\\/#primaryimage\"},\"image\":{\"@id\":\"https:\\\/\\\/www.collectifetcie.fr\\\/index.php\\\/les-artistes\\\/annabelle-brunet-michael-dusautoy-damien-saugeon-collectif-quatre-ailes\\\/certains-regardent-les-etoiles\\\/#primaryimage\"},\"thumbnailUrl\":\"https:\\\/\\\/www.collectifetcie.fr\\\/wp-content\\\/uploads\\\/2021\\\/10\\\/MG_8467-light-2-1-1024x606.jpg\",\"datePublished\":\"2021-10-20T18:00:51+00:00\",\"dateModified\":\"2023-08-21T14:49:40+00:00\",\"breadcrumb\":{\"@id\":\"https:\\\/\\\/www.collectifetcie.fr\\\/index.php\\\/les-artistes\\\/annabelle-brunet-michael-dusautoy-damien-saugeon-collectif-quatre-ailes\\\/certains-regardent-les-etoiles\\\/#breadcrumb\"},\"inLanguage\":\"fr-FR\",\"potentialAction\":[{\"@type\":\"ReadAction\",\"target\":[\"https:\\\/\\\/www.collectifetcie.fr\\\/index.php\\\/les-artistes\\\/annabelle-brunet-michael-dusautoy-damien-saugeon-collectif-quatre-ailes\\\/certains-regardent-les-etoiles\\\/\"]}]},{\"@type\":\"ImageObject\",\"inLanguage\":\"fr-FR\",\"@id\":\"https:\\\/\\\/www.collectifetcie.fr\\\/index.php\\\/les-artistes\\\/annabelle-brunet-michael-dusautoy-damien-saugeon-collectif-quatre-ailes\\\/certains-regardent-les-etoiles\\\/#primaryimage\",\"url\":\"https:\\\/\\\/www.collectifetcie.fr\\\/wp-content\\\/uploads\\\/2021\\\/10\\\/MG_8467-light-2-1.jpg\",\"contentUrl\":\"https:\\\/\\\/www.collectifetcie.fr\\\/wp-content\\\/uploads\\\/2021\\\/10\\\/MG_8467-light-2-1.jpg\",\"width\":1149,\"height\":680},{\"@type\":\"BreadcrumbList\",\"@id\":\"https:\\\/\\\/www.collectifetcie.fr\\\/index.php\\\/les-artistes\\\/annabelle-brunet-michael-dusautoy-damien-saugeon-collectif-quatre-ailes\\\/certains-regardent-les-etoiles\\\/#breadcrumb\",\"itemListElement\":[{\"@type\":\"ListItem\",\"position\":1,\"name\":\"Accueil\",\"item\":\"https:\\\/\\\/www.collectifetcie.fr\\\/\"},{\"@type\":\"ListItem\",\"position\":2,\"name\":\"Artistes et compagnies\",\"item\":\"https:\\\/\\\/www.collectifetcie.fr\\\/index.php\\\/les-artistes\\\/\"},{\"@type\":\"ListItem\",\"position\":3,\"name\":\"Annabelle Brunet &#8211; Micha\u00ebl Dusautoy &#8211; Damien Saugeon > Collectif Quatre Ailes\",\"item\":\"https:\\\/\\\/www.collectifetcie.fr\\\/index.php\\\/les-artistes\\\/annabelle-brunet-michael-dusautoy-damien-saugeon-collectif-quatre-ailes\\\/\"},{\"@type\":\"ListItem\",\"position\":4,\"name\":\"CERTAINS REGARDENT LES ETOILES\"}]},{\"@type\":\"WebSite\",\"@id\":\"https:\\\/\\\/www.collectifetcie.fr\\\/#website\",\"url\":\"https:\\\/\\\/www.collectifetcie.fr\\\/\",\"name\":\"collectif et compagnie\",\"description\":\"\",\"publisher\":{\"@id\":\"https:\\\/\\\/www.collectifetcie.fr\\\/#organization\"},\"potentialAction\":[{\"@type\":\"SearchAction\",\"target\":{\"@type\":\"EntryPoint\",\"urlTemplate\":\"https:\\\/\\\/www.collectifetcie.fr\\\/?s={search_term_string}\"},\"query-input\":{\"@type\":\"PropertyValueSpecification\",\"valueRequired\":true,\"valueName\":\"search_term_string\"}}],\"inLanguage\":\"fr-FR\"},{\"@type\":\"Organization\",\"@id\":\"https:\\\/\\\/www.collectifetcie.fr\\\/#organization\",\"name\":\"collectif et compagnie\",\"url\":\"https:\\\/\\\/www.collectifetcie.fr\\\/\",\"logo\":{\"@type\":\"ImageObject\",\"inLanguage\":\"fr-FR\",\"@id\":\"https:\\\/\\\/www.collectifetcie.fr\\\/#\\\/schema\\\/logo\\\/image\\\/\",\"url\":\"https:\\\/\\\/www.collectifetcie.fr\\\/wp-content\\\/uploads\\\/2025\\\/09\\\/cropped-Bandeau-Site-04-09-25-OK.jpg\",\"contentUrl\":\"https:\\\/\\\/www.collectifetcie.fr\\\/wp-content\\\/uploads\\\/2025\\\/09\\\/cropped-Bandeau-Site-04-09-25-OK.jpg\",\"width\":1616,\"height\":234,\"caption\":\"collectif et compagnie\"},\"image\":{\"@id\":\"https:\\\/\\\/www.collectifetcie.fr\\\/#\\\/schema\\\/logo\\\/image\\\/\"}}]}<\/script>\n<!-- \/ Yoast SEO plugin. -->","yoast_head_json":{"title":"CERTAINS REGARDENT LES ETOILES - collectif et compagnie","robots":{"index":"index","follow":"follow","max-snippet":"max-snippet:-1","max-image-preview":"max-image-preview:large","max-video-preview":"max-video-preview:-1"},"canonical":"https:\/\/www.collectifetcie.fr\/index.php\/les-artistes\/annabelle-brunet-michael-dusautoy-damien-saugeon-collectif-quatre-ailes\/certains-regardent-les-etoiles\/","og_locale":"fr_FR","og_type":"article","og_title":"CERTAINS REGARDENT LES ETOILES - collectif et compagnie","og_description":"G\u00e9n\u00e9rique \/ R\u00e9sum\u00e9 \/ Dossier \/ Calendrier mise en sc\u00e8ne&nbsp;et&nbsp;sc\u00e9nographieMicha\u00ebl Dusautoy&nbsp;vid\u00e9o et sc\u00e9nographieAnnabelle Brunet&nbsp;collaboration&nbsp;artistique et dramaturgieJulie Andr\u00e9collaboration \u00e0 l\u2019\u00e9critureFr\u00e9d\u00e9ric Chevaux&nbsp;Musique Nicolas S\u00e9guy&nbsp;Design sonore Michel Head&nbsp;Costumes Sylvestre Ramos&nbsp;Maquillages Fiona Rossini&nbsp;Lumi\u00e8res et r\u00e9gie g\u00e9n\u00e9rale (en alternance) Philippe Zielinski Emmanuel Laborde Wilfrid Connell&nbsp;Lumi\u00e8res film muet Caroline Vandamme&nbsp;(assist\u00e9e par Ana\u00eblle Le Magorou) avec Damien Saugeon Au milieu des ann\u00e9es [&hellip;]","og_url":"https:\/\/www.collectifetcie.fr\/index.php\/les-artistes\/annabelle-brunet-michael-dusautoy-damien-saugeon-collectif-quatre-ailes\/certains-regardent-les-etoiles\/","og_site_name":"collectif et compagnie","article_modified_time":"2023-08-21T14:49:40+00:00","og_image":[{"url":"https:\/\/www.collectifetcie.fr\/wp-content\/uploads\/2021\/10\/MG_8467-light-2-1-1024x606.jpg","type":"","width":"","height":""}],"twitter_card":"summary_large_image","twitter_misc":{"Dur\u00e9e de lecture estim\u00e9e":"3 minutes"},"schema":{"@context":"https:\/\/schema.org","@graph":[{"@type":"WebPage","@id":"https:\/\/www.collectifetcie.fr\/index.php\/les-artistes\/annabelle-brunet-michael-dusautoy-damien-saugeon-collectif-quatre-ailes\/certains-regardent-les-etoiles\/","url":"https:\/\/www.collectifetcie.fr\/index.php\/les-artistes\/annabelle-brunet-michael-dusautoy-damien-saugeon-collectif-quatre-ailes\/certains-regardent-les-etoiles\/","name":"CERTAINS REGARDENT LES ETOILES - collectif et compagnie","isPartOf":{"@id":"https:\/\/www.collectifetcie.fr\/#website"},"primaryImageOfPage":{"@id":"https:\/\/www.collectifetcie.fr\/index.php\/les-artistes\/annabelle-brunet-michael-dusautoy-damien-saugeon-collectif-quatre-ailes\/certains-regardent-les-etoiles\/#primaryimage"},"image":{"@id":"https:\/\/www.collectifetcie.fr\/index.php\/les-artistes\/annabelle-brunet-michael-dusautoy-damien-saugeon-collectif-quatre-ailes\/certains-regardent-les-etoiles\/#primaryimage"},"thumbnailUrl":"https:\/\/www.collectifetcie.fr\/wp-content\/uploads\/2021\/10\/MG_8467-light-2-1-1024x606.jpg","datePublished":"2021-10-20T18:00:51+00:00","dateModified":"2023-08-21T14:49:40+00:00","breadcrumb":{"@id":"https:\/\/www.collectifetcie.fr\/index.php\/les-artistes\/annabelle-brunet-michael-dusautoy-damien-saugeon-collectif-quatre-ailes\/certains-regardent-les-etoiles\/#breadcrumb"},"inLanguage":"fr-FR","potentialAction":[{"@type":"ReadAction","target":["https:\/\/www.collectifetcie.fr\/index.php\/les-artistes\/annabelle-brunet-michael-dusautoy-damien-saugeon-collectif-quatre-ailes\/certains-regardent-les-etoiles\/"]}]},{"@type":"ImageObject","inLanguage":"fr-FR","@id":"https:\/\/www.collectifetcie.fr\/index.php\/les-artistes\/annabelle-brunet-michael-dusautoy-damien-saugeon-collectif-quatre-ailes\/certains-regardent-les-etoiles\/#primaryimage","url":"https:\/\/www.collectifetcie.fr\/wp-content\/uploads\/2021\/10\/MG_8467-light-2-1.jpg","contentUrl":"https:\/\/www.collectifetcie.fr\/wp-content\/uploads\/2021\/10\/MG_8467-light-2-1.jpg","width":1149,"height":680},{"@type":"BreadcrumbList","@id":"https:\/\/www.collectifetcie.fr\/index.php\/les-artistes\/annabelle-brunet-michael-dusautoy-damien-saugeon-collectif-quatre-ailes\/certains-regardent-les-etoiles\/#breadcrumb","itemListElement":[{"@type":"ListItem","position":1,"name":"Accueil","item":"https:\/\/www.collectifetcie.fr\/"},{"@type":"ListItem","position":2,"name":"Artistes et compagnies","item":"https:\/\/www.collectifetcie.fr\/index.php\/les-artistes\/"},{"@type":"ListItem","position":3,"name":"Annabelle Brunet &#8211; Micha\u00ebl Dusautoy &#8211; Damien Saugeon > Collectif Quatre Ailes","item":"https:\/\/www.collectifetcie.fr\/index.php\/les-artistes\/annabelle-brunet-michael-dusautoy-damien-saugeon-collectif-quatre-ailes\/"},{"@type":"ListItem","position":4,"name":"CERTAINS REGARDENT LES ETOILES"}]},{"@type":"WebSite","@id":"https:\/\/www.collectifetcie.fr\/#website","url":"https:\/\/www.collectifetcie.fr\/","name":"collectif et compagnie","description":"","publisher":{"@id":"https:\/\/www.collectifetcie.fr\/#organization"},"potentialAction":[{"@type":"SearchAction","target":{"@type":"EntryPoint","urlTemplate":"https:\/\/www.collectifetcie.fr\/?s={search_term_string}"},"query-input":{"@type":"PropertyValueSpecification","valueRequired":true,"valueName":"search_term_string"}}],"inLanguage":"fr-FR"},{"@type":"Organization","@id":"https:\/\/www.collectifetcie.fr\/#organization","name":"collectif et compagnie","url":"https:\/\/www.collectifetcie.fr\/","logo":{"@type":"ImageObject","inLanguage":"fr-FR","@id":"https:\/\/www.collectifetcie.fr\/#\/schema\/logo\/image\/","url":"https:\/\/www.collectifetcie.fr\/wp-content\/uploads\/2025\/09\/cropped-Bandeau-Site-04-09-25-OK.jpg","contentUrl":"https:\/\/www.collectifetcie.fr\/wp-content\/uploads\/2025\/09\/cropped-Bandeau-Site-04-09-25-OK.jpg","width":1616,"height":234,"caption":"collectif et compagnie"},"image":{"@id":"https:\/\/www.collectifetcie.fr\/#\/schema\/logo\/image\/"}}]}},"_links":{"self":[{"href":"https:\/\/www.collectifetcie.fr\/index.php\/wp-json\/wp\/v2\/pages\/717","targetHints":{"allow":["GET"]}}],"collection":[{"href":"https:\/\/www.collectifetcie.fr\/index.php\/wp-json\/wp\/v2\/pages"}],"about":[{"href":"https:\/\/www.collectifetcie.fr\/index.php\/wp-json\/wp\/v2\/types\/page"}],"author":[{"embeddable":true,"href":"https:\/\/www.collectifetcie.fr\/index.php\/wp-json\/wp\/v2\/users\/1"}],"replies":[{"embeddable":true,"href":"https:\/\/www.collectifetcie.fr\/index.php\/wp-json\/wp\/v2\/comments?post=717"}],"version-history":[{"count":37,"href":"https:\/\/www.collectifetcie.fr\/index.php\/wp-json\/wp\/v2\/pages\/717\/revisions"}],"predecessor-version":[{"id":3151,"href":"https:\/\/www.collectifetcie.fr\/index.php\/wp-json\/wp\/v2\/pages\/717\/revisions\/3151"}],"up":[{"embeddable":true,"href":"https:\/\/www.collectifetcie.fr\/index.php\/wp-json\/wp\/v2\/pages\/696"}],"wp:attachment":[{"href":"https:\/\/www.collectifetcie.fr\/index.php\/wp-json\/wp\/v2\/media?parent=717"}],"curies":[{"name":"wp","href":"https:\/\/api.w.org\/{rel}","templated":true}]}}