{"id":696,"date":"2021-10-20T19:17:40","date_gmt":"2021-10-20T17:17:40","guid":{"rendered":"https:\/\/www.collectifetcie.fr\/?page_id=696"},"modified":"2025-09-07T23:27:25","modified_gmt":"2025-09-07T21:27:25","slug":"annabelle-brunet-michael-dusautoy-damien-saugeon-collectif-quatre-ailes","status":"publish","type":"page","link":"https:\/\/www.collectifetcie.fr\/index.php\/les-artistes\/annabelle-brunet-michael-dusautoy-damien-saugeon-collectif-quatre-ailes\/","title":{"rendered":"Annabelle Brunet &#8211; Micha\u00ebl Dusautoy &#8211; Damien Saugeon > Collectif Quatre Ailes"},"content":{"rendered":"\n<p class=\"has-normal-font-size\"><strong>Le Collectif Quatre Ailes (Th\u00e9\u00e2tre et Images) r\u00e9unit depuis 2002 des artistes venus de disciplines multiples. <\/strong>Associ\u00e9 d\u00e8s sa cr\u00e9ation au com\u00e9dien&nbsp;Damien Saugeon,&nbsp;puis \u00e0 la plasticienne et vid\u00e9aste&nbsp;Annabelle Brunet, le metteur en sc\u00e8ne et plasticien&nbsp;Micha\u00ebl Dusautoy&nbsp;en assure la direction artistique. <br>Les spectacles du Collectif Quatre Ailes s\u2019adressent \u00e0 tous les publics, avec une attention particuli\u00e8re port\u00e9e \u00e0&nbsp;<strong>l\u2019enfance et la jeunesse<\/strong>. Le Collectif propose plusieurs niveaux de lecture pour cr\u00e9er du lien entre les g\u00e9n\u00e9rations et permettre un plus grand partage de l\u2019\u0153uvre. Leur d\u00e9marche est pluridisciplinaire. Elle croise diff\u00e9rentes \u00e9critures : litt\u00e9rature ; \u00e9criture visuelle avec la vid\u00e9o ; \u00e9criture musicale et sonore ; \u00e9criture physique avec les corps et l\u2019espace. Le Collectif Quatre Ailes aborde l\u2019espace th\u00e9\u00e2tral comme un lieu pour s\u2019\u00e9merveiller. Th\u00e9\u00e2tre a\u00e9rien et th\u00e9\u00e2tre d\u2019ombres, vid\u00e9os d\u2019animation, textes po\u00e9tiques, les spectacles de la compagnie jouent de m\u00e9langes improbables et portent une vision \u00e0 la fois po\u00e9tique et critique sur le monde contemporain. <br>Apr\u00e8s une r\u00e9sidence au Th\u00e9\u00e2tre Antoine Vitez &#8211; Sc\u00e8ne d\u2019Ivry, il a \u00e9t\u00e9 associ\u00e9 \u00e0 la Sc\u00e8ne Watteau \u00e0 Nogent-sur-Marne et \u00e0 Anis Gras \u00e0 Arcueil. Leurs pr\u00e9c\u00e9dents spectacles : <em><strong>Le Projet RW<\/strong><\/em> inspir\u00e9 de l\u2019\u0153uvre de Robert Walser (2008) ; <em><strong>La Belle au bois<\/strong><\/em> de Jules Supervielle, (2011) ;<em> <strong>L\u2019oiseau bleu<\/strong> <\/em>d\u2019apr\u00e8s Maurice Maeterklinck, (2012) ; <em><strong>L\u2019embranchement de Mugby<\/strong><\/em> d\u2019apr\u00e8s Charles Dickens (2015) ; <em><strong>Apr\u00e8s le tremblement de terre<\/strong><\/em> d\u2019apr\u00e8s Haruki Murakami (2018), <em><strong>Certains regardent les \u00e9toiles<\/strong><\/em>, (2019) et toujours en tourn\u00e9e, <strong><em>Mais regarde-toi!<\/em><\/strong> (2021). <br>Le collectif d\u00e9bute un cycle autour de l&rsquo;adaptation pour le th\u00e9\u00e2tre d&rsquo;albums de Claude Ponti avec la cr\u00e9ation en novembre 2022 de <strong><em>Mille secrets de poussins<\/em><\/strong>, un spectacle hors les murs \u00e0 voir d\u00e8s trois ans, et poursuit avec la cr\u00e9ation \u00e0 venir en novembre 2023 de <strong><em>Okil\u00e9l\u00e9<\/em><\/strong>.<br><br>Le Collectif Quatre Ailes est en<strong> r\u00e9sidence \u00e0 l\u2019Espace Jean Vilar \u00e0 Arcueil. Il est subventionn\u00e9 par le Conseil D\u00e9partemental du Val-de-Marne.<\/strong><\/p>\n\n\n\n<div style=\"height:20px\" aria-hidden=\"true\" class=\"wp-block-spacer\"><\/div>\n\n\n\n<div class=\"wp-block-media-text alignwide is-stacked-on-mobile is-vertically-aligned-top\" style=\"grid-template-columns:28% auto\"><figure class=\"wp-block-media-text__media\"><img loading=\"lazy\" decoding=\"async\" width=\"1024\" height=\"683\" src=\"https:\/\/www.collectifetcie.fr\/wp-content\/uploads\/2022\/12\/DSC07641WEB-1024x683.jpg\" alt=\"\" class=\"wp-image-2534 size-full\" srcset=\"https:\/\/www.collectifetcie.fr\/wp-content\/uploads\/2022\/12\/DSC07641WEB-1024x683.jpg 1024w, https:\/\/www.collectifetcie.fr\/wp-content\/uploads\/2022\/12\/DSC07641WEB-300x200.jpg 300w, https:\/\/www.collectifetcie.fr\/wp-content\/uploads\/2022\/12\/DSC07641WEB-768x512.jpg 768w, https:\/\/www.collectifetcie.fr\/wp-content\/uploads\/2022\/12\/DSC07641WEB.jpg 1500w\" sizes=\"auto, (max-width: 1024px) 100vw, 1024px\" \/><\/figure><div class=\"wp-block-media-text__content\">\n<p class=\"has-text-align-left has-white-color has-text-color has-background\" style=\"background-color:#007c89;font-size:25px\"><strong>MILLE SECRETS DE POUSSINS<\/strong><\/p>\n\n\n\n<p class=\"has-black-color has-text-color\" style=\"font-size:16px\"><strong>THEATRE MULTIMEDIA HORS-LES-MURS<\/strong> <strong>&gt; d\u00e8s 3<\/strong> <strong>ans<\/strong><\/p>\n\n\n\n<p class=\"has-background\" style=\"background-color:#bfd541;font-size:16px\"><strong>&gt; EN DIFFUSION SAISON 2025\/26<br>&gt; DISPONIBLE SAISON 2026\/27<br><\/strong>cr\u00e9ation et diffusion 2023\/24, diffusion saison 2024\/25<br><strong><a href=\"https:\/\/www.collectifetcie.fr\/index.php\/les-artistes\/annabelle-brunet-michael-dusautoy-damien-saugeon-collectif-quatre-ailes\/mille-secrets-de-poussins\/\">en savoir +<\/a><\/strong><\/p>\n<\/div><\/div>\n\n\n\n<div style=\"height:25px\" aria-hidden=\"true\" class=\"wp-block-spacer\"><\/div>\n\n\n\n<div class=\"wp-block-media-text alignwide is-stacked-on-mobile is-vertically-aligned-top\" style=\"grid-template-columns:27% auto\"><figure class=\"wp-block-media-text__media\"><img loading=\"lazy\" decoding=\"async\" width=\"850\" height=\"794\" src=\"https:\/\/www.collectifetcie.fr\/wp-content\/uploads\/2023\/12\/Photo-OKILELE-1-guillemot.WEB_.jpg\" alt=\"\" class=\"wp-image-3548 size-full\" srcset=\"https:\/\/www.collectifetcie.fr\/wp-content\/uploads\/2023\/12\/Photo-OKILELE-1-guillemot.WEB_.jpg 850w, https:\/\/www.collectifetcie.fr\/wp-content\/uploads\/2023\/12\/Photo-OKILELE-1-guillemot.WEB_-300x280.jpg 300w, https:\/\/www.collectifetcie.fr\/wp-content\/uploads\/2023\/12\/Photo-OKILELE-1-guillemot.WEB_-768x717.jpg 768w\" sizes=\"auto, (max-width: 850px) 100vw, 850px\" \/><\/figure><div class=\"wp-block-media-text__content\">\n<p class=\"has-text-align-left has-white-color has-text-color has-background\" style=\"background-color:#007c89;font-size:25px\"><strong><strong>OKIL\u00c9L\u00c9<\/strong><\/strong><\/p>\n\n\n\n<p class=\"has-black-color has-text-color\" style=\"font-size:16px\"><strong>THEATRE NOIR ET MARIONNETTES VIDEO<\/strong>  <strong>&gt; d\u00e8s 4 ans<\/strong><\/p>\n\n\n\n<p class=\"has-black-color has-text-color has-background\" style=\"background-color:#bfd541;font-size:16px\"><strong>&gt; EN DIFFUSION SAISON 2025\/26<br>&gt; DISPONIBLE SAISON 2026\/27<br><\/strong>cr\u00e9ation et diffusion 2023\/24, diffusion saison 2024\/25<br><strong><a href=\"https:\/\/www.collectifetcie.fr\/index.php\/les-artistes\/annabelle-brunet-michael-dusautoy-damien-saugeon-collectif-quatre-ailes\/okilele\/\">en savoir +<\/a><\/strong><\/p>\n<\/div><\/div>\n\n\n\n<div style=\"height:25px\" aria-hidden=\"true\" class=\"wp-block-spacer\"><\/div>\n\n\n\n<div class=\"wp-block-media-text alignwide is-stacked-on-mobile is-vertically-aligned-top\" style=\"grid-template-columns:27% auto\"><figure class=\"wp-block-media-text__media\"><img loading=\"lazy\" decoding=\"async\" width=\"1024\" height=\"596\" src=\"https:\/\/www.collectifetcie.fr\/wp-content\/uploads\/2021\/02\/CRE-3-1024x596.jpg\" alt=\"\" class=\"wp-image-186 size-full\" srcset=\"https:\/\/www.collectifetcie.fr\/wp-content\/uploads\/2021\/02\/CRE-3-1024x596.jpg 1024w, https:\/\/www.collectifetcie.fr\/wp-content\/uploads\/2021\/02\/CRE-3-300x175.jpg 300w, https:\/\/www.collectifetcie.fr\/wp-content\/uploads\/2021\/02\/CRE-3-768x447.jpg 768w, https:\/\/www.collectifetcie.fr\/wp-content\/uploads\/2021\/02\/CRE-3.jpg 1088w\" sizes=\"auto, (max-width: 1024px) 100vw, 1024px\" \/><\/figure><div class=\"wp-block-media-text__content\">\n<p class=\"has-white-color has-text-color has-background\" style=\"background-color:#007c89;font-size:25px\"><strong>CERTAINS REGARDENT LES ETOILES<\/strong><\/p>\n\n\n\n<p style=\"font-size:16px\"><strong>THEATRE &amp; CINEMA &gt; d\u00e8s 8 ans<\/strong><\/p>\n\n\n\n<p class=\"has-black-color has-text-color has-background\" style=\"background-color:#bfd541;font-size:16px\"><strong>&gt; DISPONIBLE SAISON 2025\/26<\/strong><br>cr\u00e9ation saison 2018\/19 <br>en diffusion saisons 2029\/20, 20\/21, 21\/22, 22\/23 et 23\/24<strong><br><\/strong><a data-type=\"page\" data-id=\"717\" href=\"https:\/\/www.collectifetcie.fr\/index.php\/les-artistes\/annabelle-brunet-michael-dusautoy-damien-saugeon-collectif-quatre-ailes\/certains-regardent-les-etoiles\/\"><strong>en savoir +<\/strong><\/a><\/p>\n<\/div><\/div>\n\n\n\n<div style=\"height:25px\" aria-hidden=\"true\" class=\"wp-block-spacer\"><\/div>\n\n\n\n<div class=\"wp-block-media-text alignwide is-stacked-on-mobile is-vertically-aligned-top\" style=\"grid-template-columns:33% auto\"><figure class=\"wp-block-media-text__media\"><img loading=\"lazy\" decoding=\"async\" width=\"1024\" height=\"683\" src=\"https:\/\/www.collectifetcie.fr\/wp-content\/uploads\/2021\/10\/GUI09767guillemot-1024x683.jpeg\" alt=\"\" class=\"wp-image-702 size-full\" srcset=\"https:\/\/www.collectifetcie.fr\/wp-content\/uploads\/2021\/10\/GUI09767guillemot-1024x683.jpeg 1024w, https:\/\/www.collectifetcie.fr\/wp-content\/uploads\/2021\/10\/GUI09767guillemot-300x200.jpeg 300w, https:\/\/www.collectifetcie.fr\/wp-content\/uploads\/2021\/10\/GUI09767guillemot-768x512.jpeg 768w, https:\/\/www.collectifetcie.fr\/wp-content\/uploads\/2021\/10\/GUI09767guillemot-1536x1024.jpeg 1536w, https:\/\/www.collectifetcie.fr\/wp-content\/uploads\/2021\/10\/GUI09767guillemot-2048x1365.jpeg 2048w\" sizes=\"auto, (max-width: 1024px) 100vw, 1024px\" \/><\/figure><div class=\"wp-block-media-text__content\">\n<p class=\"has-text-align-left has-white-color has-text-color has-background\" style=\"background-color:#007c89;font-size:25px\"><strong>MAIS REGARDE-TOI!<\/strong><\/p>\n\n\n\n<p class=\"has-black-color has-text-color\" style=\"font-size:16px\"><strong>THEATRE &amp; CINEMA > d\u00e8s 11 ans<br><a href=\"https:\/\/www.collectif4ailes.fr\/creations\/mais-regarde-toi\/\">en savoir +<\/a><\/strong><\/p>\n<\/div><\/div>\n\n\n\n<div style=\"height:17px\" aria-hidden=\"true\" class=\"wp-block-spacer\"><\/div>\n\n\n\n<blockquote class=\"wp-block-quote has-text-align-right is-layout-flow wp-block-quote-is-layout-flow\" style=\"font-size:18px\">\n<p>D\u00e9couvrez le site &gt; <br><strong><a href=\"https:\/\/www.collectif4ailes.fr\/\" target=\"_blank\" rel=\"noreferrer noopener\">Collectif Quatre Ailes<\/a><\/strong><a href=\"https:\/\/www.collectif4ailes.fr\/\n\"><br><\/a><\/p>\n<\/blockquote>\n","protected":false},"excerpt":{"rendered":"<p>Le Collectif Quatre Ailes (Th\u00e9\u00e2tre et Images) r\u00e9unit depuis 2002 des artistes venus de disciplines multiples. Associ\u00e9 d\u00e8s sa cr\u00e9ation au com\u00e9dien&nbsp;Damien Saugeon,&nbsp;puis \u00e0 la plasticienne et vid\u00e9aste&nbsp;Annabelle Brunet, le metteur en sc\u00e8ne et plasticien&nbsp;Micha\u00ebl Dusautoy&nbsp;en assure la direction artistique. Les spectacles du Collectif Quatre Ailes s\u2019adressent \u00e0 tous les publics, avec une attention particuli\u00e8re [&hellip;]<\/p>\n","protected":false},"author":1,"featured_media":0,"parent":26,"menu_order":2,"comment_status":"closed","ping_status":"closed","template":"template-full.php","meta":{"footnotes":""},"class_list":["post-696","page","type-page","status-publish","hentry"],"yoast_head":"<!-- This site is optimized with the Yoast SEO plugin v27.5 - https:\/\/yoast.com\/product\/yoast-seo-wordpress\/ -->\n<title>Annabelle Brunet - Micha\u00ebl Dusautoy - Damien Saugeon &gt; Collectif Quatre Ailes - collectif et compagnie<\/title>\n<meta name=\"description\" content=\"Parcours et spectacles du Collectif Quatre Ailes r\u00e9unissant au plateau des artistes pluridisciplinaires, vid\u00e9o, th\u00e9\u00e2tre, arts plastiques\" \/>\n<meta name=\"robots\" content=\"index, follow, max-snippet:-1, max-image-preview:large, max-video-preview:-1\" \/>\n<link rel=\"canonical\" href=\"https:\/\/www.collectifetcie.fr\/index.php\/les-artistes\/annabelle-brunet-michael-dusautoy-damien-saugeon-collectif-quatre-ailes\/\" \/>\n<meta property=\"og:locale\" content=\"fr_FR\" \/>\n<meta property=\"og:type\" content=\"article\" \/>\n<meta property=\"og:title\" content=\"Annabelle Brunet - Micha\u00ebl Dusautoy - Damien Saugeon &gt; Collectif Quatre Ailes - collectif et compagnie\" \/>\n<meta property=\"og:description\" content=\"Parcours et spectacles du Collectif Quatre Ailes r\u00e9unissant au plateau des artistes pluridisciplinaires, vid\u00e9o, th\u00e9\u00e2tre, arts plastiques\" \/>\n<meta property=\"og:url\" content=\"https:\/\/www.collectifetcie.fr\/index.php\/les-artistes\/annabelle-brunet-michael-dusautoy-damien-saugeon-collectif-quatre-ailes\/\" \/>\n<meta property=\"og:site_name\" content=\"collectif et compagnie\" \/>\n<meta property=\"article:modified_time\" content=\"2025-09-07T21:27:25+00:00\" \/>\n<meta property=\"og:image\" content=\"https:\/\/www.collectifetcie.fr\/wp-content\/uploads\/2022\/12\/DSC07641WEB.jpg\" \/>\n\t<meta property=\"og:image:width\" content=\"1500\" \/>\n\t<meta property=\"og:image:height\" content=\"1000\" \/>\n\t<meta property=\"og:image:type\" content=\"image\/jpeg\" \/>\n<meta name=\"twitter:card\" content=\"summary_large_image\" \/>\n<meta name=\"twitter:label1\" content=\"Dur\u00e9e de lecture estim\u00e9e\" \/>\n\t<meta name=\"twitter:data1\" content=\"3 minutes\" \/>\n<script type=\"application\/ld+json\" class=\"yoast-schema-graph\">{\"@context\":\"https:\\\/\\\/schema.org\",\"@graph\":[{\"@type\":\"WebPage\",\"@id\":\"https:\\\/\\\/www.collectifetcie.fr\\\/index.php\\\/les-artistes\\\/annabelle-brunet-michael-dusautoy-damien-saugeon-collectif-quatre-ailes\\\/\",\"url\":\"https:\\\/\\\/www.collectifetcie.fr\\\/index.php\\\/les-artistes\\\/annabelle-brunet-michael-dusautoy-damien-saugeon-collectif-quatre-ailes\\\/\",\"name\":\"Annabelle Brunet - Micha\u00ebl Dusautoy - Damien Saugeon > Collectif Quatre Ailes - collectif et compagnie\",\"isPartOf\":{\"@id\":\"https:\\\/\\\/www.collectifetcie.fr\\\/#website\"},\"primaryImageOfPage\":{\"@id\":\"https:\\\/\\\/www.collectifetcie.fr\\\/index.php\\\/les-artistes\\\/annabelle-brunet-michael-dusautoy-damien-saugeon-collectif-quatre-ailes\\\/#primaryimage\"},\"image\":{\"@id\":\"https:\\\/\\\/www.collectifetcie.fr\\\/index.php\\\/les-artistes\\\/annabelle-brunet-michael-dusautoy-damien-saugeon-collectif-quatre-ailes\\\/#primaryimage\"},\"thumbnailUrl\":\"https:\\\/\\\/www.collectifetcie.fr\\\/wp-content\\\/uploads\\\/2022\\\/12\\\/DSC07641WEB-1024x683.jpg\",\"datePublished\":\"2021-10-20T17:17:40+00:00\",\"dateModified\":\"2025-09-07T21:27:25+00:00\",\"description\":\"Parcours et spectacles du Collectif Quatre Ailes r\u00e9unissant au plateau des artistes pluridisciplinaires, vid\u00e9o, th\u00e9\u00e2tre, arts plastiques\",\"breadcrumb\":{\"@id\":\"https:\\\/\\\/www.collectifetcie.fr\\\/index.php\\\/les-artistes\\\/annabelle-brunet-michael-dusautoy-damien-saugeon-collectif-quatre-ailes\\\/#breadcrumb\"},\"inLanguage\":\"fr-FR\",\"potentialAction\":[{\"@type\":\"ReadAction\",\"target\":[\"https:\\\/\\\/www.collectifetcie.fr\\\/index.php\\\/les-artistes\\\/annabelle-brunet-michael-dusautoy-damien-saugeon-collectif-quatre-ailes\\\/\"]}]},{\"@type\":\"ImageObject\",\"inLanguage\":\"fr-FR\",\"@id\":\"https:\\\/\\\/www.collectifetcie.fr\\\/index.php\\\/les-artistes\\\/annabelle-brunet-michael-dusautoy-damien-saugeon-collectif-quatre-ailes\\\/#primaryimage\",\"url\":\"https:\\\/\\\/www.collectifetcie.fr\\\/wp-content\\\/uploads\\\/2022\\\/12\\\/DSC07641WEB.jpg\",\"contentUrl\":\"https:\\\/\\\/www.collectifetcie.fr\\\/wp-content\\\/uploads\\\/2022\\\/12\\\/DSC07641WEB.jpg\",\"width\":1500,\"height\":1000},{\"@type\":\"BreadcrumbList\",\"@id\":\"https:\\\/\\\/www.collectifetcie.fr\\\/index.php\\\/les-artistes\\\/annabelle-brunet-michael-dusautoy-damien-saugeon-collectif-quatre-ailes\\\/#breadcrumb\",\"itemListElement\":[{\"@type\":\"ListItem\",\"position\":1,\"name\":\"Accueil\",\"item\":\"https:\\\/\\\/www.collectifetcie.fr\\\/\"},{\"@type\":\"ListItem\",\"position\":2,\"name\":\"Artistes et compagnies\",\"item\":\"https:\\\/\\\/www.collectifetcie.fr\\\/index.php\\\/les-artistes\\\/\"},{\"@type\":\"ListItem\",\"position\":3,\"name\":\"Annabelle Brunet &#8211; Micha\u00ebl Dusautoy &#8211; Damien Saugeon > Collectif Quatre Ailes\"}]},{\"@type\":\"WebSite\",\"@id\":\"https:\\\/\\\/www.collectifetcie.fr\\\/#website\",\"url\":\"https:\\\/\\\/www.collectifetcie.fr\\\/\",\"name\":\"collectif et compagnie\",\"description\":\"\",\"publisher\":{\"@id\":\"https:\\\/\\\/www.collectifetcie.fr\\\/#organization\"},\"potentialAction\":[{\"@type\":\"SearchAction\",\"target\":{\"@type\":\"EntryPoint\",\"urlTemplate\":\"https:\\\/\\\/www.collectifetcie.fr\\\/?s={search_term_string}\"},\"query-input\":{\"@type\":\"PropertyValueSpecification\",\"valueRequired\":true,\"valueName\":\"search_term_string\"}}],\"inLanguage\":\"fr-FR\"},{\"@type\":\"Organization\",\"@id\":\"https:\\\/\\\/www.collectifetcie.fr\\\/#organization\",\"name\":\"collectif et compagnie\",\"url\":\"https:\\\/\\\/www.collectifetcie.fr\\\/\",\"logo\":{\"@type\":\"ImageObject\",\"inLanguage\":\"fr-FR\",\"@id\":\"https:\\\/\\\/www.collectifetcie.fr\\\/#\\\/schema\\\/logo\\\/image\\\/\",\"url\":\"https:\\\/\\\/www.collectifetcie.fr\\\/wp-content\\\/uploads\\\/2025\\\/09\\\/cropped-Bandeau-Site-04-09-25-OK.jpg\",\"contentUrl\":\"https:\\\/\\\/www.collectifetcie.fr\\\/wp-content\\\/uploads\\\/2025\\\/09\\\/cropped-Bandeau-Site-04-09-25-OK.jpg\",\"width\":1616,\"height\":234,\"caption\":\"collectif et compagnie\"},\"image\":{\"@id\":\"https:\\\/\\\/www.collectifetcie.fr\\\/#\\\/schema\\\/logo\\\/image\\\/\"}}]}<\/script>\n<!-- \/ Yoast SEO plugin. -->","yoast_head_json":{"title":"Annabelle Brunet - Micha\u00ebl Dusautoy - Damien Saugeon > Collectif Quatre Ailes - collectif et compagnie","description":"Parcours et spectacles du Collectif Quatre Ailes r\u00e9unissant au plateau des artistes pluridisciplinaires, vid\u00e9o, th\u00e9\u00e2tre, arts plastiques","robots":{"index":"index","follow":"follow","max-snippet":"max-snippet:-1","max-image-preview":"max-image-preview:large","max-video-preview":"max-video-preview:-1"},"canonical":"https:\/\/www.collectifetcie.fr\/index.php\/les-artistes\/annabelle-brunet-michael-dusautoy-damien-saugeon-collectif-quatre-ailes\/","og_locale":"fr_FR","og_type":"article","og_title":"Annabelle Brunet - Micha\u00ebl Dusautoy - Damien Saugeon > Collectif Quatre Ailes - collectif et compagnie","og_description":"Parcours et spectacles du Collectif Quatre Ailes r\u00e9unissant au plateau des artistes pluridisciplinaires, vid\u00e9o, th\u00e9\u00e2tre, arts plastiques","og_url":"https:\/\/www.collectifetcie.fr\/index.php\/les-artistes\/annabelle-brunet-michael-dusautoy-damien-saugeon-collectif-quatre-ailes\/","og_site_name":"collectif et compagnie","article_modified_time":"2025-09-07T21:27:25+00:00","og_image":[{"width":1500,"height":1000,"url":"https:\/\/www.collectifetcie.fr\/wp-content\/uploads\/2022\/12\/DSC07641WEB.jpg","type":"image\/jpeg"}],"twitter_card":"summary_large_image","twitter_misc":{"Dur\u00e9e de lecture estim\u00e9e":"3 minutes"},"schema":{"@context":"https:\/\/schema.org","@graph":[{"@type":"WebPage","@id":"https:\/\/www.collectifetcie.fr\/index.php\/les-artistes\/annabelle-brunet-michael-dusautoy-damien-saugeon-collectif-quatre-ailes\/","url":"https:\/\/www.collectifetcie.fr\/index.php\/les-artistes\/annabelle-brunet-michael-dusautoy-damien-saugeon-collectif-quatre-ailes\/","name":"Annabelle Brunet - Micha\u00ebl Dusautoy - Damien Saugeon > Collectif Quatre Ailes - collectif et compagnie","isPartOf":{"@id":"https:\/\/www.collectifetcie.fr\/#website"},"primaryImageOfPage":{"@id":"https:\/\/www.collectifetcie.fr\/index.php\/les-artistes\/annabelle-brunet-michael-dusautoy-damien-saugeon-collectif-quatre-ailes\/#primaryimage"},"image":{"@id":"https:\/\/www.collectifetcie.fr\/index.php\/les-artistes\/annabelle-brunet-michael-dusautoy-damien-saugeon-collectif-quatre-ailes\/#primaryimage"},"thumbnailUrl":"https:\/\/www.collectifetcie.fr\/wp-content\/uploads\/2022\/12\/DSC07641WEB-1024x683.jpg","datePublished":"2021-10-20T17:17:40+00:00","dateModified":"2025-09-07T21:27:25+00:00","description":"Parcours et spectacles du Collectif Quatre Ailes r\u00e9unissant au plateau des artistes pluridisciplinaires, vid\u00e9o, th\u00e9\u00e2tre, arts plastiques","breadcrumb":{"@id":"https:\/\/www.collectifetcie.fr\/index.php\/les-artistes\/annabelle-brunet-michael-dusautoy-damien-saugeon-collectif-quatre-ailes\/#breadcrumb"},"inLanguage":"fr-FR","potentialAction":[{"@type":"ReadAction","target":["https:\/\/www.collectifetcie.fr\/index.php\/les-artistes\/annabelle-brunet-michael-dusautoy-damien-saugeon-collectif-quatre-ailes\/"]}]},{"@type":"ImageObject","inLanguage":"fr-FR","@id":"https:\/\/www.collectifetcie.fr\/index.php\/les-artistes\/annabelle-brunet-michael-dusautoy-damien-saugeon-collectif-quatre-ailes\/#primaryimage","url":"https:\/\/www.collectifetcie.fr\/wp-content\/uploads\/2022\/12\/DSC07641WEB.jpg","contentUrl":"https:\/\/www.collectifetcie.fr\/wp-content\/uploads\/2022\/12\/DSC07641WEB.jpg","width":1500,"height":1000},{"@type":"BreadcrumbList","@id":"https:\/\/www.collectifetcie.fr\/index.php\/les-artistes\/annabelle-brunet-michael-dusautoy-damien-saugeon-collectif-quatre-ailes\/#breadcrumb","itemListElement":[{"@type":"ListItem","position":1,"name":"Accueil","item":"https:\/\/www.collectifetcie.fr\/"},{"@type":"ListItem","position":2,"name":"Artistes et compagnies","item":"https:\/\/www.collectifetcie.fr\/index.php\/les-artistes\/"},{"@type":"ListItem","position":3,"name":"Annabelle Brunet &#8211; Micha\u00ebl Dusautoy &#8211; Damien Saugeon > Collectif Quatre Ailes"}]},{"@type":"WebSite","@id":"https:\/\/www.collectifetcie.fr\/#website","url":"https:\/\/www.collectifetcie.fr\/","name":"collectif et compagnie","description":"","publisher":{"@id":"https:\/\/www.collectifetcie.fr\/#organization"},"potentialAction":[{"@type":"SearchAction","target":{"@type":"EntryPoint","urlTemplate":"https:\/\/www.collectifetcie.fr\/?s={search_term_string}"},"query-input":{"@type":"PropertyValueSpecification","valueRequired":true,"valueName":"search_term_string"}}],"inLanguage":"fr-FR"},{"@type":"Organization","@id":"https:\/\/www.collectifetcie.fr\/#organization","name":"collectif et compagnie","url":"https:\/\/www.collectifetcie.fr\/","logo":{"@type":"ImageObject","inLanguage":"fr-FR","@id":"https:\/\/www.collectifetcie.fr\/#\/schema\/logo\/image\/","url":"https:\/\/www.collectifetcie.fr\/wp-content\/uploads\/2025\/09\/cropped-Bandeau-Site-04-09-25-OK.jpg","contentUrl":"https:\/\/www.collectifetcie.fr\/wp-content\/uploads\/2025\/09\/cropped-Bandeau-Site-04-09-25-OK.jpg","width":1616,"height":234,"caption":"collectif et compagnie"},"image":{"@id":"https:\/\/www.collectifetcie.fr\/#\/schema\/logo\/image\/"}}]}},"_links":{"self":[{"href":"https:\/\/www.collectifetcie.fr\/index.php\/wp-json\/wp\/v2\/pages\/696","targetHints":{"allow":["GET"]}}],"collection":[{"href":"https:\/\/www.collectifetcie.fr\/index.php\/wp-json\/wp\/v2\/pages"}],"about":[{"href":"https:\/\/www.collectifetcie.fr\/index.php\/wp-json\/wp\/v2\/types\/page"}],"author":[{"embeddable":true,"href":"https:\/\/www.collectifetcie.fr\/index.php\/wp-json\/wp\/v2\/users\/1"}],"replies":[{"embeddable":true,"href":"https:\/\/www.collectifetcie.fr\/index.php\/wp-json\/wp\/v2\/comments?post=696"}],"version-history":[{"count":108,"href":"https:\/\/www.collectifetcie.fr\/index.php\/wp-json\/wp\/v2\/pages\/696\/revisions"}],"predecessor-version":[{"id":5772,"href":"https:\/\/www.collectifetcie.fr\/index.php\/wp-json\/wp\/v2\/pages\/696\/revisions\/5772"}],"up":[{"embeddable":true,"href":"https:\/\/www.collectifetcie.fr\/index.php\/wp-json\/wp\/v2\/pages\/26"}],"wp:attachment":[{"href":"https:\/\/www.collectifetcie.fr\/index.php\/wp-json\/wp\/v2\/media?parent=696"}],"curies":[{"name":"wp","href":"https:\/\/api.w.org\/{rel}","templated":true}]}}