{"id":4685,"date":"2025-01-21T17:27:41","date_gmt":"2025-01-21T16:27:41","guid":{"rendered":"https:\/\/www.collectifetcie.fr\/?page_id=4685"},"modified":"2026-09-02T12:59:51","modified_gmt":"2026-09-02T10:59:51","slug":"les-deux-freres-et-les-lions","status":"publish","type":"page","link":"https:\/\/www.collectifetcie.fr\/index.php\/les-artistes\/lisa-pajon-hedi-tillette-de-clermont-tonnerre-theatre-irruptionnel\/les-deux-freres-et-les-lions\/","title":{"rendered":"LES DEUX FRERES ET LES LIONS"},"content":{"rendered":"\n<p class=\"has-text-align-center wp-block-paragraph\"><strong>THEATRE &#8211; Pour LA SALLE &#8211; LE HORS-LES-MURS &#8211; LE PLEIN AIR<\/strong><\/p>\n\n\n\n<div class=\"wp-block-columns is-layout-flex wp-container-core-columns-is-layout-8f761849 wp-block-columns-is-layout-flex\">\n<div class=\"wp-block-column is-layout-flow wp-block-column-is-layout-flow\" style=\"flex-basis:33.34%\">\n<div class=\"wp-block-columns is-layout-flex wp-container-core-columns-is-layout-8f761849 wp-block-columns-is-layout-flex\">\n<div class=\"wp-block-column is-layout-flow wp-block-column-is-layout-flow\" style=\"flex-basis:100%\">\n<div class=\"wp-block-group\"><div class=\"wp-block-group__inner-container is-layout-flow wp-block-group-is-layout-flow\">\n<figure class=\"wp-block-video\"><video height=\"540\" style=\"aspect-ratio: 960 \/ 540;\" width=\"960\" controls src=\"https:\/\/www.collectifetcie.fr\/wp-content\/uploads\/2025\/01\/teaser_-_les_deux_freres_et_les_lions_-_hedi_tillette_de_clermont-tonnerre-540p.mp4\"><\/video><\/figure>\n<\/div><\/div>\n<\/div>\n<\/div>\n<\/div>\n\n\n\n<div class=\"wp-block-column is-layout-flow wp-block-column-is-layout-flow\" style=\"flex-basis:33.34%\"><div class=\"wp-block-image\">\n<figure class=\"aligncenter size-full\"><img loading=\"lazy\" decoding=\"async\" width=\"960\" height=\"640\" src=\"https:\/\/www.collectifetcie.fr\/wp-content\/uploads\/2025\/01\/16508024_1759828861002727_1840145537966206733_n.jpg\" alt=\"\" class=\"wp-image-4686\" srcset=\"https:\/\/www.collectifetcie.fr\/wp-content\/uploads\/2025\/01\/16508024_1759828861002727_1840145537966206733_n.jpg 960w, https:\/\/www.collectifetcie.fr\/wp-content\/uploads\/2025\/01\/16508024_1759828861002727_1840145537966206733_n-300x200.jpg 300w, https:\/\/www.collectifetcie.fr\/wp-content\/uploads\/2025\/01\/16508024_1759828861002727_1840145537966206733_n-768x512.jpg 768w\" sizes=\"auto, (max-width: 960px) 100vw, 960px\" \/><\/figure>\n<\/div><\/div>\n\n\n\n<div class=\"wp-block-column is-layout-flow wp-block-column-is-layout-flow\" style=\"flex-basis:33.33%\">\n<figure class=\"wp-block-image size-full\"><img loading=\"lazy\" decoding=\"async\" width=\"960\" height=\"639\" src=\"https:\/\/www.collectifetcie.fr\/wp-content\/uploads\/2025\/01\/48385523_2174986022819604_3176434044049031168_n.jpg\" alt=\"\" class=\"wp-image-4687\" srcset=\"https:\/\/www.collectifetcie.fr\/wp-content\/uploads\/2025\/01\/48385523_2174986022819604_3176434044049031168_n.jpg 960w, https:\/\/www.collectifetcie.fr\/wp-content\/uploads\/2025\/01\/48385523_2174986022819604_3176434044049031168_n-300x200.jpg 300w, https:\/\/www.collectifetcie.fr\/wp-content\/uploads\/2025\/01\/48385523_2174986022819604_3176434044049031168_n-768x511.jpg 768w\" sizes=\"auto, (max-width: 960px) 100vw, 960px\" \/><\/figure>\n<\/div>\n<\/div>\n\n\n\n<p class=\"has-text-align-center has-white-color has-text-color has-background has-medium-font-size wp-block-paragraph\" style=\"background-color:#007c89\"><strong><strong>g\u00e9n\u00e9rique \/ r\u00e9sum\u00e9 \/ presse \/ dossiers \/ calendrier <\/strong><\/strong><\/p>\n\n\n\n<div class=\"wp-block-columns is-layout-flex wp-container-core-columns-is-layout-8f761849 wp-block-columns-is-layout-flex\">\n<div class=\"wp-block-column is-layout-flow wp-block-column-is-layout-flow\">\n<p class=\"has-background wp-block-paragraph\" id=\"g\u00e9n\u00e9rique\" style=\"background-color:#bfd541;font-size:15px\"><br>texte <strong>H\u00e9di Tillette de Clermont-Tonnerre <\/strong><br>Avec la participation de<br><strong>Sophie Poirey<\/strong>, maitre de conf\u00e9rences en droit Normand \u00e0 l\u2019Universit\u00e9 de Caen <br>\u00c9ditions Collection des quatre-vents &#8211; L&rsquo;avant-sc\u00e8ne th\u00e9\u00e2tre<br><br>mise en sc\u00e8ne <br><strong>Vincent Debost <\/strong>et<br><strong>H\u00e9di Tillette de Clermont-Tonnerre <\/strong><br>musiques originales<br><strong>Nicolas Delbart <\/strong><br>avec la participation<br>d\u2019<strong>Olivier Daviaud <\/strong><br>cr\u00e9ation lumi\u00e8re <br><strong>S\u00e9bastien O\u2019kelly <\/strong><br>cr\u00e9ation vid\u00e9o <br><strong>Christophe Waksmann <\/strong><br>r\u00e9gie lumi\u00e8re <strong>Gr\u00e9gory Vanheulle<\/strong><br><br>avec<br><strong>Lisa Pajon <\/strong><br><strong>H\u00e9di Tillette de Clermont-Tonnerre <\/strong><br><br><strong>Dur\u00e9e 1h<\/strong><\/p>\n\n\n\n<div class=\"wp-block-buttons is-layout-flex wp-block-buttons-is-layout-flex\">\n<div class=\"wp-block-button\"><a class=\"wp-block-button__link has-black-color has-text-color has-background has-link-color wp-element-button\" style=\"background-color:#bfd541\"><strong>DOSSIER DE DIFFUSION<\/strong><\/a><\/div>\n<\/div>\n<\/div>\n\n\n\n<div class=\"wp-block-column is-layout-flow wp-block-column-is-layout-flow\">\n<p class=\"wp-block-paragraph\" id=\"r\u00e9sum\u00e9\" style=\"font-size:15px\"><em>Les Deux Fr\u00e8res et les Lions<\/em> est un conte. Tir\u00e9 d\u2019une histoire vraie, il dresse le portrait de deux fr\u00e8res jumeaux issus d\u2019un milieu pauvre qui vont devenir \u00e0 la fin du XX\u00e8me si\u00e8cle l\u2019une des plus grandes fortunes de Grande Bretagne. Mais alors qu\u2019ils ont triomph\u00e9 de tout, que se passe-t-il, lorsqu\u2019en 1990, ces deux milliardaires install\u00e9s sur les \u00eeles anglo-normandes de Brecqhou veulent faire h\u00e9riter leurs filles respectives ? <br>A travers leurs parcours d\u2019autodidactes, c\u2019est une histoire en creux du capitalisme qui se raconte devant nos yeux. C\u2019est aussi le destin exceptionnel de deux gamins stigmatis\u00e9s qui deviennent des monstres froids et \u00e9go\u00efstes au coeur de nos soci\u00e9t\u00e9s d\u00e9mocratiques.<\/p>\n\n\n\n<p class=\"has-text-color has-link-color wp-elements-1 wp-block-paragraph\" style=\"color:#007c89;font-size:15px\"><br><strong>TELERAMA TTT<\/strong>&nbsp; &#8211; Jo\u00eblle Gayot&nbsp;<br>\u00ab\u00a0<strong>Un texte hilarant en forme de parabole cinglante du capitalisme triomphant. <\/strong>On se croit parfois pris dans un film policier tant le rythme est haletant et la tension constante. <strong>Jubilatoire.\u00a0\u00bb&nbsp;<\/strong><br><br><strong>LE POINT<\/strong> <strong>***<\/strong>&#8211; B. Eschapasse&nbsp;&#8211;&nbsp;V. De Montclos<br>\u00ab\u00a0Inspir\u00e9e d\u2019une histoire vraie, celle des fr\u00e8res David et Frederick Barclay, propri\u00e9taires d\u2019une cha\u00eene d\u2019h\u00f4tels de luxe et de nombreux m\u00e9dias outre-Manche, cette pi\u00e8ce joue habilement sur plusieurs tableaux. Celui de la com\u00e9die d\u2019abord, teint\u00e9e d\u2019ironie mordante (\u00ab so british \u00bb), celui de la fable politique, ensuite, voire de l\u2019all\u00e9gorie philosophique. <strong>Lisa Pajon et H\u00e9di Tillette de Clermont-Tonnerre <\/strong>\u2013 par ailleurs auteur du texte \u2013 <strong>livrent ici une prestation remarquable.<\/strong>\u00ab\u00a0<br><\/p>\n<\/div>\n\n\n\n<div class=\"wp-block-column is-layout-flow wp-block-column-is-layout-flow\">\n<p class=\"has-black-color has-text-color has-background has-small-font-size wp-block-paragraph\" style=\"background-color:#bfd541\"><strong>production : Le Th\u00e9\u00e2tre Irruptionnel<\/strong><br><strong>Coproduction<\/strong> : Le Forum \u2013 sc\u00e8ne conventionn\u00e9e de Blanc-Mesnil.<br><strong>Avec le soutien <\/strong>de la Direction r\u00e9gionale des affaires culturelles d&rsquo;\u00cele-de-France &#8211; Minist\u00e8re de la Culture, du Fonds SACD Th\u00e9\u00e2tre, et du Trident \u2013 sc\u00e8ne nationale de Cherbourg.<br>Remerciements \u00e0 Paris, Mus\u00e9e de Cluny &#8211; Mus\u00e9e national du Moyen \u00c2ge pour les droits d&rsquo;utilisation de \u00ab La Dame \u00e0 la Licorne \u00bb, intitul\u00e9 \u00ab go\u00fbt \u00bb (Cl. 10831).<br><br>Le Th\u00e9\u00e2tre Irruptionnel est conventionn\u00e9 par la R\u00e9gion Nouvelle-Aquitaine depuis 2019 et soutenu par la DRAC Nouvelle-Aquitaine.<\/p>\n\n\n\n<p class=\"has-text-color wp-block-paragraph\" style=\"color:#007c89;font-size:15px\"><strong>LE FIGARO <\/strong>\u2013 Armelle H\u00e9liot&nbsp;<br>\u00ab\u00a0<strong>A rugir de plaisir.<\/strong>&nbsp; Le destin exceptionnel de jumeaux autodidactes. <strong>Spectacle irresistible et tout en rupture de ton et trouvailles<\/strong>.\u00a0\u00bb&nbsp;<br><br><strong>L&rsquo;EXPRESS <\/strong>&#8211; CB<br>\u00ab\u00a0<strong>H\u00e9di Tillette de Clermont-Tonnerre a tir\u00e9 un duo magistral.<\/strong> Les jumeaux parlent en m\u00eame temps ou \u00e0 tour de r\u00f4le, en un mono-dialogue ac\u00e9r\u00e9 et virulent, en phase avec la brutalit\u00e9 de leur business. On suit cette lutte d&rsquo;un autre \u00e2ge sans choisir son camp<strong>. Le droit normand, phallocrate, est ind\u00e9fendable. Le pouvoir de l&rsquo;argent, absolu, est d\u00e9testable.<\/strong>\u00ab\u00a0<\/p>\n\n\n\n<div class=\"wp-block-buttons is-layout-flex wp-block-buttons-is-layout-flex\">\n<div class=\"wp-block-button\"><a class=\"wp-block-button__link has-background wp-element-button\" href=\"https:\/\/www.collectifetcie.fr\/wp-content\/uploads\/2026\/07\/Revue-de-presse-Oeuvre-extraits-2406.pdf\" style=\"background-color:#007c89\"><strong>REVUE DE PRESSE<\/strong><\/a><\/div>\n<\/div>\n<\/div>\n<\/div>\n\n\n\n<p class=\"has-white-color has-text-color has-background has-medium-font-size wp-block-paragraph\" style=\"background-color:#007c89\"><strong>DIFFUSION 2026\/27<\/strong><\/p>\n\n\n\n<div class=\"wp-block-columns is-layout-flex wp-container-core-columns-is-layout-8f761849 wp-block-columns-is-layout-flex\">\n<div class=\"wp-block-column is-layout-flow wp-block-column-is-layout-flow\">\n<p class=\"wp-block-paragraph\" style=\"font-size:14px\"><a href=\"https:\/\/www.theatredeloeuvre.com\/spectacle\/les-2-freres-et-les-lions\/\"><strong>Th\u00e9\u00e2tre de l&rsquo;\u0152uvre<\/strong><\/a> \u00e0 Paris&nbsp;<br>tous les mercredis de septembre \u00e0 d\u00e9cembre 2026<br><strong>mercredi 16 septembre <\/strong>2026 &#8211; 19h<br><strong>mercredi 23 septembre<\/strong> 2026 &#8211; 19h<br><strong>mercredi 30 septembre <\/strong>2026 &#8211; 19h<br><strong>mercredi 7 octobre <\/strong>2026 &#8211; 19h<br><strong>mercredi 14 octobre <\/strong>2026 &#8211; 19h<br><strong>mercredi 21 octobre <\/strong>2026 &#8211; 19h<br><strong>mercredi 28 octobre <\/strong>2026 &#8211; 19h<br><strong>mercredi 4 novembre <\/strong>2026 &#8211; 19h<br><strong>mercredi 11 novembre <\/strong>2026 &#8211; 19h<br><strong>mercredi 18 novembre <\/strong>2026 &#8211; 19h<br><strong>mercredi 25 novembre <\/strong>2026 &#8211; 19h<br><strong>mercredi 2 d\u00e9cembre <\/strong>2026 &#8211; 19h<br><strong>mercredi 9 d\u00e9cembre <\/strong>2026 &#8211; 19h<br><strong>mercredi 16 d\u00e9cembre <\/strong>2026 &#8211; 19h<br><strong>mercredi 23 d\u00e9cembre <\/strong>2026 &#8211; 19h<br><em>Lisa Pajon &amp; H\u00e9di Tillette de Clermont-Tonnerre jouent en alternance<\/em><br><em>avec Clara Arthur-Vaude &amp; Na\u00efm Bakhtiar<\/em><\/p>\n<\/div>\n\n\n\n<div class=\"wp-block-column is-layout-flow wp-block-column-is-layout-flow\">\n<p class=\"wp-block-paragraph\" style=\"font-size:14px\"><a href=\"https:\/\/www.galliasaintes.com\/\"><strong>Gallia Th\u00e9\u00e2tre Cin\u00e9ma <\/strong><\/a>&#8211; Saintes<strong> <\/strong>(17) <br><strong>mardi 2 f\u00e9vrier 2027<\/strong> &#8211; 20h<br><br><a href=\"https:\/\/www.trident-scenenationale.com\/programmation\/les-deux-freres-et-les-lions\"><strong>Le Trident,<\/strong><\/a> <strong>Sc\u00e8ne Nationale <\/strong>de<strong> <\/strong>Cherbourg (50)<br><strong>mercredi 10 f\u00e9vrier <\/strong>2027 &#8211; 20h30<br><strong>jeudi 11 f\u00e9vrier<\/strong> 2027- 14h en HLM \u00e0 l&rsquo;IUT de Cherbourg<br><strong>vendredi 12 f\u00e9vrier <\/strong>2027 &#8211; 20h en HLM Salle des f\u00eates de St Vaast la Hougue<br><strong>samedi 13 f\u00e9vrier <\/strong>2027 -20h en HLM Halle 901 de St Pierre Eglise<br><\/p>\n<\/div>\n<\/div>\n\n\n\n<p class=\"wp-block-paragraph\"><strong>Diffusion<\/strong>&nbsp;&gt; <strong>collectif &amp; compagnie<\/strong> <br>Estelle Delorme &gt; 06 77 13 30 88 \/ <a href=\"mailto:estelle.delorme@collectifetcie.fr\">estelle.delorme@collectifetcie.fr<\/a> <br>G\u00e9raldine Morier-Genoud&nbsp;&gt; 06 20 41 41 25 \/ <a href=\"mailto:geraldine.moriergenoud@collectifetcie.fr\">geraldine.moriergenoud<\/a><a href=\"mailto:estelle.delorme@collectifetcie.fr\">@collectifetcie.fr<\/a> <br><br><strong>Administration<br><\/strong>Fanny Laurent &#8211; 06 99 45 88 76 \/ <a href=\"mailto:theatre.irruptionnel.cie@gmail.com\">theatre.irruptionnel.cie@gmail.com<\/a><br><\/p>\n\n\n\n<p class=\"has-black-color has-text-color has-background wp-block-paragraph\" style=\"background-color:#bfd541;font-size:15px\"><strong>DIFFUSION 2025\/26<\/strong><\/p>\n\n\n\n<p class=\"wp-block-paragraph\" style=\"font-size:14px\">Dans le cadre de la saison du<strong> <a href=\"https:\/\/letheatredeverdure.com\/\">Festival du Th\u00e9\u00e2tre de Verdure<\/a> <\/strong> <strong>du 19 au 27 septembre <\/strong>2026<strong><br><\/strong><br><strong><a href=\"https:\/\/www.lesechoir.com\/\">Le S\u00e9choir <\/a>&#8211;<\/strong> Leu Tempo Festival \u00e0 Saint-Leu (La R\u00e9union) <br><strong>mercredi 06 <\/strong>mai 2026 &#8211; 18h30<br><strong>jeudi 07 mai <\/strong>2026 &#8211; 18h30 et 21h00<br><strong>vendredi 08 mai <\/strong>2026 &#8211; 18h30 et 21h00<br><strong>samedi 09 mai<\/strong> 2026 &#8211; 18h30<\/p>\n\n\n\n<p class=\"wp-block-paragraph\" style=\"font-size:14px\"><strong>au <a href=\"https:\/\/www.theatredeloeuvre.com\/spectacle\/les-2-freres-et-les-lions\/\">Th\u00e9\u00e2tre de l&rsquo;\u0152uvre<\/a> \u00e0 Paris&nbsp;du 22 mai au 18 juillet 2026<\/strong><br><em>Lisa Pajon &amp; H\u00e9di Tillette de Clermont-Tonnerre jouent en alternance avec Clara Arthur-Vaude &amp; Na\u00efm Bakhtiar<\/em><\/p>\n","protected":false},"excerpt":{"rendered":"<p>THEATRE &#8211; Pour LA SALLE &#8211; LE HORS-LES-MURS &#8211; LE PLEIN AIR g\u00e9n\u00e9rique \/ r\u00e9sum\u00e9 \/ presse \/ dossiers \/ calendrier texte H\u00e9di Tillette de Clermont-Tonnerre Avec la participation deSophie Poirey, maitre de conf\u00e9rences en droit Normand \u00e0 l\u2019Universit\u00e9 de Caen \u00c9ditions Collection des quatre-vents &#8211; L&rsquo;avant-sc\u00e8ne th\u00e9\u00e2tre mise en sc\u00e8ne Vincent Debost etH\u00e9di Tillette [&hellip;]<\/p>\n","protected":false},"author":1,"featured_media":0,"parent":4609,"menu_order":1,"comment_status":"closed","ping_status":"closed","template":"template-full.php","meta":{"footnotes":""},"class_list":["post-4685","page","type-page","status-publish","hentry"],"yoast_head":"<!-- This site is optimized with the Yoast SEO plugin v28.4 - https:\/\/yoast.com\/product\/yoast-seo-wordpress\/ -->\n<title>LES DEUX FRERES ET LES LIONS - collectif et compagnie<\/title>\n<meta name=\"robots\" content=\"index, follow, max-snippet:-1, max-image-preview:large, max-video-preview:-1\" \/>\n<link rel=\"canonical\" href=\"https:\/\/www.collectifetcie.fr\/index.php\/les-artistes\/lisa-pajon-hedi-tillette-de-clermont-tonnerre-theatre-irruptionnel\/les-deux-freres-et-les-lions\/\" \/>\n<meta property=\"og:locale\" content=\"fr_FR\" \/>\n<meta property=\"og:type\" content=\"article\" \/>\n<meta property=\"og:title\" content=\"LES DEUX FRERES ET LES LIONS - collectif et compagnie\" \/>\n<meta property=\"og:description\" content=\"THEATRE &#8211; Pour LA SALLE &#8211; LE HORS-LES-MURS &#8211; LE PLEIN AIR g\u00e9n\u00e9rique \/ r\u00e9sum\u00e9 \/ presse \/ dossiers \/ calendrier texte H\u00e9di Tillette de Clermont-Tonnerre Avec la participation deSophie Poirey, maitre de conf\u00e9rences en droit Normand \u00e0 l\u2019Universit\u00e9 de Caen \u00c9ditions Collection des quatre-vents &#8211; L&rsquo;avant-sc\u00e8ne th\u00e9\u00e2tre mise en sc\u00e8ne Vincent Debost etH\u00e9di Tillette [&hellip;]\" \/>\n<meta property=\"og:url\" content=\"https:\/\/www.collectifetcie.fr\/index.php\/les-artistes\/lisa-pajon-hedi-tillette-de-clermont-tonnerre-theatre-irruptionnel\/les-deux-freres-et-les-lions\/\" \/>\n<meta property=\"og:site_name\" content=\"collectif et compagnie\" \/>\n<meta property=\"article:modified_time\" content=\"2026-09-02T10:59:51+00:00\" \/>\n<meta property=\"og:image\" content=\"https:\/\/www.collectifetcie.fr\/wp-content\/uploads\/2025\/01\/16508024_1759828861002727_1840145537966206733_n.jpg\" \/>\n\t<meta property=\"og:image:width\" content=\"960\" \/>\n\t<meta property=\"og:image:height\" content=\"640\" \/>\n\t<meta property=\"og:image:type\" content=\"image\/jpeg\" \/>\n<meta name=\"twitter:card\" content=\"summary_large_image\" \/>\n<meta name=\"twitter:label1\" content=\"Dur\u00e9e de lecture estim\u00e9e\" \/>\n\t<meta name=\"twitter:data1\" content=\"3 minutes\" \/>\n<script type=\"application\/ld+json\" class=\"yoast-schema-graph\">{\"@context\":\"https:\\\/\\\/schema.org\",\"@graph\":[{\"@type\":\"WebPage\",\"@id\":\"https:\\\/\\\/www.collectifetcie.fr\\\/index.php\\\/les-artistes\\\/lisa-pajon-hedi-tillette-de-clermont-tonnerre-theatre-irruptionnel\\\/les-deux-freres-et-les-lions\\\/\",\"url\":\"https:\\\/\\\/www.collectifetcie.fr\\\/index.php\\\/les-artistes\\\/lisa-pajon-hedi-tillette-de-clermont-tonnerre-theatre-irruptionnel\\\/les-deux-freres-et-les-lions\\\/\",\"name\":\"LES DEUX FRERES ET LES LIONS - collectif et compagnie\",\"isPartOf\":{\"@id\":\"https:\\\/\\\/www.collectifetcie.fr\\\/#website\"},\"primaryImageOfPage\":{\"@id\":\"https:\\\/\\\/www.collectifetcie.fr\\\/index.php\\\/les-artistes\\\/lisa-pajon-hedi-tillette-de-clermont-tonnerre-theatre-irruptionnel\\\/les-deux-freres-et-les-lions\\\/#primaryimage\"},\"image\":{\"@id\":\"https:\\\/\\\/www.collectifetcie.fr\\\/index.php\\\/les-artistes\\\/lisa-pajon-hedi-tillette-de-clermont-tonnerre-theatre-irruptionnel\\\/les-deux-freres-et-les-lions\\\/#primaryimage\"},\"thumbnailUrl\":\"https:\\\/\\\/www.collectifetcie.fr\\\/wp-content\\\/uploads\\\/2025\\\/01\\\/16508024_1759828861002727_1840145537966206733_n.jpg\",\"datePublished\":\"2025-01-21T16:27:41+00:00\",\"dateModified\":\"2026-09-02T10:59:51+00:00\",\"breadcrumb\":{\"@id\":\"https:\\\/\\\/www.collectifetcie.fr\\\/index.php\\\/les-artistes\\\/lisa-pajon-hedi-tillette-de-clermont-tonnerre-theatre-irruptionnel\\\/les-deux-freres-et-les-lions\\\/#breadcrumb\"},\"inLanguage\":\"fr-FR\",\"potentialAction\":[{\"@type\":\"ReadAction\",\"target\":[\"https:\\\/\\\/www.collectifetcie.fr\\\/index.php\\\/les-artistes\\\/lisa-pajon-hedi-tillette-de-clermont-tonnerre-theatre-irruptionnel\\\/les-deux-freres-et-les-lions\\\/\"]}]},{\"@type\":\"ImageObject\",\"inLanguage\":\"fr-FR\",\"@id\":\"https:\\\/\\\/www.collectifetcie.fr\\\/index.php\\\/les-artistes\\\/lisa-pajon-hedi-tillette-de-clermont-tonnerre-theatre-irruptionnel\\\/les-deux-freres-et-les-lions\\\/#primaryimage\",\"url\":\"https:\\\/\\\/www.collectifetcie.fr\\\/wp-content\\\/uploads\\\/2025\\\/01\\\/16508024_1759828861002727_1840145537966206733_n.jpg\",\"contentUrl\":\"https:\\\/\\\/www.collectifetcie.fr\\\/wp-content\\\/uploads\\\/2025\\\/01\\\/16508024_1759828861002727_1840145537966206733_n.jpg\",\"width\":960,\"height\":640},{\"@type\":\"BreadcrumbList\",\"@id\":\"https:\\\/\\\/www.collectifetcie.fr\\\/index.php\\\/les-artistes\\\/lisa-pajon-hedi-tillette-de-clermont-tonnerre-theatre-irruptionnel\\\/les-deux-freres-et-les-lions\\\/#breadcrumb\",\"itemListElement\":[{\"@type\":\"ListItem\",\"position\":1,\"name\":\"Accueil\",\"item\":\"https:\\\/\\\/www.collectifetcie.fr\\\/\"},{\"@type\":\"ListItem\",\"position\":2,\"name\":\"Artistes et compagnies\",\"item\":\"https:\\\/\\\/www.collectifetcie.fr\\\/index.php\\\/les-artistes\\\/\"},{\"@type\":\"ListItem\",\"position\":3,\"name\":\"Lisa Pajon &amp; H\u00e9di Tillette de Clermont-Tonnerre > Th\u00e9\u00e2tre Irruptionnel\",\"item\":\"https:\\\/\\\/www.collectifetcie.fr\\\/index.php\\\/les-artistes\\\/lisa-pajon-hedi-tillette-de-clermont-tonnerre-theatre-irruptionnel\\\/\"},{\"@type\":\"ListItem\",\"position\":4,\"name\":\"LES DEUX FRERES ET LES LIONS\"}]},{\"@type\":\"WebSite\",\"@id\":\"https:\\\/\\\/www.collectifetcie.fr\\\/#website\",\"url\":\"https:\\\/\\\/www.collectifetcie.fr\\\/\",\"name\":\"collectif et compagnie\",\"description\":\"\",\"publisher\":{\"@id\":\"https:\\\/\\\/www.collectifetcie.fr\\\/#organization\"},\"potentialAction\":[{\"@type\":\"SearchAction\",\"target\":{\"@type\":\"EntryPoint\",\"urlTemplate\":\"https:\\\/\\\/www.collectifetcie.fr\\\/?s={search_term_string}\"},\"query-input\":{\"@type\":\"PropertyValueSpecification\",\"valueRequired\":true,\"valueName\":\"search_term_string\"}}],\"inLanguage\":\"fr-FR\"},{\"@type\":\"Organization\",\"@id\":\"https:\\\/\\\/www.collectifetcie.fr\\\/#organization\",\"name\":\"collectif et compagnie\",\"url\":\"https:\\\/\\\/www.collectifetcie.fr\\\/\",\"logo\":{\"@type\":\"ImageObject\",\"inLanguage\":\"fr-FR\",\"@id\":\"https:\\\/\\\/www.collectifetcie.fr\\\/#\\\/schema\\\/logo\\\/image\\\/\",\"url\":\"https:\\\/\\\/www.collectifetcie.fr\\\/wp-content\\\/uploads\\\/2025\\\/09\\\/cropped-Bandeau-Site-04-09-25-OK.jpg\",\"contentUrl\":\"https:\\\/\\\/www.collectifetcie.fr\\\/wp-content\\\/uploads\\\/2025\\\/09\\\/cropped-Bandeau-Site-04-09-25-OK.jpg\",\"width\":1616,\"height\":234,\"caption\":\"collectif et compagnie\"},\"image\":{\"@id\":\"https:\\\/\\\/www.collectifetcie.fr\\\/#\\\/schema\\\/logo\\\/image\\\/\"}}]}<\/script>\n<!-- \/ Yoast SEO plugin. -->","yoast_head_json":{"title":"LES DEUX FRERES ET LES LIONS - collectif et compagnie","robots":{"index":"index","follow":"follow","max-snippet":"max-snippet:-1","max-image-preview":"max-image-preview:large","max-video-preview":"max-video-preview:-1"},"canonical":"https:\/\/www.collectifetcie.fr\/index.php\/les-artistes\/lisa-pajon-hedi-tillette-de-clermont-tonnerre-theatre-irruptionnel\/les-deux-freres-et-les-lions\/","og_locale":"fr_FR","og_type":"article","og_title":"LES DEUX FRERES ET LES LIONS - collectif et compagnie","og_description":"THEATRE &#8211; Pour LA SALLE &#8211; LE HORS-LES-MURS &#8211; LE PLEIN AIR g\u00e9n\u00e9rique \/ r\u00e9sum\u00e9 \/ presse \/ dossiers \/ calendrier texte H\u00e9di Tillette de Clermont-Tonnerre Avec la participation deSophie Poirey, maitre de conf\u00e9rences en droit Normand \u00e0 l\u2019Universit\u00e9 de Caen \u00c9ditions Collection des quatre-vents &#8211; L&rsquo;avant-sc\u00e8ne th\u00e9\u00e2tre mise en sc\u00e8ne Vincent Debost etH\u00e9di Tillette [&hellip;]","og_url":"https:\/\/www.collectifetcie.fr\/index.php\/les-artistes\/lisa-pajon-hedi-tillette-de-clermont-tonnerre-theatre-irruptionnel\/les-deux-freres-et-les-lions\/","og_site_name":"collectif et compagnie","article_modified_time":"2026-09-02T10:59:51+00:00","og_image":[{"width":960,"height":640,"url":"https:\/\/www.collectifetcie.fr\/wp-content\/uploads\/2025\/01\/16508024_1759828861002727_1840145537966206733_n.jpg","type":"image\/jpeg"}],"twitter_card":"summary_large_image","twitter_misc":{"Dur\u00e9e de lecture estim\u00e9e":"3 minutes"},"schema":{"@context":"https:\/\/schema.org","@graph":[{"@type":"WebPage","@id":"https:\/\/www.collectifetcie.fr\/index.php\/les-artistes\/lisa-pajon-hedi-tillette-de-clermont-tonnerre-theatre-irruptionnel\/les-deux-freres-et-les-lions\/","url":"https:\/\/www.collectifetcie.fr\/index.php\/les-artistes\/lisa-pajon-hedi-tillette-de-clermont-tonnerre-theatre-irruptionnel\/les-deux-freres-et-les-lions\/","name":"LES DEUX FRERES ET LES LIONS - collectif et compagnie","isPartOf":{"@id":"https:\/\/www.collectifetcie.fr\/#website"},"primaryImageOfPage":{"@id":"https:\/\/www.collectifetcie.fr\/index.php\/les-artistes\/lisa-pajon-hedi-tillette-de-clermont-tonnerre-theatre-irruptionnel\/les-deux-freres-et-les-lions\/#primaryimage"},"image":{"@id":"https:\/\/www.collectifetcie.fr\/index.php\/les-artistes\/lisa-pajon-hedi-tillette-de-clermont-tonnerre-theatre-irruptionnel\/les-deux-freres-et-les-lions\/#primaryimage"},"thumbnailUrl":"https:\/\/www.collectifetcie.fr\/wp-content\/uploads\/2025\/01\/16508024_1759828861002727_1840145537966206733_n.jpg","datePublished":"2025-01-21T16:27:41+00:00","dateModified":"2026-09-02T10:59:51+00:00","breadcrumb":{"@id":"https:\/\/www.collectifetcie.fr\/index.php\/les-artistes\/lisa-pajon-hedi-tillette-de-clermont-tonnerre-theatre-irruptionnel\/les-deux-freres-et-les-lions\/#breadcrumb"},"inLanguage":"fr-FR","potentialAction":[{"@type":"ReadAction","target":["https:\/\/www.collectifetcie.fr\/index.php\/les-artistes\/lisa-pajon-hedi-tillette-de-clermont-tonnerre-theatre-irruptionnel\/les-deux-freres-et-les-lions\/"]}]},{"@type":"ImageObject","inLanguage":"fr-FR","@id":"https:\/\/www.collectifetcie.fr\/index.php\/les-artistes\/lisa-pajon-hedi-tillette-de-clermont-tonnerre-theatre-irruptionnel\/les-deux-freres-et-les-lions\/#primaryimage","url":"https:\/\/www.collectifetcie.fr\/wp-content\/uploads\/2025\/01\/16508024_1759828861002727_1840145537966206733_n.jpg","contentUrl":"https:\/\/www.collectifetcie.fr\/wp-content\/uploads\/2025\/01\/16508024_1759828861002727_1840145537966206733_n.jpg","width":960,"height":640},{"@type":"BreadcrumbList","@id":"https:\/\/www.collectifetcie.fr\/index.php\/les-artistes\/lisa-pajon-hedi-tillette-de-clermont-tonnerre-theatre-irruptionnel\/les-deux-freres-et-les-lions\/#breadcrumb","itemListElement":[{"@type":"ListItem","position":1,"name":"Accueil","item":"https:\/\/www.collectifetcie.fr\/"},{"@type":"ListItem","position":2,"name":"Artistes et compagnies","item":"https:\/\/www.collectifetcie.fr\/index.php\/les-artistes\/"},{"@type":"ListItem","position":3,"name":"Lisa Pajon &amp; H\u00e9di Tillette de Clermont-Tonnerre > Th\u00e9\u00e2tre Irruptionnel","item":"https:\/\/www.collectifetcie.fr\/index.php\/les-artistes\/lisa-pajon-hedi-tillette-de-clermont-tonnerre-theatre-irruptionnel\/"},{"@type":"ListItem","position":4,"name":"LES DEUX FRERES ET LES LIONS"}]},{"@type":"WebSite","@id":"https:\/\/www.collectifetcie.fr\/#website","url":"https:\/\/www.collectifetcie.fr\/","name":"collectif et compagnie","description":"","publisher":{"@id":"https:\/\/www.collectifetcie.fr\/#organization"},"potentialAction":[{"@type":"SearchAction","target":{"@type":"EntryPoint","urlTemplate":"https:\/\/www.collectifetcie.fr\/?s={search_term_string}"},"query-input":{"@type":"PropertyValueSpecification","valueRequired":true,"valueName":"search_term_string"}}],"inLanguage":"fr-FR"},{"@type":"Organization","@id":"https:\/\/www.collectifetcie.fr\/#organization","name":"collectif et compagnie","url":"https:\/\/www.collectifetcie.fr\/","logo":{"@type":"ImageObject","inLanguage":"fr-FR","@id":"https:\/\/www.collectifetcie.fr\/#\/schema\/logo\/image\/","url":"https:\/\/www.collectifetcie.fr\/wp-content\/uploads\/2025\/09\/cropped-Bandeau-Site-04-09-25-OK.jpg","contentUrl":"https:\/\/www.collectifetcie.fr\/wp-content\/uploads\/2025\/09\/cropped-Bandeau-Site-04-09-25-OK.jpg","width":1616,"height":234,"caption":"collectif et compagnie"},"image":{"@id":"https:\/\/www.collectifetcie.fr\/#\/schema\/logo\/image\/"}}]}},"_links":{"self":[{"href":"https:\/\/www.collectifetcie.fr\/index.php\/wp-json\/wp\/v2\/pages\/4685","targetHints":{"allow":["GET"]}}],"collection":[{"href":"https:\/\/www.collectifetcie.fr\/index.php\/wp-json\/wp\/v2\/pages"}],"about":[{"href":"https:\/\/www.collectifetcie.fr\/index.php\/wp-json\/wp\/v2\/types\/page"}],"author":[{"embeddable":true,"href":"https:\/\/www.collectifetcie.fr\/index.php\/wp-json\/wp\/v2\/users\/1"}],"replies":[{"embeddable":true,"href":"https:\/\/www.collectifetcie.fr\/index.php\/wp-json\/wp\/v2\/comments?post=4685"}],"version-history":[{"count":106,"href":"https:\/\/www.collectifetcie.fr\/index.php\/wp-json\/wp\/v2\/pages\/4685\/revisions"}],"predecessor-version":[{"id":7530,"href":"https:\/\/www.collectifetcie.fr\/index.php\/wp-json\/wp\/v2\/pages\/4685\/revisions\/7530"}],"up":[{"embeddable":true,"href":"https:\/\/www.collectifetcie.fr\/index.php\/wp-json\/wp\/v2\/pages\/4609"}],"wp:attachment":[{"href":"https:\/\/www.collectifetcie.fr\/index.php\/wp-json\/wp\/v2\/media?parent=4685"}],"curies":[{"name":"wp","href":"https:\/\/api.w.org\/{rel}","templated":true}]}}