{"id":4532,"date":"2024-12-20T16:07:23","date_gmt":"2024-12-20T15:07:23","guid":{"rendered":"https:\/\/www.collectifetcie.fr\/?page_id=4532"},"modified":"2024-12-20T16:07:25","modified_gmt":"2024-12-20T15:07:25","slug":"le-sommeil-dadam-2","status":"publish","type":"page","link":"https:\/\/www.collectifetcie.fr\/index.php\/les-artistes\/lauren-houda-hussein-ido-shaked-theatre-majaz-2\/le-sommeil-dadam-2\/","title":{"rendered":"LE SOMMEIL D&rsquo;ADAM"},"content":{"rendered":"\n<figure class=\"wp-block-gallery has-nested-images columns-default is-cropped wp-block-gallery-1 is-layout-flex wp-block-gallery-is-layout-flex\">\n<figure class=\"wp-block-image size-large\"><img loading=\"lazy\" decoding=\"async\" width=\"1024\" height=\"683\" data-id=\"2509\" src=\"https:\/\/www.collectifetcie.fr\/wp-content\/uploads\/2022\/11\/Le-Sommeil-dAdam-\u00a9-Aurelien-Kirchner-\u2014-Chateauvallon-Liberte-scene-nationale-85-light-1024x683.jpg\" alt=\"\" class=\"wp-image-2509\" srcset=\"https:\/\/www.collectifetcie.fr\/wp-content\/uploads\/2022\/11\/Le-Sommeil-dAdam-\u00a9-Aurelien-Kirchner-\u2014-Chateauvallon-Liberte-scene-nationale-85-light-1024x683.jpg 1024w, https:\/\/www.collectifetcie.fr\/wp-content\/uploads\/2022\/11\/Le-Sommeil-dAdam-\u00a9-Aurelien-Kirchner-\u2014-Chateauvallon-Liberte-scene-nationale-85-light-300x200.jpg 300w, https:\/\/www.collectifetcie.fr\/wp-content\/uploads\/2022\/11\/Le-Sommeil-dAdam-\u00a9-Aurelien-Kirchner-\u2014-Chateauvallon-Liberte-scene-nationale-85-light-768x512.jpg 768w, https:\/\/www.collectifetcie.fr\/wp-content\/uploads\/2022\/11\/Le-Sommeil-dAdam-\u00a9-Aurelien-Kirchner-\u2014-Chateauvallon-Liberte-scene-nationale-85-light-1536x1024.jpg 1536w, https:\/\/www.collectifetcie.fr\/wp-content\/uploads\/2022\/11\/Le-Sommeil-dAdam-\u00a9-Aurelien-Kirchner-\u2014-Chateauvallon-Liberte-scene-nationale-85-light-2048x1365.jpg 2048w\" sizes=\"auto, (max-width: 1024px) 100vw, 1024px\" \/><\/figure>\n\n\n\n<figure class=\"wp-block-image size-large\"><img loading=\"lazy\" decoding=\"async\" width=\"1024\" height=\"683\" data-id=\"2490\" src=\"https:\/\/www.collectifetcie.fr\/wp-content\/uploads\/2022\/11\/Le-Sommeil-dAdam-\u00a9-Aurelien-Kirchner-\u2014-Chateauvallon-Liberte-scene-nationale-27-1024x683.jpg\" alt=\"\" class=\"wp-image-2490\" srcset=\"https:\/\/www.collectifetcie.fr\/wp-content\/uploads\/2022\/11\/Le-Sommeil-dAdam-\u00a9-Aurelien-Kirchner-\u2014-Chateauvallon-Liberte-scene-nationale-27-1024x683.jpg 1024w, https:\/\/www.collectifetcie.fr\/wp-content\/uploads\/2022\/11\/Le-Sommeil-dAdam-\u00a9-Aurelien-Kirchner-\u2014-Chateauvallon-Liberte-scene-nationale-27-300x200.jpg 300w, https:\/\/www.collectifetcie.fr\/wp-content\/uploads\/2022\/11\/Le-Sommeil-dAdam-\u00a9-Aurelien-Kirchner-\u2014-Chateauvallon-Liberte-scene-nationale-27-768x512.jpg 768w, https:\/\/www.collectifetcie.fr\/wp-content\/uploads\/2022\/11\/Le-Sommeil-dAdam-\u00a9-Aurelien-Kirchner-\u2014-Chateauvallon-Liberte-scene-nationale-27-1536x1024.jpg 1536w, https:\/\/www.collectifetcie.fr\/wp-content\/uploads\/2022\/11\/Le-Sommeil-dAdam-\u00a9-Aurelien-Kirchner-\u2014-Chateauvallon-Liberte-scene-nationale-27-2048x1366.jpg 2048w\" sizes=\"auto, (max-width: 1024px) 100vw, 1024px\" \/><figcaption class=\"wp-element-caption\">Le Sommeil d&rsquo;Adam @ Aur\u00e9lien Kircher<\/figcaption><\/figure>\n\n\n\n<figure class=\"wp-block-image size-large\"><img loading=\"lazy\" decoding=\"async\" width=\"1024\" height=\"683\" data-id=\"2509\" src=\"https:\/\/www.collectifetcie.fr\/wp-content\/uploads\/2022\/11\/Le-Sommeil-dAdam-\u00a9-Aurelien-Kirchner-\u2014-Chateauvallon-Liberte-scene-nationale-85-light-1024x683.jpg\" alt=\"\" class=\"wp-image-2509\" srcset=\"https:\/\/www.collectifetcie.fr\/wp-content\/uploads\/2022\/11\/Le-Sommeil-dAdam-\u00a9-Aurelien-Kirchner-\u2014-Chateauvallon-Liberte-scene-nationale-85-light-1024x683.jpg 1024w, https:\/\/www.collectifetcie.fr\/wp-content\/uploads\/2022\/11\/Le-Sommeil-dAdam-\u00a9-Aurelien-Kirchner-\u2014-Chateauvallon-Liberte-scene-nationale-85-light-300x200.jpg 300w, https:\/\/www.collectifetcie.fr\/wp-content\/uploads\/2022\/11\/Le-Sommeil-dAdam-\u00a9-Aurelien-Kirchner-\u2014-Chateauvallon-Liberte-scene-nationale-85-light-768x512.jpg 768w, https:\/\/www.collectifetcie.fr\/wp-content\/uploads\/2022\/11\/Le-Sommeil-dAdam-\u00a9-Aurelien-Kirchner-\u2014-Chateauvallon-Liberte-scene-nationale-85-light-1536x1024.jpg 1536w, https:\/\/www.collectifetcie.fr\/wp-content\/uploads\/2022\/11\/Le-Sommeil-dAdam-\u00a9-Aurelien-Kirchner-\u2014-Chateauvallon-Liberte-scene-nationale-85-light-2048x1365.jpg 2048w\" sizes=\"auto, (max-width: 1024px) 100vw, 1024px\" \/><figcaption class=\"wp-element-caption\">Le Sommeil d&rsquo;Adam @ Aur\u00e9lien Kircher<\/figcaption><\/figure>\n<\/figure>\n\n\n\n<div style=\"height:20px\" aria-hidden=\"true\" class=\"wp-block-spacer\"><\/div>\n\n\n\n<p class=\"has-text-align-center has-white-color has-text-color has-background has-normal-font-size\" style=\"background-color:#a60b15\"><strong>G\u00e9n\u00e9rique \/ R\u00e9sum\u00e9 \/ Dossier \/ Calendrier <\/strong><\/p>\n\n\n\n<div class=\"wp-block-columns is-layout-flex wp-container-core-columns-is-layout-9d6595d7 wp-block-columns-is-layout-flex\">\n<div class=\"wp-block-column is-layout-flow wp-block-column-is-layout-flow\">\n<p class=\"has-cyan-bluish-gray-background-color has-background has-normal-font-size\" id=\"g\u00e9n\u00e9rique\">texte et mise en sc\u00e8ne <br><strong>Ido Shaked<\/strong> <br><strong>Lauren Houda Hussein<\/strong><br>avec la complicit\u00e9 des com\u00e9diens<br>cr\u00e9ation lumi\u00e8res <br><strong>Victor Arancio<br><\/strong>sc\u00e9nographie <br><strong>Vincent Lef\u00e8vre<\/strong><br>cr\u00e9ation musique <br>et r\u00e9gie son<br><strong>Jefferson Lembeye<\/strong><br>r\u00e9gie lumi\u00e8re <br><strong>Tom Lefort<\/strong><br>costumes<br><strong>C\u00e9line Frecon<\/strong><br><br>avec <br><meta charset=\"utf-8\"><strong>Charlotte Andr\u00e8s<\/strong><br><strong>Jean-Charles Delaume<\/strong><br><strong>Louise Le Riche &#8211; Lozac\u2019hmeur<\/strong><br><strong><strong>Karine N&rsquo;dagmissou<\/strong><\/strong><br><strong>Arthur Viadieu<br><\/strong><\/p>\n\n\n\n<p>JP L\u00e9onardini &#8211; L&rsquo;Humanit\u00e9<br><strong><em>\u00a0\u00bb Comment r\u00e9veiller cet enfant qui dort? (&#8230;) C\u2019est du th\u00e9\u00e2tre de l\u2019imm\u00e9diat, fond\u00e9 sur une \u00e9thique sociale \u00e9vidente et greff\u00e9 sur la r\u00e9alit\u00e9 br\u00fblante de l\u2019\u00e9migration et de l\u2019exil.\u00a0\u00bb<\/em><\/strong><br><br> La Montagne <br><strong><em>\u00ab\u00a0La pi\u00e8ce qui rev\u00eat une teneur politique assum\u00e9e est \u00e9labor\u00e9e, servie par des com\u00e9diens remarquables\u00a0\u00bb<\/em><\/strong><\/p>\n<\/div>\n\n\n\n<div class=\"wp-block-column is-layout-flow wp-block-column-is-layout-flow\">\n<p>Lors de son premier jour de b\u00e9n\u00e9volat aux&nbsp;\u00ab\u00a0petits d\u00e9jeuners solidaires\u00a0\u00bb de son quartier, Laurianne jeune professeur de fran\u00e7ais, trouve un adolescent d&rsquo;\u00e0 peine 13 ans profond\u00e9ment&nbsp;endormi dans un coin. Personne ne parvenant \u00e0 le r\u00e9veiller, il est emmen\u00e9 \u00e0 l&rsquo;h\u00f4pital o\u00f9 les m\u00e9decins \u00e9cartent petit \u00e0 petit les causes physiologiques qui expliqueraient son \u00e9tat. Laurianne, pouss\u00e9e par les circonstances, va se mettre en qu\u00eate de l&rsquo;identit\u00e9 de l&rsquo;enfant&nbsp;qui dort depuis maintenant trois semaines. D&rsquo;obstacles en d\u00e9couvertes, se cr\u00e9e autour du gar\u00e7on, un groupe de protagonistes qui tentent chacun \u00e0 leur mani\u00e8re de percer le myst\u00e8re de ce sommeil inexpliqu\u00e9.<\/p>\n\n\n\n<p><em>Le Sommeil d\u2019Adam<\/em> a comme point de d\u00e9part le syndrome de r\u00e9signation, \u00e9pid\u00e9mie de sommeil qui frappe&nbsp;certains enfants demandeurs d\u2019asile depuis maintenant 25 ans.&nbsp;<\/p>\n\n\n\n<p>Au travers de grands sujets de soci\u00e9t\u00e9&nbsp;ou&nbsp;d\u2019\u00e9v\u00e9nements historiques, le Th\u00e9\u00e2tre Maj\u00e2z&nbsp;con\u00e7oit un th\u00e9\u00e2tre politique essentiel, qui n\u2019a de cesse&nbsp;de questionner&nbsp;les&nbsp;fronti\u00e8res r\u00e9elles ou imaginaires&nbsp;qui traversent&nbsp;nos soci\u00e9t\u00e9s.<\/p>\n<\/div>\n\n\n\n<div class=\"wp-block-column is-layout-flow wp-block-column-is-layout-flow\">\n<p class=\"has-white-color has-cyan-bluish-gray-background-color has-text-color has-background has-small-font-size\"><strong>Production<\/strong>&nbsp;Th\u00e9\u00e2tre Maj\u00e2z \u2022&nbsp;<strong>Coproduction<\/strong>&nbsp;Th\u00e9\u00e2tre Jean Vilar de Vitry-sur-Seine, Sc\u00e8ne Nationale d\u2019Aubusson &#8211; Th\u00e9\u00e2tre Jean Lur\u00e7at, Ch\u00e2teauvallon-Libert\u00e9 &#8211; sc\u00e8ne nationale, Th\u00e9\u00e2tre de la Joliette, Th\u00e9\u00e2tre Paris-Villette, Th\u00e9\u00e2tre Jean Arp &#8211; Clamart, le Th\u00e9\u00e2tre Dijon Bourgogne \u2013 CDN<br>Avec l&rsquo;aide au projet de la DRAC Ile-de-France et du fonds de production de la DGCA.&nbsp;Cr\u00e9ation soutenue par le D\u00e9partement du Val-de-Marne. Avec le soutien de l\u2019Adami<br><strong>R\u00e9sidences de cr\u00e9ation et soutiens<\/strong>&nbsp;\u2022 Sc\u00e8ne Nationale d\u2019Aubusson &#8211; Th\u00e9\u00e2tre Jean Lur\u00e7at en partenariat avec la M\u00e9tive, lieu international de r\u00e9sidence de cr\u00e9ation artistique, Th\u00e9\u00e2tre Paris-Villette, L\u2019Azimut &#8211; Antony \/ Ch\u00e2tenay-Malabry,&nbsp;Nouveau Gare au Th\u00e9\u00e2tre &#8211; Vitry-sur-Seine, Th\u00e9\u00e2tre Public de Montreuil&nbsp; &#8211; CDN<br>Spectacle cr\u00e9\u00e9 les 9 et 10 novembre 2022 \u00e0 la Sc\u00e8ne Nationale d\u2019Aubusson &#8211; Th\u00e9\u00e2tre Jean Lur\u00e7at<br><strong>Le Th\u00e9\u00e2tre Maj\u00e2z est conventionn\u00e9 par la DRAC Ile-de-France<\/strong><\/p>\n\n\n\n<p class=\"has-text-color\" style=\"color:#a60b15\"><strong>DUREE 1H20<\/strong><\/p>\n\n\n\n<p class=\"has-white-color has-cyan-bluish-gray-background-color has-text-color has-background has-small-font-size\"><meta charset=\"utf-8\"><strong>&gt; production <\/strong><br><strong>Estelle Delorme&nbsp;<\/strong><br><strong>(33) &nbsp;(0)6 77 13 30 88<br><a href=\"mailto:estelle.delorme@collectifetcie.fr\">estelle.delorme@collectifetcie.fr&nbsp;<\/a><br><\/strong><br><meta charset=\"utf-8\"><strong>&gt; diffusion<\/strong><br><strong>G\u00e9raldine Morier-Genoud&nbsp;<\/strong><br><strong>(33) &nbsp;(0<\/strong>)<strong>6 20 41 41 25<br><a href=\"mailto:geraldine.moriergenoud@collectifetcie.fr\">geraldine.moriergenoud@collectifetcie.fr<\/a><\/strong><\/p>\n<\/div>\n<\/div>\n\n\n\n<div class=\"wp-block-buttons is-horizontal is-content-justification-space-between is-layout-flex wp-container-core-buttons-is-layout-9262d1ff wp-block-buttons-is-layout-flex\">\n<div class=\"wp-block-button is-style-fill\"><a class=\"wp-block-button__link has-cyan-bluish-gray-color has-text-color wp-element-button\" href=\"https:\/\/www.collectifetcie.fr\/wp-content\/uploads\/2022\/11\/Dossier-Sommeil-dAdam-11_22-light-2.pdf\">dossier de diffusion<\/a><\/div>\n<\/div>\n\n\n\n<div style=\"height:11px\" aria-hidden=\"true\" class=\"wp-block-spacer\"><\/div>\n\n\n\n<p class=\"has-white-color has-text-color has-background has-medium-font-size\" style=\"background-color:#a60b15\"><strong>DIFFUSION SAISON  2023\/24<\/strong><\/p>\n\n\n\n<p class=\"has-text-align-left\" style=\"font-size:14px\"><a href=\"https:\/\/www.theatre-paris-villette.fr\/\"><strong>Festival SPOT<\/strong> &#8211; <strong>Th\u00e9\u00e2tre Paris Villette <\/strong><\/a> &gt; &nbsp;211 Avenue Jean Jaur\u00e8s &#8211; 75019 Paris<br><strong>jeudi 21 septembre <\/strong>2023 &#8211; 20h<br><strong>vendredi 22 septembre  <\/strong>2023 &#8211; 20h<\/p>\n\n\n\n<p class=\"has-white-color has-cyan-bluish-gray-background-color has-text-color has-background has-medium-font-size\"><strong>CREATION ET DIFFUSION SAISON  2022\/23<\/strong><\/p>\n\n\n\n<p class=\"has-text-align-left\" style=\"font-size:14px\"><a href=\"http:\/\/www.groupedes20theatres.fr\/les-plateaux\/edition-des-12-et-13-octobre-2022\/`\"><strong>Plateaux du Groupe des 20 IDF<\/strong><\/a> &gt; 12 et 13 octobre 2022 <br><strong>mercredi 12 octobre \u00e0 10H<\/strong> &gt; salle Jacques Brel &#8211; Pantin &gt;  pr\u00e9sentation du spectacle <\/p>\n\n\n\n<p style=\"font-size:14px\"><a href=\"https:\/\/www.snaubusson.com\/\"><strong>Sc\u00e8ne nationale d&rsquo;Aubusson Th\u00e9\u00e2tre Jean Lur\u00e7at<\/strong><br><\/a><strong>Cr\u00e9ation &gt; mercredi 9 novembre 2022 &#8211; <\/strong>19h30<br><strong>jeudi 10 novembre 2022 &#8211; <\/strong>10h00<br><strong><br><\/strong><a href=\"https:\/\/www.chateauvallon-liberte.fr\/\"><strong><strong>Th\u00e9\u00e2tre Libert\u00e9-Ch\u00e2teauvallon<\/strong><\/strong><br><\/a><strong>mercredi  16  novembre 2022 &#8211; 20h30<br>jeudi 17 novembre 2022 &#8211; 14h30 &amp; 20h30<br><\/strong><br><strong><a href=\"https:\/\/www.theatrejeanvilar.com\/\">Th\u00e9\u00e2tre Jean Vilar de Vitry-sur-Seine<\/a><\/strong><br><strong>dimanche 27 novembre  2022 &#8211; 17h00<br>lundi 28 novembre 2022  &#8211; 14h30<br>mardi 29 novembre 2022 &#8211; 10H00<\/strong><br><br><a href=\"https:\/\/www.theatrejoliette.fr\/\"><strong>Th\u00e9\u00e2tre de la Joliette &#8211; Marseille<\/strong><\/a><br><strong>jeudi 12 janvier 2023 &#8211; 20h00<br>vendredi 13 janvier 2023 &#8211; 14h30 &amp; 20h<\/strong><br><strong><br><a href=\"https:\/\/www.theatrejeanarp.com\/\">Th\u00e9\u00e2tre Jean Arp &#8211; Clamart<\/a><br>vendredi 27 janvier 2023 &#8211; 20h30<\/strong><br><br><strong><a href=\"https:\/\/www.amiens.fr\/Vivre-a-Amiens\/Culture-Patrimoine\/Etablissements-culturels\/Le-Safran\">Le Safran Sc\u00e8ne conventionn\u00e9e d\u2019Amiens M\u00e9tropole<\/a><\/strong><br><strong>jeudi 2 f\u00e9vrier 2023<\/strong> <strong>&#8211; 19H30<\/strong><\/p>\n\n\n\n<p style=\"font-size:14px\"><strong><a href=\"https:\/\/www.tdb-cdn.com\/\">Th\u00e9\u00e2tre Dijon-Bourgogne &#8211; CDN<\/a><br>du mardi 28 f\u00e9vrier au samedi 4 mars<\/strong> 2023<br>mardi 28 f\u00e9vrier, mercredi 1 et jeudi 2 mars \u00e0 20H \/ vendredi 3 mars \u00e0 18H30 et samedi 4 mars \u00e0 17h<\/p>\n\n\n\n<p style=\"font-size:14px\"><br><\/p>\n\n\n\n<div class=\"wp-block-columns is-layout-flex wp-container-core-columns-is-layout-9d6595d7 wp-block-columns-is-layout-flex\">\n<div class=\"wp-block-column is-layout-flow wp-block-column-is-layout-flow\"><\/div>\n\n\n\n<div class=\"wp-block-column is-layout-flow wp-block-column-is-layout-flow\"><\/div>\n<\/div>\n\n\n\n<p><\/p>\n","protected":false},"excerpt":{"rendered":"<p>G\u00e9n\u00e9rique \/ R\u00e9sum\u00e9 \/ Dossier \/ Calendrier texte et mise en sc\u00e8ne Ido Shaked Lauren Houda Husseinavec la complicit\u00e9 des com\u00e9dienscr\u00e9ation lumi\u00e8res Victor Aranciosc\u00e9nographie Vincent Lef\u00e8vrecr\u00e9ation musique et r\u00e9gie sonJefferson Lembeyer\u00e9gie lumi\u00e8re Tom LefortcostumesC\u00e9line Frecon avec Charlotte Andr\u00e8sJean-Charles DelaumeLouise Le Riche &#8211; Lozac\u2019hmeurKarine N&rsquo;dagmissouArthur Viadieu JP L\u00e9onardini &#8211; L&rsquo;Humanit\u00e9\u00a0\u00bb Comment r\u00e9veiller cet enfant qui dort? [&hellip;]<\/p>\n","protected":false},"author":1,"featured_media":0,"parent":759,"menu_order":2,"comment_status":"closed","ping_status":"closed","template":"template-full.php","meta":{"footnotes":""},"class_list":["post-4532","page","type-page","status-publish","hentry"],"yoast_head":"<!-- This site is optimized with the Yoast SEO plugin v27.5 - https:\/\/yoast.com\/product\/yoast-seo-wordpress\/ -->\n<title>LE SOMMEIL D&#039;ADAM - collectif et compagnie<\/title>\n<meta name=\"robots\" content=\"index, follow, max-snippet:-1, max-image-preview:large, max-video-preview:-1\" \/>\n<link rel=\"canonical\" href=\"https:\/\/www.collectifetcie.fr\/index.php\/les-artistes\/lauren-houda-hussein-ido-shaked-theatre-majaz-2\/le-sommeil-dadam-2\/\" \/>\n<meta property=\"og:locale\" content=\"fr_FR\" \/>\n<meta property=\"og:type\" content=\"article\" \/>\n<meta property=\"og:title\" content=\"LE SOMMEIL D&#039;ADAM - collectif et compagnie\" \/>\n<meta property=\"og:description\" content=\"G\u00e9n\u00e9rique \/ R\u00e9sum\u00e9 \/ Dossier \/ Calendrier texte et mise en sc\u00e8ne Ido Shaked Lauren Houda Husseinavec la complicit\u00e9 des com\u00e9dienscr\u00e9ation lumi\u00e8res Victor Aranciosc\u00e9nographie Vincent Lef\u00e8vrecr\u00e9ation musique et r\u00e9gie sonJefferson Lembeyer\u00e9gie lumi\u00e8re Tom LefortcostumesC\u00e9line Frecon avec Charlotte Andr\u00e8sJean-Charles DelaumeLouise Le Riche &#8211; Lozac\u2019hmeurKarine N&rsquo;dagmissouArthur Viadieu JP L\u00e9onardini &#8211; L&rsquo;Humanit\u00e9\u00a0\u00bb Comment r\u00e9veiller cet enfant qui dort? [&hellip;]\" \/>\n<meta property=\"og:url\" content=\"https:\/\/www.collectifetcie.fr\/index.php\/les-artistes\/lauren-houda-hussein-ido-shaked-theatre-majaz-2\/le-sommeil-dadam-2\/\" \/>\n<meta property=\"og:site_name\" content=\"collectif et compagnie\" \/>\n<meta property=\"article:modified_time\" content=\"2024-12-20T15:07:25+00:00\" \/>\n<meta name=\"twitter:card\" content=\"summary_large_image\" \/>\n<meta name=\"twitter:label1\" content=\"Dur\u00e9e de lecture estim\u00e9e\" \/>\n\t<meta name=\"twitter:data1\" content=\"3 minutes\" \/>\n<script type=\"application\/ld+json\" class=\"yoast-schema-graph\">{\"@context\":\"https:\\\/\\\/schema.org\",\"@graph\":[{\"@type\":\"WebPage\",\"@id\":\"https:\\\/\\\/www.collectifetcie.fr\\\/index.php\\\/les-artistes\\\/lauren-houda-hussein-ido-shaked-theatre-majaz-2\\\/le-sommeil-dadam-2\\\/\",\"url\":\"https:\\\/\\\/www.collectifetcie.fr\\\/index.php\\\/les-artistes\\\/lauren-houda-hussein-ido-shaked-theatre-majaz-2\\\/le-sommeil-dadam-2\\\/\",\"name\":\"LE SOMMEIL D'ADAM - collectif et compagnie\",\"isPartOf\":{\"@id\":\"https:\\\/\\\/www.collectifetcie.fr\\\/#website\"},\"datePublished\":\"2024-12-20T15:07:23+00:00\",\"dateModified\":\"2024-12-20T15:07:25+00:00\",\"breadcrumb\":{\"@id\":\"https:\\\/\\\/www.collectifetcie.fr\\\/index.php\\\/les-artistes\\\/lauren-houda-hussein-ido-shaked-theatre-majaz-2\\\/le-sommeil-dadam-2\\\/#breadcrumb\"},\"inLanguage\":\"fr-FR\",\"potentialAction\":[{\"@type\":\"ReadAction\",\"target\":[\"https:\\\/\\\/www.collectifetcie.fr\\\/index.php\\\/les-artistes\\\/lauren-houda-hussein-ido-shaked-theatre-majaz-2\\\/le-sommeil-dadam-2\\\/\"]}]},{\"@type\":\"BreadcrumbList\",\"@id\":\"https:\\\/\\\/www.collectifetcie.fr\\\/index.php\\\/les-artistes\\\/lauren-houda-hussein-ido-shaked-theatre-majaz-2\\\/le-sommeil-dadam-2\\\/#breadcrumb\",\"itemListElement\":[{\"@type\":\"ListItem\",\"position\":1,\"name\":\"Accueil\",\"item\":\"https:\\\/\\\/www.collectifetcie.fr\\\/\"},{\"@type\":\"ListItem\",\"position\":2,\"name\":\"Artistes et compagnies\",\"item\":\"https:\\\/\\\/www.collectifetcie.fr\\\/index.php\\\/les-artistes\\\/\"},{\"@type\":\"ListItem\",\"position\":3,\"name\":\"Lauren Houda Hussein &#8211; Ido Shaked > Th\u00e9\u00e2tre Maj\u00e2z\",\"item\":\"https:\\\/\\\/www.collectifetcie.fr\\\/index.php\\\/les-artistes\\\/lauren-houda-hussein-ido-shaked-theatre-majaz-2\\\/\"},{\"@type\":\"ListItem\",\"position\":4,\"name\":\"LE SOMMEIL D&rsquo;ADAM\"}]},{\"@type\":\"WebSite\",\"@id\":\"https:\\\/\\\/www.collectifetcie.fr\\\/#website\",\"url\":\"https:\\\/\\\/www.collectifetcie.fr\\\/\",\"name\":\"collectif et compagnie\",\"description\":\"\",\"publisher\":{\"@id\":\"https:\\\/\\\/www.collectifetcie.fr\\\/#organization\"},\"potentialAction\":[{\"@type\":\"SearchAction\",\"target\":{\"@type\":\"EntryPoint\",\"urlTemplate\":\"https:\\\/\\\/www.collectifetcie.fr\\\/?s={search_term_string}\"},\"query-input\":{\"@type\":\"PropertyValueSpecification\",\"valueRequired\":true,\"valueName\":\"search_term_string\"}}],\"inLanguage\":\"fr-FR\"},{\"@type\":\"Organization\",\"@id\":\"https:\\\/\\\/www.collectifetcie.fr\\\/#organization\",\"name\":\"collectif et compagnie\",\"url\":\"https:\\\/\\\/www.collectifetcie.fr\\\/\",\"logo\":{\"@type\":\"ImageObject\",\"inLanguage\":\"fr-FR\",\"@id\":\"https:\\\/\\\/www.collectifetcie.fr\\\/#\\\/schema\\\/logo\\\/image\\\/\",\"url\":\"https:\\\/\\\/www.collectifetcie.fr\\\/wp-content\\\/uploads\\\/2025\\\/09\\\/cropped-Bandeau-Site-04-09-25-OK.jpg\",\"contentUrl\":\"https:\\\/\\\/www.collectifetcie.fr\\\/wp-content\\\/uploads\\\/2025\\\/09\\\/cropped-Bandeau-Site-04-09-25-OK.jpg\",\"width\":1616,\"height\":234,\"caption\":\"collectif et compagnie\"},\"image\":{\"@id\":\"https:\\\/\\\/www.collectifetcie.fr\\\/#\\\/schema\\\/logo\\\/image\\\/\"}}]}<\/script>\n<!-- \/ Yoast SEO plugin. -->","yoast_head_json":{"title":"LE SOMMEIL D'ADAM - collectif et compagnie","robots":{"index":"index","follow":"follow","max-snippet":"max-snippet:-1","max-image-preview":"max-image-preview:large","max-video-preview":"max-video-preview:-1"},"canonical":"https:\/\/www.collectifetcie.fr\/index.php\/les-artistes\/lauren-houda-hussein-ido-shaked-theatre-majaz-2\/le-sommeil-dadam-2\/","og_locale":"fr_FR","og_type":"article","og_title":"LE SOMMEIL D'ADAM - collectif et compagnie","og_description":"G\u00e9n\u00e9rique \/ R\u00e9sum\u00e9 \/ Dossier \/ Calendrier texte et mise en sc\u00e8ne Ido Shaked Lauren Houda Husseinavec la complicit\u00e9 des com\u00e9dienscr\u00e9ation lumi\u00e8res Victor Aranciosc\u00e9nographie Vincent Lef\u00e8vrecr\u00e9ation musique et r\u00e9gie sonJefferson Lembeyer\u00e9gie lumi\u00e8re Tom LefortcostumesC\u00e9line Frecon avec Charlotte Andr\u00e8sJean-Charles DelaumeLouise Le Riche &#8211; Lozac\u2019hmeurKarine N&rsquo;dagmissouArthur Viadieu JP L\u00e9onardini &#8211; L&rsquo;Humanit\u00e9\u00a0\u00bb Comment r\u00e9veiller cet enfant qui dort? [&hellip;]","og_url":"https:\/\/www.collectifetcie.fr\/index.php\/les-artistes\/lauren-houda-hussein-ido-shaked-theatre-majaz-2\/le-sommeil-dadam-2\/","og_site_name":"collectif et compagnie","article_modified_time":"2024-12-20T15:07:25+00:00","twitter_card":"summary_large_image","twitter_misc":{"Dur\u00e9e de lecture estim\u00e9e":"3 minutes"},"schema":{"@context":"https:\/\/schema.org","@graph":[{"@type":"WebPage","@id":"https:\/\/www.collectifetcie.fr\/index.php\/les-artistes\/lauren-houda-hussein-ido-shaked-theatre-majaz-2\/le-sommeil-dadam-2\/","url":"https:\/\/www.collectifetcie.fr\/index.php\/les-artistes\/lauren-houda-hussein-ido-shaked-theatre-majaz-2\/le-sommeil-dadam-2\/","name":"LE SOMMEIL D'ADAM - collectif et compagnie","isPartOf":{"@id":"https:\/\/www.collectifetcie.fr\/#website"},"datePublished":"2024-12-20T15:07:23+00:00","dateModified":"2024-12-20T15:07:25+00:00","breadcrumb":{"@id":"https:\/\/www.collectifetcie.fr\/index.php\/les-artistes\/lauren-houda-hussein-ido-shaked-theatre-majaz-2\/le-sommeil-dadam-2\/#breadcrumb"},"inLanguage":"fr-FR","potentialAction":[{"@type":"ReadAction","target":["https:\/\/www.collectifetcie.fr\/index.php\/les-artistes\/lauren-houda-hussein-ido-shaked-theatre-majaz-2\/le-sommeil-dadam-2\/"]}]},{"@type":"BreadcrumbList","@id":"https:\/\/www.collectifetcie.fr\/index.php\/les-artistes\/lauren-houda-hussein-ido-shaked-theatre-majaz-2\/le-sommeil-dadam-2\/#breadcrumb","itemListElement":[{"@type":"ListItem","position":1,"name":"Accueil","item":"https:\/\/www.collectifetcie.fr\/"},{"@type":"ListItem","position":2,"name":"Artistes et compagnies","item":"https:\/\/www.collectifetcie.fr\/index.php\/les-artistes\/"},{"@type":"ListItem","position":3,"name":"Lauren Houda Hussein &#8211; Ido Shaked > Th\u00e9\u00e2tre Maj\u00e2z","item":"https:\/\/www.collectifetcie.fr\/index.php\/les-artistes\/lauren-houda-hussein-ido-shaked-theatre-majaz-2\/"},{"@type":"ListItem","position":4,"name":"LE SOMMEIL D&rsquo;ADAM"}]},{"@type":"WebSite","@id":"https:\/\/www.collectifetcie.fr\/#website","url":"https:\/\/www.collectifetcie.fr\/","name":"collectif et compagnie","description":"","publisher":{"@id":"https:\/\/www.collectifetcie.fr\/#organization"},"potentialAction":[{"@type":"SearchAction","target":{"@type":"EntryPoint","urlTemplate":"https:\/\/www.collectifetcie.fr\/?s={search_term_string}"},"query-input":{"@type":"PropertyValueSpecification","valueRequired":true,"valueName":"search_term_string"}}],"inLanguage":"fr-FR"},{"@type":"Organization","@id":"https:\/\/www.collectifetcie.fr\/#organization","name":"collectif et compagnie","url":"https:\/\/www.collectifetcie.fr\/","logo":{"@type":"ImageObject","inLanguage":"fr-FR","@id":"https:\/\/www.collectifetcie.fr\/#\/schema\/logo\/image\/","url":"https:\/\/www.collectifetcie.fr\/wp-content\/uploads\/2025\/09\/cropped-Bandeau-Site-04-09-25-OK.jpg","contentUrl":"https:\/\/www.collectifetcie.fr\/wp-content\/uploads\/2025\/09\/cropped-Bandeau-Site-04-09-25-OK.jpg","width":1616,"height":234,"caption":"collectif et compagnie"},"image":{"@id":"https:\/\/www.collectifetcie.fr\/#\/schema\/logo\/image\/"}}]}},"_links":{"self":[{"href":"https:\/\/www.collectifetcie.fr\/index.php\/wp-json\/wp\/v2\/pages\/4532","targetHints":{"allow":["GET"]}}],"collection":[{"href":"https:\/\/www.collectifetcie.fr\/index.php\/wp-json\/wp\/v2\/pages"}],"about":[{"href":"https:\/\/www.collectifetcie.fr\/index.php\/wp-json\/wp\/v2\/types\/page"}],"author":[{"embeddable":true,"href":"https:\/\/www.collectifetcie.fr\/index.php\/wp-json\/wp\/v2\/users\/1"}],"replies":[{"embeddable":true,"href":"https:\/\/www.collectifetcie.fr\/index.php\/wp-json\/wp\/v2\/comments?post=4532"}],"version-history":[{"count":1,"href":"https:\/\/www.collectifetcie.fr\/index.php\/wp-json\/wp\/v2\/pages\/4532\/revisions"}],"predecessor-version":[{"id":4547,"href":"https:\/\/www.collectifetcie.fr\/index.php\/wp-json\/wp\/v2\/pages\/4532\/revisions\/4547"}],"up":[{"embeddable":true,"href":"https:\/\/www.collectifetcie.fr\/index.php\/wp-json\/wp\/v2\/pages\/759"}],"wp:attachment":[{"href":"https:\/\/www.collectifetcie.fr\/index.php\/wp-json\/wp\/v2\/media?parent=4532"}],"curies":[{"name":"wp","href":"https:\/\/api.w.org\/{rel}","templated":true}]}}