{"id":3727,"date":"2024-02-19T12:36:09","date_gmt":"2024-02-19T11:36:09","guid":{"rendered":"https:\/\/www.collectifetcie.fr\/?page_id=3727"},"modified":"2026-08-27T09:42:39","modified_gmt":"2026-08-27T07:42:39","slug":"mode-d-emploi-pour-metteur-en-scene-en-temps-de-guerre","status":"publish","type":"page","link":"https:\/\/www.collectifetcie.fr\/index.php\/les-artistes\/lauren-houda-hussein-ido-shaked-theatre-majaz-2\/mode-d-emploi-pour-metteur-en-scene-en-temps-de-guerre\/","title":{"rendered":"MODE D&rsquo;EMPLOI POUR METTEUR EN SCENE EN TEMPS DE GUERRE"},"content":{"rendered":"\n<p class=\"has-text-align-center has-text-color has-link-color wp-elements-1 wp-block-paragraph\" style=\"color:#007c89;font-size:20px\"><br><strong><strong>THEATRE <\/strong><\/strong>spectacle en anglais surtitr\u00e9 en fran\u00e7ais <br>> d\u00e8s 14 ans<br><\/p>\n\n\n\n<figure class=\"wp-block-embed alignleft is-type-video is-provider-youtube wp-block-embed-youtube wp-embed-aspect-16-9 wp-has-aspect-ratio\"><div class=\"wp-block-embed__wrapper\">\n<iframe loading=\"lazy\" title=\"Mode d\u2019emploi pour metteur en sc\u00e8ne isra\u00e9lien en Europe\" width=\"640\" height=\"360\" src=\"https:\/\/www.youtube.com\/embed\/2NC9IHH4TfQ?feature=oembed\" frameborder=\"0\" allow=\"accelerometer; autoplay; clipboard-write; encrypted-media; gyroscope; picture-in-picture; web-share\" referrerpolicy=\"strict-origin-when-cross-origin\" allowfullscreen><\/iframe>\n<\/div><\/figure>\n\n\n\n<figure class=\"wp-block-gallery has-nested-images columns-default is-cropped wp-block-gallery-1 is-layout-flex wp-block-gallery-is-layout-flex\">\n<figure class=\"wp-block-image size-full\"><img loading=\"lazy\" decoding=\"async\" width=\"200\" height=\"133\" data-id=\"4314\" src=\"https:\/\/www.collectifetcie.fr\/wp-content\/uploads\/2024\/09\/5-Julia-Kampichler-Handbook-200x133_0029.jpg\" alt=\"\" class=\"wp-image-4314\"\/><figcaption class=\"wp-element-caption\">Photos Julia Kampichler<\/figcaption><\/figure>\n\n\n\n<figure class=\"wp-block-image size-full\"><img loading=\"lazy\" decoding=\"async\" width=\"2560\" height=\"1707\" data-id=\"3806\" src=\"https:\/\/www.collectifetcie.fr\/wp-content\/uploads\/2024\/04\/CJulia-Kampichler-Handbook_0046-scaled.jpg\" alt=\"\" class=\"wp-image-3806\" srcset=\"https:\/\/www.collectifetcie.fr\/wp-content\/uploads\/2024\/04\/CJulia-Kampichler-Handbook_0046-scaled.jpg 2560w, https:\/\/www.collectifetcie.fr\/wp-content\/uploads\/2024\/04\/CJulia-Kampichler-Handbook_0046-300x200.jpg 300w, https:\/\/www.collectifetcie.fr\/wp-content\/uploads\/2024\/04\/CJulia-Kampichler-Handbook_0046-1024x683.jpg 1024w, https:\/\/www.collectifetcie.fr\/wp-content\/uploads\/2024\/04\/CJulia-Kampichler-Handbook_0046-768x512.jpg 768w, https:\/\/www.collectifetcie.fr\/wp-content\/uploads\/2024\/04\/CJulia-Kampichler-Handbook_0046-1536x1024.jpg 1536w, https:\/\/www.collectifetcie.fr\/wp-content\/uploads\/2024\/04\/CJulia-Kampichler-Handbook_0046-2048x1365.jpg 2048w\" sizes=\"auto, (max-width: 2560px) 100vw, 2560px\" \/><\/figure>\n<\/figure>\n\n\n\n<div style=\"height:18px\" aria-hidden=\"true\" class=\"wp-block-spacer\"><\/div>\n\n\n\n<div style=\"height:20px\" aria-hidden=\"true\" class=\"wp-block-spacer\"><\/div>\n\n\n\n<p class=\"has-text-align-center has-white-color has-text-color has-background has-medium-font-size wp-block-paragraph\" style=\"background-color:#007c89\"><strong><strong>g\u00e9n\u00e9rique \/ r\u00e9sum\u00e9 \/ presse \/ dossiers \/ calendrier <\/strong><\/strong><\/p>\n\n\n\n<div class=\"wp-block-columns is-layout-flex wp-container-core-columns-is-layout-8f761849 wp-block-columns-is-layout-flex\">\n<div class=\"wp-block-column is-layout-flow wp-block-column-is-layout-flow\">\n<p class=\"has-background wp-block-paragraph\" id=\"g\u00e9n\u00e9rique\" style=\"background-color:#bfd541;font-size:15px\">mise en sc\u00e8ne <br><strong>Hannan Ishay &amp; <br>Ido Shaked<\/strong><br>dramaturgie <br><strong>Idan Rabinovici<\/strong><br>surtitrage&nbsp;<br><strong>Michael Charny<\/strong>&nbsp;<br>r\u00e9gie g\u00e9n\u00e9rale&nbsp;<br><strong>Cl\u00e9ment Dupuy<\/strong>&nbsp;<br>co-direction&nbsp;artistique Th\u00e9\u00e2tre&nbsp;Maj\u00e2z&nbsp;<br><strong>Lauren Houda Hussein<\/strong>&nbsp;<br><br>de et avec <br><strong>Hannan Ishay &amp;<br>Ido Shaked<\/strong><br><br><strong>Dur\u00e9e 1h10<\/strong><\/p>\n\n\n\n<div class=\"wp-block-buttons is-layout-flex wp-block-buttons-is-layout-flex\">\n<div class=\"wp-block-button is-style-fill\"><a class=\"wp-block-button__link has-black-color has-text-color has-background has-link-color wp-element-button\" href=\"https:\/\/www.collectifetcie.fr\/wp-content\/uploads\/2025\/09\/Dossier-MODE-DEMPLOI-POUR-METTEUR-EN-SCENE-EN-TEMPS-DE-GUERRE-29-09-25.pdf\" style=\"background-color:#bfd541\"><strong>DOSSIER DE DIFFUSION<br><\/strong>fran\u00e7ais<\/a><\/div>\n\n\n\n<div class=\"wp-block-button is-style-fill\"><a class=\"wp-block-button__link has-black-color has-text-color has-background has-link-color wp-element-button\" href=\"https:\/\/www.collectifetcie.fr\/wp-content\/uploads\/2025\/06\/Dossier-THE-DIRECTORS-GUIDE-ANGLAIS-23-06-25.pdf\" style=\"background-color:#bfd541\"><strong>DOSSIER DE DIFFUSION<br><\/strong>anglais<\/a><\/div>\n<\/div>\n\n\n\n<div style=\"height:29px\" aria-hidden=\"true\" class=\"wp-block-spacer\"><\/div>\n<\/div>\n\n\n\n<div class=\"wp-block-column is-layout-flow wp-block-column-is-layout-flow\">\n<p class=\"wp-block-paragraph\" style=\"font-size:15px\">Ido et Hannan sont deux metteurs en sc\u00e8ne isra\u00e9liens. L\u2019un vit \u00e0 Tel Aviv, l\u2019autre \u00e0 Paris. En 2022, un festival europ\u00e9en leur commande un spectacle sur une question parfaitement raisonnable : qu\u2019est-ce que \u00e7a veut dire, \u00eatre isra\u00e9lien aujourd\u2019hui ? Puis arrive l\u2019attaque du 7 octobre et la violence extr\u00eame qui se d\u00e9cha\u00eene en leur nom. Grande question artistique existentielle : on fait quoi maintenant ? Ils choisissent la pire option possible : ne pas savoir. Ils jouent leurs propres r\u00f4les, se contredisent en direct. G\u00e9nocide, Terreur, Shoah, les mots br\u00fblent et ils s\u2019enfoncent dans leurs paradoxes.  <br>La mise en sc\u00e8ne d\u2019une histoire humoristique, ironique et fictive du Moyen-Orient devient alors un v\u00e9ritable voyage \u00e0 travers l\u2019une de ses p\u00e9riodes les plus sombres.<br><strong>Dr\u00f4le, grin\u00e7ant et parfois absurde. Un spectacle qui ne cherche ni \u00e0 r\u00e9concilier ni \u00e0 rassurer, mais \u00e0 regarder le chaos droit dans les yeux<\/strong>.<\/p>\n\n\n\n<p class=\"has-text-color has-link-color wp-elements-2 wp-block-paragraph\" style=\"color:#007c89;font-size:15px\"><br><strong>LES INROCKS<\/strong> &#8211; Jean-Marie Durand<br>\u00ab\u00a0Hannan Ishay et Ido Shaked questionnent intelligemment le th\u00e9\u00e2tre en temps de guerre. (&#8230;) <strong>La puissance du spectacle se loge dans cette tension entre un \u00e9lan th\u00e9\u00e2tral et l\u2019impossibilit\u00e9 de l\u2019accomplir, <\/strong>entre une croyance dans la beaut\u00e9 du langage et le constat d\u2019une impuissance des mots \u00e0 peser sur le r\u00e9el.\u00a0\u00bb<br><\/p>\n<\/div>\n\n\n\n<div class=\"wp-block-column is-layout-flow wp-block-column-is-layout-flow\">\n<p class=\"has-black-color has-text-color has-background has-small-font-size wp-block-paragraph\" style=\"background-color:#bfd541\">Production&nbsp;Th\u00e9\u00e2tre Maj\u00e2z Coproduction<br>Wortwiege festival, Vienna<br>Avec le soutien de&nbsp;l\u2019Institut Fran\u00e7ais de Paris&nbsp;dans le cadre du dispositif&nbsp;IF Export 2025<br><br>Le Th\u00e9\u00e2tre Maj\u00e2z est conventionn\u00e9 par la DRAC Ile-de-France<\/p>\n\n\n\n<p class=\"has-text-color has-link-color wp-elements-3 wp-block-paragraph\" style=\"color:#007c89\"><strong>SCENEWEB<\/strong> &#8211; Caroline Ch\u00e2telet<br>\u00ab\u00a0<strong>M\u00e9tath\u00e9\u00e2tre pour identit\u00e9 en crise<br><\/strong>Mode d\u2019emploi\u2026&nbsp;met sur l\u2019\u00e9tabli, avec un humour d\u2019\u00e9quilibriste et beaucoup d\u2019intelligence, la question comment les conflits participent des repr\u00e9sentations\u00a0\u00bb<\/p>\n\n\n\n<p class=\"has-text-color has-link-color wp-elements-4 wp-block-paragraph\" style=\"color:#007c89;font-size:15px\"><strong>EUROPEAN-CULTRAL-NEWS.COM<\/strong> Elisabeth Ritonja<br>\u00ab\u00a0Deux metteurs en sc\u00e8ne isra\u00e9liens r\u00e9fl\u00e9chissent sur sc\u00e8ne \u00e0 une nouvelle pi\u00e8ce, \u00e0 leur vie en Europe et \u00e0 celle en Isra\u00ebl. <strong>Dr\u00f4les et profonds, humoristiques et tristes \u00e0 la fois, ils ont conquis le public <\/strong>du &lsquo;wortwiege&rsquo; dans les casemates de Wiener Neustadt. (&#8230;) Pr\u00e9cision : \u00e0 voir absolument !\u00a0\u00bb<\/p>\n\n\n\n<div class=\"wp-block-buttons is-layout-flex wp-block-buttons-is-layout-flex\">\n<div class=\"wp-block-button\"><a class=\"wp-block-button__link has-background wp-element-button\" href=\"https:\/\/www.collectifetcie.fr\/wp-content\/uploads\/2025\/10\/REVUE-DE-PRESSE-MODE-DEMPLOI-09-10-25.pdf\" style=\"background-color:#007c89\"><strong>REVUE DE PRESSE<\/strong><\/a><\/div>\n<\/div>\n<\/div>\n<\/div>\n\n\n\n<p class=\"has-white-color has-text-color has-background has-medium-font-size wp-block-paragraph\" style=\"background-color:#007c89\"><strong>DIFFUSION SAISON 2026\/27<\/strong><\/p>\n\n\n\n<p class=\"wp-block-paragraph\" style=\"font-size:14px\"><a href=\"https:\/\/www.faiteslire.fr\/\"><strong> <\/strong><\/a><strong><strong><a href=\"https:\/\/www.la-comete.fr\/\">La&nbsp;Com\u00e8te Sc\u00e8ne Nationale<\/a><\/strong> <\/strong>&#8211; Ch\u00e2lons-en-Champagne (51)<br><strong>mardi&nbsp;06 octobre <\/strong>2026&nbsp;-20h<br><br><a href=\"https:\/\/www.theatredurondpoint.fr\/\"><strong>Th\u00e9\u00e2tre du Rond-Point<\/strong><\/a> &#8211; Paris (75) &gt;<strong> du 18 au 28 novembre<\/strong><br><strong>mercredi 18 novembre <\/strong>2026 &#8211; 20h<br><strong>jeudi 19 novembre<\/strong> 2026 &#8211; 20h<br><strong>vendredi 20 novembre<\/strong> 2026 &#8211; 20h<br><strong>samedi 21 novembre<\/strong> 2026 &#8211; 19h<br><strong>dimanche 22 novembre<\/strong> 2026 &#8211; 16h<br><strong>mardi 24 novembre<\/strong> 2026 &#8211; 20h<br><strong>mercredi 25 novembre <\/strong>2026 &#8211; 20h<br><strong>jeudi 26 novembre<\/strong> 2026 &#8211; 20h<br><strong>vendredi 27 novembre<\/strong> 2026 &#8211; 20h<br><strong>samedi 28 novembre<\/strong> 2026 &#8211; 19h<br><br><strong><a href=\"https:\/\/www.ccjeanvilar.fr\/\">Centre culturel Jean Vilar <\/a>&#8211;<\/strong> Marly Le Roi (78)<a href=\"https:\/\/www.ccjeanvilar.fr\/\"><br><\/a><strong>jeudi 04 mars <\/strong>2027 &#8211; 20h<br><\/p>\n\n\n\n<p class=\"has-black-color has-white-background-color has-text-color has-background wp-block-paragraph\" style=\"font-size:15px\"><strong>Production et diffusion&nbsp;<\/strong>&gt;<strong> collectif &amp; compagnie <\/strong><br><strong>production <\/strong>Estelle Delorme&nbsp; +33 (0)6 77 13 30 88 \/ <a href=\"mailto:estelle.delorme@collectifetcie.fr\">estelle.delorme@collectifetcie.fr&nbsp;<\/a><strong><br>diffusion<\/strong> G\u00e9raldine Morier-Genoud<strong>&nbsp;<\/strong> +33 (0)6 20 41 41 25 \/ <a href=\"mailto:geraldine.moriergenoud@collectifetcie.fr\">geraldine.moriergenoud@collectifetcie.fr<\/a><br><br><strong>Administration<\/strong> &gt;<strong> Gingko Biloba <\/strong><br>B\u00e9r\u00e9nice Marchesseau +33 (0)1 43 56 52 22 \/ <a href=\"mailto:gingkobiloba75@gmail.com\">gingkobiloba75@gmail.com<\/a><\/p>\n\n\n\n<p class=\"has-white-color has-text-color has-background has-medium-font-size wp-block-paragraph\" style=\"background-color:#bfd541\"><strong>DIFFUSION SAISON  2025\/26<\/strong><\/p>\n\n\n\n<ul class=\"wp-block-list\">\n<li class=\"has-small-font-size\"><strong>Th\u00e9\u00e2tre de la Concorde<\/strong>&nbsp;\u2013 Paris (75)<\/li>\n\n\n\n<li class=\"has-small-font-size\"><strong>Politik im Freien Theater<\/strong> &#8211; Leipzig &#8211; <strong>ALLEMAGNE<\/strong><br><\/li>\n<\/ul>\n\n\n\n<p class=\"has-white-color has-text-color has-background has-medium-font-size wp-block-paragraph\" style=\"background-color:#bfd541\"><strong>DIFFUSION SAISON  2024\/25<\/strong><\/p>\n\n\n\n<ul class=\"wp-block-list\">\n<li class=\"has-small-font-size\"><strong>Th\u00e9\u00e2tre Paris Villette<\/strong><a href=\"https:\/\/www.theatre-paris-villette.fr\/spectacle\/mode-demploi-pour-metteur-en-scene-israelien-en-europe\/\"> <\/a>&#8211; Paris &#8211; <strong>Festival SPOT<\/strong>&nbsp;<\/li>\n\n\n\n<li class=\"has-small-font-size\"><strong>Betriebsverein Neues Theater<\/strong>&nbsp; &#8211; Dornach &#8211; <strong>SUISSE<\/strong><\/li>\n\n\n\n<li class=\"has-small-font-size\"><strong>Theater der Altstadt&nbsp;<\/strong>Stuttgart &#8211; <strong>ALLEMAGNE<\/strong><\/li>\n\n\n\n<li class=\"has-small-font-size\"><strong>Th\u00e9\u00e2tre Heimathafen Neuk\u00f6lln <\/strong>Berlin &#8211; <strong>ALLEMAGNE<\/strong><\/li>\n\n\n\n<li class=\"has-small-font-size\"><strong>Th\u00e9\u00e2tre Paris Villette<\/strong> &#8211; Paris &#8211; du 20 au 26 mars 2025<\/li>\n\n\n\n<li class=\"has-small-font-size\"><strong>Play festival<\/strong> &#8211; <strong>Vienn<\/strong>e &#8211; <strong>AUTRICHE<\/strong><\/li>\n<\/ul>\n\n\n\n<p class=\"has-white-color has-text-color has-background has-medium-font-size wp-block-paragraph\" style=\"background-color:#bfd541\"><strong>CREATION ET DIFFUSION SAISON  2023\/24<\/strong><\/p>\n\n\n\n<ul class=\"wp-block-list\">\n<li class=\"has-small-font-size\"><strong>Wortwiege festival Vienne<\/strong> <strong>Kasematten Wiener Neustadt<\/strong> -Wiener Neustadt AUTRICHE<\/li>\n<\/ul>\n\n\n\n<p class=\"has-text-align-left wp-block-paragraph\" style=\"font-size:14px\"><br><\/p>\n\n\n\n<p class=\"wp-block-paragraph\" style=\"font-size:14px\"><br><\/p>\n","protected":false},"excerpt":{"rendered":"<p>THEATRE spectacle en anglais surtitr\u00e9 en fran\u00e7ais > d\u00e8s 14 ans g\u00e9n\u00e9rique \/ r\u00e9sum\u00e9 \/ presse \/ dossiers \/ calendrier mise en sc\u00e8ne Hannan Ishay &amp; Ido Shakeddramaturgie Idan Rabinovicisurtitrage&nbsp;Michael Charny&nbsp;r\u00e9gie g\u00e9n\u00e9rale&nbsp;Cl\u00e9ment Dupuy&nbsp;co-direction&nbsp;artistique Th\u00e9\u00e2tre&nbsp;Maj\u00e2z&nbsp;Lauren Houda Hussein&nbsp; de et avec Hannan Ishay &amp;Ido Shaked Dur\u00e9e 1h10 Ido et Hannan sont deux metteurs en sc\u00e8ne isra\u00e9liens. L\u2019un [&hellip;]<\/p>\n","protected":false},"author":1,"featured_media":0,"parent":759,"menu_order":2,"comment_status":"closed","ping_status":"closed","template":"template-full.php","meta":{"footnotes":""},"class_list":["post-3727","page","type-page","status-publish","hentry"],"yoast_head":"<!-- This site is optimized with the Yoast SEO plugin v28.4 - https:\/\/yoast.com\/product\/yoast-seo-wordpress\/ -->\n<title>MODE D&#039;EMPLOI POUR METTEUR EN SCENE EN TEMPS DE GUERRE - collectif et compagnie<\/title>\n<meta name=\"robots\" content=\"index, follow, max-snippet:-1, max-image-preview:large, max-video-preview:-1\" \/>\n<link rel=\"canonical\" href=\"https:\/\/www.collectifetcie.fr\/index.php\/les-artistes\/lauren-houda-hussein-ido-shaked-theatre-majaz-2\/mode-d-emploi-pour-metteur-en-scene-en-temps-de-guerre\/\" \/>\n<meta property=\"og:locale\" content=\"fr_FR\" \/>\n<meta property=\"og:type\" content=\"article\" \/>\n<meta property=\"og:title\" content=\"MODE D&#039;EMPLOI POUR METTEUR EN SCENE EN TEMPS DE GUERRE - collectif et compagnie\" \/>\n<meta property=\"og:description\" content=\"THEATRE spectacle en anglais surtitr\u00e9 en fran\u00e7ais &gt; d\u00e8s 14 ans g\u00e9n\u00e9rique \/ r\u00e9sum\u00e9 \/ presse \/ dossiers \/ calendrier mise en sc\u00e8ne Hannan Ishay &amp; Ido Shakeddramaturgie Idan Rabinovicisurtitrage&nbsp;Michael Charny&nbsp;r\u00e9gie g\u00e9n\u00e9rale&nbsp;Cl\u00e9ment Dupuy&nbsp;co-direction&nbsp;artistique Th\u00e9\u00e2tre&nbsp;Maj\u00e2z&nbsp;Lauren Houda Hussein&nbsp; de et avec Hannan Ishay &amp;Ido Shaked Dur\u00e9e 1h10 Ido et Hannan sont deux metteurs en sc\u00e8ne isra\u00e9liens. L\u2019un [&hellip;]\" \/>\n<meta property=\"og:url\" content=\"https:\/\/www.collectifetcie.fr\/index.php\/les-artistes\/lauren-houda-hussein-ido-shaked-theatre-majaz-2\/mode-d-emploi-pour-metteur-en-scene-en-temps-de-guerre\/\" \/>\n<meta property=\"og:site_name\" content=\"collectif et compagnie\" \/>\n<meta property=\"article:modified_time\" content=\"2026-08-27T07:42:39+00:00\" \/>\n<meta property=\"og:image\" content=\"https:\/\/www.collectifetcie.fr\/wp-content\/uploads\/2024\/09\/5-Julia-Kampichler-Handbook-200x133_0029.jpg\" \/>\n\t<meta property=\"og:image:width\" content=\"200\" \/>\n\t<meta property=\"og:image:height\" content=\"133\" \/>\n\t<meta property=\"og:image:type\" content=\"image\/jpeg\" \/>\n<meta name=\"twitter:card\" content=\"summary_large_image\" \/>\n<meta name=\"twitter:label1\" content=\"Dur\u00e9e de lecture estim\u00e9e\" \/>\n\t<meta name=\"twitter:data1\" content=\"3 minutes\" \/>\n<script type=\"application\/ld+json\" class=\"yoast-schema-graph\">{\"@context\":\"https:\\\/\\\/schema.org\",\"@graph\":[{\"@type\":\"WebPage\",\"@id\":\"https:\\\/\\\/www.collectifetcie.fr\\\/index.php\\\/les-artistes\\\/lauren-houda-hussein-ido-shaked-theatre-majaz-2\\\/mode-d-emploi-pour-metteur-en-scene-en-temps-de-guerre\\\/\",\"url\":\"https:\\\/\\\/www.collectifetcie.fr\\\/index.php\\\/les-artistes\\\/lauren-houda-hussein-ido-shaked-theatre-majaz-2\\\/mode-d-emploi-pour-metteur-en-scene-en-temps-de-guerre\\\/\",\"name\":\"MODE D'EMPLOI POUR METTEUR EN SCENE EN TEMPS DE GUERRE - collectif et compagnie\",\"isPartOf\":{\"@id\":\"https:\\\/\\\/www.collectifetcie.fr\\\/#website\"},\"primaryImageOfPage\":{\"@id\":\"https:\\\/\\\/www.collectifetcie.fr\\\/index.php\\\/les-artistes\\\/lauren-houda-hussein-ido-shaked-theatre-majaz-2\\\/mode-d-emploi-pour-metteur-en-scene-en-temps-de-guerre\\\/#primaryimage\"},\"image\":{\"@id\":\"https:\\\/\\\/www.collectifetcie.fr\\\/index.php\\\/les-artistes\\\/lauren-houda-hussein-ido-shaked-theatre-majaz-2\\\/mode-d-emploi-pour-metteur-en-scene-en-temps-de-guerre\\\/#primaryimage\"},\"thumbnailUrl\":\"https:\\\/\\\/www.collectifetcie.fr\\\/wp-content\\\/uploads\\\/2024\\\/09\\\/5-Julia-Kampichler-Handbook-200x133_0029.jpg\",\"datePublished\":\"2024-02-19T11:36:09+00:00\",\"dateModified\":\"2026-08-27T07:42:39+00:00\",\"breadcrumb\":{\"@id\":\"https:\\\/\\\/www.collectifetcie.fr\\\/index.php\\\/les-artistes\\\/lauren-houda-hussein-ido-shaked-theatre-majaz-2\\\/mode-d-emploi-pour-metteur-en-scene-en-temps-de-guerre\\\/#breadcrumb\"},\"inLanguage\":\"fr-FR\",\"potentialAction\":[{\"@type\":\"ReadAction\",\"target\":[\"https:\\\/\\\/www.collectifetcie.fr\\\/index.php\\\/les-artistes\\\/lauren-houda-hussein-ido-shaked-theatre-majaz-2\\\/mode-d-emploi-pour-metteur-en-scene-en-temps-de-guerre\\\/\"]}]},{\"@type\":\"ImageObject\",\"inLanguage\":\"fr-FR\",\"@id\":\"https:\\\/\\\/www.collectifetcie.fr\\\/index.php\\\/les-artistes\\\/lauren-houda-hussein-ido-shaked-theatre-majaz-2\\\/mode-d-emploi-pour-metteur-en-scene-en-temps-de-guerre\\\/#primaryimage\",\"url\":\"https:\\\/\\\/www.collectifetcie.fr\\\/wp-content\\\/uploads\\\/2024\\\/09\\\/5-Julia-Kampichler-Handbook-200x133_0029.jpg\",\"contentUrl\":\"https:\\\/\\\/www.collectifetcie.fr\\\/wp-content\\\/uploads\\\/2024\\\/09\\\/5-Julia-Kampichler-Handbook-200x133_0029.jpg\",\"width\":200,\"height\":133},{\"@type\":\"BreadcrumbList\",\"@id\":\"https:\\\/\\\/www.collectifetcie.fr\\\/index.php\\\/les-artistes\\\/lauren-houda-hussein-ido-shaked-theatre-majaz-2\\\/mode-d-emploi-pour-metteur-en-scene-en-temps-de-guerre\\\/#breadcrumb\",\"itemListElement\":[{\"@type\":\"ListItem\",\"position\":1,\"name\":\"Accueil\",\"item\":\"https:\\\/\\\/www.collectifetcie.fr\\\/\"},{\"@type\":\"ListItem\",\"position\":2,\"name\":\"Artistes et compagnies\",\"item\":\"https:\\\/\\\/www.collectifetcie.fr\\\/index.php\\\/les-artistes\\\/\"},{\"@type\":\"ListItem\",\"position\":3,\"name\":\"Lauren Houda Hussein &#8211; Ido Shaked > Th\u00e9\u00e2tre Maj\u00e2z\",\"item\":\"https:\\\/\\\/www.collectifetcie.fr\\\/index.php\\\/les-artistes\\\/lauren-houda-hussein-ido-shaked-theatre-majaz-2\\\/\"},{\"@type\":\"ListItem\",\"position\":4,\"name\":\"MODE D&rsquo;EMPLOI POUR METTEUR EN SCENE EN TEMPS DE GUERRE\"}]},{\"@type\":\"WebSite\",\"@id\":\"https:\\\/\\\/www.collectifetcie.fr\\\/#website\",\"url\":\"https:\\\/\\\/www.collectifetcie.fr\\\/\",\"name\":\"collectif et compagnie\",\"description\":\"\",\"publisher\":{\"@id\":\"https:\\\/\\\/www.collectifetcie.fr\\\/#organization\"},\"potentialAction\":[{\"@type\":\"SearchAction\",\"target\":{\"@type\":\"EntryPoint\",\"urlTemplate\":\"https:\\\/\\\/www.collectifetcie.fr\\\/?s={search_term_string}\"},\"query-input\":{\"@type\":\"PropertyValueSpecification\",\"valueRequired\":true,\"valueName\":\"search_term_string\"}}],\"inLanguage\":\"fr-FR\"},{\"@type\":\"Organization\",\"@id\":\"https:\\\/\\\/www.collectifetcie.fr\\\/#organization\",\"name\":\"collectif et compagnie\",\"url\":\"https:\\\/\\\/www.collectifetcie.fr\\\/\",\"logo\":{\"@type\":\"ImageObject\",\"inLanguage\":\"fr-FR\",\"@id\":\"https:\\\/\\\/www.collectifetcie.fr\\\/#\\\/schema\\\/logo\\\/image\\\/\",\"url\":\"https:\\\/\\\/www.collectifetcie.fr\\\/wp-content\\\/uploads\\\/2025\\\/09\\\/cropped-Bandeau-Site-04-09-25-OK.jpg\",\"contentUrl\":\"https:\\\/\\\/www.collectifetcie.fr\\\/wp-content\\\/uploads\\\/2025\\\/09\\\/cropped-Bandeau-Site-04-09-25-OK.jpg\",\"width\":1616,\"height\":234,\"caption\":\"collectif et compagnie\"},\"image\":{\"@id\":\"https:\\\/\\\/www.collectifetcie.fr\\\/#\\\/schema\\\/logo\\\/image\\\/\"}}]}<\/script>\n<!-- \/ Yoast SEO plugin. -->","yoast_head_json":{"title":"MODE D'EMPLOI POUR METTEUR EN SCENE EN TEMPS DE GUERRE - collectif et compagnie","robots":{"index":"index","follow":"follow","max-snippet":"max-snippet:-1","max-image-preview":"max-image-preview:large","max-video-preview":"max-video-preview:-1"},"canonical":"https:\/\/www.collectifetcie.fr\/index.php\/les-artistes\/lauren-houda-hussein-ido-shaked-theatre-majaz-2\/mode-d-emploi-pour-metteur-en-scene-en-temps-de-guerre\/","og_locale":"fr_FR","og_type":"article","og_title":"MODE D'EMPLOI POUR METTEUR EN SCENE EN TEMPS DE GUERRE - collectif et compagnie","og_description":"THEATRE spectacle en anglais surtitr\u00e9 en fran\u00e7ais > d\u00e8s 14 ans g\u00e9n\u00e9rique \/ r\u00e9sum\u00e9 \/ presse \/ dossiers \/ calendrier mise en sc\u00e8ne Hannan Ishay &amp; Ido Shakeddramaturgie Idan Rabinovicisurtitrage&nbsp;Michael Charny&nbsp;r\u00e9gie g\u00e9n\u00e9rale&nbsp;Cl\u00e9ment Dupuy&nbsp;co-direction&nbsp;artistique Th\u00e9\u00e2tre&nbsp;Maj\u00e2z&nbsp;Lauren Houda Hussein&nbsp; de et avec Hannan Ishay &amp;Ido Shaked Dur\u00e9e 1h10 Ido et Hannan sont deux metteurs en sc\u00e8ne isra\u00e9liens. L\u2019un [&hellip;]","og_url":"https:\/\/www.collectifetcie.fr\/index.php\/les-artistes\/lauren-houda-hussein-ido-shaked-theatre-majaz-2\/mode-d-emploi-pour-metteur-en-scene-en-temps-de-guerre\/","og_site_name":"collectif et compagnie","article_modified_time":"2026-08-27T07:42:39+00:00","og_image":[{"width":200,"height":133,"url":"https:\/\/www.collectifetcie.fr\/wp-content\/uploads\/2024\/09\/5-Julia-Kampichler-Handbook-200x133_0029.jpg","type":"image\/jpeg"}],"twitter_card":"summary_large_image","twitter_misc":{"Dur\u00e9e de lecture estim\u00e9e":"3 minutes"},"schema":{"@context":"https:\/\/schema.org","@graph":[{"@type":"WebPage","@id":"https:\/\/www.collectifetcie.fr\/index.php\/les-artistes\/lauren-houda-hussein-ido-shaked-theatre-majaz-2\/mode-d-emploi-pour-metteur-en-scene-en-temps-de-guerre\/","url":"https:\/\/www.collectifetcie.fr\/index.php\/les-artistes\/lauren-houda-hussein-ido-shaked-theatre-majaz-2\/mode-d-emploi-pour-metteur-en-scene-en-temps-de-guerre\/","name":"MODE D'EMPLOI POUR METTEUR EN SCENE EN TEMPS DE GUERRE - collectif et compagnie","isPartOf":{"@id":"https:\/\/www.collectifetcie.fr\/#website"},"primaryImageOfPage":{"@id":"https:\/\/www.collectifetcie.fr\/index.php\/les-artistes\/lauren-houda-hussein-ido-shaked-theatre-majaz-2\/mode-d-emploi-pour-metteur-en-scene-en-temps-de-guerre\/#primaryimage"},"image":{"@id":"https:\/\/www.collectifetcie.fr\/index.php\/les-artistes\/lauren-houda-hussein-ido-shaked-theatre-majaz-2\/mode-d-emploi-pour-metteur-en-scene-en-temps-de-guerre\/#primaryimage"},"thumbnailUrl":"https:\/\/www.collectifetcie.fr\/wp-content\/uploads\/2024\/09\/5-Julia-Kampichler-Handbook-200x133_0029.jpg","datePublished":"2024-02-19T11:36:09+00:00","dateModified":"2026-08-27T07:42:39+00:00","breadcrumb":{"@id":"https:\/\/www.collectifetcie.fr\/index.php\/les-artistes\/lauren-houda-hussein-ido-shaked-theatre-majaz-2\/mode-d-emploi-pour-metteur-en-scene-en-temps-de-guerre\/#breadcrumb"},"inLanguage":"fr-FR","potentialAction":[{"@type":"ReadAction","target":["https:\/\/www.collectifetcie.fr\/index.php\/les-artistes\/lauren-houda-hussein-ido-shaked-theatre-majaz-2\/mode-d-emploi-pour-metteur-en-scene-en-temps-de-guerre\/"]}]},{"@type":"ImageObject","inLanguage":"fr-FR","@id":"https:\/\/www.collectifetcie.fr\/index.php\/les-artistes\/lauren-houda-hussein-ido-shaked-theatre-majaz-2\/mode-d-emploi-pour-metteur-en-scene-en-temps-de-guerre\/#primaryimage","url":"https:\/\/www.collectifetcie.fr\/wp-content\/uploads\/2024\/09\/5-Julia-Kampichler-Handbook-200x133_0029.jpg","contentUrl":"https:\/\/www.collectifetcie.fr\/wp-content\/uploads\/2024\/09\/5-Julia-Kampichler-Handbook-200x133_0029.jpg","width":200,"height":133},{"@type":"BreadcrumbList","@id":"https:\/\/www.collectifetcie.fr\/index.php\/les-artistes\/lauren-houda-hussein-ido-shaked-theatre-majaz-2\/mode-d-emploi-pour-metteur-en-scene-en-temps-de-guerre\/#breadcrumb","itemListElement":[{"@type":"ListItem","position":1,"name":"Accueil","item":"https:\/\/www.collectifetcie.fr\/"},{"@type":"ListItem","position":2,"name":"Artistes et compagnies","item":"https:\/\/www.collectifetcie.fr\/index.php\/les-artistes\/"},{"@type":"ListItem","position":3,"name":"Lauren Houda Hussein &#8211; Ido Shaked > Th\u00e9\u00e2tre Maj\u00e2z","item":"https:\/\/www.collectifetcie.fr\/index.php\/les-artistes\/lauren-houda-hussein-ido-shaked-theatre-majaz-2\/"},{"@type":"ListItem","position":4,"name":"MODE D&rsquo;EMPLOI POUR METTEUR EN SCENE EN TEMPS DE GUERRE"}]},{"@type":"WebSite","@id":"https:\/\/www.collectifetcie.fr\/#website","url":"https:\/\/www.collectifetcie.fr\/","name":"collectif et compagnie","description":"","publisher":{"@id":"https:\/\/www.collectifetcie.fr\/#organization"},"potentialAction":[{"@type":"SearchAction","target":{"@type":"EntryPoint","urlTemplate":"https:\/\/www.collectifetcie.fr\/?s={search_term_string}"},"query-input":{"@type":"PropertyValueSpecification","valueRequired":true,"valueName":"search_term_string"}}],"inLanguage":"fr-FR"},{"@type":"Organization","@id":"https:\/\/www.collectifetcie.fr\/#organization","name":"collectif et compagnie","url":"https:\/\/www.collectifetcie.fr\/","logo":{"@type":"ImageObject","inLanguage":"fr-FR","@id":"https:\/\/www.collectifetcie.fr\/#\/schema\/logo\/image\/","url":"https:\/\/www.collectifetcie.fr\/wp-content\/uploads\/2025\/09\/cropped-Bandeau-Site-04-09-25-OK.jpg","contentUrl":"https:\/\/www.collectifetcie.fr\/wp-content\/uploads\/2025\/09\/cropped-Bandeau-Site-04-09-25-OK.jpg","width":1616,"height":234,"caption":"collectif et compagnie"},"image":{"@id":"https:\/\/www.collectifetcie.fr\/#\/schema\/logo\/image\/"}}]}},"_links":{"self":[{"href":"https:\/\/www.collectifetcie.fr\/index.php\/wp-json\/wp\/v2\/pages\/3727","targetHints":{"allow":["GET"]}}],"collection":[{"href":"https:\/\/www.collectifetcie.fr\/index.php\/wp-json\/wp\/v2\/pages"}],"about":[{"href":"https:\/\/www.collectifetcie.fr\/index.php\/wp-json\/wp\/v2\/types\/page"}],"author":[{"embeddable":true,"href":"https:\/\/www.collectifetcie.fr\/index.php\/wp-json\/wp\/v2\/users\/1"}],"replies":[{"embeddable":true,"href":"https:\/\/www.collectifetcie.fr\/index.php\/wp-json\/wp\/v2\/comments?post=3727"}],"version-history":[{"count":146,"href":"https:\/\/www.collectifetcie.fr\/index.php\/wp-json\/wp\/v2\/pages\/3727\/revisions"}],"predecessor-version":[{"id":7262,"href":"https:\/\/www.collectifetcie.fr\/index.php\/wp-json\/wp\/v2\/pages\/3727\/revisions\/7262"}],"up":[{"embeddable":true,"href":"https:\/\/www.collectifetcie.fr\/index.php\/wp-json\/wp\/v2\/pages\/759"}],"wp:attachment":[{"href":"https:\/\/www.collectifetcie.fr\/index.php\/wp-json\/wp\/v2\/media?parent=3727"}],"curies":[{"name":"wp","href":"https:\/\/api.w.org\/{rel}","templated":true}]}}