{"id":3604,"date":"2023-12-22T11:00:09","date_gmt":"2023-12-22T10:00:09","guid":{"rendered":"https:\/\/www.collectifetcie.fr\/?page_id=3604"},"modified":"2025-12-15T19:12:56","modified_gmt":"2025-12-15T18:12:56","slug":"la-quelquun","status":"publish","type":"page","link":"https:\/\/www.collectifetcie.fr\/index.php\/les-artistes\/eddy-pallaro-latelier-des-fictions\/la-quelquun\/","title":{"rendered":"LA QUELQU&rsquo;UN"},"content":{"rendered":"\n<div class=\"wp-block-columns are-vertically-aligned-top is-layout-flex wp-container-core-columns-is-layout-9d6595d7 wp-block-columns-is-layout-flex\">\n<div class=\"wp-block-column is-vertically-aligned-top is-layout-flow wp-block-column-is-layout-flow\" style=\"flex-basis:25%\">\n<figure class=\"wp-block-embed alignleft is-type-video is-provider-youtube wp-block-embed-youtube wp-embed-aspect-16-9 wp-has-aspect-ratio\"><div class=\"wp-block-embed__wrapper\">\n<iframe loading=\"lazy\" title=\"TEASER LAQUELQUUN VDEF\" width=\"640\" height=\"360\" src=\"https:\/\/www.youtube.com\/embed\/VRbTDcMxTA0?feature=oembed\" frameborder=\"0\" allow=\"accelerometer; autoplay; clipboard-write; encrypted-media; gyroscope; picture-in-picture; web-share\" referrerpolicy=\"strict-origin-when-cross-origin\" allowfullscreen><\/iframe>\n<\/div><\/figure>\n<\/div>\n\n\n\n<div class=\"wp-block-column is-vertically-aligned-top is-layout-flow wp-block-column-is-layout-flow\" style=\"flex-basis:25%\"><div class=\"wp-block-image\">\n<figure class=\"aligncenter size-large\"><img loading=\"lazy\" decoding=\"async\" width=\"1013\" height=\"1024\" src=\"https:\/\/www.collectifetcie.fr\/wp-content\/uploads\/2024\/01\/LaQuelquun-EddyPallaro@fannyvandecandelaere-7-web-3-1013x1024.jpg\" alt=\"\" class=\"wp-image-3675\" srcset=\"https:\/\/www.collectifetcie.fr\/wp-content\/uploads\/2024\/01\/LaQuelquun-EddyPallaro@fannyvandecandelaere-7-web-3-1013x1024.jpg 1013w, https:\/\/www.collectifetcie.fr\/wp-content\/uploads\/2024\/01\/LaQuelquun-EddyPallaro@fannyvandecandelaere-7-web-3-297x300.jpg 297w, https:\/\/www.collectifetcie.fr\/wp-content\/uploads\/2024\/01\/LaQuelquun-EddyPallaro@fannyvandecandelaere-7-web-3-768x776.jpg 768w, https:\/\/www.collectifetcie.fr\/wp-content\/uploads\/2024\/01\/LaQuelquun-EddyPallaro@fannyvandecandelaere-7-web-3.jpg 1333w\" sizes=\"auto, (max-width: 1013px) 100vw, 1013px\" \/><\/figure>\n<\/div><\/div>\n\n\n\n<div class=\"wp-block-column is-vertically-aligned-top is-layout-flow wp-block-column-is-layout-flow\" style=\"flex-basis:25%\">\n<figure class=\"wp-block-image size-full is-resized\"><img loading=\"lazy\" decoding=\"async\" width=\"600\" height=\"517\" src=\"https:\/\/www.collectifetcie.fr\/wp-content\/uploads\/2024\/01\/LA-QUELQUUN-photo-3.jpg\" alt=\"\" class=\"wp-image-3676\" style=\"width:231px;height:auto\" srcset=\"https:\/\/www.collectifetcie.fr\/wp-content\/uploads\/2024\/01\/LA-QUELQUUN-photo-3.jpg 600w, https:\/\/www.collectifetcie.fr\/wp-content\/uploads\/2024\/01\/LA-QUELQUUN-photo-3-300x259.jpg 300w\" sizes=\"auto, (max-width: 600px) 100vw, 600px\" \/><\/figure>\n<\/div>\n<\/div>\n\n\n\n<div style=\"height:41px\" aria-hidden=\"true\" class=\"wp-block-spacer\"><\/div>\n\n\n\n<p class=\"has-text-align-center has-white-color has-text-color has-background has-medium-font-size\" style=\"background-color:#007c89\"><strong><strong><strong>g\u00e9n\u00e9rique \/ r\u00e9sum\u00e9 \/ presse \/ dossiers \/ calendrier <\/strong><\/strong><\/strong><\/p>\n\n\n\n<div class=\"wp-block-columns is-layout-flex wp-container-core-columns-is-layout-9d6595d7 wp-block-columns-is-layout-flex\">\n<div class=\"wp-block-column is-layout-flow wp-block-column-is-layout-flow\">\n<p class=\"has-background\" id=\"g\u00e9n\u00e9rique\" style=\"background-color:#bfd451;font-size:15px\">texte et mise en sc\u00e8ne <strong>Eddy Pallaro<\/strong>&nbsp;<br>sc\u00e9nographie<br><strong>Damien Schahmaneche&nbsp;<\/strong><br>r\u00e9gie g\u00e9n\u00e9rale et son <strong>Adrien Wernert&nbsp;<\/strong><br>cr\u00e9ation et r\u00e9gie lumi\u00e8re<br><strong>Julie Bardin<\/strong>&nbsp;<br>cr\u00e9ation son <br><strong>Lo\u00efc Le Roux&nbsp;<\/strong><br>cr\u00e9ation costume <br><strong>S\u00e9verine Thi\u00e9bault&nbsp;<\/strong><br>cr\u00e9ation maquillage et perruque <br><strong>Catherine Saint-Sever&nbsp;<br><\/strong>R\u00e9gie Lumi\u00e8re <br><strong>C\u00e9lia Roumi&nbsp;<br><\/strong><br>avec <br><strong>C\u00e9cile Coustillac, Delphine L\u00e9onard, Lo\u00efc Le Roux, Catherine Pavet, Fleur Sulmont&nbsp;<\/strong><\/p>\n\n\n\n<p class=\"has-text-color has-link-color has-small-font-size wp-elements-afbcdaa45d00823d6188eea81ed70a1b\" style=\"color:#007c89\"><strong>LA PRESSE<\/strong><br><strong>HOTTELLO <\/strong>&#8211; Louis Juzot <em><strong>\u00ab\u00a0Le travail th\u00e9\u00e2tral accompagne tout en douceur, et avec humour, cette initiation \u00e0 la fraternit\u00e9, au regard et au geste vers l&rsquo;autre. (&#8230;) Eddy Pallaro offre une jolie le\u00e7on de fraternit\u00e9, sans fanfare ni moralisme\u00a0\u00bb<\/strong><\/em> <\/p>\n\n\n\n<p><\/p>\n<\/div>\n\n\n\n<div class=\"wp-block-column is-layout-flow wp-block-column-is-layout-flow\">\n<p id=\"r\u00e9sum\u00e9\" style=\"font-size:15px\">On les croise dans les villes. Ils sont assis par terre. Ils errent. \u00c0 la fois visibles et invisibles. Pr\u00e9sents et absents. Ils demandent un peu d&rsquo;argent, d&rsquo;attention. Ou bien ils se cachent et se terrent. On les trouve au coin d&rsquo;une rue, dans l&rsquo;entreb\u00e2illement d&rsquo;une porte, sous un tas de couvertures ou de cartons.<br> Ils nous parlent. Ils se parlent. Ils murmurent. Aux yeux de certains, ils peuvent para\u00eetre \u00e9tranges, voir fantastiques, comme des \u00eatres venus d&rsquo;un autre monde. Ils sont l&rsquo;objets d&rsquo;innombrables fantasmes et de questionnements. Ils font quelques fois peur. Parfois, il arrive que l&rsquo;on se trouve face \u00e0 l&rsquo;un d&rsquo;eux, allong\u00e9 sur le sol, et qu&rsquo;on ne sache pas si la personne devant nous est vivante ou morte, si elle a besoin d&rsquo;aide ou si elle somnole. Il arrive qu&rsquo;on aille lui demander si il va bien, si elle a besoin de quelque chose, et il arrive aussi qu&rsquo;on passe notre chemin.<br>Qui sont ces hommes et ces femmes \u00e9chou\u00e9es sur les trottoirs ? Qu&rsquo;ont-ils fait pour en arriver l\u00e0 ? Faut-il faire quelque chose pour en arriver l\u00e0 ? Est-ce que je pourrais me retrouver un jour sur le trottoir ? Qu&rsquo;est-ce que je pourrais faire pour eux?<br><br><em>L\u00e0, quelqu&rsquo;un <\/em>est un conte contemporain, un parcours initiatique, o\u00f9 l&rsquo;appr\u00e9hension de l&rsquo;autre permet une meilleure approche du r\u00e9el et de sa complexit\u00e9. <em>C&rsquo;<\/em>est une pi\u00e8ce sur le regard. Les regards. Le regard qu&rsquo;on pose sur l&rsquo;autre, avec tout l&rsquo;imaginaire et les questions que cela entra\u00eene. Et les regards qui se croisent, d&rsquo;o\u00f9 naissent les histoires.<br>Eddy Pallaro<\/p>\n<\/div>\n\n\n\n<div class=\"wp-block-column is-layout-flow wp-block-column-is-layout-flow\">\n<p class=\"has-black-color has-text-color has-background has-link-color has-small-font-size wp-elements-df579f25e251cf393bf84e508cdc627e\" style=\"background-color:#bfd451\"><strong>Production<\/strong> L&rsquo;atelier des fictions <strong>Coproduction<\/strong> Les Quinconces et L&rsquo;Espal, Sc\u00e8ne Nationale du Mans \/ Les Sc\u00e8nes du Jura, Sc\u00e8ne Nationale \/ ONYX, Sc\u00e8ne Conventionn\u00e9e de Saint-Herblain \/ Association W, Rennes R\u00e9sidence et soutien La Fonderie, le Mans \/ Studio-Th\u00e9\u00e2tre de Vitry \/ Th\u00e9\u00e2tre R\u00e9gional des Pays de la Loire, de l&rsquo;agglom\u00e9ration du choletais et de la R\u00e9gion des Pays de la Loire \/ La Minoterie, P\u00f4le de cr\u00e9ation jeune public et d&rsquo;\u00e9ducation artistique, Dijon Avec l&rsquo;aide de La Ville de Nantes \/ Le D\u00e9partement de La Loire Atlantique \/ La R\u00e9gion des Pays de la Loire \/ La Drac des Pays de la Loire \/ La Spedidam<\/p>\n\n\n\n<p class=\"has-text-align-center has-text-color has-link-color wp-elements-2f1887b8df30fda7627a95948dcbe40c\" style=\"color:#007c89;font-size:16px\"><strong>DUREE 1H10<\/strong><\/p>\n\n\n\n<p class=\"has-black-color has-text-color has-background has-small-font-size\" style=\"background-color:#bfd541\"><meta charset=\"utf-8\"><strong>contacts<br>&gt; administration<\/strong> : A fleur de sc\u00e8ne<br>C\u00e9line Rodriguez, <a href=\"mailto:latelierdesfictions.adm@gmail.com\">latelierdesfictions.adm@gmail.com<\/a> <br><br>Diffusion :<br>Collectif et compagnie<br>G\u00e9raldine Morier-Genoud&nbsp;\u2013 06 20 41 41 25<br>geraldine.moriergenoud@collectifetcie.fr<\/p>\n<\/div>\n<\/div>\n\n\n\n<div class=\"wp-block-buttons is-horizontal is-content-justification-space-between is-layout-flex wp-container-core-buttons-is-layout-9262d1ff wp-block-buttons-is-layout-flex\">\n<div class=\"wp-block-button is-style-fill\"><a class=\"wp-block-button__link has-white-color has-text-color has-background wp-element-button\" href=\"https:\/\/www.collectifetcie.fr\/wp-content\/uploads\/2023\/12\/La-quelquun-dossier-de-diffusion-1.pdf\" style=\"background-color:#bfd451\">dossier de diffusion<\/a><\/div>\n<\/div>\n\n\n\n<div style=\"height:11px\" aria-hidden=\"true\" class=\"wp-block-spacer\"><\/div>\n\n\n\n<p class=\"has-white-color has-text-color has-background has-medium-font-size\" style=\"background-color:#bfd547\"><strong>EN DIFFUSION SAISON 2025\/26<\/strong><\/p>\n\n\n\n<p style=\"font-size:14px\"><strong><a href=\"https:\/\/www.theatre-manufacture.fr\/\">La Manufacture<\/a> &#8211;<\/strong> CDN de Nancy<br><strong>jeudi 29 janvier <\/strong>2026 &#8211; 14h30<br><strong>vendredi 30 janvier <\/strong>2026 &#8211; 14h30<br><strong>samedi 31 janvier<\/strong> 2026 &#8211; 17h<\/p>\n\n\n\n<p class=\"has-white-color has-text-color has-background has-medium-font-size\" style=\"background-color:#007c89\"><strong>CALENDRIER SAISON 2023\/24<\/strong><\/p>\n\n\n\n<p style=\"font-size:14px\"><a href=\"https:\/\/www.scenesdujura.com\/\"><strong>Les Sc\u00e8nes du Jura, Sc\u00e8ne Nationale<br><\/strong><\/a><strong>lundi 6 mai <\/strong>2024 &#8211; 19h30 <br><strong>mardi 7 mai <\/strong>2024<strong> <\/strong>&#8211; 10h et 14h30 <br><br><a href=\"https:\/\/www.theatredunois.org\/\"><strong>Th\u00e9\u00e2tre Dunois, Sc\u00e8ne pour la jeunesse, Paris<\/strong><br><\/a><strong>jeudi 30 mai <\/strong>2024 &#8211; 10h et 14h30 <br><strong>vendredi 31 mai <\/strong>2024<strong> <\/strong>&#8211; 10h et 19h <br><strong>samedi 1er juin<\/strong> 2024 &#8211; 17h00<br><strong>lundi 3 juin <\/strong>2024 &#8211; 10h et 14h30 <br><strong>mardi 4 juin<\/strong> 2024 &#8211; 10h<\/p>\n","protected":false},"excerpt":{"rendered":"<p>g\u00e9n\u00e9rique \/ r\u00e9sum\u00e9 \/ presse \/ dossiers \/ calendrier texte et mise en sc\u00e8ne Eddy Pallaro&nbsp;sc\u00e9nographieDamien Schahmaneche&nbsp;r\u00e9gie g\u00e9n\u00e9rale et son Adrien Wernert&nbsp;cr\u00e9ation et r\u00e9gie lumi\u00e8reJulie Bardin&nbsp;cr\u00e9ation son Lo\u00efc Le Roux&nbsp;cr\u00e9ation costume S\u00e9verine Thi\u00e9bault&nbsp;cr\u00e9ation maquillage et perruque Catherine Saint-Sever&nbsp;R\u00e9gie Lumi\u00e8re C\u00e9lia Roumi&nbsp;avec C\u00e9cile Coustillac, Delphine L\u00e9onard, Lo\u00efc Le Roux, Catherine Pavet, Fleur Sulmont&nbsp; LA PRESSEHOTTELLO &#8211; [&hellip;]<\/p>\n","protected":false},"author":1,"featured_media":0,"parent":3603,"menu_order":2,"comment_status":"closed","ping_status":"closed","template":"template-full.php","meta":{"footnotes":""},"class_list":["post-3604","page","type-page","status-publish","hentry"],"yoast_head":"<!-- This site is optimized with the Yoast SEO plugin v27.5 - https:\/\/yoast.com\/product\/yoast-seo-wordpress\/ -->\n<title>LA QUELQU&#039;UN - collectif et compagnie<\/title>\n<meta name=\"description\" content=\"L\u00e0, quelqu&#039;un est un conte contemporain, un parcours initiatique pour deux enfants confront\u00e9s \u00e0 une situation de pr\u00e9carit\u00e9 touchant un adulte\" \/>\n<meta name=\"robots\" content=\"index, follow, max-snippet:-1, max-image-preview:large, max-video-preview:-1\" \/>\n<link rel=\"canonical\" href=\"https:\/\/www.collectifetcie.fr\/index.php\/les-artistes\/eddy-pallaro-latelier-des-fictions\/la-quelquun\/\" \/>\n<meta property=\"og:locale\" content=\"fr_FR\" \/>\n<meta property=\"og:type\" content=\"article\" \/>\n<meta property=\"og:title\" content=\"LA QUELQU&#039;UN - collectif et compagnie\" \/>\n<meta property=\"og:description\" content=\"L\u00e0, quelqu&#039;un est un conte contemporain, un parcours initiatique pour deux enfants confront\u00e9s \u00e0 une situation de pr\u00e9carit\u00e9 touchant un adulte\" \/>\n<meta property=\"og:url\" content=\"https:\/\/www.collectifetcie.fr\/index.php\/les-artistes\/eddy-pallaro-latelier-des-fictions\/la-quelquun\/\" \/>\n<meta property=\"og:site_name\" content=\"collectif et compagnie\" \/>\n<meta property=\"article:modified_time\" content=\"2025-12-15T18:12:56+00:00\" \/>\n<meta property=\"og:image\" content=\"https:\/\/www.collectifetcie.fr\/wp-content\/uploads\/2024\/01\/LaQuelquun-EddyPallaro@fannyvandecandelaere-7-web-3.jpg\" \/>\n\t<meta property=\"og:image:width\" content=\"1333\" \/>\n\t<meta property=\"og:image:height\" content=\"1347\" \/>\n\t<meta property=\"og:image:type\" content=\"image\/jpeg\" \/>\n<meta name=\"twitter:card\" content=\"summary_large_image\" \/>\n<meta name=\"twitter:label1\" content=\"Dur\u00e9e de lecture estim\u00e9e\" \/>\n\t<meta name=\"twitter:data1\" content=\"3 minutes\" \/>\n<script type=\"application\/ld+json\" class=\"yoast-schema-graph\">{\"@context\":\"https:\\\/\\\/schema.org\",\"@graph\":[{\"@type\":\"WebPage\",\"@id\":\"https:\\\/\\\/www.collectifetcie.fr\\\/index.php\\\/les-artistes\\\/eddy-pallaro-latelier-des-fictions\\\/la-quelquun\\\/\",\"url\":\"https:\\\/\\\/www.collectifetcie.fr\\\/index.php\\\/les-artistes\\\/eddy-pallaro-latelier-des-fictions\\\/la-quelquun\\\/\",\"name\":\"LA QUELQU'UN - collectif et compagnie\",\"isPartOf\":{\"@id\":\"https:\\\/\\\/www.collectifetcie.fr\\\/#website\"},\"primaryImageOfPage\":{\"@id\":\"https:\\\/\\\/www.collectifetcie.fr\\\/index.php\\\/les-artistes\\\/eddy-pallaro-latelier-des-fictions\\\/la-quelquun\\\/#primaryimage\"},\"image\":{\"@id\":\"https:\\\/\\\/www.collectifetcie.fr\\\/index.php\\\/les-artistes\\\/eddy-pallaro-latelier-des-fictions\\\/la-quelquun\\\/#primaryimage\"},\"thumbnailUrl\":\"https:\\\/\\\/www.collectifetcie.fr\\\/wp-content\\\/uploads\\\/2024\\\/01\\\/LaQuelquun-EddyPallaro@fannyvandecandelaere-7-web-3-1013x1024.jpg\",\"datePublished\":\"2023-12-22T10:00:09+00:00\",\"dateModified\":\"2025-12-15T18:12:56+00:00\",\"description\":\"L\u00e0, quelqu'un est un conte contemporain, un parcours initiatique pour deux enfants confront\u00e9s \u00e0 une situation de pr\u00e9carit\u00e9 touchant un adulte\",\"breadcrumb\":{\"@id\":\"https:\\\/\\\/www.collectifetcie.fr\\\/index.php\\\/les-artistes\\\/eddy-pallaro-latelier-des-fictions\\\/la-quelquun\\\/#breadcrumb\"},\"inLanguage\":\"fr-FR\",\"potentialAction\":[{\"@type\":\"ReadAction\",\"target\":[\"https:\\\/\\\/www.collectifetcie.fr\\\/index.php\\\/les-artistes\\\/eddy-pallaro-latelier-des-fictions\\\/la-quelquun\\\/\"]}]},{\"@type\":\"ImageObject\",\"inLanguage\":\"fr-FR\",\"@id\":\"https:\\\/\\\/www.collectifetcie.fr\\\/index.php\\\/les-artistes\\\/eddy-pallaro-latelier-des-fictions\\\/la-quelquun\\\/#primaryimage\",\"url\":\"https:\\\/\\\/www.collectifetcie.fr\\\/wp-content\\\/uploads\\\/2024\\\/01\\\/LaQuelquun-EddyPallaro@fannyvandecandelaere-7-web-3.jpg\",\"contentUrl\":\"https:\\\/\\\/www.collectifetcie.fr\\\/wp-content\\\/uploads\\\/2024\\\/01\\\/LaQuelquun-EddyPallaro@fannyvandecandelaere-7-web-3.jpg\",\"width\":1333,\"height\":1347},{\"@type\":\"BreadcrumbList\",\"@id\":\"https:\\\/\\\/www.collectifetcie.fr\\\/index.php\\\/les-artistes\\\/eddy-pallaro-latelier-des-fictions\\\/la-quelquun\\\/#breadcrumb\",\"itemListElement\":[{\"@type\":\"ListItem\",\"position\":1,\"name\":\"Accueil\",\"item\":\"https:\\\/\\\/www.collectifetcie.fr\\\/\"},{\"@type\":\"ListItem\",\"position\":2,\"name\":\"Artistes et compagnies\",\"item\":\"https:\\\/\\\/www.collectifetcie.fr\\\/index.php\\\/les-artistes\\\/\"},{\"@type\":\"ListItem\",\"position\":3,\"name\":\"Eddy Pallaro > l&rsquo;Atelier des fictions\",\"item\":\"https:\\\/\\\/www.collectifetcie.fr\\\/index.php\\\/les-artistes\\\/eddy-pallaro-latelier-des-fictions\\\/\"},{\"@type\":\"ListItem\",\"position\":4,\"name\":\"LA QUELQU&rsquo;UN\"}]},{\"@type\":\"WebSite\",\"@id\":\"https:\\\/\\\/www.collectifetcie.fr\\\/#website\",\"url\":\"https:\\\/\\\/www.collectifetcie.fr\\\/\",\"name\":\"collectif et compagnie\",\"description\":\"\",\"publisher\":{\"@id\":\"https:\\\/\\\/www.collectifetcie.fr\\\/#organization\"},\"potentialAction\":[{\"@type\":\"SearchAction\",\"target\":{\"@type\":\"EntryPoint\",\"urlTemplate\":\"https:\\\/\\\/www.collectifetcie.fr\\\/?s={search_term_string}\"},\"query-input\":{\"@type\":\"PropertyValueSpecification\",\"valueRequired\":true,\"valueName\":\"search_term_string\"}}],\"inLanguage\":\"fr-FR\"},{\"@type\":\"Organization\",\"@id\":\"https:\\\/\\\/www.collectifetcie.fr\\\/#organization\",\"name\":\"collectif et compagnie\",\"url\":\"https:\\\/\\\/www.collectifetcie.fr\\\/\",\"logo\":{\"@type\":\"ImageObject\",\"inLanguage\":\"fr-FR\",\"@id\":\"https:\\\/\\\/www.collectifetcie.fr\\\/#\\\/schema\\\/logo\\\/image\\\/\",\"url\":\"https:\\\/\\\/www.collectifetcie.fr\\\/wp-content\\\/uploads\\\/2025\\\/09\\\/cropped-Bandeau-Site-04-09-25-OK.jpg\",\"contentUrl\":\"https:\\\/\\\/www.collectifetcie.fr\\\/wp-content\\\/uploads\\\/2025\\\/09\\\/cropped-Bandeau-Site-04-09-25-OK.jpg\",\"width\":1616,\"height\":234,\"caption\":\"collectif et compagnie\"},\"image\":{\"@id\":\"https:\\\/\\\/www.collectifetcie.fr\\\/#\\\/schema\\\/logo\\\/image\\\/\"}}]}<\/script>\n<!-- \/ Yoast SEO plugin. -->","yoast_head_json":{"title":"LA QUELQU'UN - collectif et compagnie","description":"L\u00e0, quelqu'un est un conte contemporain, un parcours initiatique pour deux enfants confront\u00e9s \u00e0 une situation de pr\u00e9carit\u00e9 touchant un adulte","robots":{"index":"index","follow":"follow","max-snippet":"max-snippet:-1","max-image-preview":"max-image-preview:large","max-video-preview":"max-video-preview:-1"},"canonical":"https:\/\/www.collectifetcie.fr\/index.php\/les-artistes\/eddy-pallaro-latelier-des-fictions\/la-quelquun\/","og_locale":"fr_FR","og_type":"article","og_title":"LA QUELQU'UN - collectif et compagnie","og_description":"L\u00e0, quelqu'un est un conte contemporain, un parcours initiatique pour deux enfants confront\u00e9s \u00e0 une situation de pr\u00e9carit\u00e9 touchant un adulte","og_url":"https:\/\/www.collectifetcie.fr\/index.php\/les-artistes\/eddy-pallaro-latelier-des-fictions\/la-quelquun\/","og_site_name":"collectif et compagnie","article_modified_time":"2025-12-15T18:12:56+00:00","og_image":[{"width":1333,"height":1347,"url":"https:\/\/www.collectifetcie.fr\/wp-content\/uploads\/2024\/01\/LaQuelquun-EddyPallaro@fannyvandecandelaere-7-web-3.jpg","type":"image\/jpeg"}],"twitter_card":"summary_large_image","twitter_misc":{"Dur\u00e9e de lecture estim\u00e9e":"3 minutes"},"schema":{"@context":"https:\/\/schema.org","@graph":[{"@type":"WebPage","@id":"https:\/\/www.collectifetcie.fr\/index.php\/les-artistes\/eddy-pallaro-latelier-des-fictions\/la-quelquun\/","url":"https:\/\/www.collectifetcie.fr\/index.php\/les-artistes\/eddy-pallaro-latelier-des-fictions\/la-quelquun\/","name":"LA QUELQU'UN - collectif et compagnie","isPartOf":{"@id":"https:\/\/www.collectifetcie.fr\/#website"},"primaryImageOfPage":{"@id":"https:\/\/www.collectifetcie.fr\/index.php\/les-artistes\/eddy-pallaro-latelier-des-fictions\/la-quelquun\/#primaryimage"},"image":{"@id":"https:\/\/www.collectifetcie.fr\/index.php\/les-artistes\/eddy-pallaro-latelier-des-fictions\/la-quelquun\/#primaryimage"},"thumbnailUrl":"https:\/\/www.collectifetcie.fr\/wp-content\/uploads\/2024\/01\/LaQuelquun-EddyPallaro@fannyvandecandelaere-7-web-3-1013x1024.jpg","datePublished":"2023-12-22T10:00:09+00:00","dateModified":"2025-12-15T18:12:56+00:00","description":"L\u00e0, quelqu'un est un conte contemporain, un parcours initiatique pour deux enfants confront\u00e9s \u00e0 une situation de pr\u00e9carit\u00e9 touchant un adulte","breadcrumb":{"@id":"https:\/\/www.collectifetcie.fr\/index.php\/les-artistes\/eddy-pallaro-latelier-des-fictions\/la-quelquun\/#breadcrumb"},"inLanguage":"fr-FR","potentialAction":[{"@type":"ReadAction","target":["https:\/\/www.collectifetcie.fr\/index.php\/les-artistes\/eddy-pallaro-latelier-des-fictions\/la-quelquun\/"]}]},{"@type":"ImageObject","inLanguage":"fr-FR","@id":"https:\/\/www.collectifetcie.fr\/index.php\/les-artistes\/eddy-pallaro-latelier-des-fictions\/la-quelquun\/#primaryimage","url":"https:\/\/www.collectifetcie.fr\/wp-content\/uploads\/2024\/01\/LaQuelquun-EddyPallaro@fannyvandecandelaere-7-web-3.jpg","contentUrl":"https:\/\/www.collectifetcie.fr\/wp-content\/uploads\/2024\/01\/LaQuelquun-EddyPallaro@fannyvandecandelaere-7-web-3.jpg","width":1333,"height":1347},{"@type":"BreadcrumbList","@id":"https:\/\/www.collectifetcie.fr\/index.php\/les-artistes\/eddy-pallaro-latelier-des-fictions\/la-quelquun\/#breadcrumb","itemListElement":[{"@type":"ListItem","position":1,"name":"Accueil","item":"https:\/\/www.collectifetcie.fr\/"},{"@type":"ListItem","position":2,"name":"Artistes et compagnies","item":"https:\/\/www.collectifetcie.fr\/index.php\/les-artistes\/"},{"@type":"ListItem","position":3,"name":"Eddy Pallaro > l&rsquo;Atelier des fictions","item":"https:\/\/www.collectifetcie.fr\/index.php\/les-artistes\/eddy-pallaro-latelier-des-fictions\/"},{"@type":"ListItem","position":4,"name":"LA QUELQU&rsquo;UN"}]},{"@type":"WebSite","@id":"https:\/\/www.collectifetcie.fr\/#website","url":"https:\/\/www.collectifetcie.fr\/","name":"collectif et compagnie","description":"","publisher":{"@id":"https:\/\/www.collectifetcie.fr\/#organization"},"potentialAction":[{"@type":"SearchAction","target":{"@type":"EntryPoint","urlTemplate":"https:\/\/www.collectifetcie.fr\/?s={search_term_string}"},"query-input":{"@type":"PropertyValueSpecification","valueRequired":true,"valueName":"search_term_string"}}],"inLanguage":"fr-FR"},{"@type":"Organization","@id":"https:\/\/www.collectifetcie.fr\/#organization","name":"collectif et compagnie","url":"https:\/\/www.collectifetcie.fr\/","logo":{"@type":"ImageObject","inLanguage":"fr-FR","@id":"https:\/\/www.collectifetcie.fr\/#\/schema\/logo\/image\/","url":"https:\/\/www.collectifetcie.fr\/wp-content\/uploads\/2025\/09\/cropped-Bandeau-Site-04-09-25-OK.jpg","contentUrl":"https:\/\/www.collectifetcie.fr\/wp-content\/uploads\/2025\/09\/cropped-Bandeau-Site-04-09-25-OK.jpg","width":1616,"height":234,"caption":"collectif et compagnie"},"image":{"@id":"https:\/\/www.collectifetcie.fr\/#\/schema\/logo\/image\/"}}]}},"_links":{"self":[{"href":"https:\/\/www.collectifetcie.fr\/index.php\/wp-json\/wp\/v2\/pages\/3604","targetHints":{"allow":["GET"]}}],"collection":[{"href":"https:\/\/www.collectifetcie.fr\/index.php\/wp-json\/wp\/v2\/pages"}],"about":[{"href":"https:\/\/www.collectifetcie.fr\/index.php\/wp-json\/wp\/v2\/types\/page"}],"author":[{"embeddable":true,"href":"https:\/\/www.collectifetcie.fr\/index.php\/wp-json\/wp\/v2\/users\/1"}],"replies":[{"embeddable":true,"href":"https:\/\/www.collectifetcie.fr\/index.php\/wp-json\/wp\/v2\/comments?post=3604"}],"version-history":[{"count":47,"href":"https:\/\/www.collectifetcie.fr\/index.php\/wp-json\/wp\/v2\/pages\/3604\/revisions"}],"predecessor-version":[{"id":6184,"href":"https:\/\/www.collectifetcie.fr\/index.php\/wp-json\/wp\/v2\/pages\/3604\/revisions\/6184"}],"up":[{"embeddable":true,"href":"https:\/\/www.collectifetcie.fr\/index.php\/wp-json\/wp\/v2\/pages\/3603"}],"wp:attachment":[{"href":"https:\/\/www.collectifetcie.fr\/index.php\/wp-json\/wp\/v2\/media?parent=3604"}],"curies":[{"name":"wp","href":"https:\/\/api.w.org\/{rel}","templated":true}]}}