{"id":2851,"date":"2023-05-17T09:33:33","date_gmt":"2023-05-17T07:33:33","guid":{"rendered":"https:\/\/www.collectifetcie.fr\/?page_id=2851"},"modified":"2026-02-26T16:30:19","modified_gmt":"2026-02-26T15:30:19","slug":"songbook-concert-dessine","status":"publish","type":"page","link":"https:\/\/www.collectifetcie.fr\/index.php\/les-artistes\/lucie-nicolas-collectiff71\/songbook-concert-dessine\/","title":{"rendered":"SONGBOOK Concert dessin\u00e9"},"content":{"rendered":"\n<div class=\"wp-block-columns is-layout-flex wp-container-core-columns-is-layout-9d6595d7 wp-block-columns-is-layout-flex\">\n<div class=\"wp-block-column is-vertically-aligned-center is-layout-flow wp-block-column-is-layout-flow\" style=\"flex-basis:33.34%\">\n<div class=\"wp-block-columns is-layout-flex wp-container-core-columns-is-layout-9d6595d7 wp-block-columns-is-layout-flex\">\n<div class=\"wp-block-column is-layout-flow wp-block-column-is-layout-flow\" style=\"flex-basis:100%\">\n<div class=\"wp-block-group\"><div class=\"wp-block-group__inner-container is-layout-flow wp-block-group-is-layout-flow\">\n<figure class=\"wp-block-embed is-type-video is-provider-youtube wp-block-embed-youtube wp-embed-aspect-16-9 wp-has-aspect-ratio\"><div class=\"wp-block-embed__wrapper\">\n<iframe loading=\"lazy\" title=\"SongBook, concert dessin\u00e9\" width=\"640\" height=\"360\" src=\"https:\/\/www.youtube.com\/embed\/ZcnXJ35RuiQ?feature=oembed\" frameborder=\"0\" allow=\"accelerometer; autoplay; clipboard-write; encrypted-media; gyroscope; picture-in-picture; web-share\" referrerpolicy=\"strict-origin-when-cross-origin\" allowfullscreen><\/iframe>\n<\/div><\/figure>\n<\/div><\/div>\n<\/div>\n<\/div>\n<\/div>\n\n\n\n<div class=\"wp-block-column is-vertically-aligned-center is-layout-flow wp-block-column-is-layout-flow\" style=\"flex-basis:33.34%\">\n<figure class=\"wp-block-image size-large\"><img loading=\"lazy\" decoding=\"async\" width=\"1024\" height=\"576\" src=\"https:\/\/www.collectifetcie.fr\/wp-content\/uploads\/2023\/05\/SongBook_RESPECT_collectifF71@LucieNicolas-1024x576.jpg\" alt=\"\" class=\"wp-image-2882\" srcset=\"https:\/\/www.collectifetcie.fr\/wp-content\/uploads\/2023\/05\/SongBook_RESPECT_collectifF71@LucieNicolas-1024x576.jpg 1024w, https:\/\/www.collectifetcie.fr\/wp-content\/uploads\/2023\/05\/SongBook_RESPECT_collectifF71@LucieNicolas-300x169.jpg 300w, https:\/\/www.collectifetcie.fr\/wp-content\/uploads\/2023\/05\/SongBook_RESPECT_collectifF71@LucieNicolas-768x432.jpg 768w, https:\/\/www.collectifetcie.fr\/wp-content\/uploads\/2023\/05\/SongBook_RESPECT_collectifF71@LucieNicolas-1536x863.jpg 1536w, https:\/\/www.collectifetcie.fr\/wp-content\/uploads\/2023\/05\/SongBook_RESPECT_collectifF71@LucieNicolas-2048x1151.jpg 2048w\" sizes=\"auto, (max-width: 1024px) 100vw, 1024px\" \/><\/figure>\n<\/div>\n\n\n\n<div class=\"wp-block-column is-vertically-aligned-center is-layout-flow wp-block-column-is-layout-flow\" style=\"flex-basis:33.33%\">\n<figure class=\"wp-block-image size-full is-resized\"><img loading=\"lazy\" decoding=\"async\" width=\"200\" height=\"113\" src=\"https:\/\/www.collectifetcie.fr\/wp-content\/uploads\/2023\/05\/SongBook_POULAILLER_collectifF71200x113@LucieNicolas.jpg\" alt=\"\" class=\"wp-image-2837\" style=\"width:320px;height:181px\"\/><\/figure>\n<\/div>\n<\/div>\n\n\n\n<p class=\"has-text-align-center has-white-color has-text-color has-background has-medium-font-size\" style=\"background-color:#007c89\"><strong><strong><strong><strong><strong><strong>g\u00e9n\u00e9rique \/ r\u00e9sum\u00e9 \/ presse \/ dossiers \/ calendrier <\/strong><\/strong><\/strong><\/strong><\/strong><\/strong><\/p>\n\n\n\n<div class=\"wp-block-columns is-layout-flex wp-container-core-columns-is-layout-9d6595d7 wp-block-columns-is-layout-flex\">\n<div class=\"wp-block-column is-layout-flow wp-block-column-is-layout-flow\" style=\"font-size:15px\">\n<p class=\"has-background has-normal-font-size\" id=\"g\u00e9n\u00e9rique\" style=\"background-color:#bfd541\"><strong>Un projet du collectif F71<\/strong><br>mise en sc\u00e8ne<br><strong>Lucie Nicolas<br><\/strong>direction musicale<br><strong>Benjamin Troll<\/strong><br>r\u00e9gie son<br><strong>Julien Piccinin<\/strong>Iavec <br><strong>Lymia Vitte <\/strong>(chant) &amp;<br><strong>Charlotte Melly<\/strong> (dessin) <strong><br><\/strong><\/p>\n\n\n\n<p><\/p>\n\n\n\n<p style=\"font-size:14px\"><\/p>\n<\/div>\n\n\n\n<div class=\"wp-block-column is-layout-flow wp-block-column-is-layout-flow\" style=\"font-size:15px\">\n<p>Dans <em>SongBook<\/em>, le collectid F71 a collect\u00e9 des morceaux de musique qui tous offrent une r\u00e9ponse aux multiples formes que prend la discrimination. <br>Les registres musicaux sont \u00e9clectiques et vont du blues \u00e0 la pop, en passant par le gospel, le rap, ou la chanson fran\u00e7aise\u2026<br>Dans une grande libert\u00e9 d\u2019improvisation, chaque morceau est adapt\u00e9 et interpr\u00e9t\u00e9 vocalement par Lymia Vitte, qui construit un univers sonore en empilant les pistes vocales gr\u00e2ce \u00e0 une p\u00e9dale de boucle. Simultan\u00e9ment, Charlotte Melly fait apparaitre un dessin \u00e9labor\u00e9 sous l\u2019\u0153il de la cam\u00e9ra et projet\u00e9 en direct autour de Lymia.. <br>La performance est suivie d\u2019un \u00e9change avec le public<\/p>\n\n\n\n<p><\/p>\n\n\n\n<p><\/p>\n<\/div>\n\n\n\n<div class=\"wp-block-column is-layout-flow wp-block-column-is-layout-flow\" style=\"font-size:15px\">\n<p class=\"has-black-color has-text-color has-background has-small-font-size\" style=\"background-color:#bfd541\"><strong>Production &gt;<\/strong> La Concordance des Temps \/ collectifF71<br><br><strong>Partenaires &gt; <\/strong>le Festival Th\u00e9\u00e2tral du Val d&rsquo;Oise, l\u2019Espace Sarah Bernhardt \u00e0 Goussainville (95), le POC&nbsp;! \u00e0 Alfortville (94) et le Th\u00e9\u00e2tre Paul \u00c9luard \u00e0 Choisy-le-Roi.<br><br><strong>Avec l\u2019aide<\/strong> de la R\u00e9gion \u00cele de France au titre de la Permanence Artistique et Culturelle et de la Communaut\u00e9 d\u2019agglom\u00e9ration Roissy Pays de France.<br><strong>Avec le soutien<\/strong> d\u2019ARCADI Ile-de-France<\/p>\n\n\n\n<p class=\"has-text-color\" style=\"color:#007c89\"><strong>DUREE <\/strong>de 40mn \u00e0 1h10<\/p>\n\n\n\n<p class=\"has-black-color has-text-color has-background has-small-font-size\" style=\"background-color:#bfd541\"><span style=\"background-color: rgba(255, 255, 255, 0.2);\"><b>c<\/b><\/span><strong>ontacts <br> &gt; production Gwendoline Langlois <\/strong><br><strong> 06 84 65 54 48<br><a href=\"mailto:production.collectiff71@gmail.com\">production.collectiff71@gmail.com<\/a><br><\/strong><br><strong>&gt; diffusion <br>Estelle Delorme&nbsp;&#8211; 06 77 13 30 88<\/strong><br><strong><a href=\"mailto:estelle.delorme@collectifetcie.fr\">estelle.delorme@collectifetcie.fr<\/a><br>G\u00e9raldine Morier-Genoud&nbsp;&#8211; 06 20 41 41 25<\/strong><br><strong><a href=\"mailto:geraldine.moriergenoud@collectifetcie.fr\">geraldine.moriergenoud@collectifetcie.fr<\/a><\/strong><\/p>\n<\/div>\n<\/div>\n\n\n\n<div class=\"wp-block-buttons is-horizontal is-content-justification-space-between is-layout-flex wp-container-core-buttons-is-layout-9262d1ff wp-block-buttons-is-layout-flex\">\n<div class=\"wp-block-button is-style-fill\"><a class=\"wp-block-button__link has-white-color has-text-color has-background wp-element-button\" href=\"https:\/\/www.collectifetcie.fr\/wp-content\/uploads\/2025\/09\/SongBook_Dossier-collectif-F71-060925.pdf\" style=\"background-color:#bfd541\"><strong>Dossier de diffusion<\/strong><\/a><\/div>\n\n\n\n<div class=\"wp-block-button is-style-fill\"><a class=\"wp-block-button__link has-white-color has-text-color has-background wp-element-button\" href=\"https:\/\/www.collectifetcie.fr\/wp-content\/uploads\/2025\/09\/SongBook-Dossier-Pedagogique-220224.pdf\" style=\"background-color:#007c89\"><strong>Dossier p\u00e9dagogique<\/strong><\/a><\/div>\n<\/div>\n\n\n\n<div style=\"height:11px\" aria-hidden=\"true\" class=\"wp-block-spacer\"><\/div>\n\n\n\n<p class=\"has-white-color has-text-color has-background has-medium-font-size\" style=\"background-color:#007c89\"><strong>EN DIFFUSION SAISON 2025\/26<\/strong><\/p>\n\n\n\n<p id=\"block-122fdf57-9fd9-4a43-9bf8-dc82b2ed7678\" style=\"font-size:14px\"><a href=\"http:\/\/www.paris-lavillette.archi.fr\/\" target=\"_blank\" rel=\"noreferrer noopener\"><strong>\u00c9cole Nationale Sup\u00e9rieure d\u2019Architecture de Paris-La-Villette (75)<\/strong><\/a> > 144 avenue de Flandre 75019 PARIS &#8211; AMPHI 302<br><strong>vendredi 26 septembre<\/strong> 2025 &#8211; 14h<br><br><a href=\"https:\/\/www.oisetourisme.com\/agenda\/musique-songbook-collectif-f71\/\"><strong>Th\u00e9\u00e2tre du Telle<\/strong> <\/a><strong>Service Culturel de la Commune<\/strong> de <strong>M\u00e9ru (60)<\/strong><br><strong>jeudi 12 mars <\/strong>2026 &#8211; 20h<\/p>\n\n\n\n<p class=\"has-white-color has-text-color has-background has-medium-font-size\" style=\"background-color:#bfd541\"><strong>DIFFUSION SAISON 2024\/25<\/strong><\/p>\n\n\n\n<p style=\"font-size:14px\"><strong><a href=\"https:\/\/www.ccas.fr\/\" target=\"_blank\" rel=\"noreferrer noopener\">TOURN\u00c9E AVEC LA CCAS <\/a><\/strong>&gt; <strong>du 17 au 21 f\u00e9vrier 2025<\/strong><br><strong>Village vacances \u00ab\u00a0Val-Cenis\u00a0\u00bb <\/strong>Le parc de la Vanoise &#8211; Place du pichet &#8211; Les rives de l&rsquo;Arc <strong>Val Cenis <\/strong>(73)<br><strong>lundi 17 f\u00e9vrier <\/strong>2025<strong> <\/strong>&#8211; 20h<br><br><strong>Village vacances <\/strong>CCAS 19, rue du Coin <strong>Aussois<\/strong> (73)<br><strong>mardi 18 f\u00e9vrier<\/strong> 2025 &#8211; 20h<br><br><strong>Village vacances C\u00e9v\u00e9o<\/strong>, Avenue Olympique, <strong>Val d\u2019Is\u00e8re<\/strong> (73)<br><strong>mercredi 19 f\u00e9vrier <\/strong>2025 &#8211; 20h<br><br><strong>Village vacances CCAS<\/strong>, 56 Mont\u00e9e de la Roche, <strong>Beaufort sur Doron <\/strong>(73)<br><strong>jeudi 20 f\u00e9vrier <\/strong>2025 &#8211; 20h<br><br><strong>Village vacances CCAS,<\/strong> 1840 Route de Bisanne <strong>Les Saisies<\/strong> (73)<br><strong>vendredi 21 f\u00e9vrier<\/strong> 2025 &#8211; 20h<br><br><strong><a href=\"https:\/\/www.ccas.fr\/\" target=\"_blank\" rel=\"noreferrer noopener\">TOURN\u00c9E AVEC LA CCAS <\/a><\/strong>&gt;<strong> du 11 au 17 juillet 2025<\/strong><br>Village vacances CCAS 25 Hent Gwaz An Tallig &#8211; <strong>Plouezec (22)<\/strong><br><strong>vendredi 11 juillet <\/strong>2025 &#8211; 21h<br><br>Village vacances CCAS 6 Ch\u00e2teau de Thuisseau 10, rue de Thuisseau &#8211; <strong>Montlouis-sur- Loire (37)<\/strong><br><strong>dimanche 13 juillet <\/strong>2025 &#8211; 21h<br><br>R\u00e9sidence internationale de Paris &#8211; Ethic Etapes 44, rue Louis Lumi\u00e8re &#8211; <strong>Paris (75020)<\/strong><br><strong>lundi 14 juillet <\/strong>2025 &#8211; 21h<\/p>\n\n\n\n<p style=\"font-size:14px\">Village vacances 7-9 route Jean Catelas 80470 <strong>Saint Sauveu<\/strong>r <strong>(80)<\/strong><br><strong>mardi 15 juillet<\/strong> 2025 &#8211; 21h<\/p>\n\n\n\n<p style=\"font-size:14px\">Base de loisirs TOM SOUVILLE 415 D940 <strong>Sangatte (62)<\/strong><br><strong>mercredi 16 juillet<\/strong> 2025 &#8211; 21h<br><br>LE BOL VERT Rue Clavon &#8211; BP 69 T<strong>r\u00e9lon (59)<\/strong><br><strong>jeudi 17 juillet<\/strong> 2025- 21h<br><\/p>\n\n\n\n<p class=\"has-white-color has-text-color has-background has-medium-font-size\" style=\"background-color:#bfd451\"><strong>DIFFUSION SAISON 2023\/24 et 2022\/23<\/strong><\/p>\n\n\n\n<p style=\"font-size:14px\"><strong>SAISON 23\/24<br><a href=\"https:\/\/www.bdcolomiers.com\/les-evenements\/le-festival-834.html\">Festival de la BD &#8211;<\/a> <\/strong>Colomiers (31)<br><strong>samedi 18&nbsp;novembre <\/strong>2023 &#8211;&nbsp;14H30<br><strong>dimanche 19 novembre <\/strong>2023 &#8211; 14H30<br><br><strong><a href=\"https:\/\/www.ccas.fr\/\" target=\"_blank\" rel=\"noreferrer noopener\">TOURN\u00c9E AVEC LA CCAS <\/a>&#8211;<\/strong> 6 repr\u00e9sentations &gt; <strong>Du 15 au 20 juillet<\/strong> 2024<br><strong>Le 15 juillet <\/strong>2024 &#8211; <strong>Portiragnes (34)<\/strong><br><strong>Le 16 juillet <\/strong>2024 &#8211;<strong> Vias (34)<\/strong><br><strong>Le 17 juillet<\/strong> 2024 &#8211; <strong>Aimargues (30)<\/strong><br><strong>Le 19 juillet <\/strong>2024 &#8211;<strong>Aussois (73)<\/strong><br><strong>Le 20 juillet <\/strong>2024 &#8211;<strong> Morillon (74)<\/strong><br><strong>Le 21 juillet <\/strong>2024 &#8211; <strong>Saint-Denis-de-Cabanne\/La Durie (42)<\/strong><br>&gt; <strong>Le spectacle poursuivra la tourn\u00e9e avec la CCAS en juillet 2025 pour 6 \u00e0 8 repr\u00e9sentations <\/strong>(calendrier en cours)<br><\/p>\n\n\n\n<p style=\"font-size:14px\"><strong>SAISON 22\/23<br><\/strong><a href=\"https:\/\/www.museepicassoparis.fr\/fr\/journee-speciale-faith-ringgold\"><strong>Mus\u00e9e Picasso<\/strong><\/a> (75) &#8211; <strong>Paris<\/strong><br><strong>samedi 3 juin \u00e0 11h30 &#8211; 14H30 &#8211; 16H30<\/strong><br><em>* Dans le cadre de l&rsquo;hommage \u00e0 Faith Ringgold et de l\u2019exposition du Mus\u00e9e Picasso, le r\u00e9pertoire rend hommage \u00e0 plusieurs chanteuses noires.<\/em><\/p>\n\n\n\n<p style=\"font-size:14px\"><\/p>\n\n\n\n<p style=\"font-size:14px\"><\/p>\n\n\n\n<p style=\"font-size:14px\"><strong><a href=\"https:\/\/www.theatrelacite.com\/biennale-2022\/\"><br><\/a><\/strong><\/p>\n","protected":false},"excerpt":{"rendered":"<p>g\u00e9n\u00e9rique \/ r\u00e9sum\u00e9 \/ presse \/ dossiers \/ calendrier Un projet du collectif F71mise en sc\u00e8neLucie Nicolasdirection musicaleBenjamin Trollr\u00e9gie sonJulien PiccininIavec Lymia Vitte (chant) &amp;Charlotte Melly (dessin) Dans SongBook, le collectid F71 a collect\u00e9 des morceaux de musique qui tous offrent une r\u00e9ponse aux multiples formes que prend la discrimination. Les registres musicaux sont \u00e9clectiques [&hellip;]<\/p>\n","protected":false},"author":1,"featured_media":0,"parent":987,"menu_order":1,"comment_status":"closed","ping_status":"closed","template":"template-full.php","meta":{"footnotes":""},"class_list":["post-2851","page","type-page","status-publish","hentry"],"yoast_head":"<!-- This site is optimized with the Yoast SEO plugin v27.5 - https:\/\/yoast.com\/product\/yoast-seo-wordpress\/ -->\n<title>SONGBOOK Concert dessin\u00e9 - collectif et compagnie<\/title>\n<meta name=\"robots\" content=\"index, follow, max-snippet:-1, max-image-preview:large, max-video-preview:-1\" \/>\n<link rel=\"canonical\" href=\"https:\/\/www.collectifetcie.fr\/index.php\/les-artistes\/lucie-nicolas-collectiff71\/songbook-concert-dessine\/\" \/>\n<meta property=\"og:locale\" content=\"fr_FR\" \/>\n<meta property=\"og:type\" content=\"article\" \/>\n<meta property=\"og:title\" content=\"SONGBOOK Concert dessin\u00e9 - collectif et compagnie\" \/>\n<meta property=\"og:description\" content=\"g\u00e9n\u00e9rique \/ r\u00e9sum\u00e9 \/ presse \/ dossiers \/ calendrier Un projet du collectif F71mise en sc\u00e8neLucie Nicolasdirection musicaleBenjamin Trollr\u00e9gie sonJulien PiccininIavec Lymia Vitte (chant) &amp;Charlotte Melly (dessin) Dans SongBook, le collectid F71 a collect\u00e9 des morceaux de musique qui tous offrent une r\u00e9ponse aux multiples formes que prend la discrimination. Les registres musicaux sont \u00e9clectiques [&hellip;]\" \/>\n<meta property=\"og:url\" content=\"https:\/\/www.collectifetcie.fr\/index.php\/les-artistes\/lucie-nicolas-collectiff71\/songbook-concert-dessine\/\" \/>\n<meta property=\"og:site_name\" content=\"collectif et compagnie\" \/>\n<meta property=\"article:modified_time\" content=\"2026-02-26T15:30:19+00:00\" \/>\n<meta property=\"og:image\" content=\"https:\/\/www.collectifetcie.fr\/wp-content\/uploads\/2023\/05\/SongBook_RESPECT_collectifF71@LucieNicolas-scaled.jpg\" \/>\n\t<meta property=\"og:image:width\" content=\"2560\" \/>\n\t<meta property=\"og:image:height\" content=\"1439\" \/>\n\t<meta property=\"og:image:type\" content=\"image\/jpeg\" \/>\n<meta name=\"twitter:card\" content=\"summary_large_image\" \/>\n<meta name=\"twitter:label1\" content=\"Dur\u00e9e de lecture estim\u00e9e\" \/>\n\t<meta name=\"twitter:data1\" content=\"3 minutes\" \/>\n<script type=\"application\/ld+json\" class=\"yoast-schema-graph\">{\"@context\":\"https:\\\/\\\/schema.org\",\"@graph\":[{\"@type\":\"WebPage\",\"@id\":\"https:\\\/\\\/www.collectifetcie.fr\\\/index.php\\\/les-artistes\\\/lucie-nicolas-collectiff71\\\/songbook-concert-dessine\\\/\",\"url\":\"https:\\\/\\\/www.collectifetcie.fr\\\/index.php\\\/les-artistes\\\/lucie-nicolas-collectiff71\\\/songbook-concert-dessine\\\/\",\"name\":\"SONGBOOK Concert dessin\u00e9 - collectif et compagnie\",\"isPartOf\":{\"@id\":\"https:\\\/\\\/www.collectifetcie.fr\\\/#website\"},\"primaryImageOfPage\":{\"@id\":\"https:\\\/\\\/www.collectifetcie.fr\\\/index.php\\\/les-artistes\\\/lucie-nicolas-collectiff71\\\/songbook-concert-dessine\\\/#primaryimage\"},\"image\":{\"@id\":\"https:\\\/\\\/www.collectifetcie.fr\\\/index.php\\\/les-artistes\\\/lucie-nicolas-collectiff71\\\/songbook-concert-dessine\\\/#primaryimage\"},\"thumbnailUrl\":\"https:\\\/\\\/www.collectifetcie.fr\\\/wp-content\\\/uploads\\\/2023\\\/05\\\/SongBook_RESPECT_collectifF71@LucieNicolas-1024x576.jpg\",\"datePublished\":\"2023-05-17T07:33:33+00:00\",\"dateModified\":\"2026-02-26T15:30:19+00:00\",\"breadcrumb\":{\"@id\":\"https:\\\/\\\/www.collectifetcie.fr\\\/index.php\\\/les-artistes\\\/lucie-nicolas-collectiff71\\\/songbook-concert-dessine\\\/#breadcrumb\"},\"inLanguage\":\"fr-FR\",\"potentialAction\":[{\"@type\":\"ReadAction\",\"target\":[\"https:\\\/\\\/www.collectifetcie.fr\\\/index.php\\\/les-artistes\\\/lucie-nicolas-collectiff71\\\/songbook-concert-dessine\\\/\"]}]},{\"@type\":\"ImageObject\",\"inLanguage\":\"fr-FR\",\"@id\":\"https:\\\/\\\/www.collectifetcie.fr\\\/index.php\\\/les-artistes\\\/lucie-nicolas-collectiff71\\\/songbook-concert-dessine\\\/#primaryimage\",\"url\":\"https:\\\/\\\/www.collectifetcie.fr\\\/wp-content\\\/uploads\\\/2023\\\/05\\\/SongBook_RESPECT_collectifF71@LucieNicolas-scaled.jpg\",\"contentUrl\":\"https:\\\/\\\/www.collectifetcie.fr\\\/wp-content\\\/uploads\\\/2023\\\/05\\\/SongBook_RESPECT_collectifF71@LucieNicolas-scaled.jpg\",\"width\":2560,\"height\":1439},{\"@type\":\"BreadcrumbList\",\"@id\":\"https:\\\/\\\/www.collectifetcie.fr\\\/index.php\\\/les-artistes\\\/lucie-nicolas-collectiff71\\\/songbook-concert-dessine\\\/#breadcrumb\",\"itemListElement\":[{\"@type\":\"ListItem\",\"position\":1,\"name\":\"Accueil\",\"item\":\"https:\\\/\\\/www.collectifetcie.fr\\\/\"},{\"@type\":\"ListItem\",\"position\":2,\"name\":\"Artistes et compagnies\",\"item\":\"https:\\\/\\\/www.collectifetcie.fr\\\/index.php\\\/les-artistes\\\/\"},{\"@type\":\"ListItem\",\"position\":3,\"name\":\"Lucie Nicolas > collectif F71\",\"item\":\"https:\\\/\\\/www.collectifetcie.fr\\\/index.php\\\/les-artistes\\\/lucie-nicolas-collectiff71\\\/\"},{\"@type\":\"ListItem\",\"position\":4,\"name\":\"SONGBOOK Concert dessin\u00e9\"}]},{\"@type\":\"WebSite\",\"@id\":\"https:\\\/\\\/www.collectifetcie.fr\\\/#website\",\"url\":\"https:\\\/\\\/www.collectifetcie.fr\\\/\",\"name\":\"collectif et compagnie\",\"description\":\"\",\"publisher\":{\"@id\":\"https:\\\/\\\/www.collectifetcie.fr\\\/#organization\"},\"potentialAction\":[{\"@type\":\"SearchAction\",\"target\":{\"@type\":\"EntryPoint\",\"urlTemplate\":\"https:\\\/\\\/www.collectifetcie.fr\\\/?s={search_term_string}\"},\"query-input\":{\"@type\":\"PropertyValueSpecification\",\"valueRequired\":true,\"valueName\":\"search_term_string\"}}],\"inLanguage\":\"fr-FR\"},{\"@type\":\"Organization\",\"@id\":\"https:\\\/\\\/www.collectifetcie.fr\\\/#organization\",\"name\":\"collectif et compagnie\",\"url\":\"https:\\\/\\\/www.collectifetcie.fr\\\/\",\"logo\":{\"@type\":\"ImageObject\",\"inLanguage\":\"fr-FR\",\"@id\":\"https:\\\/\\\/www.collectifetcie.fr\\\/#\\\/schema\\\/logo\\\/image\\\/\",\"url\":\"https:\\\/\\\/www.collectifetcie.fr\\\/wp-content\\\/uploads\\\/2025\\\/09\\\/cropped-Bandeau-Site-04-09-25-OK.jpg\",\"contentUrl\":\"https:\\\/\\\/www.collectifetcie.fr\\\/wp-content\\\/uploads\\\/2025\\\/09\\\/cropped-Bandeau-Site-04-09-25-OK.jpg\",\"width\":1616,\"height\":234,\"caption\":\"collectif et compagnie\"},\"image\":{\"@id\":\"https:\\\/\\\/www.collectifetcie.fr\\\/#\\\/schema\\\/logo\\\/image\\\/\"}}]}<\/script>\n<!-- \/ Yoast SEO plugin. -->","yoast_head_json":{"title":"SONGBOOK Concert dessin\u00e9 - collectif et compagnie","robots":{"index":"index","follow":"follow","max-snippet":"max-snippet:-1","max-image-preview":"max-image-preview:large","max-video-preview":"max-video-preview:-1"},"canonical":"https:\/\/www.collectifetcie.fr\/index.php\/les-artistes\/lucie-nicolas-collectiff71\/songbook-concert-dessine\/","og_locale":"fr_FR","og_type":"article","og_title":"SONGBOOK Concert dessin\u00e9 - collectif et compagnie","og_description":"g\u00e9n\u00e9rique \/ r\u00e9sum\u00e9 \/ presse \/ dossiers \/ calendrier Un projet du collectif F71mise en sc\u00e8neLucie Nicolasdirection musicaleBenjamin Trollr\u00e9gie sonJulien PiccininIavec Lymia Vitte (chant) &amp;Charlotte Melly (dessin) Dans SongBook, le collectid F71 a collect\u00e9 des morceaux de musique qui tous offrent une r\u00e9ponse aux multiples formes que prend la discrimination. Les registres musicaux sont \u00e9clectiques [&hellip;]","og_url":"https:\/\/www.collectifetcie.fr\/index.php\/les-artistes\/lucie-nicolas-collectiff71\/songbook-concert-dessine\/","og_site_name":"collectif et compagnie","article_modified_time":"2026-02-26T15:30:19+00:00","og_image":[{"width":2560,"height":1439,"url":"https:\/\/www.collectifetcie.fr\/wp-content\/uploads\/2023\/05\/SongBook_RESPECT_collectifF71@LucieNicolas-scaled.jpg","type":"image\/jpeg"}],"twitter_card":"summary_large_image","twitter_misc":{"Dur\u00e9e de lecture estim\u00e9e":"3 minutes"},"schema":{"@context":"https:\/\/schema.org","@graph":[{"@type":"WebPage","@id":"https:\/\/www.collectifetcie.fr\/index.php\/les-artistes\/lucie-nicolas-collectiff71\/songbook-concert-dessine\/","url":"https:\/\/www.collectifetcie.fr\/index.php\/les-artistes\/lucie-nicolas-collectiff71\/songbook-concert-dessine\/","name":"SONGBOOK Concert dessin\u00e9 - collectif et compagnie","isPartOf":{"@id":"https:\/\/www.collectifetcie.fr\/#website"},"primaryImageOfPage":{"@id":"https:\/\/www.collectifetcie.fr\/index.php\/les-artistes\/lucie-nicolas-collectiff71\/songbook-concert-dessine\/#primaryimage"},"image":{"@id":"https:\/\/www.collectifetcie.fr\/index.php\/les-artistes\/lucie-nicolas-collectiff71\/songbook-concert-dessine\/#primaryimage"},"thumbnailUrl":"https:\/\/www.collectifetcie.fr\/wp-content\/uploads\/2023\/05\/SongBook_RESPECT_collectifF71@LucieNicolas-1024x576.jpg","datePublished":"2023-05-17T07:33:33+00:00","dateModified":"2026-02-26T15:30:19+00:00","breadcrumb":{"@id":"https:\/\/www.collectifetcie.fr\/index.php\/les-artistes\/lucie-nicolas-collectiff71\/songbook-concert-dessine\/#breadcrumb"},"inLanguage":"fr-FR","potentialAction":[{"@type":"ReadAction","target":["https:\/\/www.collectifetcie.fr\/index.php\/les-artistes\/lucie-nicolas-collectiff71\/songbook-concert-dessine\/"]}]},{"@type":"ImageObject","inLanguage":"fr-FR","@id":"https:\/\/www.collectifetcie.fr\/index.php\/les-artistes\/lucie-nicolas-collectiff71\/songbook-concert-dessine\/#primaryimage","url":"https:\/\/www.collectifetcie.fr\/wp-content\/uploads\/2023\/05\/SongBook_RESPECT_collectifF71@LucieNicolas-scaled.jpg","contentUrl":"https:\/\/www.collectifetcie.fr\/wp-content\/uploads\/2023\/05\/SongBook_RESPECT_collectifF71@LucieNicolas-scaled.jpg","width":2560,"height":1439},{"@type":"BreadcrumbList","@id":"https:\/\/www.collectifetcie.fr\/index.php\/les-artistes\/lucie-nicolas-collectiff71\/songbook-concert-dessine\/#breadcrumb","itemListElement":[{"@type":"ListItem","position":1,"name":"Accueil","item":"https:\/\/www.collectifetcie.fr\/"},{"@type":"ListItem","position":2,"name":"Artistes et compagnies","item":"https:\/\/www.collectifetcie.fr\/index.php\/les-artistes\/"},{"@type":"ListItem","position":3,"name":"Lucie Nicolas > collectif F71","item":"https:\/\/www.collectifetcie.fr\/index.php\/les-artistes\/lucie-nicolas-collectiff71\/"},{"@type":"ListItem","position":4,"name":"SONGBOOK Concert dessin\u00e9"}]},{"@type":"WebSite","@id":"https:\/\/www.collectifetcie.fr\/#website","url":"https:\/\/www.collectifetcie.fr\/","name":"collectif et compagnie","description":"","publisher":{"@id":"https:\/\/www.collectifetcie.fr\/#organization"},"potentialAction":[{"@type":"SearchAction","target":{"@type":"EntryPoint","urlTemplate":"https:\/\/www.collectifetcie.fr\/?s={search_term_string}"},"query-input":{"@type":"PropertyValueSpecification","valueRequired":true,"valueName":"search_term_string"}}],"inLanguage":"fr-FR"},{"@type":"Organization","@id":"https:\/\/www.collectifetcie.fr\/#organization","name":"collectif et compagnie","url":"https:\/\/www.collectifetcie.fr\/","logo":{"@type":"ImageObject","inLanguage":"fr-FR","@id":"https:\/\/www.collectifetcie.fr\/#\/schema\/logo\/image\/","url":"https:\/\/www.collectifetcie.fr\/wp-content\/uploads\/2025\/09\/cropped-Bandeau-Site-04-09-25-OK.jpg","contentUrl":"https:\/\/www.collectifetcie.fr\/wp-content\/uploads\/2025\/09\/cropped-Bandeau-Site-04-09-25-OK.jpg","width":1616,"height":234,"caption":"collectif et compagnie"},"image":{"@id":"https:\/\/www.collectifetcie.fr\/#\/schema\/logo\/image\/"}}]}},"_links":{"self":[{"href":"https:\/\/www.collectifetcie.fr\/index.php\/wp-json\/wp\/v2\/pages\/2851","targetHints":{"allow":["GET"]}}],"collection":[{"href":"https:\/\/www.collectifetcie.fr\/index.php\/wp-json\/wp\/v2\/pages"}],"about":[{"href":"https:\/\/www.collectifetcie.fr\/index.php\/wp-json\/wp\/v2\/types\/page"}],"author":[{"embeddable":true,"href":"https:\/\/www.collectifetcie.fr\/index.php\/wp-json\/wp\/v2\/users\/1"}],"replies":[{"embeddable":true,"href":"https:\/\/www.collectifetcie.fr\/index.php\/wp-json\/wp\/v2\/comments?post=2851"}],"version-history":[{"count":77,"href":"https:\/\/www.collectifetcie.fr\/index.php\/wp-json\/wp\/v2\/pages\/2851\/revisions"}],"predecessor-version":[{"id":6393,"href":"https:\/\/www.collectifetcie.fr\/index.php\/wp-json\/wp\/v2\/pages\/2851\/revisions\/6393"}],"up":[{"embeddable":true,"href":"https:\/\/www.collectifetcie.fr\/index.php\/wp-json\/wp\/v2\/pages\/987"}],"wp:attachment":[{"href":"https:\/\/www.collectifetcie.fr\/index.php\/wp-json\/wp\/v2\/media?parent=2851"}],"curies":[{"name":"wp","href":"https:\/\/api.w.org\/{rel}","templated":true}]}}