{"id":2184,"date":"2022-08-29T11:00:03","date_gmt":"2022-08-29T09:00:03","guid":{"rendered":"https:\/\/www.collectifetcie.fr\/?page_id=2184"},"modified":"2026-01-05T14:24:56","modified_gmt":"2026-01-05T13:24:56","slug":"okilele","status":"publish","type":"page","link":"https:\/\/www.collectifetcie.fr\/index.php\/les-artistes\/annabelle-brunet-michael-dusautoy-damien-saugeon-collectif-quatre-ailes\/okilele\/","title":{"rendered":"OKIL\u00c9L\u00c9"},"content":{"rendered":"\n<p class=\"has-text-align-center\"><strong>THEATRE &#8211; MARIONNETTES VIDEOS et THEATRE NOIR<\/strong> &gt; \u00e0 partir de 4 ans<\/p>\n\n\n\n<div class=\"wp-block-columns is-layout-flex wp-container-core-columns-is-layout-9d6595d7 wp-block-columns-is-layout-flex\">\n<div class=\"wp-block-column is-layout-flow wp-block-column-is-layout-flow\">\n<figure class=\"wp-block-embed is-type-video is-provider-youtube wp-block-embed-youtube wp-embed-aspect-16-9 wp-has-aspect-ratio\"><div class=\"wp-block-embed__wrapper\">\n<iframe loading=\"lazy\" title=\"Okil\u00e9l\u00e9 d&#039;apr\u00e8s Claude Ponti par le Collectif Quatre Ailes (Bande annonce)\" width=\"640\" height=\"360\" src=\"https:\/\/www.youtube.com\/embed\/TtTkGKRc05E?feature=oembed\" frameborder=\"0\" allow=\"accelerometer; autoplay; clipboard-write; encrypted-media; gyroscope; picture-in-picture; web-share\" referrerpolicy=\"strict-origin-when-cross-origin\" allowfullscreen><\/iframe>\n<\/div><\/figure>\n<\/div>\n\n\n\n<div class=\"wp-block-column is-layout-flow wp-block-column-is-layout-flow\"><div class=\"wp-block-image\">\n<figure class=\"aligncenter size-full is-resized\"><img loading=\"lazy\" decoding=\"async\" width=\"850\" height=\"794\" src=\"https:\/\/www.collectifetcie.fr\/wp-content\/uploads\/2023\/12\/Photo-OKILELE-1-guillemot.WEB_.jpg\" alt=\"\" class=\"wp-image-3548\" style=\"width:243px;height:auto\" srcset=\"https:\/\/www.collectifetcie.fr\/wp-content\/uploads\/2023\/12\/Photo-OKILELE-1-guillemot.WEB_.jpg 850w, https:\/\/www.collectifetcie.fr\/wp-content\/uploads\/2023\/12\/Photo-OKILELE-1-guillemot.WEB_-300x280.jpg 300w, https:\/\/www.collectifetcie.fr\/wp-content\/uploads\/2023\/12\/Photo-OKILELE-1-guillemot.WEB_-768x717.jpg 768w\" sizes=\"auto, (max-width: 850px) 100vw, 850px\" \/><\/figure>\n<\/div><\/div>\n\n\n\n<div class=\"wp-block-column is-layout-flow wp-block-column-is-layout-flow\">\n<figure class=\"wp-block-image size-full\"><img decoding=\"async\" src=\"https:\/\/www.collectifetcie.fr\/wp-content\/uploads\/2024\/07\/DSC08037guillemot.jpg\" alt=\"\" class=\"wp-image-4151\"\/><figcaption class=\"wp-element-caption\">photos Nicolas Guillemot<\/figcaption><\/figure>\n<\/div>\n<\/div>\n\n\n\n<p class=\"has-text-align-center has-white-color has-text-color has-background has-medium-font-size\" style=\"background-color:#007c89\"><strong><strong>g\u00e9n\u00e9rique \/ r\u00e9sum\u00e9 \/ presse \/ dossiers \/ calendrier <\/strong><\/strong><\/p>\n\n\n\n<div class=\"wp-block-columns is-layout-flex wp-container-core-columns-is-layout-9d6595d7 wp-block-columns-is-layout-flex\">\n<div class=\"wp-block-column is-layout-flow wp-block-column-is-layout-flow\">\n<p class=\"has-background\" id=\"g\u00e9n\u00e9rique\" style=\"background-color:#bfd541;font-size:15px\">d\u2019apr\u00e8s l\u2019album de<br><strong>Claude Ponti<br><\/strong>adaptation<br><strong>Fr\u00e9d\u00e9ric Chevaux<br><\/strong>mise en sc\u00e8ne&nbsp;et sc\u00e9nographie<br><strong>Micha\u00ebl Dusautoy&nbsp;<\/strong><br>vid\u00e9o et sc\u00e9nographie<br><strong>Annabelle Brunet&nbsp;<\/strong><br>lumi\u00e8re et construction <br><strong>Emmanuel Laborde <\/strong>musique <br><strong>Nicolas S\u00e9guy<\/strong><br>design sonore <br><strong>Fabienne Touzi Dit Terzi<\/strong><br><br>avec <strong>Damien Saugeon<\/strong><\/p>\n\n\n\n<p class=\"has-text-color\" style=\"color:#007c89;font-size:16px\"><strong>THEATRE  &#8211; MARIONNETTES VIDEOS et THEATRE NOIR<\/strong><\/p>\n\n\n\n<p class=\"has-text-color has-link-color has-small-font-size wp-elements-c51488d6868989e798bcc4087b8a705a\" style=\"color:#007c89\"><strong>LA PRESSE<br>TELERAMA<\/strong>&nbsp;<strong>TTT<\/strong>&nbsp;&#8211; Fran\u00e7oise Sabatier-Morel &#8211; <strong><em>\u00ab\u00a0Port\u00e9 par un com\u00e9dien seul en sc\u00e8ne, aid\u00e9 par un manipulateur invisible qui anime comme par magie tout un univers plastique (th\u00e9\u00e2tre d&rsquo;objets, th\u00e9\u00e2tre noir, marionnettes, vid\u00e9o), le spectacle interroge avec finesse la diff\u00e9rence (&#8230;) et reste fid\u00e8le \u00e0 l&rsquo;esprit malicieux de Claude Ponti.<\/em>\u00ab\u00a0<\/strong><\/p>\n\n\n\n<p class=\"has-text-color has-link-color has-small-font-size wp-elements-f7c001e04a1d32c2df6c8677f699b4bd\" style=\"color:#007c89\"><strong>La Terrasse<\/strong>&nbsp;&#8211; Agn\u00e8s Santi &#8211; <em><strong>\u00ab\u00a0La mise en sc\u00e8ne retrace le parcours du petit Okil\u00e9l\u00e9, rejet\u00e9 par sa famille, qui construit un chemin de r\u00e9silience. (&#8230;) Avec humour et douceur (&#8230;) l\u2019histoire d\u2019Okil\u00e9l\u00e9 se fait m\u00e9dium, transmettant de la force \u00e0 tous les enfants.\u00a0\u00bb&nbsp;&nbsp;<\/strong><\/em><\/p>\n<\/div>\n\n\n\n<div class=\"wp-block-column is-layout-flow wp-block-column-is-layout-flow\">\n<p id=\"Resume\" style=\"font-size:15px\">Cette cr\u00e9ation est la seconde \u00e9tape autour de l&rsquo;\u0153uvre de Claude Ponti initi\u00e9e avec&nbsp;<em>Mille secrets de poussins<\/em>.&nbsp;<em>Okil\u00e9l\u00e9&nbsp;<\/em>est n\u00e9 de l&rsquo;envie de cr\u00e9er une forme th\u00e9\u00e2trale&nbsp; qui m\u00eale th\u00e9\u00e2tre d\u2019objet, marionnettes vid\u00e9o et th\u00e9\u00e2tre noir, destin\u00e9e au tr\u00e8s jeune public (\u00e0 partir de 4 ans)&nbsp;et aux adultes. <br>Gr\u00e2ce \u00e0 la d\u00e9licatesse et \u00e0 l&rsquo;humour de Claude Ponti, le collectif Quatre Ailes invitent les spectateurs \u00e0 se questionner et \u00e0 s&rsquo;inventer autour de la difficile question de&nbsp;comment grandir et vivre lorsqu&rsquo;on se sent rejet\u00e9&nbsp;?<br><br>Un p\u00e8re raconte une histoire \u00e0 son enfant de 5 ans pour lui redonner le sourire. Quelque chose ne va pas, il reste toujours seul et ne veut pas en parler. En rangeant le garage de sa maison d&rsquo;enfance, le p\u00e8re retombe sur ses souvenirs et utilise les objets qui l&rsquo;entourent pour lui raconter l&rsquo;histoire d&rsquo;Okil\u00e9l\u00e9, un personnage qu&rsquo;il s&rsquo;\u00e9tait invent\u00e9 petit, quand lui aussi se sentait seul.&nbsp;Sous la forme d&rsquo;un voyage initiatique nous suivons ce personnage imaginaire qui se r\u00e9invente en permanence dans un monde qui le rejette. Par son d\u00e9sir de connaissance et la force de son imaginaire, il tente d&rsquo;\u00e9chapper au ressentiment qui pourrait l\u00e9gitimement l&rsquo;accabler.<\/p>\n<\/div>\n\n\n\n<div class=\"wp-block-column is-layout-flow wp-block-column-is-layout-flow\">\n<p class=\"has-black-color has-text-color has-background has-small-font-size\" style=\"background-color:#bfd541\"><strong>Production&nbsp;<\/strong>Collectif Quatre Ailes<br><strong>Coproduction <\/strong>Espace Municipal Jean Vilar \u00e0 Arcueil, Arto le Kiwi lieu de partage et d\u2019imagination. Projet soutenu par le minist\u00e8re de la Culture \u2013 Direction r\u00e9gionale des affaires culturelles d\u2019\u00cele-de-France. Cr\u00e9ation soutenue par la compagnie ACTA dans le cadre du dispositif P\u00e9pite, p\u00f4le d\u2019accompagnement \u00e0 la cr\u00e9ation jeune public, le Th\u00e9\u00e2tre des Sablons et le Th\u00e9\u00e2tre Antoine Watteau. <br><br>Le Collectif Quatre Ailes est conventionn\u00e9 par le D\u00e9partement du Val-de-Marne<br><br><\/p>\n\n\n\n<p class=\"has-text-color\" style=\"color:#007c89\"><strong>DUREE 40 mn<\/strong><\/p>\n\n\n\n<p class=\"has-black-color has-text-color has-background has-small-font-size\" style=\"background-color:#bfd541\"><strong>production et diffusion<br>Estelle Delorme  33 (o)6 77 13 30 88&nbsp;<\/strong><br><a href=\"https:\/\/mail.google.com\/mail\/u\/0\/?fs=1&amp;tf=cm&amp;source=mailto&amp;to=estelle.delorme@collectifetcie.fr\">estelle.delorme@collectifetcie.fr<br><\/a><\/p>\n<\/div>\n<\/div>\n\n\n\n<div class=\"wp-block-buttons is-horizontal is-content-justification-space-between is-layout-flex wp-container-core-buttons-is-layout-9262d1ff wp-block-buttons-is-layout-flex\">\n<div class=\"wp-block-button is-style-fill\"><a class=\"wp-block-button__link has-white-color has-text-color has-background has-custom-font-size wp-element-button\" href=\"https:\/\/www.collectifetcie.fr\/wp-content\/uploads\/2025\/06\/FR_dossier_Okilele.pdf\" style=\"background-color:#bfd541;font-size:22px\"><strong>Dossier de diffusion<\/strong><\/a><\/div>\n\n\n\n<div class=\"wp-block-button is-style-fill\"><a class=\"wp-block-button__link has-background has-custom-font-size wp-element-button\" href=\"https:\/\/www.collectifetcie.fr\/wp-content\/uploads\/2025\/12\/Revue_presse_Okilele.pdf\" style=\"background-color:#007c89;font-size:22px\"><strong>Revue de presse<\/strong><\/a><\/div>\n<\/div>\n\n\n\n<div style=\"height:11px\" aria-hidden=\"true\" class=\"wp-block-spacer\"><\/div>\n\n\n\n<p class=\"has-white-color has-text-color has-background has-medium-font-size\" id=\"CAL\" style=\"background-color:#007c89\"><strong>EN<\/strong> <strong>DIFFUSION 2025\/26<\/strong><\/p>\n\n\n\n<p style=\"font-size:14px\"><a href=\"https:\/\/presence-pasteur.fr\/\"><strong>Pr\u00e9sence Pasteur<\/strong><\/a> &#8211; 13 rue Tronca &#8211; <strong>Avignon&nbsp;<\/strong>(84)<br>du <strong>5 au 26 juillet <\/strong>2025 \u00e0 9h30 (rel\u00e2ches les lundis)<\/p>\n\n\n\n<p style=\"font-size:14px\"><strong><a href=\"https:\/\/www.ville-valbonne.fr\/le-pre-des-arts\/\">Le Pr\u00e9 des Arts <\/a><\/strong>&#8211; <strong>Valbonne<\/strong> (06)<br><strong>jeudi 13 novembre <\/strong>2025 &#8211; 9h30 et 14h<br><strong>vendredi 14 novembre<\/strong> 2025 &#8211; 18h30 <br><strong><br><a href=\"https:\/\/www.ville-cormeilles95.fr\/contacts\/theatre-du-cormier\/\">Th\u00e9\u00e2tre du Cormier<\/a><\/strong> &#8211; <strong>Cormeilles en Parisis<\/strong> (95)<br><strong>vendredi 12 d\u00e9cembre<\/strong> 2025 &#8211; 10h et 14h30<br><strong>samedi 13 d\u00e9cembre<\/strong> 2025 &#8211; 17h <br><br><a href=\"https:\/\/www.arche-sillon.com\/\"><strong>L&rsquo;Arche-Le Sillon<\/strong><\/a> &#8211; <strong>Pleubian<\/strong> (22)<br><strong>vendredi 06 mars <\/strong> 2025 &#8211; 10h et 14h30<\/p>\n\n\n\n<p style=\"font-size:14px\"><a href=\"https:\/\/www.facebook.com\/p\/Th%C3%A9%C3%A2tre-en-Cotentin-61555115986891\/\">festival Th\u00e9\u00e2tre en Cotentin<\/a><br>Options en cours de programmation les dimanche 08 et lundi 09 mars 2025<br><br><strong><a href=\"https:\/\/www.agglo-montargoise.fr\/culture-sport-et-tourisme\/sortir-saison-culturelle-de-l-ame\/equipe-et-salle-de-spectacles-10810\">Le Tivoli <\/a><\/strong>&#8211; programmation de l&rsquo;AME de <strong>Montargis<\/strong> (45)<br><strong>lundi 27 avril<\/strong> 2026  &#8211; 10h et 15h<br><strong>mardi 28 avril<\/strong> 2026 &#8211; 10h et 15h<br><br><strong>Salle Farto <\/strong>Grand Bornand (74)<strong><br>lundi 24 ao\u00fbt<\/strong> 2026 &#8211; 2 repr\u00e9sentations<\/p>\n\n\n\n<p class=\"has-white-color has-text-color has-background has-medium-font-size\" id=\"CAL\" style=\"background-color:#bfd541\"><strong>CALENDRIER 2024\/25<\/strong><\/p>\n\n\n\n<p style=\"font-size:14px\"><a href=\"https:\/\/www.theatre-semaphore-portdebouc.com\/\"><strong>Le S\u00e9maphore<\/strong><\/a>&nbsp;<strong>Port de Bouc<\/strong> (13)<br><strong>&gt;&nbsp;samedi 12&nbsp;octobre&nbsp;<\/strong>2024 <strong>&#8211; <\/strong>10H00<br><strong>&gt; lundi 14 octobre <\/strong>2024 &#8211; 09H30 et 14H30<br><br><strong><a href=\"https:\/\/comoedia-aubagnebilletterie.mapado.com\/\">Th\u00e9\u00e2tre Comoedia &#8211; Festival Grains de sel<\/a> <\/strong>\u2013 <strong>Aubagne<\/strong> (13)<br><strong>jeudi 21 novembre<\/strong> 2024 &#8211; 10h00 et \u00e0 14h40 <br><strong>vendredi 22 novembre<\/strong> 2024 &#8211; 10h00 et \u00e0 14h40 <br><strong>samedi 23 novembre<\/strong> 2024 &#8211; 14h30 <br><br><strong>Th\u00e9\u00e2tre Luxembourg <\/strong>&#8211; <a href=\"https:\/\/maps.app.goo.gl\/bwk6tyYohg7e1Phn7\">Espace Caravelle<\/a>  <strong>Meaux<\/strong> (77)<br><strong>mardi 10 d\u00e9cembre<\/strong> 2024 &#8211; 10h00 et \u00e0 14h30 <br><strong>mercredi 11 d\u00e9cembre<\/strong> 2024 &#8211; 10h00 <br><br><a href=\"https:\/\/lenvoleevalbriard.fr\/\"><strong>l&rsquo;Envol\u00e9e<\/strong><\/a> &#8211; Pole Culturel du Val-Briard <strong>Les Chapelles Bourbon <\/strong>(77)<br><strong>mardi 17 d\u00e9cembre<\/strong> 2024 &#8211; horaires en cours<br><br><a href=\"https:\/\/www.scenesetcines.fr\/les-theatres\/theatre-la-colonne\/\"><strong>Th\u00e9\u00e2tre La Colonne <\/strong><\/a>sc\u00e8nes et cin\u00e9 &#8211; <strong>Miramas<\/strong> (13)<br><strong>jeudi 09 janvier<\/strong> 2025 &#8211; 10h &#8211; 15h<br><strong>vendredi 10 janvier<\/strong> 2025 &#8211; 10h &#8211; 15h<br><strong>samedi 11 janvier<\/strong> 2025 &#8211; 11h<br><br><strong><a href=\"https:\/\/www.arche-sillon.com\/\">L&rsquo;Arche &#8211; Le Sillon<\/a> <\/strong>&#8211; <strong>Tr\u00e9guor<\/strong> (22)<br><strong>samedi 1er f\u00e9vrier <\/strong>2025 &#8211; horaire en cours<br><br><strong><a href=\"https:\/\/www.ccjeanvilar.fr\/\">Centre Culturel Jean Vilar<\/a> <\/strong>&#8211; <strong>Marly Le Roi <\/strong>(78)<br><strong>jeudi 13 f\u00e9vrier<\/strong> 2025 &#8211; 10h &#8211; 14h<br><br><strong><a href=\"https:\/\/www.ville-soa.fr\/saison-culturelle-20242025\">L&rsquo;Impr\u00e9vu<\/a><\/strong> &#8211; <strong>Saint-Ouen l&rsquo;Aum\u00f4ne<\/strong> (95)<br><strong>samedi 03 mai <\/strong>2025 &#8211; 10h30<br><strong>lundi 05 mai <\/strong>2025 &#8211; 10h &#8211; 14h<br><strong>mardi 06 mai <\/strong>2025 &#8211; 10h <br><br><a href=\"https:\/\/www.le-pole.fr\/\"><strong>Le P\u00f4le<\/strong> <\/a>&#8211; <strong>Le Revest <\/strong>(83)<br><strong>jeudi 15 mai <\/strong>2025 &#8211; 10h00 &#8211; 14h30<br><strong>vendredi 16 mai<\/strong> 2025 &#8211; 10h00 &#8211; 14h30<br><strong>samedi 17 mai <\/strong>2025 &#8211; 10h00 &#8211; 17h00<br><strong>lundi 19 ma<\/strong>i 2025 &#8211; 10h00 &#8211; 14h30<br><strong>mardi 20 mai <\/strong>2025 &#8211; 10h00 &#8211; 14h30<br><br><a href=\"https:\/\/www.theatresendracenie.com\/\"><strong>Th\u00e9\u00e2tre en Drac\u00e9nie <\/strong><\/a>&#8211; <strong>Draguignan<\/strong> (83)<br><strong>jeudi 23 mai <\/strong>2025 &#8211; 10h00 &#8211; 14h30<br><strong>vendredi 24 mai<\/strong> 2025 &#8211; 10h00 &#8211; 14h30<br><strong>samedi 25 mai <\/strong>2025 &#8211; 16h00<\/p>\n\n\n\n<p style=\"font-size:14px\"><\/p>\n\n\n\n<p class=\"has-white-color has-text-color has-background has-medium-font-size\" id=\"CAL\" style=\"background-color:#bfd541\"><strong>CREATION ET DIFFUSION 2023<\/strong> \/ 24<\/p>\n\n\n\n<p style=\"font-size:14px\"><strong><a href=\"https:\/\/www.theatredessablons.com\/agenda\/mille-secrets-poussins\">Th\u00e9\u00e2tre des Sablons<\/a><\/strong>&nbsp;\u2013 Neuilly-sur-Seine (92) CREATION<br><strong>jeudi 16 novembre<\/strong>&nbsp;2023 \u2013 09h30<br><strong>vendredi 17 novembre<\/strong>&nbsp;2023 \u2013 14h30<br><strong>samedi 18 novembre<\/strong> 2023 &#8211; 10H30 et 16h<\/p>\n\n\n\n<p style=\"font-size:14px\"><strong><a href=\"https:\/\/www.cannes.com\/fr\/culture\/theatre-de-la-licorne\/programmation-de-la-saison.html\">Th\u00e9\u00e2tre de la Licorne <\/a>&#8211;<\/strong> Cannes (06)<br><strong>vendredi 1er d\u00e9cembre<\/strong> 2023 &#8211; 10h et 14H30<br><strong>samedi 2 d\u00e9cembre<\/strong> 2023 &#8211; 10H30<\/p>\n\n\n\n<p style=\"font-size:14px\"><strong><a href=\"https:\/\/www.arcueil.fr\/demarches-et-services\/culture\/espace-jean-vilar\/\">Espace Jean Vilar<\/a><\/strong> &#8211; Arcueil (94)<br><strong>mardi 12 d\u00e9cembre<\/strong> 2023 &#8211; 10h et 14h<br><strong>jeudi 14 d\u00e9cembre <\/strong>2023 &#8211; 10h et 14h<br><strong>vendredi 15 d\u00e9cembre<\/strong> 2023 &#8211; 10h et 14h<\/p>\n\n\n\n<p style=\"font-size:14px\"><a href=\"https:\/\/www.cite-langue-francaise.fr\/\"><strong>Cit\u00e9 Internationale de la langue Fran\u00e7aise <\/strong><\/a>&#8211; Ch\u00e2teau de Villers-Cotter\u00eats (02)<br><strong>samedi 24 f\u00e9vrier<\/strong> 2024 &#8211; 16h<br><br><strong><a href=\"https:\/\/www.theatreantoinewatteau.fr\/saison-culturelle-2023-2024-telechargez-la-brochure\">Th\u00e9\u00e2tre Antoine Watteau <\/a><\/strong>&#8211; Nogent-sur-Marne (94)<br><strong>mardi 26 mars<\/strong> 2024 &#8211; 10h et 14h30<a href=\"https:\/\/www.cite-langue-francaise.fr\/\">https:\/\/www.cite-langue-francaise.fr\/<\/a><br><br><strong><a href=\"https:\/\/13.agendaculturel.fr\/theatre-de-fontblanche\">Th\u00e9\u00e2tre Fontblanche<\/a><\/strong> &#8211; Vitrolles (13)<br><strong>jeudi 18 avril <\/strong>2024 &#8211; 10h et 14h30<br><strong>vendredi 19 avril <\/strong>2024 &#8211; 10h et 14h30<br><br><strong><a href=\"https:\/\/kiwiramonville-arto.fr\/\">Le Kiwi <\/a><\/strong>&#8211; Ramonville (31)<br><strong>vendredi 26 avril <\/strong>2024 &#8211; 2 repr\u00e9sentations<br><strong>samedi 27 avril <\/strong>2024 &#8211; 1 repr\u00e9sentation<\/p>\n","protected":false},"excerpt":{"rendered":"<p>THEATRE &#8211; MARIONNETTES VIDEOS et THEATRE NOIR &gt; \u00e0 partir de 4 ans g\u00e9n\u00e9rique \/ r\u00e9sum\u00e9 \/ presse \/ dossiers \/ calendrier d\u2019apr\u00e8s l\u2019album deClaude PontiadaptationFr\u00e9d\u00e9ric Chevauxmise en sc\u00e8ne&nbsp;et sc\u00e9nographieMicha\u00ebl Dusautoy&nbsp;vid\u00e9o et sc\u00e9nographieAnnabelle Brunet&nbsp;lumi\u00e8re et construction Emmanuel Laborde musique Nicolas S\u00e9guydesign sonore Fabienne Touzi Dit Terzi avec Damien Saugeon THEATRE &#8211; MARIONNETTES VIDEOS et THEATRE [&hellip;]<\/p>\n","protected":false},"author":1,"featured_media":0,"parent":696,"menu_order":2,"comment_status":"closed","ping_status":"closed","template":"template-full.php","meta":{"footnotes":""},"class_list":["post-2184","page","type-page","status-publish","hentry"],"yoast_head":"<!-- This site is optimized with the Yoast SEO plugin v27.5 - https:\/\/yoast.com\/product\/yoast-seo-wordpress\/ -->\n<title>OKIL\u00c9L\u00c9 - collectif et compagnie<\/title>\n<meta name=\"robots\" content=\"index, follow, max-snippet:-1, max-image-preview:large, max-video-preview:-1\" \/>\n<link rel=\"canonical\" href=\"https:\/\/www.collectifetcie.fr\/index.php\/les-artistes\/annabelle-brunet-michael-dusautoy-damien-saugeon-collectif-quatre-ailes\/okilele\/\" \/>\n<meta property=\"og:locale\" content=\"fr_FR\" \/>\n<meta property=\"og:type\" content=\"article\" \/>\n<meta property=\"og:title\" content=\"OKIL\u00c9L\u00c9 - collectif et compagnie\" \/>\n<meta property=\"og:description\" content=\"THEATRE &#8211; MARIONNETTES VIDEOS et THEATRE NOIR &gt; \u00e0 partir de 4 ans g\u00e9n\u00e9rique \/ r\u00e9sum\u00e9 \/ presse \/ dossiers \/ calendrier d\u2019apr\u00e8s l\u2019album deClaude PontiadaptationFr\u00e9d\u00e9ric Chevauxmise en sc\u00e8ne&nbsp;et sc\u00e9nographieMicha\u00ebl Dusautoy&nbsp;vid\u00e9o et sc\u00e9nographieAnnabelle Brunet&nbsp;lumi\u00e8re et construction Emmanuel Laborde musique Nicolas S\u00e9guydesign sonore Fabienne Touzi Dit Terzi avec Damien Saugeon THEATRE &#8211; MARIONNETTES VIDEOS et THEATRE [&hellip;]\" \/>\n<meta property=\"og:url\" content=\"https:\/\/www.collectifetcie.fr\/index.php\/les-artistes\/annabelle-brunet-michael-dusautoy-damien-saugeon-collectif-quatre-ailes\/okilele\/\" \/>\n<meta property=\"og:site_name\" content=\"collectif et compagnie\" \/>\n<meta property=\"article:modified_time\" content=\"2026-01-05T13:24:56+00:00\" \/>\n<meta property=\"og:image\" content=\"https:\/\/www.collectifetcie.fr\/wp-content\/uploads\/2023\/12\/Photo-OKILELE-1-guillemot.WEB_.jpg\" \/>\n\t<meta property=\"og:image:width\" content=\"850\" \/>\n\t<meta property=\"og:image:height\" content=\"794\" \/>\n\t<meta property=\"og:image:type\" content=\"image\/jpeg\" \/>\n<meta name=\"twitter:card\" content=\"summary_large_image\" \/>\n<meta name=\"twitter:label1\" content=\"Dur\u00e9e de lecture estim\u00e9e\" \/>\n\t<meta name=\"twitter:data1\" content=\"2 minutes\" \/>\n<script type=\"application\/ld+json\" class=\"yoast-schema-graph\">{\"@context\":\"https:\\\/\\\/schema.org\",\"@graph\":[{\"@type\":\"WebPage\",\"@id\":\"https:\\\/\\\/www.collectifetcie.fr\\\/index.php\\\/les-artistes\\\/annabelle-brunet-michael-dusautoy-damien-saugeon-collectif-quatre-ailes\\\/okilele\\\/\",\"url\":\"https:\\\/\\\/www.collectifetcie.fr\\\/index.php\\\/les-artistes\\\/annabelle-brunet-michael-dusautoy-damien-saugeon-collectif-quatre-ailes\\\/okilele\\\/\",\"name\":\"OKIL\u00c9L\u00c9 - collectif et compagnie\",\"isPartOf\":{\"@id\":\"https:\\\/\\\/www.collectifetcie.fr\\\/#website\"},\"primaryImageOfPage\":{\"@id\":\"https:\\\/\\\/www.collectifetcie.fr\\\/index.php\\\/les-artistes\\\/annabelle-brunet-michael-dusautoy-damien-saugeon-collectif-quatre-ailes\\\/okilele\\\/#primaryimage\"},\"image\":{\"@id\":\"https:\\\/\\\/www.collectifetcie.fr\\\/index.php\\\/les-artistes\\\/annabelle-brunet-michael-dusautoy-damien-saugeon-collectif-quatre-ailes\\\/okilele\\\/#primaryimage\"},\"thumbnailUrl\":\"https:\\\/\\\/www.collectifetcie.fr\\\/wp-content\\\/uploads\\\/2023\\\/12\\\/Photo-OKILELE-1-guillemot.WEB_.jpg\",\"datePublished\":\"2022-08-29T09:00:03+00:00\",\"dateModified\":\"2026-01-05T13:24:56+00:00\",\"breadcrumb\":{\"@id\":\"https:\\\/\\\/www.collectifetcie.fr\\\/index.php\\\/les-artistes\\\/annabelle-brunet-michael-dusautoy-damien-saugeon-collectif-quatre-ailes\\\/okilele\\\/#breadcrumb\"},\"inLanguage\":\"fr-FR\",\"potentialAction\":[{\"@type\":\"ReadAction\",\"target\":[\"https:\\\/\\\/www.collectifetcie.fr\\\/index.php\\\/les-artistes\\\/annabelle-brunet-michael-dusautoy-damien-saugeon-collectif-quatre-ailes\\\/okilele\\\/\"]}]},{\"@type\":\"ImageObject\",\"inLanguage\":\"fr-FR\",\"@id\":\"https:\\\/\\\/www.collectifetcie.fr\\\/index.php\\\/les-artistes\\\/annabelle-brunet-michael-dusautoy-damien-saugeon-collectif-quatre-ailes\\\/okilele\\\/#primaryimage\",\"url\":\"https:\\\/\\\/www.collectifetcie.fr\\\/wp-content\\\/uploads\\\/2023\\\/12\\\/Photo-OKILELE-1-guillemot.WEB_.jpg\",\"contentUrl\":\"https:\\\/\\\/www.collectifetcie.fr\\\/wp-content\\\/uploads\\\/2023\\\/12\\\/Photo-OKILELE-1-guillemot.WEB_.jpg\",\"width\":850,\"height\":794},{\"@type\":\"BreadcrumbList\",\"@id\":\"https:\\\/\\\/www.collectifetcie.fr\\\/index.php\\\/les-artistes\\\/annabelle-brunet-michael-dusautoy-damien-saugeon-collectif-quatre-ailes\\\/okilele\\\/#breadcrumb\",\"itemListElement\":[{\"@type\":\"ListItem\",\"position\":1,\"name\":\"Accueil\",\"item\":\"https:\\\/\\\/www.collectifetcie.fr\\\/\"},{\"@type\":\"ListItem\",\"position\":2,\"name\":\"Artistes et compagnies\",\"item\":\"https:\\\/\\\/www.collectifetcie.fr\\\/index.php\\\/les-artistes\\\/\"},{\"@type\":\"ListItem\",\"position\":3,\"name\":\"Annabelle Brunet &#8211; Micha\u00ebl Dusautoy &#8211; Damien Saugeon > Collectif Quatre Ailes\",\"item\":\"https:\\\/\\\/www.collectifetcie.fr\\\/index.php\\\/les-artistes\\\/annabelle-brunet-michael-dusautoy-damien-saugeon-collectif-quatre-ailes\\\/\"},{\"@type\":\"ListItem\",\"position\":4,\"name\":\"OKIL\u00c9L\u00c9\"}]},{\"@type\":\"WebSite\",\"@id\":\"https:\\\/\\\/www.collectifetcie.fr\\\/#website\",\"url\":\"https:\\\/\\\/www.collectifetcie.fr\\\/\",\"name\":\"collectif et compagnie\",\"description\":\"\",\"publisher\":{\"@id\":\"https:\\\/\\\/www.collectifetcie.fr\\\/#organization\"},\"potentialAction\":[{\"@type\":\"SearchAction\",\"target\":{\"@type\":\"EntryPoint\",\"urlTemplate\":\"https:\\\/\\\/www.collectifetcie.fr\\\/?s={search_term_string}\"},\"query-input\":{\"@type\":\"PropertyValueSpecification\",\"valueRequired\":true,\"valueName\":\"search_term_string\"}}],\"inLanguage\":\"fr-FR\"},{\"@type\":\"Organization\",\"@id\":\"https:\\\/\\\/www.collectifetcie.fr\\\/#organization\",\"name\":\"collectif et compagnie\",\"url\":\"https:\\\/\\\/www.collectifetcie.fr\\\/\",\"logo\":{\"@type\":\"ImageObject\",\"inLanguage\":\"fr-FR\",\"@id\":\"https:\\\/\\\/www.collectifetcie.fr\\\/#\\\/schema\\\/logo\\\/image\\\/\",\"url\":\"https:\\\/\\\/www.collectifetcie.fr\\\/wp-content\\\/uploads\\\/2025\\\/09\\\/cropped-Bandeau-Site-04-09-25-OK.jpg\",\"contentUrl\":\"https:\\\/\\\/www.collectifetcie.fr\\\/wp-content\\\/uploads\\\/2025\\\/09\\\/cropped-Bandeau-Site-04-09-25-OK.jpg\",\"width\":1616,\"height\":234,\"caption\":\"collectif et compagnie\"},\"image\":{\"@id\":\"https:\\\/\\\/www.collectifetcie.fr\\\/#\\\/schema\\\/logo\\\/image\\\/\"}}]}<\/script>\n<!-- \/ Yoast SEO plugin. -->","yoast_head_json":{"title":"OKIL\u00c9L\u00c9 - collectif et compagnie","robots":{"index":"index","follow":"follow","max-snippet":"max-snippet:-1","max-image-preview":"max-image-preview:large","max-video-preview":"max-video-preview:-1"},"canonical":"https:\/\/www.collectifetcie.fr\/index.php\/les-artistes\/annabelle-brunet-michael-dusautoy-damien-saugeon-collectif-quatre-ailes\/okilele\/","og_locale":"fr_FR","og_type":"article","og_title":"OKIL\u00c9L\u00c9 - collectif et compagnie","og_description":"THEATRE &#8211; MARIONNETTES VIDEOS et THEATRE NOIR &gt; \u00e0 partir de 4 ans g\u00e9n\u00e9rique \/ r\u00e9sum\u00e9 \/ presse \/ dossiers \/ calendrier d\u2019apr\u00e8s l\u2019album deClaude PontiadaptationFr\u00e9d\u00e9ric Chevauxmise en sc\u00e8ne&nbsp;et sc\u00e9nographieMicha\u00ebl Dusautoy&nbsp;vid\u00e9o et sc\u00e9nographieAnnabelle Brunet&nbsp;lumi\u00e8re et construction Emmanuel Laborde musique Nicolas S\u00e9guydesign sonore Fabienne Touzi Dit Terzi avec Damien Saugeon THEATRE &#8211; MARIONNETTES VIDEOS et THEATRE [&hellip;]","og_url":"https:\/\/www.collectifetcie.fr\/index.php\/les-artistes\/annabelle-brunet-michael-dusautoy-damien-saugeon-collectif-quatre-ailes\/okilele\/","og_site_name":"collectif et compagnie","article_modified_time":"2026-01-05T13:24:56+00:00","og_image":[{"width":850,"height":794,"url":"https:\/\/www.collectifetcie.fr\/wp-content\/uploads\/2023\/12\/Photo-OKILELE-1-guillemot.WEB_.jpg","type":"image\/jpeg"}],"twitter_card":"summary_large_image","twitter_misc":{"Dur\u00e9e de lecture estim\u00e9e":"2 minutes"},"schema":{"@context":"https:\/\/schema.org","@graph":[{"@type":"WebPage","@id":"https:\/\/www.collectifetcie.fr\/index.php\/les-artistes\/annabelle-brunet-michael-dusautoy-damien-saugeon-collectif-quatre-ailes\/okilele\/","url":"https:\/\/www.collectifetcie.fr\/index.php\/les-artistes\/annabelle-brunet-michael-dusautoy-damien-saugeon-collectif-quatre-ailes\/okilele\/","name":"OKIL\u00c9L\u00c9 - collectif et compagnie","isPartOf":{"@id":"https:\/\/www.collectifetcie.fr\/#website"},"primaryImageOfPage":{"@id":"https:\/\/www.collectifetcie.fr\/index.php\/les-artistes\/annabelle-brunet-michael-dusautoy-damien-saugeon-collectif-quatre-ailes\/okilele\/#primaryimage"},"image":{"@id":"https:\/\/www.collectifetcie.fr\/index.php\/les-artistes\/annabelle-brunet-michael-dusautoy-damien-saugeon-collectif-quatre-ailes\/okilele\/#primaryimage"},"thumbnailUrl":"https:\/\/www.collectifetcie.fr\/wp-content\/uploads\/2023\/12\/Photo-OKILELE-1-guillemot.WEB_.jpg","datePublished":"2022-08-29T09:00:03+00:00","dateModified":"2026-01-05T13:24:56+00:00","breadcrumb":{"@id":"https:\/\/www.collectifetcie.fr\/index.php\/les-artistes\/annabelle-brunet-michael-dusautoy-damien-saugeon-collectif-quatre-ailes\/okilele\/#breadcrumb"},"inLanguage":"fr-FR","potentialAction":[{"@type":"ReadAction","target":["https:\/\/www.collectifetcie.fr\/index.php\/les-artistes\/annabelle-brunet-michael-dusautoy-damien-saugeon-collectif-quatre-ailes\/okilele\/"]}]},{"@type":"ImageObject","inLanguage":"fr-FR","@id":"https:\/\/www.collectifetcie.fr\/index.php\/les-artistes\/annabelle-brunet-michael-dusautoy-damien-saugeon-collectif-quatre-ailes\/okilele\/#primaryimage","url":"https:\/\/www.collectifetcie.fr\/wp-content\/uploads\/2023\/12\/Photo-OKILELE-1-guillemot.WEB_.jpg","contentUrl":"https:\/\/www.collectifetcie.fr\/wp-content\/uploads\/2023\/12\/Photo-OKILELE-1-guillemot.WEB_.jpg","width":850,"height":794},{"@type":"BreadcrumbList","@id":"https:\/\/www.collectifetcie.fr\/index.php\/les-artistes\/annabelle-brunet-michael-dusautoy-damien-saugeon-collectif-quatre-ailes\/okilele\/#breadcrumb","itemListElement":[{"@type":"ListItem","position":1,"name":"Accueil","item":"https:\/\/www.collectifetcie.fr\/"},{"@type":"ListItem","position":2,"name":"Artistes et compagnies","item":"https:\/\/www.collectifetcie.fr\/index.php\/les-artistes\/"},{"@type":"ListItem","position":3,"name":"Annabelle Brunet &#8211; Micha\u00ebl Dusautoy &#8211; Damien Saugeon > Collectif Quatre Ailes","item":"https:\/\/www.collectifetcie.fr\/index.php\/les-artistes\/annabelle-brunet-michael-dusautoy-damien-saugeon-collectif-quatre-ailes\/"},{"@type":"ListItem","position":4,"name":"OKIL\u00c9L\u00c9"}]},{"@type":"WebSite","@id":"https:\/\/www.collectifetcie.fr\/#website","url":"https:\/\/www.collectifetcie.fr\/","name":"collectif et compagnie","description":"","publisher":{"@id":"https:\/\/www.collectifetcie.fr\/#organization"},"potentialAction":[{"@type":"SearchAction","target":{"@type":"EntryPoint","urlTemplate":"https:\/\/www.collectifetcie.fr\/?s={search_term_string}"},"query-input":{"@type":"PropertyValueSpecification","valueRequired":true,"valueName":"search_term_string"}}],"inLanguage":"fr-FR"},{"@type":"Organization","@id":"https:\/\/www.collectifetcie.fr\/#organization","name":"collectif et compagnie","url":"https:\/\/www.collectifetcie.fr\/","logo":{"@type":"ImageObject","inLanguage":"fr-FR","@id":"https:\/\/www.collectifetcie.fr\/#\/schema\/logo\/image\/","url":"https:\/\/www.collectifetcie.fr\/wp-content\/uploads\/2025\/09\/cropped-Bandeau-Site-04-09-25-OK.jpg","contentUrl":"https:\/\/www.collectifetcie.fr\/wp-content\/uploads\/2025\/09\/cropped-Bandeau-Site-04-09-25-OK.jpg","width":1616,"height":234,"caption":"collectif et compagnie"},"image":{"@id":"https:\/\/www.collectifetcie.fr\/#\/schema\/logo\/image\/"}}]}},"_links":{"self":[{"href":"https:\/\/www.collectifetcie.fr\/index.php\/wp-json\/wp\/v2\/pages\/2184","targetHints":{"allow":["GET"]}}],"collection":[{"href":"https:\/\/www.collectifetcie.fr\/index.php\/wp-json\/wp\/v2\/pages"}],"about":[{"href":"https:\/\/www.collectifetcie.fr\/index.php\/wp-json\/wp\/v2\/types\/page"}],"author":[{"embeddable":true,"href":"https:\/\/www.collectifetcie.fr\/index.php\/wp-json\/wp\/v2\/users\/1"}],"replies":[{"embeddable":true,"href":"https:\/\/www.collectifetcie.fr\/index.php\/wp-json\/wp\/v2\/comments?post=2184"}],"version-history":[{"count":106,"href":"https:\/\/www.collectifetcie.fr\/index.php\/wp-json\/wp\/v2\/pages\/2184\/revisions"}],"predecessor-version":[{"id":6217,"href":"https:\/\/www.collectifetcie.fr\/index.php\/wp-json\/wp\/v2\/pages\/2184\/revisions\/6217"}],"up":[{"embeddable":true,"href":"https:\/\/www.collectifetcie.fr\/index.php\/wp-json\/wp\/v2\/pages\/696"}],"wp:attachment":[{"href":"https:\/\/www.collectifetcie.fr\/index.php\/wp-json\/wp\/v2\/media?parent=2184"}],"curies":[{"name":"wp","href":"https:\/\/api.w.org\/{rel}","templated":true}]}}