{"id":2055,"date":"2022-06-27T14:43:24","date_gmt":"2022-06-27T12:43:24","guid":{"rendered":"https:\/\/www.collectifetcie.fr\/?page_id=2055"},"modified":"2026-09-03T13:43:22","modified_gmt":"2026-09-03T11:43:22","slug":"mille-secrets-de-poussins","status":"publish","type":"page","link":"https:\/\/www.collectifetcie.fr\/index.php\/les-artistes\/annabelle-brunet-michael-dusautoy-damien-saugeon-collectif-quatre-ailes\/mille-secrets-de-poussins\/","title":{"rendered":"MILLE SECRETS DE POUSSINS"},"content":{"rendered":"\n<p class=\"has-text-align-center has-text-color has-link-color has-medium-font-size wp-elements-1 wp-block-paragraph\" style=\"color:#007c89\"><strong>THEATRE MULTIMEDIA<\/strong> &#8211; <strong>SALLE &amp;<\/strong> <strong>HORS-LES-MURS<\/strong> &#8211; spectacle Art et territoire <br>&gt; \u00e0 partir de 3 ans<\/p>\n\n\n\n<figure class=\"wp-block-embed alignleft is-type-video is-provider-youtube wp-block-embed-youtube wp-embed-aspect-16-9 wp-has-aspect-ratio\"><div class=\"wp-block-embed__wrapper\">\n<iframe loading=\"lazy\" title=\"Mille secrets de poussins d&amp;apos;apr\u00e8s Claude Ponti par Collectif Quatre Ailes (Bande annonce)\" width=\"640\" height=\"360\" src=\"https:\/\/www.youtube.com\/embed\/Xu30Qc3-7Eg?feature=oembed\" frameborder=\"0\" allow=\"accelerometer; autoplay; clipboard-write; encrypted-media; gyroscope; picture-in-picture; web-share\" referrerpolicy=\"strict-origin-when-cross-origin\" allowfullscreen><\/iframe>\n<\/div><\/figure>\n\n\n\n<div class=\"wp-block-group\"><div class=\"wp-block-group__inner-container is-layout-constrained wp-block-group-is-layout-constrained\">\n<div class=\"wp-block-columns is-layout-flex wp-container-core-columns-is-layout-8f761849 wp-block-columns-is-layout-flex\">\n<div class=\"wp-block-column is-layout-flow wp-block-column-is-layout-flow\" style=\"flex-basis:100%\">\n<figure class=\"wp-block-gallery aligncenter has-nested-images columns-default is-cropped wp-block-gallery-1 is-layout-flex wp-block-gallery-is-layout-flex\">\n<figure class=\"wp-block-image size-large\"><img loading=\"lazy\" decoding=\"async\" width=\"1024\" height=\"683\" data-id=\"2539\" src=\"https:\/\/www.collectifetcie.fr\/wp-content\/uploads\/2022\/12\/DSC07641WEB-1-1024x683.jpg\" alt=\"\" class=\"wp-image-2539\" srcset=\"https:\/\/www.collectifetcie.fr\/wp-content\/uploads\/2022\/12\/DSC07641WEB-1-1024x683.jpg 1024w, https:\/\/www.collectifetcie.fr\/wp-content\/uploads\/2022\/12\/DSC07641WEB-1-300x200.jpg 300w, https:\/\/www.collectifetcie.fr\/wp-content\/uploads\/2022\/12\/DSC07641WEB-1-768x512.jpg 768w, https:\/\/www.collectifetcie.fr\/wp-content\/uploads\/2022\/12\/DSC07641WEB-1.jpg 1500w\" sizes=\"auto, (max-width: 1024px) 100vw, 1024px\" \/><\/figure>\n\n\n\n<figure class=\"wp-block-image size-large\"><img loading=\"lazy\" decoding=\"async\" width=\"1024\" height=\"677\" data-id=\"2538\" src=\"https:\/\/www.collectifetcie.fr\/wp-content\/uploads\/2022\/12\/DSC07940WEB-1024x677.jpg\" alt=\"\" class=\"wp-image-2538\" srcset=\"https:\/\/www.collectifetcie.fr\/wp-content\/uploads\/2022\/12\/DSC07940WEB-1024x677.jpg 1024w, https:\/\/www.collectifetcie.fr\/wp-content\/uploads\/2022\/12\/DSC07940WEB-300x198.jpg 300w, https:\/\/www.collectifetcie.fr\/wp-content\/uploads\/2022\/12\/DSC07940WEB-768x508.jpg 768w, https:\/\/www.collectifetcie.fr\/wp-content\/uploads\/2022\/12\/DSC07940WEB.jpg 1380w\" sizes=\"auto, (max-width: 1024px) 100vw, 1024px\" \/><figcaption class=\"wp-element-caption\">Photos Nicolas Guillemot<\/figcaption><\/figure>\n<\/figure>\n<\/div>\n<\/div>\n<\/div><\/div>\n\n\n\n<div style=\"height:20px\" aria-hidden=\"true\" class=\"wp-block-spacer\"><\/div>\n\n\n\n<p class=\"has-text-align-center has-white-color has-text-color has-background wp-block-paragraph\" style=\"background-color:#007c89;font-size:20px\"><strong>g\u00e9n\u00e9rique \/ r\u00e9sum\u00e9 \/ presse \/ dossiers \/ calendrier <\/strong><\/p>\n\n\n\n<div class=\"wp-block-columns is-layout-flex wp-container-core-columns-is-layout-8f761849 wp-block-columns-is-layout-flex\">\n<div class=\"wp-block-column is-layout-flow wp-block-column-is-layout-flow\">\n<p class=\"has-background wp-block-paragraph\" id=\"g\u00e9n\u00e9rique\" style=\"background-color:#bfd541;font-size:15px\">d\u2019apr\u00e8s l\u2019album de<br><strong>Claude Ponti<br><\/strong>mise en sc\u00e8ne&nbsp;<br><strong>Micha\u00ebl Dusautoy&nbsp;<\/strong><br>vid\u00e9o<br><strong>Annabelle Brunet&nbsp;<\/strong><br>musique <br><strong>Nicolas S\u00e9guy<\/strong><br>design snore <br><strong>Damien Rottier<\/strong><br>lumi\u00e8res et construction<br><strong>Emmanuel Laborde<\/strong><br><br>avec <strong>Damien Saugeon<\/strong><br><br><strong>Dur\u00e9e 25 mn<\/strong><\/p>\n\n\n\n<div style=\"height:30px\" aria-hidden=\"true\" class=\"wp-block-spacer\"><\/div>\n\n\n\n<div class=\"wp-block-buttons is-layout-flex wp-block-buttons-is-layout-flex\">\n<div class=\"wp-block-button\"><a class=\"wp-block-button__link has-black-color has-text-color has-background has-link-color has-custom-font-size wp-element-button\" href=\"https:\/\/www.collectifetcie.fr\/wp-content\/uploads\/2023\/06\/Dossier-Mille-secrets-2023-1.pdf\" style=\"background-color:#bfd541;font-size:16px\"><strong>DOSSIER DE DIFFUSION<\/strong><\/a><\/div>\n<\/div>\n\n\n\n<div style=\"height:30px\" aria-hidden=\"true\" class=\"wp-block-spacer\"><\/div>\n\n\n\n<p class=\"has-text-color wp-block-paragraph\" style=\"color:#007c89;font-size:15px\"><br><\/p>\n<\/div>\n\n\n\n<div class=\"wp-block-column is-layout-flow wp-block-column-is-layout-flow\">\n<p class=\"has-black-color has-text-color has-link-color wp-elements-2 wp-block-paragraph\" id=\"r\u00e9sum\u00e9\" style=\"font-size:15px\"><br>\u00ab\u00a0D\u00e8s qu\u2019il y a un livre quelque part, il y a des poussins dedans qui parcourent le monde et font pas mal de b\u00eatises, surtout Blaise le poussin masqu\u00e9. <em>Mille secrets de poussins <\/em>r\u00e9pond \u00e0 toutes les questions que l&rsquo;on peut se poser \u00e0 leur sujet : comment naissent-ils ? Que font-ils dans leur \u0153uf avant de na\u00eetre ? Attendent-ils en prenant un bain ? Font-ils des trous dans leur coquille avec une perceuse ? O\u00f9 vivent-ils ? Qu&rsquo;est-ce qu&rsquo;ils aiment ? Comment aiment-ils aimer ? Qu&rsquo;y a-t-il dans un poussin ? Peuvent-ils mourir ? Et qui est Blaise ? Pourquoi Blaise est-il Blaise ? Autant de r\u00e9ponses que de questions et une r\u00e9ponse pour toutes les questions qui n&rsquo;auraient pas \u00e9t\u00e9 pos\u00e9es.\u00a0\u00bb<br>Dans un dispositif th\u00e9\u00e2tral et multim\u00e9dia habit\u00e9 par un com\u00e9dien farceur \u00e0 la fois conteur et manipulateur, le spectacle s\u2019appuie sur des jeux de mots, visuels et sonores inspir\u00e9s par l\u2019univers po\u00e9tique de Claude Ponti. Voyageant de l\u2019autre c\u00f4t\u00e9 des livres, les spectateurs partent \u00e0 la rencontre des poussins et de leur monde magique. Un spectacle hors-les-murs pour enfants curieux qui leur permet de s&rsquo;interroger sur le monde qui les entoure, sans limite.<br><\/p>\n\n\n\n<p class=\"has-text-color has-link-color wp-elements-3 wp-block-paragraph\" id=\"r\u00e9sum\u00e9\" style=\"color:#007c89;font-size:15px\"><strong>LA TERRASSE<\/strong> &#8211; Agn\u00e8s Santi <br><em>\u00ab\u00a0<\/em>Le Collectif Quatre Ailes s\u2019est empar\u00e9 avec gourmandise de cet univers, cr\u00e9ant un langage d\u00e9multipli\u00e9 et rythm\u00e9 par une multitude de surgissements d\u2019images. [\u2026] <strong>Entre les mots et les animations vid\u00e9os, la dynamique joue \u00e0 plein. \u00ab \u00c7a nous fait un bien fou ! <\/strong>\u00bb<\/p>\n<\/div>\n\n\n\n<div class=\"wp-block-column is-layout-flow wp-block-column-is-layout-flow\">\n<p class=\"has-black-color has-text-color has-background has-small-font-size wp-block-paragraph\" style=\"background-color:#bfd541\"><strong>coproduction <\/strong>Collectif Quatre Ailes et Espace Jean Vilar \u00e0 Arcueil.<br>Accueil en r\u00e9sidence Tr\u00e9teaux de France CDN, PIVO Sc\u00e8ne<br>Conventionn\u00e9e Art en Territoire.<br>Le Collectif Quatre Ailes est en r\u00e9sidence \u00e0 l&rsquo;Espace Jean Vilar \u00e0 Arcueil. Il est subventionn\u00e9 par le Conseil D\u00e9partemental du Val-de-Marne.<br><\/p>\n\n\n\n<p class=\"has-text-color has-link-color wp-elements-4 wp-block-paragraph\" style=\"color:#007c89;font-size:15px\"><strong>LE MONDE<\/strong> &#8211; Christina Marino<br>\u00a0\u00bb <strong>Mille secrets de poussins \u00bb : ludique et po\u00e9tique. <\/strong><br><strong>Fid\u00e8le \u00e0 l\u2019esprit ludique et po\u00e9tique de l\u2019auteur et illustrateur, le spectacle regorge de trouvailles visuelles et de jeux de mots, <\/strong>pour r\u00e9pondre \u00e0 toutes les questions sur la vie des poussins.\u00a0\u00bb<br><br><strong>TELERAMA TTT<\/strong>&nbsp;&#8211; Fran\u00e7oise Sabatier Morel<br>\u00ab\u00a0<strong>Dans cette adaptation tr\u00e8s r\u00e9ussie de l\u2019album \u00e9ponyme, les questions, des plus farfelues aux plus philosophiques, ont toutes des r\u00e9ponses,<\/strong> puis\u00e9es au gr\u00e9 des ouvrages de la saga. [\u2026] L\u2019installation sc\u00e9nographique, particuli\u00e8rement ing\u00e9nieuse (dispositifs num\u00e9riques int\u00e9gr\u00e9s dans le d\u00e9cor), permet de retrouver sur sc\u00e8ne l\u2019inventivit\u00e9, les surprises visuelles, l\u2019imaginaire et les jeux avec les mots qui font tout le sel des albums de Claude Ponti\u00a0\u00bb.&nbsp;<\/p>\n\n\n\n<div class=\"wp-block-buttons is-layout-flex wp-block-buttons-is-layout-flex\">\n<div class=\"wp-block-button\"><a class=\"wp-block-button__link has-white-color has-text-color has-background has-link-color has-custom-font-size wp-element-button\" href=\"https:\/\/www.collectifetcie.fr\/wp-content\/uploads\/2025\/12\/Revue_presse_Okilele.pdf\" style=\"background-color:#007c89;font-size:16px\"><strong>REVUE DE PRESSE<\/strong><\/a><\/div>\n<\/div>\n<\/div>\n<\/div>\n\n\n\n<p class=\"has-white-color has-text-color has-background has-medium-font-size wp-block-paragraph\" id=\"CAL\" style=\"background-color:#007c89\"><strong>DIFFUSION SAISON 2026\/27<\/strong><\/p>\n\n\n\n<div class=\"wp-block-columns is-layout-flex wp-container-core-columns-is-layout-8f761849 wp-block-columns-is-layout-flex\">\n<div class=\"wp-block-column is-layout-flow wp-block-column-is-layout-flow\" style=\"font-size:14px\">\n<p class=\"wp-block-paragraph\"><a href=\"https:\/\/www.aubonheurdesmomes.com\/\"><strong>Festival Au Bonheur des M\u00f4mes <\/strong><\/a><strong>\u2013 Le Grand-Bornand (74)<\/strong><a href=\"https:\/\/www.aubonheurdesmomes.com\/\"><br><\/a><strong>lundi 24 ao\u00fbt 2026 <\/strong>&#8211; 10h15, 11h45 et 15h15<br><strong>mardi 25 ao\u00fbt<\/strong> <strong>2026<\/strong> &#8211; 10h15, 11h45 et 15h15<br><strong>mercredi 26 ao\u00fbt 2026<\/strong> &#8211; 10h15, 11h45 et 15h15<br><strong>jeudi 27 ao\u00fbt<\/strong> <strong>2026<\/strong> 10h15, 11h45 et 15h15<br><br><a href=\"https:\/\/www.faiteslire.fr\/\"><strong>Festival Faites Lire ! <\/strong><\/a><strong>\u2013 Le Mans (72)<\/strong><a href=\"https:\/\/www.faiteslire.fr\/\"><br><\/a><strong>lundi 28 septembre <\/strong>2026 -10h00 et 14h30<br><br><a href=\"https:\/\/www.festival-tiotloupiot.com\/\"><strong>Festival Tiot Loupiot <\/strong><\/a><strong>\u2013 Liesse-Notre-Dame (02)<\/strong> &gt; Au Tr\u00e9sor <br><strong>jeudi 01 octobre <\/strong>2026<strong> <\/strong>&#8211; 10h30 et 14h30<br><strong>vendredi 2 octobre<\/strong> 2026 &#8211; 10h30 et 14h30<br><br><a href=\"https:\/\/www.festival-tiotloupiot.com\/\"><strong>Festival Tiot Loupiot <\/strong><\/a><strong>\u2013 Auxi-le-Ch\u00e2teau (62)<\/strong> &gt; M\u00e9diath\u00e8que<br><strong>samedi 3<\/strong> <strong>octobre<\/strong> 2026 &#8211; 10h30<br><br><strong><a href=\"https:\/\/www.festival-tiotloupiot.com\/\">Festival Tiot Loupiot<\/a> \u2013 Aix-Noulette (62)<\/strong> &gt; Salle des F\u00eates<br><strong>mardi 20 octobre<\/strong> 2026 &#8211; 10h30<br><br><strong><a href=\"https:\/\/lallianceny.org\/event\/mille-secrets-de-poussins-2\/\">Alliance New York (FIAF)<\/a> New York City (\u00c9tats-Unis)<\/strong> &gt; hors les murs<br><strong>mercredi 21 octobre<\/strong> 2026 &#8211; 9h45 <br><strong>jeudi 22<\/strong> <strong>octobre<\/strong> 2026 &#8211; 10h30 <br><strong>vendredi 23 octobre<\/strong> 2026 &#8211; 11h00&nbsp;<br><strong>samedi 24 octobre<\/strong> 2026 &#8211; 11h30 et 15h00 <br><strong>dimanche 25 octobre<\/strong> 2026 &#8211; 11h00<br><br><strong><a href=\"https:\/\/www.ville-rosny78.fr\/M%C3%89DIATH%C3%88QUE-OH-!-41\/255\/\">M\u00e9diath\u00e8que Oh ! <\/a>41 Rosny-sur-Seine (78)<\/strong><br><strong>samedi 24 octobre<\/strong> 2026 &#8211; 16h00<br><br><strong><a href=\"https:\/\/www.manteslaville.fr\/mes-activites\/culture-et-loisirs\/les-equipements-culturels-ecjb-usine-a-sons\/\">Espace culturel Jacques Brel<\/a> \u2013 Mantes-la-Ville (78)<\/strong><br><strong>mardi 27 octobre <\/strong>2026 &#8211; 10h30<br><br><strong><a href=\"https:\/\/centreculturelprovins.fr\/wp\/\">Centre culturel Saint-Ayoul <\/a>\u2013 Provins (77)<\/strong><br><strong>jeudi 19 novembre <\/strong>2026 &#8211; 10h00 et 14h30<br><strong>vendredi 20 novembre <\/strong>2026 &#8211; 10h00 et 14h30<br><br><strong><a href=\"https:\/\/www.plessis-robinson.com\/la-mediatheque-jean-dormesson\">M\u00e9diath\u00e8que Jean d&rsquo;Ormesson <\/a>\u2013 Le Plessis-Robinson (92)<\/strong><br><strong>mercredi 2 d\u00e9cembre <\/strong>2026 &#8211; matin horaire en cours<br><\/p>\n<\/div>\n\n\n\n<div class=\"wp-block-column is-layout-flow wp-block-column-is-layout-flow\" style=\"font-size:14px\">\n<p class=\"wp-block-paragraph\"><strong><a href=\"https:\/\/festivalenfantsdabord.org\/\">Festival les Enfants d&rsquo;abord <\/a><\/strong><br><strong><a href=\"https:\/\/www.paris.fr\/lieux\/mediatheque-violette-leduc-1724\">M\u00e9diath\u00e8que Violette Leduc<\/a> \u2013 Paris (75)<\/strong><br><strong>samedi 5 d\u00e9cembre<\/strong> 2026 &#8211; 15h30<br><br><strong><a href=\"https:\/\/www.lescarmes.org\/\">Les Carmes <\/a>\u2013 La Rochefoucauld (16)<\/strong><br><strong>mardi 08 d\u00e9cembre <\/strong>2026 &#8211; 3 rep (horaires en cours)<br><strong>jeudi 10 d\u00e9cembre <\/strong>2026 &#8211; 3 rep (horaires en cours)<br><strong>vendredi 11d\u00e9cembre<\/strong> 2026 &#8211; 2 rep (horaires en cours)<br><strong>samedi 12 d\u00e9cembre<\/strong> 2026 1 repr\u00e9sentation (horaire en cours)<br><br><strong><a href=\"https:\/\/mediatheque.marcoussis.fr\/\">M\u00e9diath\u00e8que L\u00e9o-Ferr\u00e9 <\/a>\u2013 Marcoussis (91)<\/strong><br><strong>samedi 27 f\u00e9vrier<\/strong> 2026 &#8211; 10h30<br><br><strong><a href=\"https:\/\/www.bastia.corsica\/servizii\/culture-sciences\/centru-culturale-alboru\/\">Centre Culturel Alb&rsquo;Oru <\/a>\u2013 Bastia (20)<\/strong><br><strong>jeudi 01 avril<\/strong> 2026 &#8211; 10h00 et \u00e0 14h30<br><strong>vendredi 02 avril<\/strong> 2026 &#8211; 10h00 et \u00e0 14h30<br><strong>samedi 03 avril <\/strong>2026 &#8211; 16h00 et \u00e0 17h30<br><br><strong><a href=\"https:\/\/www.mjctheatre.com\/\">MJC de Colombes<\/a> \u2013 Colombes (92)<\/strong><br><strong>lundi 19 avril <\/strong>2026 &#8211; 14h30<br><br><strong><a href=\"https:\/\/www.theatre-simone-signoret.fr\/\">Th\u00e9\u00e2tre Simone Signoret <\/a>\u2013 Conflans-Sainte-Honorine (78)<\/strong><br><strong>samedi 15 mai<\/strong> 2026 &#8211; 10h30<br><br><strong><a href=\"https:\/\/www.ronny-coutteure.fr\/\">Espace culturel Ronny Coutteure<\/a> \u2013 Grenay (62)<\/strong><br><strong>jeudi 20 mai <\/strong>2026 \u00e0 9h30, 11h et 14h30<br><br><strong><a href=\"https:\/\/www.ville-montrouge.fr\/778-mediatheque.htm\">M\u00e9diath\u00e8que de Montrouge <\/a>\u2013 Montrouge (92)<\/strong><br><strong>samedi 22 mai<\/strong> 2026 &#8211; 10h00 et \u00e0 11h00<br><br><strong><a href=\"https:\/\/www.dsn.asso.fr\/\">DSN-Dieppe Scene Nationale <\/a>\u2013 Dieppe (76)<\/strong><br><strong>lundi 24 mai <\/strong>2026 &#8211; 1 rep (horaire en cours)<br><strong>mardi 25 mai <\/strong>2026 -1 rep (horaire en cours)<br><strong>mercredi 26 mai<\/strong> 2026 &#8211; 2 rep (horaires en cours)<br><strong>jeudi 27 mai<\/strong> 2026 &#8211; 1 rep (horaire en cours)<br><strong>vendredi 28 mai<\/strong> 2026 &#8211; 1 rep (horaire en cours)<br><strong>samedi 29 mai<\/strong> 2026 &#8211; 2 rep (horaires en cours)<\/p>\n<\/div>\n<\/div>\n\n\n\n<p class=\"wp-block-paragraph\" style=\"font-size:15px\"><strong>production et diffusion <\/strong>&gt;&nbsp;<strong>collectif &amp; compagnie<\/strong> Estelle Delorme &gt; 06 77 13 30 88 \/&nbsp;<a href=\"mailto:estelle.delorme@collectifetcie.fr\">estelle.delorme@collectifetcie.fr<\/a><\/p>\n\n\n\n<p class=\"has-white-color has-text-color has-background has-medium-font-size wp-block-paragraph\" id=\"CAL\" style=\"background-color:#bfd541\"><strong>DIFFUSION SAISON 2025\/2<\/strong>6<\/p>\n\n\n\n<div class=\"wp-block-columns is-layout-flex wp-container-core-columns-is-layout-8f761849 wp-block-columns-is-layout-flex\">\n<div class=\"wp-block-column is-layout-flow wp-block-column-is-layout-flow\">\n<ul class=\"wp-block-list\">\n<li class=\"has-small-font-size\"><strong>M\u00e9diath\u00e8que de Saint Philibert de Grand lieu <\/strong>(44)<\/li>\n\n\n\n<li class=\"has-small-font-size\"><strong>M\u00e9diath\u00e8que Roger Gouhier <\/strong>&#8211; Noisy le Sec (93)<\/li>\n\n\n\n<li class=\"has-small-font-size\"><strong>Forum des Arts Charles Aznavour<\/strong> Montigny le Bretonneux (78)<\/li>\n\n\n\n<li class=\"has-small-font-size\"><strong>Festival Les Enfants d&rsquo;abord (78)<\/strong>Salle des f\u00eates de Sailly (78)<\/li>\n\n\n\n<li class=\"has-small-font-size\"><strong>Espace Michel Croz<\/strong> &#8211; Chamonix (74)<\/li>\n\n\n\n<li class=\"has-small-font-size\"><strong>M\u00e9diath\u00e8que Ludoth\u00e8que du Londeau<\/strong> Noisy le Sec (93)<\/li>\n\n\n\n<li class=\"has-small-font-size\"><strong>Espace Rosa Bonheur Th\u00e9\u00e2tre des Sources<\/strong>  Fontenay aux Roses (94)<\/li>\n\n\n\n<li class=\"has-small-font-size\"><strong>Th\u00e9\u00e2tre de Br\u00e9tigny<\/strong> &#8211; programmation en hors-les-murs (91)<\/li>\n\n\n\n<li class=\"has-small-font-size\"><strong>Centre Socio Culturel du Pav\u00e9 Blanc<\/strong>&#8211; Clamart (92)<\/li>\n\n\n\n<li class=\"has-small-font-size\"><strong>Th\u00e9\u00e2tre Jacques Pr\u00e9vert<\/strong> Aulnay sous Bois (93)<\/li>\n\n\n\n<li class=\"has-small-font-size\"><strong>Th\u00e9\u00e2tre Comoedia <\/strong>&#8211; Aubagne (13)<\/li>\n\n\n\n<li class=\"has-small-font-size\"><strong>M\u00e9diath\u00e8que Enghien-les Bains<\/strong> (95)<\/li>\n\n\n\n<li class=\"has-small-font-size\"><strong>Th\u00e9\u00e2tre Espace Rive Gauche<\/strong> &#8211; M\u00e9riel (95)<\/li>\n\n\n\n<li class=\"has-small-font-size\"><strong>Espace Herbauges <\/strong>Les Herbiers (85)<\/li>\n\n\n\n<li class=\"has-small-font-size\"><strong>Festival les Enfants d&rsquo;abord\u200b&nbsp; (75)<\/strong><\/li>\n\n\n\n<li class=\"has-small-font-size\"><strong>M\u00e9diath\u00e8que James Baldwin <\/strong>&#8211; Paris (19)<\/li>\n\n\n\n<li class=\"has-small-font-size\"><strong>Biblioth\u00e8que Crim\u00e9e <\/strong>&#8211; Paris (19)<\/li>\n\n\n\n<li class=\"has-small-font-size\"><strong>Th\u00e9\u00e2tre du Cormiers Cormeilles-en-Parisis (95)<\/strong> programmation en hors-les-murs<\/li>\n\n\n\n<li class=\"has-small-font-size\"><strong>MC 93<\/strong> programmation en hors-les-murs <\/li>\n\n\n\n<li class=\"has-small-font-size\"><strong>La Com\u00e8te<\/strong> &#8211; sc\u00e8ne nationale de Ch\u00e2lons-en-Champagne (51) programmation en hors-les-murs<\/li>\n\n\n\n<li class=\"has-small-font-size\"><strong>Espace Culturel Fran\u00e7ois Mitterrand<\/strong> -m\u00e9diath\u00e8que de Canteleu (76)<\/li>\n\n\n\n<li class=\"has-small-font-size\"><strong>Espace B\u00e9raire &#8211;<\/strong> La Chapelle Saint-Mesnin (45)<\/li>\n\n\n\n<li class=\"has-small-font-size\"><strong>Centre Culturel Edmond Rostand <\/strong>Rueil Malmaison (92)<\/li>\n\n\n\n<li class=\"has-small-font-size\"><strong>Espace Bernard Mantienne<\/strong> Verri\u00e8res le Buisson<\/li>\n\n\n\n<li class=\"has-small-font-size\"><strong>Salle Sainte Gabrielle<\/strong> &#8211; Camiers (62)<\/li>\n\n\n\n<li class=\"has-small-font-size\"><strong>Centre culturel S\u00e9maphore<\/strong> &#8211; Tr\u00e9beurden (22)<\/li>\n\n\n\n<li class=\"has-small-font-size\"><strong>Espace Culturel &nbsp;An Dour Meur <\/strong>&#8211; Plestin les Gr\u00e8ves (22)<\/li>\n\n\n\n<li class=\"has-small-font-size\"><strong>Th\u00e9\u00e2tre de Saint-Malo<\/strong> P\u00f4le Jeunesse (35)<\/li>\n\n\n\n<li class=\"has-small-font-size\"><strong>L&rsquo;Azimut <\/strong>&#8211; Th Firmin G\u00e9mier Antony (92)<\/li>\n\n\n\n<li class=\"has-small-font-size\"><strong>ACI L&rsquo;eau Vive \u2013 Communaut\u00e9 de communes Frasne-Drugeon (25)<\/strong> <\/li>\n\n\n\n<li class=\"has-small-font-size\"><strong>Centre Culturel Pablo Picasso <\/strong>&#8211; <strong>Bl\u00e9nod-l\u00e8s-Pont-\u00e0-Mousson (54)<\/strong><\/li>\n\n\n\n<li class=\"has-small-font-size\"><strong>Th\u00e9\u00e2tre de Grasse<\/strong> (06) programmation en hors-les-murs<\/li>\n\n\n\n<li class=\"has-small-font-size\"><strong>M\u00e9diath\u00e8que Les Carmes<\/strong> &#8211; Le Pertuis (84)<\/li>\n\n\n\n<li class=\"has-small-font-size\"><strong>La Cour\u00e9e <\/strong>&#8211; Coll\u00e9gien (77)<\/li>\n\n\n\n<li class=\"has-small-font-size\"><strong>Le Grand Bleu<\/strong> &#8211; Lille (59)<\/li>\n\n\n\n<li class=\"has-small-font-size\"><strong>L\u2019Eclat <\/strong>&#8211; Pont-Audemer (27) programmation en hors-les-murs<\/li>\n\n\n\n<li class=\"has-small-font-size\"><strong>Centre Culturel Aragon Triolet <\/strong><em>&#8211; <\/em>Orly<\/li>\n\n\n\n<li class=\"has-small-font-size\"><strong>Pole Culturel<\/strong> Drusenheim<\/li>\n\n\n\n<li class=\"has-small-font-size\"><strong>AME <\/strong>m\u00e9diath\u00e8que \u2013 Montargis<strong> (<\/strong>45<strong>)<\/strong><\/li>\n\n\n\n<li class=\"has-small-font-size\"><strong>Th\u00e9\u00e2tre de Thelle<\/strong> M\u00e9ru (60)<\/li>\n\n\n\n<li class=\"has-small-font-size\"><strong>P\u00f4le Culturel L&rsquo;Etincelle <\/strong>&#8211; Venelles (13) <\/li>\n\n\n\n<li class=\"has-small-font-size\"><strong>Forum de Berre<\/strong> &#8211; Berre-l&rsquo;Etang (13)<\/li>\n\n\n\n<li class=\"has-small-font-size\"><strong>M\u00e9diath\u00e8que<a href=\"https:\/\/bibliotheques.marneetgondoire.fr\/localisation\/m%C3%A9diath%C3%A8que-de-bussy-saint-georges\"> <\/a>de l\u2019Europe<\/strong> \u2013 Bussy-Saint-Georges (77)<\/li>\n\n\n\n<li class=\"has-small-font-size\"><strong>M\u00e9diath\u00e8que Nelson Mandela <\/strong>\u2013 Cr\u00e9teil (94)<\/li>\n\n\n\n<li class=\"has-small-font-size\"><strong>M\u00e9diath\u00e8que<a href=\"https:\/\/www.marollesenbrie.fr\/2267-bibliotheque.htm\"> <\/a><\/strong>de Marolles-en-Brie (94)<\/li>\n\n\n\n<li class=\"has-small-font-size\"><strong>M\u00e9diath\u00e8que <\/strong>de Villecresnes (94)<\/li>\n\n\n\n<li class=\"has-small-font-size\"><strong>Festival Vous \u00eates ici \u00e0 Viller\u00e9al <\/strong>(47)<\/li>\n<\/ul>\n<\/div>\n<\/div>\n\n\n\n<p class=\"has-white-color has-text-color has-background has-medium-font-size wp-block-paragraph\" id=\"CAL\" style=\"background-color:#bfd541\"><strong>DIFFUSION SAISON 2024\/25<\/strong><\/p>\n\n\n\n<ul style=\"font-size:14px\" class=\"wp-block-list\">\n<li class=\"has-small-font-size\"><strong>Les Tr\u00e9teaux de France <\/strong>&nbsp;Programmation dans le cadre du &nbsp;<strong>Festival l&rsquo;Ile de France f\u00eate le Th\u00e9\u00e2tre<\/strong> (91) et (78)<\/li>\n\n\n\n<li class=\"has-small-font-size\"><strong>Forum Jacques Prevert<\/strong> &#8211; Carros (06) dans le cadre du Festival Jacques a dit<\/li>\n\n\n\n<li class=\"has-small-font-size\"><strong>Espace culturel Treulon<\/strong> &#8211; Bruges (33)<\/li>\n\n\n\n<li class=\"has-small-font-size\"><strong>Salle Jean Gabin<\/strong> &#8211; Argenteuil (95)<\/li>\n\n\n\n<li class=\"has-small-font-size\"><strong>Salle Louisa Paulin <\/strong>&#8211; Castres (81)<\/li>\n\n\n\n<li class=\"has-small-font-size\"><strong>Salle Le Dily <\/strong>&#8211; La Lanterne &#8211; Rambouillet (78)<\/li>\n\n\n\n<li class=\"has-small-font-size\"><strong>Centre Culturel d&rsquo;Argentr\u00e9 <\/strong>du Plessis (35)<\/li>\n\n\n\n<li class=\"has-small-font-size\"><strong>Centre Culturel Jacques Duhamel <\/strong>de Vitr\u00e9 (35)<\/li>\n\n\n\n<li class=\"has-small-font-size\"><strong>Festival Escapade Buissonni\u00e8re<\/strong> \u00e0 Pertuis (84)<\/li>\n\n\n\n<li class=\"has-small-font-size\"><strong>Th\u00e9\u00e2tre Mac Nab <\/strong>&#8211; Vierzon (18)<\/li>\n\n\n\n<li class=\"has-small-font-size\"><strong>Ville de Schiltilgheim<\/strong> (67)<\/li>\n\n\n\n<li class=\"has-small-font-size\"><strong>Ville de Port-Marly<\/strong><a href=\"https:\/\/www.port-marly.fr\/index.php\/Culture%2C-f%C3%AAtes-et-animations?idpage=2154&amp;afficheMenuContextuel=#:~:text=Concerts%2C%20th%C3%A9%C3%A2tre%2C%20danse%20et%20spectacles,ann%C3%A9e%20au%20Carr%C3%A9%20des%20Mousquetaires%20!&amp;text=Plusieurs%20fois%20par%20an%2C%20la,%3E\"> <\/a>(78)<\/li>\n\n\n\n<li class=\"has-small-font-size\"><strong>Espace 110<\/strong> &#8211; Illzach (67)<\/li>\n\n\n\n<li class=\"has-small-font-size\"><strong>Le Forum <\/strong>Charleville M\u00e9zi\u00e8re<strong>s <\/strong>(08)<\/li>\n\n\n\n<li class=\"has-small-font-size\"><strong>L&rsquo;Orange bleue <\/strong>&#8211; Eaubonne (95)<\/li>\n\n\n\n<li class=\"has-small-font-size\"><strong>Centre Culturel Jean L&rsquo;H\u00f4te <\/strong>&#8211; Neuves Maisons (54)<\/li>\n\n\n\n<li class=\"has-small-font-size\"><strong>Festival PIVO <\/strong>&#8211; Vienne en Arthies (95)<\/li>\n\n\n\n<li class=\"has-small-font-size\"><strong>Les<\/strong><a href=\"https:\/\/www.theatredemaisons-alfort.org\/\"><strong> <\/strong><\/a><strong>Th\u00e9\u00e2tres<\/strong><a href=\"https:\/\/www.theatredemaisons-alfort.org\/\"><strong> <\/strong><\/a>&#8211; Maisons Alfort (94)<\/li>\n\n\n\n<li class=\"has-small-font-size\"><strong>Th\u00e9\u00e2tre Paris Villette<\/strong> &#8211; Paris (75)<\/li>\n\n\n\n<li class=\"has-small-font-size\"><strong>Th\u00e9\u00e2tre Jacques Carat<\/strong><a href=\"https:\/\/www.theatrejacquescarat.fr\/\"><strong> <\/strong><\/a>&#8211; Cachan (94)<\/li>\n\n\n\n<li class=\"has-small-font-size\"><strong>L&rsquo;Arche &#8211; Le Sillon <\/strong>&#8211; Tr\u00e9guor (22) hors-les-murs \u00e0 Cavan, Tr\u00e9guier, Penv\u00e9nan, Langoat et Pleumeur Gauthier<\/li>\n\n\n\n<li class=\"has-small-font-size\"><strong>La Nef &#8211; <\/strong>Wissenbourg<strong> (<\/strong>67)<\/li>\n\n\n\n<li class=\"has-small-font-size\"><strong>Centre<\/strong> <strong>Charlie<\/strong> <strong>Chaplin<\/strong><a href=\"https:\/\/www.centrecharliechaplin.com\/\"> <\/a>&#8211; Vaulx-en-Velin (69)<\/li>\n\n\n\n<li class=\"has-small-font-size\"><strong>OMA &#8211; <\/strong>Commercy<strong> <\/strong>(55)<\/li>\n\n\n\n<li class=\"has-small-font-size\"><strong>P\u00f4le Wilson &#8211; <\/strong>Le Pecq (78)<\/li>\n\n\n\n<li class=\"has-small-font-size\"><strong>Th\u00e9\u00e2tre de Luneville <\/strong>(54)<\/li>\n\n\n\n<li class=\"has-small-font-size\"><strong>L&rsquo;Archipel <\/strong>&#8211; Granville (50)<\/li>\n\n\n\n<li class=\"has-small-font-size\"><strong>Centre culture Baschet <\/strong>&#8211; Saint-Michel sur Orge (91)<\/li>\n\n\n\n<li class=\"has-small-font-size\"><strong>Sc\u00e8nes 55 &#8211;<\/strong> Mougins (06)<\/li>\n\n\n\n<li class=\"has-small-font-size\"><strong>Salon du livre de Jeunesse <\/strong>&#8211; Eaubonne (95)<\/li>\n\n\n\n<li class=\"has-small-font-size\"><strong>C\u00f4t\u00e9 Cour <\/strong>sc\u00e8ne conventionn\u00e9e Jeune Public &#8211; Besan\u00e7on (25)<\/li>\n\n\n\n<li class=\"has-small-font-size\"><strong>M\u00e9diath\u00e8que Diderot &#8211; <\/strong>Challans (85)<\/li>\n\n\n\n<li class=\"has-small-font-size\"><strong>Th\u00e9\u00e2tre cin\u00e9ma <\/strong>&#8211; Chevilly Larue (04)<\/li>\n\n\n\n<li class=\"has-small-font-size\"><strong>Salle Roger Planchon <\/strong>&#8211; Saint Chamond (42)<\/li>\n\n\n\n<li class=\"has-small-font-size\"><strong>Espace Culturel La Vigie &#8211; <\/strong>La Trinit\u00e9 sur Mer (56)<\/li>\n\n\n\n<li class=\"has-small-font-size\"><strong>Centre Culturel Ath\u00e9na <\/strong>&#8211; Auray (56)<\/li>\n\n\n\n<li class=\"has-small-font-size\"><strong>M\u00e9diath\u00e8que Jean Tortel <\/strong>&#8211; Sorgues (84)<\/li>\n\n\n\n<li class=\"has-small-font-size\"><strong>Saison Jeune Public <\/strong>(hors les murs) \u2013 Gennevilliers (92)<\/li>\n\n\n\n<li class=\"has-small-font-size\"><strong>La<\/strong> <strong>Merise<\/strong> &#8211; salle du conservatoire de musique<strong> <\/strong>Trappes (78)<\/li>\n\n\n\n<li class=\"has-small-font-size\"><strong>La Passerelle \u2013 <\/strong>Guise (02)<\/li>\n\n\n\n<li class=\"has-small-font-size\"><strong>Service Culturel \u2013<\/strong> Malakoff (92)<\/li>\n<\/ul>\n\n\n\n<p class=\"has-white-color has-text-color has-background has-medium-font-size wp-block-paragraph\" id=\"CAL\" style=\"background-color:#bfd541\"><strong>DIFFUSION SAISON 2023\/2<\/strong>4<\/p>\n\n\n\n<ul class=\"wp-block-list\">\n<li class=\"has-small-font-size\"><strong>M\u00e9diath\u00e8que d&rsquo;Auvers-sur-Oise<\/strong> (95) dans le cadre du Festival Les Enfants d&rsquo;abord <\/li>\n\n\n\n<li class=\"has-small-font-size\"><strong>Th\u00e9\u00e2tre des Sablons<\/strong> &#8211; <strong>Espace Parmentier <\/strong>&#8211; Neuilly-sur-Seine (92) <\/li>\n\n\n\n<li class=\"has-small-font-size\"><strong>Festival PIV0<\/strong> &#8211; <strong>Espace Sarah Bernardt<\/strong> &#8211; hors-les-murs &#8211; Goussainville (95) <\/li>\n\n\n\n<li class=\"has-small-font-size\"><strong>Service culturel de Cannes<\/strong> (06)  M\u00e9diath\u00e8que Ranguin<\/li>\n\n\n\n<li class=\"has-small-font-size\"><strong>Festival PIV0<\/strong> &#8211; <strong>L&rsquo;Impr\u00e9vu<\/strong><a href=\"https:\/\/www.ville-soa.fr\/actus\/limprevu-saison-culturelle-202324\">&#8211;<\/a> hors-les-murs &#8211; Saint-Ouen l&rsquo;Aum\u00f4ne (95)<\/li>\n\n\n\n<li class=\"has-small-font-size\"><strong>MJC Louis Lepage<a href=\"http:\/\/www.mjc-nogent.com\"> <\/a><\/strong>&#8211;<strong> Nogent-sur-Marne <\/strong>(94) <\/li>\n\n\n\n<li class=\"has-small-font-size\"><strong>Les Sc\u00e8nes du Golfe<\/strong> &#8211; Vannes (56) Festival \u00ab&nbsp;Un beau dimanche en famille&nbsp;\u266f1&nbsp;<\/li>\n\n\n\n<li class=\"has-small-font-size\"><strong>M\u00e9diath\u00e8que d&rsquo;Arques<\/strong> (62) <\/li>\n\n\n\n<li class=\"has-small-font-size\"><strong><strong>Espace Christiane Faure<\/strong>&nbsp;\u00e0 Limay&nbsp;(78)<\/strong><\/li>\n\n\n\n<li class=\"has-small-font-size\"><strong>Centre culturel Jean Vilar <\/strong>&#8211; hors-les-murs &#8211; Marly-Le-Roi (78) <\/li>\n\n\n\n<li class=\"has-small-font-size\"><strong>Festival PIVO<\/strong> <strong>Biblioth\u00e8que Municipale &#8211; Champagne-sur-Oise (95)<\/strong><\/li>\n\n\n\n<li class=\"has-small-font-size\">Programmation <strong>FOL de la Ni\u00e8vre <\/strong>&#8211; Nevers (45) <\/li>\n\n\n\n<li class=\"has-small-font-size\"><strong>Cit\u00e9 Internationale de la Langue&nbsp;Fran\u00e7aise&nbsp;&#8211;&nbsp;Ch\u00e2teau de Villers-Cotter\u00eats<\/strong> (02) <\/li>\n\n\n\n<li class=\"has-small-font-size\">Programmation de la communaut\u00e9 d&rsquo;<strong>agglom\u00e9ration de la Porte du Hainault (59) <\/strong><\/li>\n\n\n\n<li class=\"has-small-font-size\"><strong>Th\u00e9\u00e2tre d&rsquo;Etampes<\/strong> Hors les murs <strong>M\u00e9diath\u00e8que intercommunale<\/strong> d&rsquo;Angerville (91) <\/li>\n\n\n\n<li class=\"has-small-font-size\"><strong>Salle Marie Pia <\/strong>&#8211; Quincy-sous-S\u00e9nart (91) <\/li>\n\n\n\n<li class=\"has-small-font-size\"><strong>Th\u00e9\u00e2tre Rutebeuf <\/strong>&#8211; hors-les-murs &#8211; Clichy (92) <\/li>\n\n\n\n<li class=\"has-small-font-size\">Programmation <strong>FOL de la Ni\u00e8vre <\/strong>&#8211; Nevers (45)<\/li>\n\n\n\n<li class=\"has-small-font-size\"><strong>Boissy-Saint-L\u00e9ger<\/strong> (94) <\/li>\n\n\n\n<li class=\"has-small-font-size\"><strong>Maison de la culture de Nevers (58)<\/strong> programmation hors-les-murs<\/li>\n\n\n\n<li class=\"has-small-font-size\"><strong>Les 400 Coups Balade de Printemps<\/strong> (hors-les-murs) Meulan en Yvelines (78) <\/li>\n<\/ul>\n\n\n\n<p class=\"has-white-color has-text-color has-background has-medium-font-size wp-block-paragraph\" id=\"CAL\" style=\"background-color:#bfd541\"><strong>CREATION ET DIFFUSION 2022\/23<\/strong><\/p>\n\n\n\n<div class=\"wp-block-group\"><div class=\"wp-block-group__inner-container is-layout-constrained wp-block-group-is-layout-constrained\">\n<ul class=\"wp-block-list\">\n<li class=\"has-small-font-size\">cr\u00e9ation et diffusion dans les <b>Ecoles Maternelles &#8211; Arcueil &nbsp;<\/b>et \u00e0 <strong style=\"font-weight: bold;\">Anis Gras le lieu de <\/strong><strong>l&rsquo;autre<\/strong> <strong>(94) <\/strong>en partenariat avec <strong>le Th\u00e9\u00e2tre Jean Vilar <\/strong><\/li>\n\n\n\n<li class=\"has-small-font-size\"><strong>M\u00e9diath\u00e8que Luxembourg Auditorium <\/strong>\u00e0 Meaux (77) <\/li>\n\n\n\n<li class=\"has-small-font-size\"><strong>L&rsquo;envol\u00e9e<\/strong> \/ F\u00eate des petits lecteur \/ Salle polyvalente \u00e0 Marles en Brie<\/li>\n\n\n\n<li class=\"has-small-font-size\"><strong>Espace Carpeaux<\/strong> \/ Cabaret Jazz Festival Les mots libres \/ \u00e0 Courbevoie (92) <\/li>\n\n\n\n<li class=\"has-small-font-size\"><strong>Pr\u00e9sence Pasteur &#8211; Avignon<\/strong> 2023<\/li>\n<\/ul>\n<\/div><\/div>\n\n\n\n<p class=\"wp-block-paragraph\">&nbsp;<\/p>\n","protected":false},"excerpt":{"rendered":"<p>THEATRE MULTIMEDIA &#8211; SALLE &amp; HORS-LES-MURS &#8211; spectacle Art et territoire &gt; \u00e0 partir de 3 ans g\u00e9n\u00e9rique \/ r\u00e9sum\u00e9 \/ presse \/ dossiers \/ calendrier d\u2019apr\u00e8s l\u2019album deClaude Pontimise en sc\u00e8ne&nbsp;Micha\u00ebl Dusautoy&nbsp;vid\u00e9oAnnabelle Brunet&nbsp;musique Nicolas S\u00e9guydesign snore Damien Rottierlumi\u00e8res et constructionEmmanuel Laborde avec Damien Saugeon Dur\u00e9e 25 mn \u00ab\u00a0D\u00e8s qu\u2019il y a un livre quelque [&hellip;]<\/p>\n","protected":false},"author":1,"featured_media":0,"parent":696,"menu_order":2,"comment_status":"closed","ping_status":"closed","template":"template-full.php","meta":{"footnotes":""},"class_list":["post-2055","page","type-page","status-publish","hentry"],"yoast_head":"<!-- This site is optimized with the Yoast SEO plugin v28.4 - https:\/\/yoast.com\/product\/yoast-seo-wordpress\/ -->\n<title>MILLE SECRETS DE POUSSINS - collectif et compagnie<\/title>\n<meta name=\"robots\" content=\"index, follow, max-snippet:-1, max-image-preview:large, max-video-preview:-1\" \/>\n<link rel=\"canonical\" href=\"https:\/\/www.collectifetcie.fr\/index.php\/les-artistes\/annabelle-brunet-michael-dusautoy-damien-saugeon-collectif-quatre-ailes\/mille-secrets-de-poussins\/\" \/>\n<meta property=\"og:locale\" content=\"fr_FR\" \/>\n<meta property=\"og:type\" content=\"article\" \/>\n<meta property=\"og:title\" content=\"MILLE SECRETS DE POUSSINS - collectif et compagnie\" \/>\n<meta property=\"og:description\" content=\"THEATRE MULTIMEDIA &#8211; SALLE &amp; HORS-LES-MURS &#8211; spectacle Art et territoire &gt; \u00e0 partir de 3 ans g\u00e9n\u00e9rique \/ r\u00e9sum\u00e9 \/ presse \/ dossiers \/ calendrier d\u2019apr\u00e8s l\u2019album deClaude Pontimise en sc\u00e8ne&nbsp;Micha\u00ebl Dusautoy&nbsp;vid\u00e9oAnnabelle Brunet&nbsp;musique Nicolas S\u00e9guydesign snore Damien Rottierlumi\u00e8res et constructionEmmanuel Laborde avec Damien Saugeon Dur\u00e9e 25 mn \u00ab\u00a0D\u00e8s qu\u2019il y a un livre quelque [&hellip;]\" \/>\n<meta property=\"og:url\" content=\"https:\/\/www.collectifetcie.fr\/index.php\/les-artistes\/annabelle-brunet-michael-dusautoy-damien-saugeon-collectif-quatre-ailes\/mille-secrets-de-poussins\/\" \/>\n<meta property=\"og:site_name\" content=\"collectif et compagnie\" \/>\n<meta property=\"article:modified_time\" content=\"2026-09-03T11:43:22+00:00\" \/>\n<meta property=\"og:image\" content=\"https:\/\/www.collectifetcie.fr\/wp-content\/uploads\/2022\/12\/DSC07641WEB-1.jpg\" \/>\n\t<meta property=\"og:image:width\" content=\"1500\" \/>\n\t<meta property=\"og:image:height\" content=\"1000\" \/>\n\t<meta property=\"og:image:type\" content=\"image\/jpeg\" \/>\n<meta name=\"twitter:card\" content=\"summary_large_image\" \/>\n<meta name=\"twitter:label1\" content=\"Dur\u00e9e de lecture estim\u00e9e\" \/>\n\t<meta name=\"twitter:data1\" content=\"2 minutes\" \/>\n<script type=\"application\/ld+json\" class=\"yoast-schema-graph\">{\"@context\":\"https:\\\/\\\/schema.org\",\"@graph\":[{\"@type\":\"WebPage\",\"@id\":\"https:\\\/\\\/www.collectifetcie.fr\\\/index.php\\\/les-artistes\\\/annabelle-brunet-michael-dusautoy-damien-saugeon-collectif-quatre-ailes\\\/mille-secrets-de-poussins\\\/\",\"url\":\"https:\\\/\\\/www.collectifetcie.fr\\\/index.php\\\/les-artistes\\\/annabelle-brunet-michael-dusautoy-damien-saugeon-collectif-quatre-ailes\\\/mille-secrets-de-poussins\\\/\",\"name\":\"MILLE SECRETS DE POUSSINS - collectif et compagnie\",\"isPartOf\":{\"@id\":\"https:\\\/\\\/www.collectifetcie.fr\\\/#website\"},\"primaryImageOfPage\":{\"@id\":\"https:\\\/\\\/www.collectifetcie.fr\\\/index.php\\\/les-artistes\\\/annabelle-brunet-michael-dusautoy-damien-saugeon-collectif-quatre-ailes\\\/mille-secrets-de-poussins\\\/#primaryimage\"},\"image\":{\"@id\":\"https:\\\/\\\/www.collectifetcie.fr\\\/index.php\\\/les-artistes\\\/annabelle-brunet-michael-dusautoy-damien-saugeon-collectif-quatre-ailes\\\/mille-secrets-de-poussins\\\/#primaryimage\"},\"thumbnailUrl\":\"https:\\\/\\\/www.collectifetcie.fr\\\/wp-content\\\/uploads\\\/2022\\\/12\\\/DSC07641WEB-1-1024x683.jpg\",\"datePublished\":\"2022-06-27T12:43:24+00:00\",\"dateModified\":\"2026-09-03T11:43:22+00:00\",\"breadcrumb\":{\"@id\":\"https:\\\/\\\/www.collectifetcie.fr\\\/index.php\\\/les-artistes\\\/annabelle-brunet-michael-dusautoy-damien-saugeon-collectif-quatre-ailes\\\/mille-secrets-de-poussins\\\/#breadcrumb\"},\"inLanguage\":\"fr-FR\",\"potentialAction\":[{\"@type\":\"ReadAction\",\"target\":[\"https:\\\/\\\/www.collectifetcie.fr\\\/index.php\\\/les-artistes\\\/annabelle-brunet-michael-dusautoy-damien-saugeon-collectif-quatre-ailes\\\/mille-secrets-de-poussins\\\/\"]}]},{\"@type\":\"ImageObject\",\"inLanguage\":\"fr-FR\",\"@id\":\"https:\\\/\\\/www.collectifetcie.fr\\\/index.php\\\/les-artistes\\\/annabelle-brunet-michael-dusautoy-damien-saugeon-collectif-quatre-ailes\\\/mille-secrets-de-poussins\\\/#primaryimage\",\"url\":\"https:\\\/\\\/www.collectifetcie.fr\\\/wp-content\\\/uploads\\\/2022\\\/12\\\/DSC07641WEB-1.jpg\",\"contentUrl\":\"https:\\\/\\\/www.collectifetcie.fr\\\/wp-content\\\/uploads\\\/2022\\\/12\\\/DSC07641WEB-1.jpg\",\"width\":1500,\"height\":1000},{\"@type\":\"BreadcrumbList\",\"@id\":\"https:\\\/\\\/www.collectifetcie.fr\\\/index.php\\\/les-artistes\\\/annabelle-brunet-michael-dusautoy-damien-saugeon-collectif-quatre-ailes\\\/mille-secrets-de-poussins\\\/#breadcrumb\",\"itemListElement\":[{\"@type\":\"ListItem\",\"position\":1,\"name\":\"Accueil\",\"item\":\"https:\\\/\\\/www.collectifetcie.fr\\\/\"},{\"@type\":\"ListItem\",\"position\":2,\"name\":\"Artistes et compagnies\",\"item\":\"https:\\\/\\\/www.collectifetcie.fr\\\/index.php\\\/les-artistes\\\/\"},{\"@type\":\"ListItem\",\"position\":3,\"name\":\"Annabelle Brunet &#8211; Micha\u00ebl Dusautoy &#8211; Damien Saugeon > Collectif Quatre Ailes\",\"item\":\"https:\\\/\\\/www.collectifetcie.fr\\\/index.php\\\/les-artistes\\\/annabelle-brunet-michael-dusautoy-damien-saugeon-collectif-quatre-ailes\\\/\"},{\"@type\":\"ListItem\",\"position\":4,\"name\":\"MILLE SECRETS DE POUSSINS\"}]},{\"@type\":\"WebSite\",\"@id\":\"https:\\\/\\\/www.collectifetcie.fr\\\/#website\",\"url\":\"https:\\\/\\\/www.collectifetcie.fr\\\/\",\"name\":\"collectif et compagnie\",\"description\":\"\",\"publisher\":{\"@id\":\"https:\\\/\\\/www.collectifetcie.fr\\\/#organization\"},\"potentialAction\":[{\"@type\":\"SearchAction\",\"target\":{\"@type\":\"EntryPoint\",\"urlTemplate\":\"https:\\\/\\\/www.collectifetcie.fr\\\/?s={search_term_string}\"},\"query-input\":{\"@type\":\"PropertyValueSpecification\",\"valueRequired\":true,\"valueName\":\"search_term_string\"}}],\"inLanguage\":\"fr-FR\"},{\"@type\":\"Organization\",\"@id\":\"https:\\\/\\\/www.collectifetcie.fr\\\/#organization\",\"name\":\"collectif et compagnie\",\"url\":\"https:\\\/\\\/www.collectifetcie.fr\\\/\",\"logo\":{\"@type\":\"ImageObject\",\"inLanguage\":\"fr-FR\",\"@id\":\"https:\\\/\\\/www.collectifetcie.fr\\\/#\\\/schema\\\/logo\\\/image\\\/\",\"url\":\"https:\\\/\\\/www.collectifetcie.fr\\\/wp-content\\\/uploads\\\/2025\\\/09\\\/cropped-Bandeau-Site-04-09-25-OK.jpg\",\"contentUrl\":\"https:\\\/\\\/www.collectifetcie.fr\\\/wp-content\\\/uploads\\\/2025\\\/09\\\/cropped-Bandeau-Site-04-09-25-OK.jpg\",\"width\":1616,\"height\":234,\"caption\":\"collectif et compagnie\"},\"image\":{\"@id\":\"https:\\\/\\\/www.collectifetcie.fr\\\/#\\\/schema\\\/logo\\\/image\\\/\"}}]}<\/script>\n<!-- \/ Yoast SEO plugin. -->","yoast_head_json":{"title":"MILLE SECRETS DE POUSSINS - collectif et compagnie","robots":{"index":"index","follow":"follow","max-snippet":"max-snippet:-1","max-image-preview":"max-image-preview:large","max-video-preview":"max-video-preview:-1"},"canonical":"https:\/\/www.collectifetcie.fr\/index.php\/les-artistes\/annabelle-brunet-michael-dusautoy-damien-saugeon-collectif-quatre-ailes\/mille-secrets-de-poussins\/","og_locale":"fr_FR","og_type":"article","og_title":"MILLE SECRETS DE POUSSINS - collectif et compagnie","og_description":"THEATRE MULTIMEDIA &#8211; SALLE &amp; HORS-LES-MURS &#8211; spectacle Art et territoire &gt; \u00e0 partir de 3 ans g\u00e9n\u00e9rique \/ r\u00e9sum\u00e9 \/ presse \/ dossiers \/ calendrier d\u2019apr\u00e8s l\u2019album deClaude Pontimise en sc\u00e8ne&nbsp;Micha\u00ebl Dusautoy&nbsp;vid\u00e9oAnnabelle Brunet&nbsp;musique Nicolas S\u00e9guydesign snore Damien Rottierlumi\u00e8res et constructionEmmanuel Laborde avec Damien Saugeon Dur\u00e9e 25 mn \u00ab\u00a0D\u00e8s qu\u2019il y a un livre quelque [&hellip;]","og_url":"https:\/\/www.collectifetcie.fr\/index.php\/les-artistes\/annabelle-brunet-michael-dusautoy-damien-saugeon-collectif-quatre-ailes\/mille-secrets-de-poussins\/","og_site_name":"collectif et compagnie","article_modified_time":"2026-09-03T11:43:22+00:00","og_image":[{"width":1500,"height":1000,"url":"https:\/\/www.collectifetcie.fr\/wp-content\/uploads\/2022\/12\/DSC07641WEB-1.jpg","type":"image\/jpeg"}],"twitter_card":"summary_large_image","twitter_misc":{"Dur\u00e9e de lecture estim\u00e9e":"2 minutes"},"schema":{"@context":"https:\/\/schema.org","@graph":[{"@type":"WebPage","@id":"https:\/\/www.collectifetcie.fr\/index.php\/les-artistes\/annabelle-brunet-michael-dusautoy-damien-saugeon-collectif-quatre-ailes\/mille-secrets-de-poussins\/","url":"https:\/\/www.collectifetcie.fr\/index.php\/les-artistes\/annabelle-brunet-michael-dusautoy-damien-saugeon-collectif-quatre-ailes\/mille-secrets-de-poussins\/","name":"MILLE SECRETS DE POUSSINS - collectif et compagnie","isPartOf":{"@id":"https:\/\/www.collectifetcie.fr\/#website"},"primaryImageOfPage":{"@id":"https:\/\/www.collectifetcie.fr\/index.php\/les-artistes\/annabelle-brunet-michael-dusautoy-damien-saugeon-collectif-quatre-ailes\/mille-secrets-de-poussins\/#primaryimage"},"image":{"@id":"https:\/\/www.collectifetcie.fr\/index.php\/les-artistes\/annabelle-brunet-michael-dusautoy-damien-saugeon-collectif-quatre-ailes\/mille-secrets-de-poussins\/#primaryimage"},"thumbnailUrl":"https:\/\/www.collectifetcie.fr\/wp-content\/uploads\/2022\/12\/DSC07641WEB-1-1024x683.jpg","datePublished":"2022-06-27T12:43:24+00:00","dateModified":"2026-09-03T11:43:22+00:00","breadcrumb":{"@id":"https:\/\/www.collectifetcie.fr\/index.php\/les-artistes\/annabelle-brunet-michael-dusautoy-damien-saugeon-collectif-quatre-ailes\/mille-secrets-de-poussins\/#breadcrumb"},"inLanguage":"fr-FR","potentialAction":[{"@type":"ReadAction","target":["https:\/\/www.collectifetcie.fr\/index.php\/les-artistes\/annabelle-brunet-michael-dusautoy-damien-saugeon-collectif-quatre-ailes\/mille-secrets-de-poussins\/"]}]},{"@type":"ImageObject","inLanguage":"fr-FR","@id":"https:\/\/www.collectifetcie.fr\/index.php\/les-artistes\/annabelle-brunet-michael-dusautoy-damien-saugeon-collectif-quatre-ailes\/mille-secrets-de-poussins\/#primaryimage","url":"https:\/\/www.collectifetcie.fr\/wp-content\/uploads\/2022\/12\/DSC07641WEB-1.jpg","contentUrl":"https:\/\/www.collectifetcie.fr\/wp-content\/uploads\/2022\/12\/DSC07641WEB-1.jpg","width":1500,"height":1000},{"@type":"BreadcrumbList","@id":"https:\/\/www.collectifetcie.fr\/index.php\/les-artistes\/annabelle-brunet-michael-dusautoy-damien-saugeon-collectif-quatre-ailes\/mille-secrets-de-poussins\/#breadcrumb","itemListElement":[{"@type":"ListItem","position":1,"name":"Accueil","item":"https:\/\/www.collectifetcie.fr\/"},{"@type":"ListItem","position":2,"name":"Artistes et compagnies","item":"https:\/\/www.collectifetcie.fr\/index.php\/les-artistes\/"},{"@type":"ListItem","position":3,"name":"Annabelle Brunet &#8211; Micha\u00ebl Dusautoy &#8211; Damien Saugeon > Collectif Quatre Ailes","item":"https:\/\/www.collectifetcie.fr\/index.php\/les-artistes\/annabelle-brunet-michael-dusautoy-damien-saugeon-collectif-quatre-ailes\/"},{"@type":"ListItem","position":4,"name":"MILLE SECRETS DE POUSSINS"}]},{"@type":"WebSite","@id":"https:\/\/www.collectifetcie.fr\/#website","url":"https:\/\/www.collectifetcie.fr\/","name":"collectif et compagnie","description":"","publisher":{"@id":"https:\/\/www.collectifetcie.fr\/#organization"},"potentialAction":[{"@type":"SearchAction","target":{"@type":"EntryPoint","urlTemplate":"https:\/\/www.collectifetcie.fr\/?s={search_term_string}"},"query-input":{"@type":"PropertyValueSpecification","valueRequired":true,"valueName":"search_term_string"}}],"inLanguage":"fr-FR"},{"@type":"Organization","@id":"https:\/\/www.collectifetcie.fr\/#organization","name":"collectif et compagnie","url":"https:\/\/www.collectifetcie.fr\/","logo":{"@type":"ImageObject","inLanguage":"fr-FR","@id":"https:\/\/www.collectifetcie.fr\/#\/schema\/logo\/image\/","url":"https:\/\/www.collectifetcie.fr\/wp-content\/uploads\/2025\/09\/cropped-Bandeau-Site-04-09-25-OK.jpg","contentUrl":"https:\/\/www.collectifetcie.fr\/wp-content\/uploads\/2025\/09\/cropped-Bandeau-Site-04-09-25-OK.jpg","width":1616,"height":234,"caption":"collectif et compagnie"},"image":{"@id":"https:\/\/www.collectifetcie.fr\/#\/schema\/logo\/image\/"}}]}},"_links":{"self":[{"href":"https:\/\/www.collectifetcie.fr\/index.php\/wp-json\/wp\/v2\/pages\/2055","targetHints":{"allow":["GET"]}}],"collection":[{"href":"https:\/\/www.collectifetcie.fr\/index.php\/wp-json\/wp\/v2\/pages"}],"about":[{"href":"https:\/\/www.collectifetcie.fr\/index.php\/wp-json\/wp\/v2\/types\/page"}],"author":[{"embeddable":true,"href":"https:\/\/www.collectifetcie.fr\/index.php\/wp-json\/wp\/v2\/users\/1"}],"replies":[{"embeddable":true,"href":"https:\/\/www.collectifetcie.fr\/index.php\/wp-json\/wp\/v2\/comments?post=2055"}],"version-history":[{"count":335,"href":"https:\/\/www.collectifetcie.fr\/index.php\/wp-json\/wp\/v2\/pages\/2055\/revisions"}],"predecessor-version":[{"id":7531,"href":"https:\/\/www.collectifetcie.fr\/index.php\/wp-json\/wp\/v2\/pages\/2055\/revisions\/7531"}],"up":[{"embeddable":true,"href":"https:\/\/www.collectifetcie.fr\/index.php\/wp-json\/wp\/v2\/pages\/696"}],"wp:attachment":[{"href":"https:\/\/www.collectifetcie.fr\/index.php\/wp-json\/wp\/v2\/media?parent=2055"}],"curies":[{"name":"wp","href":"https:\/\/api.w.org\/{rel}","templated":true}]}}