{"id":1206,"date":"2021-10-26T18:25:17","date_gmt":"2021-10-26T16:25:17","guid":{"rendered":"https:\/\/www.collectifetcie.fr\/?page_id=1206"},"modified":"2024-02-19T09:15:51","modified_gmt":"2024-02-19T08:15:51","slug":"move-on-over-or-well-move-on-over-you","status":"publish","type":"page","link":"https:\/\/www.collectifetcie.fr\/index.php\/les-artistes\/move-on-over-or-well-move-on-over-you\/","title":{"rendered":"MOVE ON OVER OR WE&rsquo;LL MOVE ON OVER YOU"},"content":{"rendered":"\n<div class=\"wp-block-columns is-layout-flex wp-container-core-columns-is-layout-9d6595d7 wp-block-columns-is-layout-flex\">\n<div class=\"wp-block-column is-layout-flow wp-block-column-is-layout-flow\" style=\"flex-basis:33.34%\">\n<div class=\"wp-block-columns is-layout-flex wp-container-core-columns-is-layout-9d6595d7 wp-block-columns-is-layout-flex\">\n<div class=\"wp-block-column is-layout-flow wp-block-column-is-layout-flow\" style=\"flex-basis:100%\">\n<div class=\"wp-block-group\"><div class=\"wp-block-group__inner-container is-layout-flow wp-block-group-is-layout-flow\"><div class=\"wp-block-image\">\n<figure class=\"alignleft size-large is-resized\"><img loading=\"lazy\" decoding=\"async\" width=\"1024\" height=\"768\" src=\"https:\/\/www.collectifetcie.fr\/wp-content\/uploads\/2023\/11\/Faith-encre-1024x768.jpg\" alt=\"\" class=\"wp-image-3440\" style=\"aspect-ratio:1.343558282208589;width:253px;height:auto\" srcset=\"https:\/\/www.collectifetcie.fr\/wp-content\/uploads\/2023\/11\/Faith-encre-1024x768.jpg 1024w, https:\/\/www.collectifetcie.fr\/wp-content\/uploads\/2023\/11\/Faith-encre-300x225.jpg 300w, https:\/\/www.collectifetcie.fr\/wp-content\/uploads\/2023\/11\/Faith-encre-768x576.jpg 768w, https:\/\/www.collectifetcie.fr\/wp-content\/uploads\/2023\/11\/Faith-encre-1536x1152.jpg 1536w, https:\/\/www.collectifetcie.fr\/wp-content\/uploads\/2023\/11\/Faith-encre-2048x1536.jpg 2048w\" sizes=\"auto, (max-width: 1024px) 100vw, 1024px\" \/><\/figure>\n<\/div><\/div><\/div>\n<\/div>\n<\/div>\n<\/div>\n\n\n\n<div class=\"wp-block-column is-layout-flow wp-block-column-is-layout-flow\" style=\"flex-basis:33.34%\">\n<figure class=\"wp-block-image size-full is-resized\"><img loading=\"lazy\" decoding=\"async\" width=\"200\" height=\"183\" src=\"https:\/\/www.collectifetcie.fr\/wp-content\/uploads\/2023\/11\/MOVE-ON-verdun-200X215-46791-.jpg\" alt=\"\" class=\"wp-image-3455\" style=\"aspect-ratio:1.610062893081761;width:280px;height:auto\"\/><\/figure>\n<\/div>\n\n\n\n<div class=\"wp-block-column is-layout-flow wp-block-column-is-layout-flow\" style=\"flex-basis:33.33%\">\n<figure class=\"wp-block-image size-large is-resized\"><img loading=\"lazy\" decoding=\"async\" width=\"1024\" height=\"768\" src=\"https:\/\/www.collectifetcie.fr\/wp-content\/uploads\/2023\/11\/liste-light-1024x768.jpg\" alt=\"\" class=\"wp-image-3436\" style=\"aspect-ratio:1.3333333333333333;width:268px;height:auto\" srcset=\"https:\/\/www.collectifetcie.fr\/wp-content\/uploads\/2023\/11\/liste-light-1024x768.jpg 1024w, https:\/\/www.collectifetcie.fr\/wp-content\/uploads\/2023\/11\/liste-light-300x225.jpg 300w, https:\/\/www.collectifetcie.fr\/wp-content\/uploads\/2023\/11\/liste-light-768x576.jpg 768w, https:\/\/www.collectifetcie.fr\/wp-content\/uploads\/2023\/11\/liste-light-1536x1152.jpg 1536w, https:\/\/www.collectifetcie.fr\/wp-content\/uploads\/2023\/11\/liste-light.jpg 2000w\" sizes=\"auto, (max-width: 1024px) 100vw, 1024px\" \/><figcaption class=\"wp-element-caption\"> \u00a9Christophe Loizeau<\/figcaption><\/figure>\n<\/div>\n<\/div>\n\n\n\n<p class=\"has-text-align-center has-white-color has-text-color has-background has-normal-font-size\" style=\"background-color:#a60b15\"><strong><a href=\"#g\u00e9n\u00e9rique\">G\u00e9n\u00e9rique<\/a> \/ <a href=\"#r\u00e9sum\u00e9\">R\u00e9sum\u00e9<\/a> \/ Dossier \/ Calendrier <\/strong><\/p>\n\n\n\n<div class=\"wp-block-columns is-layout-flex wp-container-core-columns-is-layout-9d6595d7 wp-block-columns-is-layout-flex\">\n<div class=\"wp-block-column is-layout-flow wp-block-column-is-layout-flow\">\n<p class=\"has-cyan-bluish-gray-background-color has-background has-normal-font-size\" id=\"g\u00e9n\u00e9rique\"><strong>Un projet du collectif F71<\/strong><br>texte et mise en sc\u00e8ne<br><strong>St\u00e9phanie Farison<br><\/strong>collaboration artistique<br><strong>collectif F71<\/strong><br>dramaturgie<br><strong>Lucie Nicolas<\/strong><br>sc\u00e9nographie <br><strong>Lucie Auclair<br><\/strong>cr\u00e9ation sonore<br><strong>Rico Recordier<br><\/strong>r\u00e9gie g\u00e9n\u00e9rale et construction<br><strong>Max Potiron&nbsp;<br><\/strong>cr\u00e9ation lumi\u00e8re<br><strong>Laurence Magn\u00e9e<br><\/strong>assistanat <br><strong>Fanny Gayard<br><\/strong>construction<br><strong>Lucas Remon<br><\/strong><br>avec <br><strong>Camille L\u00e9on Fucien<br>Joris Avodo<br>Maxence Bod<\/strong><\/p>\n\n\n\n<p class=\"has-text-color has-link-color wp-elements-6f4b49ff541bcfc0984fd87b7301151c\" style=\"color:#a5111b\"><strong>LA PRESSE<\/strong><br><\/p>\n\n\n\n<p> Mireille Davidovici &#8211; <strong>THEATRE DU BLOG<\/strong><br><strong>\u00ab\u00a0<em>Nous d\u00e9couvrons sous un autre jour la gen\u00e8se et l\u2019histoire de ce mouvement \u00e9touff\u00e9 par la r\u00e9pression. (\u2026) Nous ne nous lassons pas de voir ce ballet de ch\u00e2ssis, la manipulation des encres et des instruments.<\/em>\u00ab\u00a0<\/strong><br><br>Laurent Schteiner &#8211; <strong>SUR LES PLANCHES<\/strong><br><strong>\u00ab\u00a0<\/strong><em><strong><strong>Un spectacle incroyable. <\/strong><\/strong><br><strong><strong>Mis en sc\u00e8ne de fa\u00e7on lumineuse par St\u00e9phanie Farison, ce spectacle, met en lumi\u00e8re par del\u00e0 les clich\u00e9s et son invisibilit\u00e9, le mouvement r\u00e9volutionnaire du&nbsp;Black Panther Party&nbsp;for Self-Defense&nbsp;n\u00e9 dans les ann\u00e9es 60 aux Etats-Unis.&nbsp;<\/strong>En cr\u00e9ant avec un grand r\u00e9alisme un atelier de s\u00e9rigraphie sur sc\u00e8ne, St\u00e9phanie Farison, apporte un contrepoint \u00e0 l\u2019histoire manich\u00e9enne et malmen\u00e9e des Black Panthers<\/strong><\/em><strong><em> \u00ab\u00a0.<\/em><\/strong><\/p>\n\n\n\n<p>Bruno Fougnies &#8211; <strong>REGARTS<\/strong> <br><em><strong>\u00ab\u00a0Ce spectacle, \u00e0 la fois vivant et instructif, redonne avec intelligence la valeur sociale d\u00e9terminante du mouvement du Black Panther Party. Avec une sc\u00e9nographie riche et passionnante (la fabrication en directe de s\u00e9rigraphies) et des com\u00e9diens investis et attachants qui performent en jeu th\u00e9\u00e2tral, adresse et jeu avec le public ainsi qu\u2019en chant, la pi\u00e8ce de St\u00e9phanie Farison remet l\u2019histoire dans le bon sens et r\u00e9anime la foi en la possibilit\u00e9 partout et toujours de lutter pour ses droits.\u00a0\u00bb<\/strong><\/em><\/p>\n\n\n\n<p>Brigitte Corrigou &#8211; LA REVUE DU SPECTALE<br><strong><em>\u00ab\u00a0Ici, le pari est largement gagn\u00e9. Le spectacle convoque \u00e9galement la musique des ann\u00e9es soixante-dix (\u2026) qui apporte un suppl\u00e9ment d&rsquo;\u00e2me \u00e0 cet atelier imagin\u00e9 par St\u00e9phanie Farison dans lequel bout et foisonne un besoin de lutte irr\u00e9pressible. Le chant, remarquablement interpr\u00e9t\u00e9 par Camille L\u00e9on-Fucien, d\u00e9cuple tout en force et subtilit\u00e9 ce combat qui fut celui des Black Panthers. Les deux autres com\u00e9diens, Joris Avado et Maxence Bod interpr\u00e8tent brillamment, de fa\u00e7on visc\u00e9rale et comme organique, cette lutte des Black Panthers\u2026<\/em><\/strong>\u00ab\u00a0<\/p>\n<\/div>\n\n\n\n<div class=\"wp-block-column is-layout-flow wp-block-column-is-layout-flow\">\n<p>En 1966, sur le campus d&rsquo;Oakland, Californie, nait le Black Panther Party for Self Defense. Il s\u2019agit pour les Noirs am\u00e9ricains de construire un corps collectif, de r\u00e9affirmer une identit\u00e9, de recouvrer une int\u00e9grit\u00e9, en tant que noir et am\u00e9ricain et que cette r\u00e9appropriation soit si puissante, si visible, qu&rsquo;elle arrive \u00e0 renverser les paradigmes du racisme. Comment la r\u00e9volte s&rsquo;organise soudain sp\u00e9cifiquement autour de la mise en sc\u00e8ne \u00e9labor\u00e9e des corps, des armes, des images et des messages&nbsp;? <br>Trois militants traversent l\u2019histoire fantasm\u00e9e des Black Panthers dans l\u2019atelier de s\u00e9rigraphie imaginaire de ce mouvement noir am\u00e9ricain. Comment revendiquer son identit\u00e9 noire, comment trouver des espaces de protestation quand toutes les formes d\u2019expression vous sont successivement \u00f4t\u00e9es et interdites ?&nbsp;<br><br>L&rsquo;histoire de ce surgissement nous int\u00e9resse : <strong>Au croisement du th\u00e9\u00e2tre documentaire et du th\u00e9\u00e2tre d&rsquo;objet et de machine, <\/strong><em>Move on over or we&rsquo;ll move on over you,<\/em> fait dialoguer<strong> une narration visuelle, textuelle et musicale, <\/strong>pour interroger la puissance cr\u00e9atrice et troublante de ces r\u00e9volutions \u00e9ph\u00e9m\u00e8res.<\/p>\n\n\n\n<p><\/p>\n\n\n\n<p><strong><em>&nbsp;<\/em><\/strong>Thierry Voisin &#8211; <strong>TELERAMA sortir<\/strong><br><strong><em>\u00ab\u00a0Il est urgent de d\u00e9ranger.<\/em><\/strong><em>&nbsp;Le Collectif F71 ressuscite la pulsion cr\u00e9atrice des Black Panthers \u00e0 la fin des ann\u00e9es 60.\u00a0\u00bbLe but du Black Panther Party est la r\u00e9volution totale, clame dans cette pl\u00e8ce Fred Hampton, un des leaders du mouvement, assassin\u00e9 chez lui par le FBI en d\u00e9cembre 1969.\u00a0\u00bb&nbsp;Nous sommes subversifs face \u00e0 tous ceux que nous devons affronter aujourd\u00a0\u00bbhui. Aussi subversifs que possible.\u00a0\u00bb&nbsp;Aimant interroger le r\u00e9el et l&rsquo;Histoire, le Collectif F71 s&rsquo;int\u00e9resse ici au groupe r\u00e9volutionnaire de lib\u00e9ration des Afro-Am\u00e9ricains, cr\u00e9\u00e9 en 1966 sur le campus d&rsquo;Oakland (Californie), en pleine recrudescence de l&rsquo;activisme noir. Il s&rsquo;agit de transposer sur sc\u00e8ne l&rsquo;\u00e9nergie explosive des militants du BPP, de montrer la force picturale&nbsp;de gestes aussi artistiques que politiques.\u00a0\u00bb<\/em><\/p>\n\n\n\n<p>Fr\u00e9d\u00e9rique Moujart &#8211; Blog Culture <strong>SNES<\/strong> <br><strong>\u00ab\u00a0<em>Une habile jonction entre th\u00e9\u00e2tre documentaire et th\u00e9\u00e2tre de marionnettes au sens large dans une narration autant visuelle que textuelle, po\u00e9tique et engag\u00e9e.<\/em><br><em>La force du spectacle tient dans l\u2019\u00e9nergie des acteurs et la puissance des images que nous envoient les affiches imprim\u00e9es (&#8230;)<br>Cette plong\u00e9e esth\u00e9tiquement tr\u00e8s r\u00e9ussie dans l\u2019atelier de s\u00e9rigraphie fantasm\u00e9 des Blacks Panthers est en r\u00e9sonance avec le questionnement actuel sur la recherche politique et picturale de nouvelles formes de militantisme afin de r\u00e9agir \u00e0 la mise en p\u00e9ril de la libert\u00e9 de s\u2019opposer, que ce soit en France ou ailleurs.\u00a0\u00bb<\/em><\/strong><br><\/p>\n\n\n\n<p><\/p>\n\n\n\n<h4 class=\"wp-block-heading\"><a href=\"http:\/\/www.collectiff71.com\/le-dernier-voyage-aquarius\/#e10caa73304e8fb69\"><\/a><\/h4>\n<\/div>\n\n\n\n<div class=\"wp-block-column is-layout-flow wp-block-column-is-layout-flow\">\n<p class=\"has-white-color has-cyan-bluish-gray-background-color has-text-color has-background has-small-font-size\"><strong>Production &gt;<\/strong> La Concordance des Temps \/ collectifF71<br><br><strong>Production &gt;<\/strong>&nbsp;La Concordance des Temps \/ collectifF71<br><br><strong>Co-production &gt;&nbsp;<\/strong>Th\u00e9\u00e2tre de la Manufacture \u2013 CDN Nancy Lorraine (54),&nbsp;Festival MARTO (92),&nbsp;Le&nbsp;Th\u00e9\u00e2tre du Fil de l\u2019eau \u00e0 Pantin (93), le Th\u00e9\u00e2tre du Bois De l\u2019Aune \u00e0 Aix en Provence (13), Transversales, sc\u00e8ne conventionn\u00e9e pour les arts du cirque &#8211; Verdun&nbsp;(55), Le Tas de Sable &#8211; Ches Panses Vertes, Centre National de la Marionnette (en pr\u00e9paration), Rivery (80), L\u2019Espace P\u00e9riph\u00e9rique, Mairie de Paris &#8211; Parc de la Villette (75), Houdremont, centre culturel La Courneuve (93), le Th\u00e9\u00e2tre des Bergeries \u00e0 Noisy-le-sec (93), Schaustellerei Internationales Figurentheaterfestival, Munich (D), la Biennale des Arts de la Marionnette, Le Mouffetard Th\u00e9\u00e2tre des Arts de la Marionnette, Paris (75), le Th\u00e9\u00e2tre de La Licorne (59), L\u2019Empreinte, Sc\u00e8ne Nationale de Brive-Tulle (19), le Collectif 12, Mantes-la-Jolie (78), spectacle accueilli en cor\u00e9alisation avec la Biennale Mars \u00e0 l\u2019Ouest &#8211; 2022, la Chartreuse de Villeneuve-l\u00e8s-Avignon &#8211; Centre National des \u00c9critures du Spectacle (84)<br><br><strong>Soutien<\/strong>&nbsp;<strong>&gt;<\/strong>&nbsp;Compagnonnage plateau de la DRAC IDF, le Groupe des 20 Th\u00e9\u00e2tres en IDF \/ Dispositif de soutien \u00e0 l\u2019\u00e9mergence&nbsp;: \u00ab&nbsp;Premi\u00e8res mesures&nbsp;\u00bb<br><br><strong>Avec la participation artistique<\/strong>&nbsp;du Jeune Th\u00e9\u00e2tre National<br><br>Le texte a obtenu les encouragements de l\u2019Aide \u00e0 la cr\u00e9ation de textes dramatiques d&rsquo;ARTCENA<\/p>\n\n\n\n<p class=\"has-text-color\" style=\"color:#a60b15\"><strong>DUREE &gt; 1H30<\/strong><\/p>\n\n\n\n<p class=\"has-white-color has-cyan-bluish-gray-background-color has-text-color has-background has-small-font-size\"><strong><span style=\"background-color: rgba(255, 255, 255, 0.2);\"><b>c<\/b><\/span>ontacts <br> &gt; production <\/strong><br><strong>Gwendoline Langlois &#8211; 06 84 65 54 48<br><a href=\"mailto:production.collectiff71@gmail.com\">production.collectiff71@gmail.com<\/a><br><br>&gt; diffusion <br>Estelle Delorme&nbsp;&#8211; 06 77 13 30 88<br><a href=\"mailto:estelle.delorme@collectifetcie.fr\">estelle.delorme@collectifetcie.fr<\/a><br>G\u00e9raldine Morier-Genoud&nbsp;&#8211; 06 20 41 41 25<br><a href=\"mailto:geraldine.moriergenoud@collectifetcie.fr\">geraldine.moriergenoud@collectifetcie.fr<\/a><\/strong><\/p>\n\n\n\n<p>Sylvie Boursier &#8211; <strong>UN FAUTEUIL POUR L&rsquo;ORCHESTRE<em><br>\u00ab\u00a0Joris Avodo, Maxence Bod et Camille Leon Fucien ont l\u2019abattage qui convient \u00e0 ce road movie, aux antipodes des extr\u00e9mistes violents d\u00e9cri\u00e9s par les autorit\u00e9s. Fougue et concentration, chant et danse, le jeu des acteurs m\u00e9lange les genres, harangues, blues, musique, tractages, impressions, affichages. On sent la complicit\u00e9 de l\u2019\u00e9quipe artistique et la vitalit\u00e9 joyeuse d\u2019un mouvement d\u2019avant-garde au service des id\u00e9es. (\u2026) Le collectif 71 fait revivre la beaut\u00e9 de cette r\u00e9volution \u00e9ph\u00e9m\u00e8re, son intelligence, ses capacit\u00e9s d\u2019improvisation et de self contr\u00f4le, tellement loin de la violence terroriste. Un spectacle total \u00e0 voir seul ou en famille, car il peut donner envie \u00e0 des jeunes de d\u00e9passer les protestations et d\u2019agir.\u00a0\u00bb<\/em><\/strong><\/p>\n<\/div>\n<\/div>\n\n\n\n<div class=\"wp-block-buttons is-horizontal is-content-justification-space-between is-layout-flex wp-container-core-buttons-is-layout-9262d1ff wp-block-buttons-is-layout-flex\">\n<div class=\"wp-block-button is-style-fill\"><a class=\"wp-block-button__link has-cyan-bluish-gray-color has-text-color wp-element-button\" href=\"https:\/\/www.collectifetcie.fr\/wp-content\/uploads\/2023\/11\/Dossier-MoveOnOver_collectifF71_-230523-2.pdf\">dossier de diffusion<\/a><\/div>\n\n\n\n<div class=\"wp-block-button is-style-fill\"><a class=\"wp-block-button__link has-white-color has-text-color has-background wp-element-button\" href=\"https:\/\/www.collectifetcie.fr\/wp-content\/uploads\/2024\/02\/Coll-F71-MOVE-ON-revue-de-presse.pdf\" style=\"background-color:#a5111b\">revue de presse<\/a><\/div>\n<\/div>\n\n\n\n<div style=\"height:11px\" aria-hidden=\"true\" class=\"wp-block-spacer\"><\/div>\n\n\n\n<p class=\"has-white-color has-text-color has-background has-medium-font-size\" style=\"background-color:#a60b15\"><strong>DIFFUSION 2023\/2<\/strong>4<\/p>\n\n\n\n<p class=\"has-text-align-left\" style=\"font-size:14px\"><br><a href=\"https:\/\/www.theatre-manufacture.fr\/\"><strong>Th\u00e9\u00e2tre de la Manufacture<\/strong> <\/a>\u2013 CDN Nancy Lorraine (54)<br><strong>mardi 05 d\u00e9cembre <\/strong>2023- 20h <br><strong>mercredi 06 d\u00e9cembre<\/strong> 2023- 19h <br><strong>jeudi 07 d\u00e9cembre<\/strong> 2023 &#8211; 20h <br><strong>vendredi 08 d\u00e9cembre <\/strong>2023 &#8211; 14H30<\/p>\n\n\n\n<p class=\"has-text-align-left\" style=\"font-size:14px\"><strong><a href=\"https:\/\/houdremont.lacourneuve.fr\/\">Centre Culturel Houdremont<\/a><\/strong>-La Courneuve (93)<br><strong>Vendredi 9 f\u00e9vrier<\/strong> 2024 &#8211; 19h<br><br><strong> <a href=\"https:\/\/l-azimut.fr\/\">l\u2019Azimut<\/a> <\/strong>\u2013 Th\u00e9\u00e2tre Firmin G\u00e9mier La Piscine,(92), dans le cadre du <strong>Festival MARTO<\/strong><br><strong>Dimanche 10 Mars<\/strong> 2024 &#8211; 17h<\/p>\n\n\n\n<p class=\"has-white-color has-cyan-bluish-gray-background-color has-text-color has-background has-medium-font-size\"><strong>CREATION ET DIFFUSION 2022\/23 <\/strong><\/p>\n\n\n\n<p style=\"font-size:14px\"><strong><a href=\"https:\/\/collectif12.org\/\">Collectif 12 &#8211; Mantes la Jolie<\/a> <\/strong>(78)&gt; pr\u00e9sentation publique d&rsquo;un extrait<strong> <\/strong>dans le cadre du Festival Mars \u00e0 l&rsquo;Ouest<br><strong>Samedi 22 octobre <\/strong>2022 &#8211; 17h <\/p>\n\n\n\n<p style=\"font-size:14px\"><a href=\"http:\/\/www.groupedes20theatres.fr\/edition-20222023\/move-on-or-well-move-over-you\/\"><strong>Th\u00e9\u00e2tre du Fil de l&rsquo;Eau &#8211; Pantin (93)<\/strong><\/a> <strong>&gt; <\/strong> dans le cadre du dispositif \u00ab&nbsp;premi\u00e8res mesures&nbsp;\u00bb du groupe des 20<br><strong>Mercredi 07 d\u00e9cembre<\/strong> 2022 &#8211; 16h<\/p>\n\n\n\n<p style=\"font-size:14px\"><a href=\"https:\/\/transversales-verdun.com\/\"><strong>Transversales,  sc\u00e8ne conventionn\u00e9e pour les arts du cirque &#8211; Verdun<\/strong><\/a>&nbsp;(55) &gt; <strong>CREATION<\/strong><br><strong>Jeudi 02 mars 2023 &#8211; <\/strong>20h30<\/p>\n\n\n\n<p style=\"font-size:14px\"><a href=\"https:\/\/jarnisy.com\/\"><strong>Maison d&rsquo;Elsa | Compagnie du Jarnisy<\/strong><\/a> &#8211;<a href=\"https:\/\/jarnisy.com\/\"><strong> Jarny<\/strong> <\/a>(54)  <br><strong>le 7 mars 2023<\/strong> &#8211; 20h30 <\/p>\n\n\n\n<p style=\"font-size:14px\"><a href=\"http:\/\/www.boisdelaune.fr\/\"><strong>Th\u00e9\u00e2tre du Bois de l&rsquo;Aune &#8211; Aix-en-Provence<\/strong><\/a> (13)<br><strong>mardi 04 avril 2023<\/strong>&nbsp;&#8211; 20H30<br><strong>mercredi 05 avril 2023<\/strong>&nbsp;&#8211; 19H30<\/p>\n\n\n\n<p style=\"font-size:14px\"><strong><a href=\"https:\/\/pratique.pantin.fr\/culture-et-patrimoine\/le-theatre-du-fil-de-leau\">Th\u00e9\u00e2tre du Fil de l&rsquo;Eau &#8211; Pantin (93)<\/a> <\/strong>dans le cadre de&nbsp;la Biennale des Arts de la Marionnette (75) <br><strong>jeudi 11 mai <\/strong>&#8211; 21H<br><strong>vendredi 12 mai &#8211; <\/strong>19H30 <\/p>\n","protected":false},"excerpt":{"rendered":"<p>G\u00e9n\u00e9rique \/ R\u00e9sum\u00e9 \/ Dossier \/ Calendrier Un projet du collectif F71texte et mise en sc\u00e8neSt\u00e9phanie Farisoncollaboration artistiquecollectif F71dramaturgieLucie Nicolassc\u00e9nographie Lucie Auclaircr\u00e9ation sonoreRico Recordierr\u00e9gie g\u00e9n\u00e9rale et constructionMax Potiron&nbsp;cr\u00e9ation lumi\u00e8reLaurence Magn\u00e9eassistanat Fanny GayardconstructionLucas Remonavec Camille L\u00e9on FucienJoris AvodoMaxence Bod LA PRESSE Mireille Davidovici &#8211; THEATRE DU BLOG\u00ab\u00a0Nous d\u00e9couvrons sous un autre jour la gen\u00e8se et l\u2019histoire [&hellip;]<\/p>\n","protected":false},"author":1,"featured_media":0,"parent":26,"menu_order":2,"comment_status":"closed","ping_status":"closed","template":"template-full.php","meta":{"footnotes":""},"class_list":["post-1206","page","type-page","status-publish","hentry"],"yoast_head":"<!-- This site is optimized with the Yoast SEO plugin v27.5 - https:\/\/yoast.com\/product\/yoast-seo-wordpress\/ -->\n<title>MOVE ON OVER OR WE&#039;LL MOVE ON OVER YOU - collectif et compagnie<\/title>\n<meta name=\"robots\" content=\"index, follow, max-snippet:-1, max-image-preview:large, max-video-preview:-1\" \/>\n<link rel=\"canonical\" href=\"https:\/\/www.collectifetcie.fr\/index.php\/les-artistes\/move-on-over-or-well-move-on-over-you\/\" \/>\n<meta property=\"og:locale\" content=\"fr_FR\" \/>\n<meta property=\"og:type\" content=\"article\" \/>\n<meta property=\"og:title\" content=\"MOVE ON OVER OR WE&#039;LL MOVE ON OVER YOU - collectif et compagnie\" \/>\n<meta property=\"og:description\" content=\"G\u00e9n\u00e9rique \/ R\u00e9sum\u00e9 \/ Dossier \/ Calendrier Un projet du collectif F71texte et mise en sc\u00e8neSt\u00e9phanie Farisoncollaboration artistiquecollectif F71dramaturgieLucie Nicolassc\u00e9nographie Lucie Auclaircr\u00e9ation sonoreRico Recordierr\u00e9gie g\u00e9n\u00e9rale et constructionMax Potiron&nbsp;cr\u00e9ation lumi\u00e8reLaurence Magn\u00e9eassistanat Fanny GayardconstructionLucas Remonavec Camille L\u00e9on FucienJoris AvodoMaxence Bod LA PRESSE Mireille Davidovici &#8211; THEATRE DU BLOG\u00ab\u00a0Nous d\u00e9couvrons sous un autre jour la gen\u00e8se et l\u2019histoire [&hellip;]\" \/>\n<meta property=\"og:url\" content=\"https:\/\/www.collectifetcie.fr\/index.php\/les-artistes\/move-on-over-or-well-move-on-over-you\/\" \/>\n<meta property=\"og:site_name\" content=\"collectif et compagnie\" \/>\n<meta property=\"article:modified_time\" content=\"2024-02-19T08:15:51+00:00\" \/>\n<meta property=\"og:image\" content=\"https:\/\/www.collectifetcie.fr\/wp-content\/uploads\/2023\/11\/Faith-encre-1024x768.jpg\" \/>\n<meta name=\"twitter:card\" content=\"summary_large_image\" \/>\n<meta name=\"twitter:label1\" content=\"Dur\u00e9e de lecture estim\u00e9e\" \/>\n\t<meta name=\"twitter:data1\" content=\"4 minutes\" \/>\n<script type=\"application\/ld+json\" class=\"yoast-schema-graph\">{\"@context\":\"https:\\\/\\\/schema.org\",\"@graph\":[{\"@type\":\"WebPage\",\"@id\":\"https:\\\/\\\/www.collectifetcie.fr\\\/index.php\\\/les-artistes\\\/move-on-over-or-well-move-on-over-you\\\/\",\"url\":\"https:\\\/\\\/www.collectifetcie.fr\\\/index.php\\\/les-artistes\\\/move-on-over-or-well-move-on-over-you\\\/\",\"name\":\"MOVE ON OVER OR WE'LL MOVE ON OVER YOU - collectif et compagnie\",\"isPartOf\":{\"@id\":\"https:\\\/\\\/www.collectifetcie.fr\\\/#website\"},\"primaryImageOfPage\":{\"@id\":\"https:\\\/\\\/www.collectifetcie.fr\\\/index.php\\\/les-artistes\\\/move-on-over-or-well-move-on-over-you\\\/#primaryimage\"},\"image\":{\"@id\":\"https:\\\/\\\/www.collectifetcie.fr\\\/index.php\\\/les-artistes\\\/move-on-over-or-well-move-on-over-you\\\/#primaryimage\"},\"thumbnailUrl\":\"https:\\\/\\\/www.collectifetcie.fr\\\/wp-content\\\/uploads\\\/2023\\\/11\\\/Faith-encre-1024x768.jpg\",\"datePublished\":\"2021-10-26T16:25:17+00:00\",\"dateModified\":\"2024-02-19T08:15:51+00:00\",\"breadcrumb\":{\"@id\":\"https:\\\/\\\/www.collectifetcie.fr\\\/index.php\\\/les-artistes\\\/move-on-over-or-well-move-on-over-you\\\/#breadcrumb\"},\"inLanguage\":\"fr-FR\",\"potentialAction\":[{\"@type\":\"ReadAction\",\"target\":[\"https:\\\/\\\/www.collectifetcie.fr\\\/index.php\\\/les-artistes\\\/move-on-over-or-well-move-on-over-you\\\/\"]}]},{\"@type\":\"ImageObject\",\"inLanguage\":\"fr-FR\",\"@id\":\"https:\\\/\\\/www.collectifetcie.fr\\\/index.php\\\/les-artistes\\\/move-on-over-or-well-move-on-over-you\\\/#primaryimage\",\"url\":\"https:\\\/\\\/www.collectifetcie.fr\\\/wp-content\\\/uploads\\\/2023\\\/11\\\/Faith-encre-scaled.jpg\",\"contentUrl\":\"https:\\\/\\\/www.collectifetcie.fr\\\/wp-content\\\/uploads\\\/2023\\\/11\\\/Faith-encre-scaled.jpg\",\"width\":2560,\"height\":1920,\"caption\":\"move on\"},{\"@type\":\"BreadcrumbList\",\"@id\":\"https:\\\/\\\/www.collectifetcie.fr\\\/index.php\\\/les-artistes\\\/move-on-over-or-well-move-on-over-you\\\/#breadcrumb\",\"itemListElement\":[{\"@type\":\"ListItem\",\"position\":1,\"name\":\"Accueil\",\"item\":\"https:\\\/\\\/www.collectifetcie.fr\\\/\"},{\"@type\":\"ListItem\",\"position\":2,\"name\":\"Artistes et compagnies\",\"item\":\"https:\\\/\\\/www.collectifetcie.fr\\\/index.php\\\/les-artistes\\\/\"},{\"@type\":\"ListItem\",\"position\":3,\"name\":\"MOVE ON OVER OR WE&rsquo;LL MOVE ON OVER YOU\"}]},{\"@type\":\"WebSite\",\"@id\":\"https:\\\/\\\/www.collectifetcie.fr\\\/#website\",\"url\":\"https:\\\/\\\/www.collectifetcie.fr\\\/\",\"name\":\"collectif et compagnie\",\"description\":\"\",\"publisher\":{\"@id\":\"https:\\\/\\\/www.collectifetcie.fr\\\/#organization\"},\"potentialAction\":[{\"@type\":\"SearchAction\",\"target\":{\"@type\":\"EntryPoint\",\"urlTemplate\":\"https:\\\/\\\/www.collectifetcie.fr\\\/?s={search_term_string}\"},\"query-input\":{\"@type\":\"PropertyValueSpecification\",\"valueRequired\":true,\"valueName\":\"search_term_string\"}}],\"inLanguage\":\"fr-FR\"},{\"@type\":\"Organization\",\"@id\":\"https:\\\/\\\/www.collectifetcie.fr\\\/#organization\",\"name\":\"collectif et compagnie\",\"url\":\"https:\\\/\\\/www.collectifetcie.fr\\\/\",\"logo\":{\"@type\":\"ImageObject\",\"inLanguage\":\"fr-FR\",\"@id\":\"https:\\\/\\\/www.collectifetcie.fr\\\/#\\\/schema\\\/logo\\\/image\\\/\",\"url\":\"https:\\\/\\\/www.collectifetcie.fr\\\/wp-content\\\/uploads\\\/2025\\\/09\\\/cropped-Bandeau-Site-04-09-25-OK.jpg\",\"contentUrl\":\"https:\\\/\\\/www.collectifetcie.fr\\\/wp-content\\\/uploads\\\/2025\\\/09\\\/cropped-Bandeau-Site-04-09-25-OK.jpg\",\"width\":1616,\"height\":234,\"caption\":\"collectif et compagnie\"},\"image\":{\"@id\":\"https:\\\/\\\/www.collectifetcie.fr\\\/#\\\/schema\\\/logo\\\/image\\\/\"}}]}<\/script>\n<!-- \/ Yoast SEO plugin. -->","yoast_head_json":{"title":"MOVE ON OVER OR WE'LL MOVE ON OVER YOU - collectif et compagnie","robots":{"index":"index","follow":"follow","max-snippet":"max-snippet:-1","max-image-preview":"max-image-preview:large","max-video-preview":"max-video-preview:-1"},"canonical":"https:\/\/www.collectifetcie.fr\/index.php\/les-artistes\/move-on-over-or-well-move-on-over-you\/","og_locale":"fr_FR","og_type":"article","og_title":"MOVE ON OVER OR WE'LL MOVE ON OVER YOU - collectif et compagnie","og_description":"G\u00e9n\u00e9rique \/ R\u00e9sum\u00e9 \/ Dossier \/ Calendrier Un projet du collectif F71texte et mise en sc\u00e8neSt\u00e9phanie Farisoncollaboration artistiquecollectif F71dramaturgieLucie Nicolassc\u00e9nographie Lucie Auclaircr\u00e9ation sonoreRico Recordierr\u00e9gie g\u00e9n\u00e9rale et constructionMax Potiron&nbsp;cr\u00e9ation lumi\u00e8reLaurence Magn\u00e9eassistanat Fanny GayardconstructionLucas Remonavec Camille L\u00e9on FucienJoris AvodoMaxence Bod LA PRESSE Mireille Davidovici &#8211; THEATRE DU BLOG\u00ab\u00a0Nous d\u00e9couvrons sous un autre jour la gen\u00e8se et l\u2019histoire [&hellip;]","og_url":"https:\/\/www.collectifetcie.fr\/index.php\/les-artistes\/move-on-over-or-well-move-on-over-you\/","og_site_name":"collectif et compagnie","article_modified_time":"2024-02-19T08:15:51+00:00","og_image":[{"url":"https:\/\/www.collectifetcie.fr\/wp-content\/uploads\/2023\/11\/Faith-encre-1024x768.jpg","type":"","width":"","height":""}],"twitter_card":"summary_large_image","twitter_misc":{"Dur\u00e9e de lecture estim\u00e9e":"4 minutes"},"schema":{"@context":"https:\/\/schema.org","@graph":[{"@type":"WebPage","@id":"https:\/\/www.collectifetcie.fr\/index.php\/les-artistes\/move-on-over-or-well-move-on-over-you\/","url":"https:\/\/www.collectifetcie.fr\/index.php\/les-artistes\/move-on-over-or-well-move-on-over-you\/","name":"MOVE ON OVER OR WE'LL MOVE ON OVER YOU - collectif et compagnie","isPartOf":{"@id":"https:\/\/www.collectifetcie.fr\/#website"},"primaryImageOfPage":{"@id":"https:\/\/www.collectifetcie.fr\/index.php\/les-artistes\/move-on-over-or-well-move-on-over-you\/#primaryimage"},"image":{"@id":"https:\/\/www.collectifetcie.fr\/index.php\/les-artistes\/move-on-over-or-well-move-on-over-you\/#primaryimage"},"thumbnailUrl":"https:\/\/www.collectifetcie.fr\/wp-content\/uploads\/2023\/11\/Faith-encre-1024x768.jpg","datePublished":"2021-10-26T16:25:17+00:00","dateModified":"2024-02-19T08:15:51+00:00","breadcrumb":{"@id":"https:\/\/www.collectifetcie.fr\/index.php\/les-artistes\/move-on-over-or-well-move-on-over-you\/#breadcrumb"},"inLanguage":"fr-FR","potentialAction":[{"@type":"ReadAction","target":["https:\/\/www.collectifetcie.fr\/index.php\/les-artistes\/move-on-over-or-well-move-on-over-you\/"]}]},{"@type":"ImageObject","inLanguage":"fr-FR","@id":"https:\/\/www.collectifetcie.fr\/index.php\/les-artistes\/move-on-over-or-well-move-on-over-you\/#primaryimage","url":"https:\/\/www.collectifetcie.fr\/wp-content\/uploads\/2023\/11\/Faith-encre-scaled.jpg","contentUrl":"https:\/\/www.collectifetcie.fr\/wp-content\/uploads\/2023\/11\/Faith-encre-scaled.jpg","width":2560,"height":1920,"caption":"move on"},{"@type":"BreadcrumbList","@id":"https:\/\/www.collectifetcie.fr\/index.php\/les-artistes\/move-on-over-or-well-move-on-over-you\/#breadcrumb","itemListElement":[{"@type":"ListItem","position":1,"name":"Accueil","item":"https:\/\/www.collectifetcie.fr\/"},{"@type":"ListItem","position":2,"name":"Artistes et compagnies","item":"https:\/\/www.collectifetcie.fr\/index.php\/les-artistes\/"},{"@type":"ListItem","position":3,"name":"MOVE ON OVER OR WE&rsquo;LL MOVE ON OVER YOU"}]},{"@type":"WebSite","@id":"https:\/\/www.collectifetcie.fr\/#website","url":"https:\/\/www.collectifetcie.fr\/","name":"collectif et compagnie","description":"","publisher":{"@id":"https:\/\/www.collectifetcie.fr\/#organization"},"potentialAction":[{"@type":"SearchAction","target":{"@type":"EntryPoint","urlTemplate":"https:\/\/www.collectifetcie.fr\/?s={search_term_string}"},"query-input":{"@type":"PropertyValueSpecification","valueRequired":true,"valueName":"search_term_string"}}],"inLanguage":"fr-FR"},{"@type":"Organization","@id":"https:\/\/www.collectifetcie.fr\/#organization","name":"collectif et compagnie","url":"https:\/\/www.collectifetcie.fr\/","logo":{"@type":"ImageObject","inLanguage":"fr-FR","@id":"https:\/\/www.collectifetcie.fr\/#\/schema\/logo\/image\/","url":"https:\/\/www.collectifetcie.fr\/wp-content\/uploads\/2025\/09\/cropped-Bandeau-Site-04-09-25-OK.jpg","contentUrl":"https:\/\/www.collectifetcie.fr\/wp-content\/uploads\/2025\/09\/cropped-Bandeau-Site-04-09-25-OK.jpg","width":1616,"height":234,"caption":"collectif et compagnie"},"image":{"@id":"https:\/\/www.collectifetcie.fr\/#\/schema\/logo\/image\/"}}]}},"_links":{"self":[{"href":"https:\/\/www.collectifetcie.fr\/index.php\/wp-json\/wp\/v2\/pages\/1206","targetHints":{"allow":["GET"]}}],"collection":[{"href":"https:\/\/www.collectifetcie.fr\/index.php\/wp-json\/wp\/v2\/pages"}],"about":[{"href":"https:\/\/www.collectifetcie.fr\/index.php\/wp-json\/wp\/v2\/types\/page"}],"author":[{"embeddable":true,"href":"https:\/\/www.collectifetcie.fr\/index.php\/wp-json\/wp\/v2\/users\/1"}],"replies":[{"embeddable":true,"href":"https:\/\/www.collectifetcie.fr\/index.php\/wp-json\/wp\/v2\/comments?post=1206"}],"version-history":[{"count":82,"href":"https:\/\/www.collectifetcie.fr\/index.php\/wp-json\/wp\/v2\/pages\/1206\/revisions"}],"predecessor-version":[{"id":3738,"href":"https:\/\/www.collectifetcie.fr\/index.php\/wp-json\/wp\/v2\/pages\/1206\/revisions\/3738"}],"up":[{"embeddable":true,"href":"https:\/\/www.collectifetcie.fr\/index.php\/wp-json\/wp\/v2\/pages\/26"}],"wp:attachment":[{"href":"https:\/\/www.collectifetcie.fr\/index.php\/wp-json\/wp\/v2\/media?parent=1206"}],"curies":[{"name":"wp","href":"https:\/\/api.w.org\/{rel}","templated":true}]}}