{"id":1137,"date":"2021-10-26T13:19:31","date_gmt":"2021-10-26T11:19:31","guid":{"rendered":"https:\/\/www.collectifetcie.fr\/?page_id=1137"},"modified":"2026-08-27T12:25:30","modified_gmt":"2026-08-27T10:25:30","slug":"le-dernier-voyage-aquarius","status":"publish","type":"page","link":"https:\/\/www.collectifetcie.fr\/index.php\/les-artistes\/lucie-nicolas-collectiff71\/le-dernier-voyage-aquarius\/","title":{"rendered":"LE DERNIER VOYAGE (AQUARIUS)"},"content":{"rendered":"\n<p class=\"has-text-align-center has-text-color has-link-color has-medium-font-size wp-elements-1 wp-block-paragraph\" style=\"color:#007c89\"><strong>THEATRE<\/strong><br>\u00a0> d\u00e8s 14 ans<br><\/p>\n\n\n\n<div class=\"wp-block-columns is-layout-flex wp-container-core-columns-is-layout-8f761849 wp-block-columns-is-layout-flex\">\n<div class=\"wp-block-column is-layout-flow wp-block-column-is-layout-flow\" style=\"flex-basis:33.34%\">\n<div class=\"wp-block-columns is-layout-flex wp-container-core-columns-is-layout-8f761849 wp-block-columns-is-layout-flex\">\n<div class=\"wp-block-column is-layout-flow wp-block-column-is-layout-flow\" style=\"flex-basis:100%\">\n<div class=\"wp-block-group\"><div class=\"wp-block-group__inner-container is-layout-flow wp-block-group-is-layout-flow\">\n<figure class=\"wp-block-embed is-type-video is-provider-youtube wp-block-embed-youtube wp-embed-aspect-16-9 wp-has-aspect-ratio\"><div class=\"wp-block-embed__wrapper\">\n<iframe loading=\"lazy\" title=\"Le Dernier Voyage (AQUARIUS) collectif F71 Teaser\" width=\"640\" height=\"360\" src=\"https:\/\/www.youtube.com\/embed\/awAc-0RNnt4?feature=oembed\" frameborder=\"0\" allow=\"accelerometer; autoplay; clipboard-write; encrypted-media; gyroscope; picture-in-picture; web-share\" referrerpolicy=\"strict-origin-when-cross-origin\" allowfullscreen><\/iframe>\n<\/div><\/figure>\n<\/div><\/div>\n<\/div>\n<\/div>\n<\/div>\n\n\n\n<div class=\"wp-block-column is-layout-flow wp-block-column-is-layout-flow\" style=\"flex-basis:33.34%\"><div class=\"wp-block-image\">\n<figure class=\"aligncenter size-large\"><img loading=\"lazy\" decoding=\"async\" width=\"1024\" height=\"681\" src=\"https:\/\/www.collectifetcie.fr\/wp-content\/uploads\/2022\/01\/LeDernierVoyage_collectifF71_TWEETVORTEX1-light-2.-jpg-1024x681.jpg\" alt=\"\" class=\"wp-image-1425\" srcset=\"https:\/\/www.collectifetcie.fr\/wp-content\/uploads\/2022\/01\/LeDernierVoyage_collectifF71_TWEETVORTEX1-light-2.-jpg-1024x681.jpg 1024w, https:\/\/www.collectifetcie.fr\/wp-content\/uploads\/2022\/01\/LeDernierVoyage_collectifF71_TWEETVORTEX1-light-2.-jpg-300x200.jpg 300w, https:\/\/www.collectifetcie.fr\/wp-content\/uploads\/2022\/01\/LeDernierVoyage_collectifF71_TWEETVORTEX1-light-2.-jpg-768x511.jpg 768w, https:\/\/www.collectifetcie.fr\/wp-content\/uploads\/2022\/01\/LeDernierVoyage_collectifF71_TWEETVORTEX1-light-2.-jpg-1536x1022.jpg 1536w, https:\/\/www.collectifetcie.fr\/wp-content\/uploads\/2022\/01\/LeDernierVoyage_collectifF71_TWEETVORTEX1-light-2.-jpg-2048x1363.jpg 2048w\" sizes=\"auto, (max-width: 1024px) 100vw, 1024px\" \/><\/figure>\n<\/div><\/div>\n\n\n\n<div class=\"wp-block-column is-layout-flow wp-block-column-is-layout-flow\" style=\"flex-basis:33.33%\">\n<figure class=\"wp-block-image size-large\"><img loading=\"lazy\" decoding=\"async\" width=\"1024\" height=\"649\" src=\"https:\/\/www.collectifetcie.fr\/wp-content\/uploads\/2021\/10\/SAABO-ET-CERCLE-light-1-1024x649.jpg\" alt=\"\" class=\"wp-image-1146\" srcset=\"https:\/\/www.collectifetcie.fr\/wp-content\/uploads\/2021\/10\/SAABO-ET-CERCLE-light-1-1024x649.jpg 1024w, https:\/\/www.collectifetcie.fr\/wp-content\/uploads\/2021\/10\/SAABO-ET-CERCLE-light-1-300x190.jpg 300w, https:\/\/www.collectifetcie.fr\/wp-content\/uploads\/2021\/10\/SAABO-ET-CERCLE-light-1-768x486.jpg 768w, https:\/\/www.collectifetcie.fr\/wp-content\/uploads\/2021\/10\/SAABO-ET-CERCLE-light-1-1536x973.jpg 1536w, https:\/\/www.collectifetcie.fr\/wp-content\/uploads\/2021\/10\/SAABO-ET-CERCLE-light-1-2048x1297.jpg 2048w\" sizes=\"auto, (max-width: 1024px) 100vw, 1024px\" \/><figcaption class=\"wp-element-caption\">Photos Alain Richard<\/figcaption><\/figure>\n<\/div>\n<\/div>\n\n\n\n<p class=\"has-text-align-center has-white-color has-text-color has-background has-medium-font-size wp-block-paragraph\" style=\"background-color:#007c89\"><strong><strong><strong>g\u00e9n\u00e9rique \/ r\u00e9sum\u00e9 \/ presse \/ dossiers \/ calendrier <\/strong><\/strong><\/strong><\/p>\n\n\n\n<div class=\"wp-block-columns is-layout-flex wp-container-core-columns-is-layout-8f761849 wp-block-columns-is-layout-flex\">\n<div class=\"wp-block-column is-layout-flow wp-block-column-is-layout-flow\" style=\"font-size:15px\">\n<p class=\"has-background has-normal-font-size wp-block-paragraph\" id=\"g\u00e9n\u00e9rique\" style=\"background-color:#bfd541\">texte et mise en sc\u00e8ne<br><strong>Lucie Nicolas<\/strong><br><em>texte laur\u00e9at de l&rsquo;aide nationale \u00e0 la cr\u00e9ation de textes dramatiques\u00a0d<\/em>&lsquo;<strong>ARTCENA<\/strong><br>regard artistique<br><strong>collectif F71<\/strong><br>dramaturgie<br><strong>St\u00e9phanie Farison<\/strong><br>musique et dispositif sonore<br><strong>Fred Costa<\/strong><br>r\u00e9gie g\u00e9n\u00e9rale et son<br><strong>Cl\u00e9ment Roussillat<\/strong><br>cr\u00e9ation Lumi\u00e8re<br><strong>Laurence Magn\u00e9e<br><\/strong>costumes<br><strong>L\u00e9a Gadbois Lamer<br><\/strong>construction<br><strong>Max Potiron<\/strong><br><br>jeu, chant et travail sonore<br><strong>Saabo Balde<\/strong><br><strong>Fred Costa<\/strong><br><strong>Jonathan Heckel<\/strong><br><strong>Lymia Vitte<\/strong><br><br><strong>Dur\u00e9e 1h30<\/strong><\/p>\n\n\n\n<div style=\"height:10px\" aria-hidden=\"true\" class=\"wp-block-spacer\"><\/div>\n\n\n\n<div class=\"wp-block-buttons is-layout-flex wp-block-buttons-is-layout-flex\">\n<div class=\"wp-block-button\"><a class=\"wp-block-button__link has-black-color has-text-color has-background has-link-color wp-element-button\" href=\"https:\/\/www.collectifetcie.fr\/wp-content\/uploads\/2025\/09\/Dossier_LE-DERNIER-VOYAGE_LucieNicolas_COLLECTIFF71.pdf\" style=\"background-color:#bfd541\"><strong>DOSSIER DE DIFFUSION<\/strong><\/a><\/div>\n<\/div>\n\n\n\n<p class=\"wp-block-paragraph\"><br><br><\/p>\n<\/div>\n\n\n\n<div class=\"wp-block-column is-layout-flow wp-block-column-is-layout-flow\" style=\"font-size:15px\">\n<p class=\"wp-block-paragraph\">Entre le 8 et le 17 juin 2018, avec 629 migrants \u00e0 bord, par une mer agit\u00e9e, l\u2019Aquarius, navire de sauvetage en M\u00e9diterran\u00e9e, erre de c\u00f4te en c\u00f4te dans l\u2019attente d\u2019un port o\u00f9 d\u00e9barquer. Durant 10 jours, \u00e0 la fois isol\u00e9e et dans l\u2019\u0153il du cyclone m\u00e9diatique, une communaut\u00e9 humaine se forme, dont le destin est aux mains des d\u00e9cideurs politiques. Apr\u00e8s le refus de l\u2019Italie et le silence fran\u00e7ais, les autorit\u00e9s maritimes comp\u00e9tentes lui donnent enfin l\u2019autorisation d\u2019accoster \u00e0 Valence en Espagne, \u00e0 plus de 1500 km de sa position. En quoi cette histoire est-elle le sympt\u00f4me d\u2019une crise europ\u00e9enne ? Lucie Nicolas est partie \u00e0 la recherche des personnes qui \u00e9taient \u00e0 bord, \u00e9quipage et rescap\u00e9\u00b7e\u00b7s et a recueilli leurs t\u00e9moignages. Au sein d\u2019un dispositif sonore et musical, les interpr\u00e8tes portent leurs voix jusqu\u2019\u00e0 nous et reconstituent cette odyss\u00e9e inou\u00efe.<\/p>\n\n\n\n<p class=\"has-text-color has-link-color wp-elements-2 wp-block-paragraph\" style=\"color:#007c89;font-size:15px\"><strong>TELERAMA<\/strong> Kilian Orain <br>\u00ab\u00a0Sur sc\u00e8ne, une arm\u00e9e de micros et un concert de sons,\u00a0de\u00a0voix et de musique immergent le public, comme s\u2019il se trouvait \u00e0 bord de l\u2019embarcation\u2026<strong>Comme un \u00e9chantillon du r\u00e9el, ce spectacle\u00a0replace\u00a0l\u2019humanit\u00e9 au centre de la sc\u00e8ne<\/strong>.\u00a0\u00bb<br><br><strong>L\u2019HUMANITE<\/strong>\u00a0\u2013 Jean-Pierre L\u00e9onardini<br>\u00ab\u00a0<strong>Un concert de paroles o\u00f9 se m\u00ealent th\u00e9\u00e2tre, son et musique.<\/strong><em>\u00a0\u00bb\u00a0<\/em><\/p>\n\n\n\n<p class=\"has-text-color has-link-color wp-elements-3 wp-block-paragraph\" style=\"color:#007c89;font-size:15px\"><strong>SNES &#8211; Jean-Pierre Haddad<\/strong><br>\u00ab\u00a0La sc\u00e9nographie de ce voyage au bout de la mer est <strong>extraordinaire de simplicit\u00e9, d\u2019originalit\u00e9 et d\u2019efficacit\u00e9\u00a0<\/strong>\u00ab\u00a0<br><strong>\u00a0<\/strong><br><\/p>\n<\/div>\n\n\n\n<div class=\"wp-block-column is-layout-flow wp-block-column-is-layout-flow\" style=\"font-size:15px\">\n<p class=\"has-black-color has-text-color has-background has-small-font-size wp-block-paragraph\" style=\"background-color:#bfd541\"><strong>Production ><\/strong>\u00a0La Concordance des <strong>Temps \u2013 collectif F71 <\/strong><br><strong>Co-production >\u00a0<\/strong>L\u2019Empreinte, Sc\u00e8ne Nationale de Brive-Tulle (19), L\u2019ECAM, le Kremlin-Bic\u00eatre (94), Le Collectif 12, Mantes-la-Jolie (78), le 9-9Bis, H\u00e9nin-Carvin (62), L\u2019Espace Sarah Bernhardt, Goussainville (95), Le Service Culturel de Champigny-sur-Marne (94), le Nouveau Th\u00e9\u00e2tre de Montreuil \u2013 CDN (93), La Maison du Th\u00e9\u00e2tre, Amiens (80), La Chartreuse de Villeneuve-l\u00e8s-Avignon \u2013 Centre National des \u00c9critures du Spectacle (84).<br><br>Avec le soutien\u00a0de la G\u00e9n\u00e9rale, Coop\u00e9rative artistique, politique et sociale, Paris (75).\u00a0Avec la participation artistique\u00a0du Jeune Th\u00e9\u00e2tre National\u00a0Avec l\u2019accord et le soutien\u00a0de SOS M\u00e9diterran\u00e9e\u00a0Avec l\u2019aide\u00a0de la DRAC Ile-de-France au titre de l\u2019Aide au projet.<\/p>\n\n\n\n<p class=\"has-text-color has-link-color wp-elements-4 wp-block-paragraph\" style=\"color:#007c89\"><strong>UN FAUTEUIL POUR L&rsquo;ORCHESTRE\u00a0 <\/strong>&#8211;\u00a0Sylvie Boursier<br>\u00ab\u00a0Plus qu\u2019un documentaire,<strong> cette cr\u00e9ation t\u00e9moigne de la sup\u00e9riorit\u00e9 du spectacle vivant pour incarner un fait historique.<\/strong><br><br><strong>CHANTIERS DE CULTURE <\/strong>&#8211; Yonnel Li\u00e9geois\u00a0<br>\u00ab\u00a0<strong> <\/strong>Point de discours l\u00e9nifiant ou compatissant au c\u0153ur de ce spectacle con\u00e7u par le collectif F71, <strong>une cr\u00e9ation artistique de belle et grande facture.\u00a0\u00a0\u00bb\u00a0<\/strong><\/p>\n\n\n\n<div class=\"wp-block-buttons is-layout-flex wp-block-buttons-is-layout-flex\">\n<div class=\"wp-block-button\"><a class=\"wp-block-button__link has-background wp-element-button\" href=\"https:\/\/www.collectifetcie.fr\/wp-content\/uploads\/2025\/09\/Revue-de-presse_LE-DERNIER-VOYAGE_COLLECTIFF71_280825.pdf\" style=\"background-color:#007c89\"><strong>REVUE DE PRESSE<\/strong><\/a><\/div>\n<\/div>\n<\/div>\n<\/div>\n\n\n\n<p class=\"has-black-color has-text-color has-background wp-block-paragraph\" style=\"background-color:#bfd541;font-size:15px\"><strong>DIFFUSION SAISON 2025\/26<\/strong><\/p>\n\n\n\n<ul class=\"wp-block-list\">\n<li class=\"has-small-font-size\"><strong>Th\u00e9\u00e2tre Jean Vilar <\/strong>\u00e0 Vitry (94)<\/li>\n\n\n\n<li class=\"has-small-font-size\"><strong>Moulin du Roc<\/strong>, sc\u00e8ne nationale de Niort (79)<\/li>\n\n\n\n<li class=\"has-small-font-size\"><strong>Th\u00e9\u00e2tre Aim\u00e9 C\u00e9saire<\/strong> &#8211; Fort-de-France (97)<\/li>\n<\/ul>\n\n\n\n<p class=\"wp-block-paragraph\" style=\"font-size:14px\"><strong>Diffusion<\/strong>\u00a0> <strong>collectif &amp; compagnie<\/strong> <br>Estelle Delorme > 06 77 13 30 88 \/ <a href=\"mailto:estelle.delorme@collectifetcie.fr\">estelle.delorme@collectifetcie.fr<\/a> <br>G\u00e9raldine Morier-Genoud\u00a0> 06 20 41 41 25 \/ <a href=\"mailto:geraldine.moriergenoud@collectifetcie.fr\" target=\"_blank\" rel=\"noreferrer noopener\">geraldine.moriergenoud<\/a><a href=\"mailto:estelle.delorme@collectifetcie.fr\">@collectifetcie.fr<\/a> <br><br><strong>Administration<\/strong> <strong>&#8211; production <\/strong>> <strong>collectif F71<\/strong><br>Gwendoline Langlois 06 84 65 54 48 \/ <a href=\"mailto:production.collectiff71@gmail.com\">production.collectiff71@gmail.com<\/a><\/p>\n\n\n\n<p class=\"wp-block-paragraph\"><\/p>\n\n\n\n<p class=\"has-black-color has-text-color has-background wp-block-paragraph\" style=\"background-color:#bfd541;font-size:16px\"><strong>DIFFUSION SAISON 2024\/25<\/strong><\/p>\n\n\n\n<ul class=\"wp-block-list\">\n<li class=\"has-small-font-size\"><strong>Le Quartz<\/strong> &#8211; sc\u00e8ne nationale de <strong>Brest<\/strong> (29)<\/li>\n\n\n\n<li class=\"has-small-font-size\"> <strong>Le Grand Sud <\/strong>&#8211; P\u00f4le culture de la ville de <strong>Lille<\/strong> (59)<\/li>\n\n\n\n<li class=\"has-small-font-size\"><strong>MC 93 <\/strong>maison de la culture de Seine-Saint-Denis \u00e0 <strong>Bobigny<\/strong> (93)<\/li>\n<\/ul>\n\n\n\n<p class=\"has-black-color has-text-color has-background wp-block-paragraph\" style=\"background-color:#bfd541;font-size:15px\"><strong>DIFFUSION SAISONS 2023\/24 2022\/23<\/strong> <strong>et 2021\/22<\/strong> (cr\u00e9ation)<\/p>\n\n\n\n<ul class=\"wp-block-list\">\n<li class=\"has-small-font-size\"><strong>SAISON 23\/24<\/strong> <br>Mus\u00e9e de l&rsquo;histoire de l&rsquo;immigration | <strong>Palais de la Porte Dor\u00e9e &#8211; Paris (75)<\/strong><\/li>\n<\/ul>\n\n\n\n<p class=\"wp-block-paragraph\"><\/p>\n\n\n\n<ul class=\"wp-block-list\">\n<li class=\"has-small-font-size\"><strong>SAISON 22\/23<\/strong> <br><strong>Universit\u00e9 du Pont-de-Bois <\/strong>Villeneuve d&rsquo;Ascq (59)<br><strong>Th\u00e9\u00e2tre-Studio <\/strong>&#8211; Alfortville (94) <br><strong>Th\u00e9\u00e2tre du Point du Jour <\/strong>&#8211; Lyon (69)<br><strong>Les Passerelles &#8211; <\/strong>Pontault Combault (77)<\/li>\n<\/ul>\n\n\n\n<p class=\"wp-block-paragraph\"><\/p>\n\n\n\n<ul class=\"wp-block-list\">\n<li class=\"has-small-font-size\"><strong>SAISON 21\/22<\/strong><br><strong>Collectif 12 &#8211; <\/strong>Mantes la Jolie (78) <strong>CREATION<\/strong><br> <strong>l&rsquo;Empreinte <\/strong>Sc\u00e8ne Nationale de Brive-Tulle (19)<br><strong>Maison du Th\u00e9\u00e2tre d&rsquo;Amiens<\/strong> (80)<br><strong>L&rsquo;ECAM <\/strong>Kremlin-Bic\u00eatre (94)<br><strong>Biennale des \u00e9critures du r\u00e9el &#8211;<\/strong> Marseille (13) Lecture <\/li>\n<\/ul>\n","protected":false},"excerpt":{"rendered":"<p>THEATRE\u00a0> d\u00e8s 14 ans g\u00e9n\u00e9rique \/ r\u00e9sum\u00e9 \/ presse \/ dossiers \/ calendrier texte et mise en sc\u00e8neLucie Nicolastexte laur\u00e9at de l&rsquo;aide nationale \u00e0 la cr\u00e9ation de textes dramatiques\u00a0d&lsquo;ARTCENAregard artistiquecollectif F71dramaturgieSt\u00e9phanie Farisonmusique et dispositif sonoreFred Costar\u00e9gie g\u00e9n\u00e9rale et sonCl\u00e9ment Roussillatcr\u00e9ation Lumi\u00e8reLaurence Magn\u00e9ecostumesL\u00e9a Gadbois LamerconstructionMax Potiron jeu, chant et travail sonoreSaabo BaldeFred CostaJonathan HeckelLymia Vitte Dur\u00e9e [&hellip;]<\/p>\n","protected":false},"author":1,"featured_media":0,"parent":987,"menu_order":1,"comment_status":"closed","ping_status":"closed","template":"template-full.php","meta":{"footnotes":""},"class_list":["post-1137","page","type-page","status-publish","hentry"],"yoast_head":"<!-- This site is optimized with the Yoast SEO plugin v28.4 - https:\/\/yoast.com\/product\/yoast-seo-wordpress\/ -->\n<title>LE DERNIER VOYAGE (AQUARIUS) - collectif et compagnie<\/title>\n<meta name=\"robots\" content=\"index, follow, max-snippet:-1, max-image-preview:large, max-video-preview:-1\" \/>\n<link rel=\"canonical\" href=\"https:\/\/www.collectifetcie.fr\/index.php\/les-artistes\/lucie-nicolas-collectiff71\/le-dernier-voyage-aquarius\/\" \/>\n<meta property=\"og:locale\" content=\"fr_FR\" \/>\n<meta property=\"og:type\" content=\"article\" \/>\n<meta property=\"og:title\" content=\"LE DERNIER VOYAGE (AQUARIUS) - collectif et compagnie\" \/>\n<meta property=\"og:description\" content=\"THEATRE\u00a0&gt; d\u00e8s 14 ans g\u00e9n\u00e9rique \/ r\u00e9sum\u00e9 \/ presse \/ dossiers \/ calendrier texte et mise en sc\u00e8neLucie Nicolastexte laur\u00e9at de l&rsquo;aide nationale \u00e0 la cr\u00e9ation de textes dramatiques\u00a0d&lsquo;ARTCENAregard artistiquecollectif F71dramaturgieSt\u00e9phanie Farisonmusique et dispositif sonoreFred Costar\u00e9gie g\u00e9n\u00e9rale et sonCl\u00e9ment Roussillatcr\u00e9ation Lumi\u00e8reLaurence Magn\u00e9ecostumesL\u00e9a Gadbois LamerconstructionMax Potiron jeu, chant et travail sonoreSaabo BaldeFred CostaJonathan HeckelLymia Vitte Dur\u00e9e [&hellip;]\" \/>\n<meta property=\"og:url\" content=\"https:\/\/www.collectifetcie.fr\/index.php\/les-artistes\/lucie-nicolas-collectiff71\/le-dernier-voyage-aquarius\/\" \/>\n<meta property=\"og:site_name\" content=\"collectif et compagnie\" \/>\n<meta property=\"article:modified_time\" content=\"2026-08-27T10:25:30+00:00\" \/>\n<meta property=\"og:image\" content=\"https:\/\/www.collectifetcie.fr\/wp-content\/uploads\/2022\/01\/LeDernierVoyage_collectifF71_TWEETVORTEX1-light-2.-jpg-scaled.jpg\" \/>\n\t<meta property=\"og:image:width\" content=\"2560\" \/>\n\t<meta property=\"og:image:height\" content=\"1703\" \/>\n\t<meta property=\"og:image:type\" content=\"image\/jpeg\" \/>\n<meta name=\"twitter:card\" content=\"summary_large_image\" \/>\n<meta name=\"twitter:label1\" content=\"Dur\u00e9e de lecture estim\u00e9e\" \/>\n\t<meta name=\"twitter:data1\" content=\"4 minutes\" \/>\n<script type=\"application\/ld+json\" class=\"yoast-schema-graph\">{\"@context\":\"https:\\\/\\\/schema.org\",\"@graph\":[{\"@type\":\"WebPage\",\"@id\":\"https:\\\/\\\/www.collectifetcie.fr\\\/index.php\\\/les-artistes\\\/lucie-nicolas-collectiff71\\\/le-dernier-voyage-aquarius\\\/\",\"url\":\"https:\\\/\\\/www.collectifetcie.fr\\\/index.php\\\/les-artistes\\\/lucie-nicolas-collectiff71\\\/le-dernier-voyage-aquarius\\\/\",\"name\":\"LE DERNIER VOYAGE (AQUARIUS) - collectif et compagnie\",\"isPartOf\":{\"@id\":\"https:\\\/\\\/www.collectifetcie.fr\\\/#website\"},\"primaryImageOfPage\":{\"@id\":\"https:\\\/\\\/www.collectifetcie.fr\\\/index.php\\\/les-artistes\\\/lucie-nicolas-collectiff71\\\/le-dernier-voyage-aquarius\\\/#primaryimage\"},\"image\":{\"@id\":\"https:\\\/\\\/www.collectifetcie.fr\\\/index.php\\\/les-artistes\\\/lucie-nicolas-collectiff71\\\/le-dernier-voyage-aquarius\\\/#primaryimage\"},\"thumbnailUrl\":\"https:\\\/\\\/www.collectifetcie.fr\\\/wp-content\\\/uploads\\\/2022\\\/01\\\/LeDernierVoyage_collectifF71_TWEETVORTEX1-light-2.-jpg-1024x681.jpg\",\"datePublished\":\"2021-10-26T11:19:31+00:00\",\"dateModified\":\"2026-08-27T10:25:30+00:00\",\"breadcrumb\":{\"@id\":\"https:\\\/\\\/www.collectifetcie.fr\\\/index.php\\\/les-artistes\\\/lucie-nicolas-collectiff71\\\/le-dernier-voyage-aquarius\\\/#breadcrumb\"},\"inLanguage\":\"fr-FR\",\"potentialAction\":[{\"@type\":\"ReadAction\",\"target\":[\"https:\\\/\\\/www.collectifetcie.fr\\\/index.php\\\/les-artistes\\\/lucie-nicolas-collectiff71\\\/le-dernier-voyage-aquarius\\\/\"]}]},{\"@type\":\"ImageObject\",\"inLanguage\":\"fr-FR\",\"@id\":\"https:\\\/\\\/www.collectifetcie.fr\\\/index.php\\\/les-artistes\\\/lucie-nicolas-collectiff71\\\/le-dernier-voyage-aquarius\\\/#primaryimage\",\"url\":\"https:\\\/\\\/www.collectifetcie.fr\\\/wp-content\\\/uploads\\\/2022\\\/01\\\/LeDernierVoyage_collectifF71_TWEETVORTEX1-light-2.-jpg-scaled.jpg\",\"contentUrl\":\"https:\\\/\\\/www.collectifetcie.fr\\\/wp-content\\\/uploads\\\/2022\\\/01\\\/LeDernierVoyage_collectifF71_TWEETVORTEX1-light-2.-jpg-scaled.jpg\",\"width\":2560,\"height\":1703},{\"@type\":\"BreadcrumbList\",\"@id\":\"https:\\\/\\\/www.collectifetcie.fr\\\/index.php\\\/les-artistes\\\/lucie-nicolas-collectiff71\\\/le-dernier-voyage-aquarius\\\/#breadcrumb\",\"itemListElement\":[{\"@type\":\"ListItem\",\"position\":1,\"name\":\"Accueil\",\"item\":\"https:\\\/\\\/www.collectifetcie.fr\\\/\"},{\"@type\":\"ListItem\",\"position\":2,\"name\":\"Artistes et compagnies\",\"item\":\"https:\\\/\\\/www.collectifetcie.fr\\\/index.php\\\/les-artistes\\\/\"},{\"@type\":\"ListItem\",\"position\":3,\"name\":\"Lucie Nicolas > collectif F71\",\"item\":\"https:\\\/\\\/www.collectifetcie.fr\\\/index.php\\\/les-artistes\\\/lucie-nicolas-collectiff71\\\/\"},{\"@type\":\"ListItem\",\"position\":4,\"name\":\"LE DERNIER VOYAGE (AQUARIUS)\"}]},{\"@type\":\"WebSite\",\"@id\":\"https:\\\/\\\/www.collectifetcie.fr\\\/#website\",\"url\":\"https:\\\/\\\/www.collectifetcie.fr\\\/\",\"name\":\"collectif et compagnie\",\"description\":\"\",\"publisher\":{\"@id\":\"https:\\\/\\\/www.collectifetcie.fr\\\/#organization\"},\"potentialAction\":[{\"@type\":\"SearchAction\",\"target\":{\"@type\":\"EntryPoint\",\"urlTemplate\":\"https:\\\/\\\/www.collectifetcie.fr\\\/?s={search_term_string}\"},\"query-input\":{\"@type\":\"PropertyValueSpecification\",\"valueRequired\":true,\"valueName\":\"search_term_string\"}}],\"inLanguage\":\"fr-FR\"},{\"@type\":\"Organization\",\"@id\":\"https:\\\/\\\/www.collectifetcie.fr\\\/#organization\",\"name\":\"collectif et compagnie\",\"url\":\"https:\\\/\\\/www.collectifetcie.fr\\\/\",\"logo\":{\"@type\":\"ImageObject\",\"inLanguage\":\"fr-FR\",\"@id\":\"https:\\\/\\\/www.collectifetcie.fr\\\/#\\\/schema\\\/logo\\\/image\\\/\",\"url\":\"https:\\\/\\\/www.collectifetcie.fr\\\/wp-content\\\/uploads\\\/2025\\\/09\\\/cropped-Bandeau-Site-04-09-25-OK.jpg\",\"contentUrl\":\"https:\\\/\\\/www.collectifetcie.fr\\\/wp-content\\\/uploads\\\/2025\\\/09\\\/cropped-Bandeau-Site-04-09-25-OK.jpg\",\"width\":1616,\"height\":234,\"caption\":\"collectif et compagnie\"},\"image\":{\"@id\":\"https:\\\/\\\/www.collectifetcie.fr\\\/#\\\/schema\\\/logo\\\/image\\\/\"}}]}<\/script>\n<!-- \/ Yoast SEO plugin. -->","yoast_head_json":{"title":"LE DERNIER VOYAGE (AQUARIUS) - collectif et compagnie","robots":{"index":"index","follow":"follow","max-snippet":"max-snippet:-1","max-image-preview":"max-image-preview:large","max-video-preview":"max-video-preview:-1"},"canonical":"https:\/\/www.collectifetcie.fr\/index.php\/les-artistes\/lucie-nicolas-collectiff71\/le-dernier-voyage-aquarius\/","og_locale":"fr_FR","og_type":"article","og_title":"LE DERNIER VOYAGE (AQUARIUS) - collectif et compagnie","og_description":"THEATRE\u00a0> d\u00e8s 14 ans g\u00e9n\u00e9rique \/ r\u00e9sum\u00e9 \/ presse \/ dossiers \/ calendrier texte et mise en sc\u00e8neLucie Nicolastexte laur\u00e9at de l&rsquo;aide nationale \u00e0 la cr\u00e9ation de textes dramatiques\u00a0d&lsquo;ARTCENAregard artistiquecollectif F71dramaturgieSt\u00e9phanie Farisonmusique et dispositif sonoreFred Costar\u00e9gie g\u00e9n\u00e9rale et sonCl\u00e9ment Roussillatcr\u00e9ation Lumi\u00e8reLaurence Magn\u00e9ecostumesL\u00e9a Gadbois LamerconstructionMax Potiron jeu, chant et travail sonoreSaabo BaldeFred CostaJonathan HeckelLymia Vitte Dur\u00e9e [&hellip;]","og_url":"https:\/\/www.collectifetcie.fr\/index.php\/les-artistes\/lucie-nicolas-collectiff71\/le-dernier-voyage-aquarius\/","og_site_name":"collectif et compagnie","article_modified_time":"2026-08-27T10:25:30+00:00","og_image":[{"width":2560,"height":1703,"url":"https:\/\/www.collectifetcie.fr\/wp-content\/uploads\/2022\/01\/LeDernierVoyage_collectifF71_TWEETVORTEX1-light-2.-jpg-scaled.jpg","type":"image\/jpeg"}],"twitter_card":"summary_large_image","twitter_misc":{"Dur\u00e9e de lecture estim\u00e9e":"4 minutes"},"schema":{"@context":"https:\/\/schema.org","@graph":[{"@type":"WebPage","@id":"https:\/\/www.collectifetcie.fr\/index.php\/les-artistes\/lucie-nicolas-collectiff71\/le-dernier-voyage-aquarius\/","url":"https:\/\/www.collectifetcie.fr\/index.php\/les-artistes\/lucie-nicolas-collectiff71\/le-dernier-voyage-aquarius\/","name":"LE DERNIER VOYAGE (AQUARIUS) - collectif et compagnie","isPartOf":{"@id":"https:\/\/www.collectifetcie.fr\/#website"},"primaryImageOfPage":{"@id":"https:\/\/www.collectifetcie.fr\/index.php\/les-artistes\/lucie-nicolas-collectiff71\/le-dernier-voyage-aquarius\/#primaryimage"},"image":{"@id":"https:\/\/www.collectifetcie.fr\/index.php\/les-artistes\/lucie-nicolas-collectiff71\/le-dernier-voyage-aquarius\/#primaryimage"},"thumbnailUrl":"https:\/\/www.collectifetcie.fr\/wp-content\/uploads\/2022\/01\/LeDernierVoyage_collectifF71_TWEETVORTEX1-light-2.-jpg-1024x681.jpg","datePublished":"2021-10-26T11:19:31+00:00","dateModified":"2026-08-27T10:25:30+00:00","breadcrumb":{"@id":"https:\/\/www.collectifetcie.fr\/index.php\/les-artistes\/lucie-nicolas-collectiff71\/le-dernier-voyage-aquarius\/#breadcrumb"},"inLanguage":"fr-FR","potentialAction":[{"@type":"ReadAction","target":["https:\/\/www.collectifetcie.fr\/index.php\/les-artistes\/lucie-nicolas-collectiff71\/le-dernier-voyage-aquarius\/"]}]},{"@type":"ImageObject","inLanguage":"fr-FR","@id":"https:\/\/www.collectifetcie.fr\/index.php\/les-artistes\/lucie-nicolas-collectiff71\/le-dernier-voyage-aquarius\/#primaryimage","url":"https:\/\/www.collectifetcie.fr\/wp-content\/uploads\/2022\/01\/LeDernierVoyage_collectifF71_TWEETVORTEX1-light-2.-jpg-scaled.jpg","contentUrl":"https:\/\/www.collectifetcie.fr\/wp-content\/uploads\/2022\/01\/LeDernierVoyage_collectifF71_TWEETVORTEX1-light-2.-jpg-scaled.jpg","width":2560,"height":1703},{"@type":"BreadcrumbList","@id":"https:\/\/www.collectifetcie.fr\/index.php\/les-artistes\/lucie-nicolas-collectiff71\/le-dernier-voyage-aquarius\/#breadcrumb","itemListElement":[{"@type":"ListItem","position":1,"name":"Accueil","item":"https:\/\/www.collectifetcie.fr\/"},{"@type":"ListItem","position":2,"name":"Artistes et compagnies","item":"https:\/\/www.collectifetcie.fr\/index.php\/les-artistes\/"},{"@type":"ListItem","position":3,"name":"Lucie Nicolas > collectif F71","item":"https:\/\/www.collectifetcie.fr\/index.php\/les-artistes\/lucie-nicolas-collectiff71\/"},{"@type":"ListItem","position":4,"name":"LE DERNIER VOYAGE (AQUARIUS)"}]},{"@type":"WebSite","@id":"https:\/\/www.collectifetcie.fr\/#website","url":"https:\/\/www.collectifetcie.fr\/","name":"collectif et compagnie","description":"","publisher":{"@id":"https:\/\/www.collectifetcie.fr\/#organization"},"potentialAction":[{"@type":"SearchAction","target":{"@type":"EntryPoint","urlTemplate":"https:\/\/www.collectifetcie.fr\/?s={search_term_string}"},"query-input":{"@type":"PropertyValueSpecification","valueRequired":true,"valueName":"search_term_string"}}],"inLanguage":"fr-FR"},{"@type":"Organization","@id":"https:\/\/www.collectifetcie.fr\/#organization","name":"collectif et compagnie","url":"https:\/\/www.collectifetcie.fr\/","logo":{"@type":"ImageObject","inLanguage":"fr-FR","@id":"https:\/\/www.collectifetcie.fr\/#\/schema\/logo\/image\/","url":"https:\/\/www.collectifetcie.fr\/wp-content\/uploads\/2025\/09\/cropped-Bandeau-Site-04-09-25-OK.jpg","contentUrl":"https:\/\/www.collectifetcie.fr\/wp-content\/uploads\/2025\/09\/cropped-Bandeau-Site-04-09-25-OK.jpg","width":1616,"height":234,"caption":"collectif et compagnie"},"image":{"@id":"https:\/\/www.collectifetcie.fr\/#\/schema\/logo\/image\/"}}]}},"_links":{"self":[{"href":"https:\/\/www.collectifetcie.fr\/index.php\/wp-json\/wp\/v2\/pages\/1137","targetHints":{"allow":["GET"]}}],"collection":[{"href":"https:\/\/www.collectifetcie.fr\/index.php\/wp-json\/wp\/v2\/pages"}],"about":[{"href":"https:\/\/www.collectifetcie.fr\/index.php\/wp-json\/wp\/v2\/types\/page"}],"author":[{"embeddable":true,"href":"https:\/\/www.collectifetcie.fr\/index.php\/wp-json\/wp\/v2\/users\/1"}],"replies":[{"embeddable":true,"href":"https:\/\/www.collectifetcie.fr\/index.php\/wp-json\/wp\/v2\/comments?post=1137"}],"version-history":[{"count":143,"href":"https:\/\/www.collectifetcie.fr\/index.php\/wp-json\/wp\/v2\/pages\/1137\/revisions"}],"predecessor-version":[{"id":7354,"href":"https:\/\/www.collectifetcie.fr\/index.php\/wp-json\/wp\/v2\/pages\/1137\/revisions\/7354"}],"up":[{"embeddable":true,"href":"https:\/\/www.collectifetcie.fr\/index.php\/wp-json\/wp\/v2\/pages\/987"}],"wp:attachment":[{"href":"https:\/\/www.collectifetcie.fr\/index.php\/wp-json\/wp\/v2\/media?parent=1137"}],"curies":[{"name":"wp","href":"https:\/\/api.w.org\/{rel}","templated":true}]}}